{"id":81795,"date":"2023-04-18T09:20:37","date_gmt":"2023-04-18T07:20:37","guid":{"rendered":"https:\/\/www.dynavin.de\/non%20class\u00e9\/adaptateur-de-camera-pour-tous-les-fiat-ducato-8-avec-connexion-fakra-violette\/"},"modified":"2025-05-27T19:03:19","modified_gmt":"2025-05-27T17:03:19","slug":"adaptateur-de-camera-pour-tous-les-fiat-ducato-8-avec-connexion-fakra-violette","status":"publish","type":"product","link":"https:\/\/www.dynavin.de\/fr\/produits\/produits\/camping-cars-et-vehicule-utilitaires\/cameras-de-recul-pour-camping-cars-et-vehicules-utilitaires\/accessoires-pour-cameras-de-recul\/adaptateur-de-camera-pour-tous-les-fiat-ducato-8-avec-connexion-fakra-violette\/","title":{"rendered":"Adaptateur de cam\u00e9ra pour tous les Fiat Ducato 8 avec connexion Fakra violette"},"content":{"rendered":"\n<style type=\"text\/css\" data-created_by=\"avia_inline_auto\" id=\"style-css-av-30le7fu-ecf27123437b4cf7c37afea8aa4a628d\">\n.flex_column.av-30le7fu-ecf27123437b4cf7c37afea8aa4a628d{\nborder-radius:0px 0px 0px 0px;\n-webkit-border-radius:0px 0px 0px 0px;\n-moz-border-radius:0px 0px 0px 0px;\n}\n<\/style>\n<div class='flex_column av-30le7fu-ecf27123437b4cf7c37afea8aa4a628d av_one_half  avia-builder-el-0  el_before_av_one_half  avia-builder-el-first  first flex_column_div av-zero-column-padding '   ><style type=\"text\/css\" data-created_by=\"avia_inline_auto\" id=\"style-css-av-lglxau3x-6c2e0c07b4ed47c680c39ba8508164ed\">\n#top .avia-gallery.av-lglxau3x-6c2e0c07b4ed47c680c39ba8508164ed .avia-gallery-thumb a{\nwidth:10%;\n}\n<\/style>\n<div  id=\"productsGallery\"  class='avia-gallery av-lglxau3x-6c2e0c07b4ed47c680c39ba8508164ed avia_animate_when_visible  avia-builder-el-1  avia-builder-el-no-sibling  animations_off avia-gallery-1'  itemprop=\"image\" itemscope=\"itemscope\" itemtype=\"https:\/\/schema.org\/ImageObject\" ><meta itemprop=\"contentURL\" content=\"https:\/\/www.dynavin.de\/fr\/produits\/produits\/camping-cars-et-vehicule-utilitaires\/cameras-de-recul-pour-camping-cars-et-vehicules-utilitaires\/accessoires-pour-cameras-de-recul\/adaptateur-de-camera-pour-tous-les-fiat-ducato-8-avec-connexion-fakra-violette\/\"><a class='avia-gallery-big fakeLightbox lightbox avia-gallery-big-crop-thumb ' href=\"https:\/\/www.dynavin.de\/wp-content\/uploads\/1681801952-CAM-ADP.F-14.jpg\"  data-onclick='1' title='1681801952-CAM-ADP.F-14' ><span class='avia-gallery-big-inner'  itemprop=\"thumbnailUrl\" ><img class=\"wp-image-81773 avia-img-lazy-loading-not-81773\"  width=\"1000\" height=\"750\" src=\"https:\/\/www.dynavin.de\/wp-content\/uploads\/1681801952-CAM-ADP.F-14.jpg\" title='1681801952-CAM-ADP.F-14' alt='' \/><\/span><\/a><div class='avia-gallery-thumb'><a href=\"https:\/\/www.dynavin.de\/wp-content\/uploads\/1681801952-CAM-ADP.F-14.jpg\" data-rel='gallery-1' data-prev-img='https:\/\/www.dynavin.de\/wp-content\/uploads\/1681801952-CAM-ADP.F-14.jpg' class='first_thumb lightbox ' data-onclick='1' title='1681801952-CAM-ADP.F-14'  itemprop=\"thumbnailUrl\"  ><img class=\"wp-image-81773 avia-img-lazy-loading-not-81773\"   src=\"https:\/\/www.dynavin.de\/wp-content\/uploads\/1681801952-CAM-ADP.F-14.jpg\" width=\"1000\" height=\"750\"  title='1681801952-CAM-ADP.F-14' alt='' \/><div class='big-prev-fake'><img loading=\"lazy\" class=\"wp-image-81773 avia-img-lazy-loading-81773\"  width=\"1000\" height=\"750\" src=\"https:\/\/www.dynavin.de\/wp-content\/uploads\/1681801952-CAM-ADP.F-14.jpg\" title='1681801952-CAM-ADP.F-14' alt='' \/><\/div><\/a><a href=\"https:\/\/www.dynavin.de\/wp-content\/uploads\/1681801963-CAM-ADP.F\u63a5\u7ebf\u56fe.jpg\" data-rel='gallery-1' data-prev-img='https:\/\/www.dynavin.de\/wp-content\/uploads\/1681801963-CAM-ADP.F\u63a5\u7ebf\u56fe.jpg' class='lightbox ' data-onclick='2' title='1681801963-CAM-ADP.F\u63a5\u7ebf\u56fe'  itemprop=\"thumbnailUrl\"  ><img class=\"wp-image-81776 avia-img-lazy-loading-not-81776\"   src=\"https:\/\/www.dynavin.de\/wp-content\/uploads\/1681801963-CAM-ADP.F\u63a5\u7ebf\u56fe.jpg\" width=\"1000\" height=\"750\"  title='1681801963-CAM-ADP.F\u63a5\u7ebf\u56fe' alt='' \/><div class='big-prev-fake'><img loading=\"lazy\" class=\"wp-image-81776 avia-img-lazy-loading-81776\"  width=\"1000\" height=\"750\" src=\"https:\/\/www.dynavin.de\/wp-content\/uploads\/1681801963-CAM-ADP.F\u63a5\u7ebf\u56fe.jpg\" title='1681801963-CAM-ADP.F\u63a5\u7ebf\u56fe' alt='' \/><\/div><\/a><\/div><\/div><\/div>\n<style type=\"text\/css\" data-created_by=\"avia_inline_auto\" id=\"style-css-av-94eb7u-b4933556830432a4386e28037734d3cd\">\n.flex_column.av-94eb7u-b4933556830432a4386e28037734d3cd{\nborder-radius:0px 0px 0px 0px;\n-webkit-border-radius:0px 0px 0px 0px;\n-moz-border-radius:0px 0px 0px 0px;\n}\n<\/style>\n<div class='flex_column av-94eb7u-b4933556830432a4386e28037734d3cd av_one_half  avia-builder-el-2  el_after_av_one_half  el_before_av_hr  flex_column_div av-zero-column-padding '   ><section  id=\"mainTitleRightPic\"  class='av_textblock_section av-lglxc8nd-1a7423840c7c8e7947f6945ee6b9a52f'  itemscope=\"itemscope\" itemtype=\"https:\/\/schema.org\/CreativeWork\" ><div class='avia_textblock'  itemprop=\"text\" ><h4>Adaptateur de cam\u00e9ra pour tous les Fiat Ducato 8 avec connexion Fakra violette<\/h4>\n<h4>CAM &#8211; ADP.F<\/h4>\n<hr \/>\n<\/div><\/section><br \/>\n<section  id=\"descriptionBlock\"  class='av_textblock_section av-lglxdnzt-5e752fc07c0019762e5c663c6fca3c2e'  itemscope=\"itemscope\" itemtype=\"https:\/\/schema.org\/CreativeWork\" ><div class='avia_textblock'  itemprop=\"text\" ><ul>\n<li>Pour Fiat Ducato s\u00e9rie 8 \u00e0 partir de l&#8217;ann\u00e9e 2021.<\/li>\n<li>Cet adaptateur sp\u00e9cifique au v\u00e9hicule vous permet d&#8217;installer la cam\u00e9ra de recul tr\u00e8s facilement, sans avoir \u00e0 poser un nouveau c\u00e2ble dans le v\u00e9hicule. Cet adaptateur s&#8217;adapte \u00e0 tous les Fiat Ducato 8 avec connexion Fakra violette.<\/li>\n<\/ul>\n<\/div><\/section><br \/>\n<div class='av-woo-purchase-button av-7z99be-860bb460345a39359d6f1bebb2622683  avia-builder-el-5  el_after_av_textblock  avia-builder-el-last '><p class=\"price\"><span class=\"woocommerce-Price-amount amount\"><bdi>49,00&nbsp;<span class=\"woocommerce-Price-currencySymbol\">&euro;<\/span><\/bdi><\/span><\/p><\/div><\/p><\/div><div  class='hr av-1sm6bl6-59face9be146c9f9d48da354167362fa hr-default  avia-builder-el-6  el_after_av_one_half  el_before_av_hr '><span class='hr-inner '><span class=\"hr-inner-style\"><\/span><\/span><\/div>\n\n<style type=\"text\/css\" data-created_by=\"avia_inline_auto\" id=\"style-css-av-13i3lhm-9f524045b7576f77fdb82d3a61e3e1a1\">\n#top .hr.hr-invisible.av-13i3lhm-9f524045b7576f77fdb82d3a61e3e1a1{\nheight:50px;\n}\n<\/style>\n<div  class='hr av-13i3lhm-9f524045b7576f77fdb82d3a61e3e1a1 hr-invisible  avia-builder-el-7  el_after_av_hr  el_before_av_product_review '><span class='hr-inner '><span class=\"hr-inner-style\"><\/span><\/span><\/div>\n<div class='av-woo-product-review av-32ly4q-b8d954a29b59efd68032719a3892b2f4  avia-builder-el-8  el_after_av_hr  avia-builder-el-last '><\/div>\n","protected":false},"excerpt":{"rendered":"<p>Adaptateur pour Fiat Ducato 8<\/p>\n","protected":false},"featured_media":81792,"comment_status":"open","ping_status":"closed","template":"","meta":[],"product_cat":[1782],"product_tag":[],"fahrzeughersteller":[],"product_status":[],"acf":[],"yoast_head":"<!-- This site is optimized with the Yoast SEO Premium plugin v16.9 (Yoast SEO v17.8) - https:\/\/yoast.com\/wordpress\/plugins\/seo\/ -->\n<title>Adaptateur de cam\u00e9ra pour tous les Fiat Ducato 8 avec connexion Fakra violette &ndash; Dynavin<\/title>\n<meta name=\"description\" content=\"Adaptateur pour Fiat Ducato 8\" \/>\n<meta name=\"robots\" content=\"index, follow, max-snippet:-1, max-image-preview:large, max-video-preview:-1\" \/>\n<link rel=\"canonical\" href=\"https:\/\/www.dynavin.de\/fr\/produits\/produits\/camping-cars-et-vehicule-utilitaires\/cameras-de-recul-pour-camping-cars-et-vehicules-utilitaires\/accessoires-pour-cameras-de-recul\/adaptateur-de-camera-pour-tous-les-fiat-ducato-8-avec-connexion-fakra-violette\/\" \/>\n<meta property=\"og:locale\" content=\"fr_FR\" \/>\n<meta property=\"og:type\" content=\"article\" \/>\n<meta property=\"og:title\" content=\"Adaptateur de cam\u00e9ra pour tous les Fiat Ducato 8 avec connexion Fakra violette\" \/>\n<meta property=\"og:description\" content=\"Adaptateur pour Fiat Ducato 8\" \/>\n<meta property=\"og:url\" content=\"https:\/\/www.dynavin.de\/fr\/produits\/produits\/camping-cars-et-vehicule-utilitaires\/cameras-de-recul-pour-camping-cars-et-vehicules-utilitaires\/accessoires-pour-cameras-de-recul\/adaptateur-de-camera-pour-tous-les-fiat-ducato-8-avec-connexion-fakra-violette\/\" \/>\n<meta property=\"og:site_name\" content=\"Dynavin\" \/>\n<meta property=\"article:publisher\" content=\"https:\/\/www.facebook.com\/dynavin.official\" \/>\n<meta property=\"article:modified_time\" content=\"2025-05-27T17:03:19+00:00\" \/>\n<meta property=\"og:image\" content=\"https:\/\/www.dynavin.de\/wp-content\/uploads\/1681804164-CAM-ADP.F-300X300.jpg\" \/>\n\t<meta property=\"og:image:width\" content=\"300\" \/>\n\t<meta property=\"og:image:height\" content=\"300\" \/>\n<meta name=\"twitter:card\" content=\"summary_large_image\" \/>\n<script type=\"application\/ld+json\" class=\"yoast-schema-graph\">{\"@context\":\"https:\/\/schema.org\",\"@graph\":[{\"@type\":\"Organization\",\"@id\":\"https:\/\/www.dynavin.de\/#organization\",\"name\":\"Dynavin GmbH\",\"url\":\"https:\/\/www.dynavin.de\/\",\"sameAs\":[\"https:\/\/www.facebook.com\/dynavin.official\",\"https:\/\/www.instagram.com\/dynavin.official\/?hl=en\",\"https:\/\/www.youtube.com\/user\/dynavin1\"],\"logo\":{\"@type\":\"ImageObject\",\"@id\":\"https:\/\/www.dynavin.de\/#logo\",\"inLanguage\":\"fr-FR\",\"url\":\"https:\/\/www.dynavin.de\/wp-content\/uploads\/2018\/12\/dynavin-logo.png\",\"contentUrl\":\"https:\/\/www.dynavin.de\/wp-content\/uploads\/2018\/12\/dynavin-logo.png\",\"width\":340,\"height\":156,\"caption\":\"Dynavin GmbH\"},\"image\":{\"@id\":\"https:\/\/www.dynavin.de\/#logo\"}},{\"@type\":\"WebSite\",\"@id\":\"https:\/\/www.dynavin.de\/#website\",\"url\":\"https:\/\/www.dynavin.de\/\",\"name\":\"Dynavin\",\"description\":\"Navigation and Multimedia Solutions\",\"publisher\":{\"@id\":\"https:\/\/www.dynavin.de\/#organization\"},\"potentialAction\":[{\"@type\":\"SearchAction\",\"target\":{\"@type\":\"EntryPoint\",\"urlTemplate\":\"https:\/\/www.dynavin.de\/?s={search_term_string}\"},\"query-input\":\"required name=search_term_string\"}],\"inLanguage\":\"fr-FR\"},{\"@type\":\"ImageObject\",\"@id\":\"https:\/\/www.dynavin.de\/fr\/produits\/produits\/camping-cars-et-vehicule-utilitaires\/cameras-de-recul-pour-camping-cars-et-vehicules-utilitaires\/accessoires-pour-cameras-de-recul\/adaptateur-de-camera-pour-tous-les-fiat-ducato-8-avec-connexion-fakra-violette\/#primaryimage\",\"inLanguage\":\"fr-FR\",\"url\":\"https:\/\/www.dynavin.de\/wp-content\/uploads\/1681804164-CAM-ADP.F-300X300.jpg\",\"contentUrl\":\"https:\/\/www.dynavin.de\/wp-content\/uploads\/1681804164-CAM-ADP.F-300X300.jpg\",\"width\":300,\"height\":300},{\"@type\":\"WebPage\",\"@id\":\"https:\/\/www.dynavin.de\/fr\/produits\/produits\/camping-cars-et-vehicule-utilitaires\/cameras-de-recul-pour-camping-cars-et-vehicules-utilitaires\/accessoires-pour-cameras-de-recul\/adaptateur-de-camera-pour-tous-les-fiat-ducato-8-avec-connexion-fakra-violette\/#webpage\",\"url\":\"https:\/\/www.dynavin.de\/fr\/produits\/produits\/camping-cars-et-vehicule-utilitaires\/cameras-de-recul-pour-camping-cars-et-vehicules-utilitaires\/accessoires-pour-cameras-de-recul\/adaptateur-de-camera-pour-tous-les-fiat-ducato-8-avec-connexion-fakra-violette\/\",\"name\":\"Adaptateur de cam\\u00e9ra pour tous les Fiat Ducato 8 avec connexion Fakra violette &ndash; Dynavin\",\"isPartOf\":{\"@id\":\"https:\/\/www.dynavin.de\/#website\"},\"primaryImageOfPage\":{\"@id\":\"https:\/\/www.dynavin.de\/fr\/produits\/produits\/camping-cars-et-vehicule-utilitaires\/cameras-de-recul-pour-camping-cars-et-vehicules-utilitaires\/accessoires-pour-cameras-de-recul\/adaptateur-de-camera-pour-tous-les-fiat-ducato-8-avec-connexion-fakra-violette\/#primaryimage\"},\"datePublished\":\"2023-04-18T07:20:37+00:00\",\"dateModified\":\"2025-05-27T17:03:19+00:00\",\"description\":\"Adaptateur pour Fiat Ducato 8\",\"breadcrumb\":{\"@id\":\"https:\/\/www.dynavin.de\/fr\/produits\/produits\/camping-cars-et-vehicule-utilitaires\/cameras-de-recul-pour-camping-cars-et-vehicules-utilitaires\/accessoires-pour-cameras-de-recul\/adaptateur-de-camera-pour-tous-les-fiat-ducato-8-avec-connexion-fakra-violette\/#breadcrumb\"},\"inLanguage\":\"fr-FR\",\"potentialAction\":[{\"@type\":\"ReadAction\",\"target\":[\"https:\/\/www.dynavin.de\/fr\/produits\/produits\/camping-cars-et-vehicule-utilitaires\/cameras-de-recul-pour-camping-cars-et-vehicules-utilitaires\/accessoires-pour-cameras-de-recul\/adaptateur-de-camera-pour-tous-les-fiat-ducato-8-avec-connexion-fakra-violette\/\"]}]},{\"@type\":\"BreadcrumbList\",\"@id\":\"https:\/\/www.dynavin.de\/fr\/produits\/produits\/camping-cars-et-vehicule-utilitaires\/cameras-de-recul-pour-camping-cars-et-vehicules-utilitaires\/accessoires-pour-cameras-de-recul\/adaptateur-de-camera-pour-tous-les-fiat-ducato-8-avec-connexion-fakra-violette\/#breadcrumb\",\"itemListElement\":[{\"@type\":\"ListItem\",\"position\":1,\"name\":\"Startseite\",\"item\":\"https:\/\/www.dynavin.de\/fr\/\"},{\"@type\":\"ListItem\",\"position\":2,\"name\":\"Produits\",\"item\":\"https:\/\/www.dynavin.de\/fr\/shop\/\"},{\"@type\":\"ListItem\",\"position\":3,\"name\":\"Produits\",\"item\":\"https:\/\/www.dynavin.de\/fr\/categorie-produit\/produits\/\"},{\"@type\":\"ListItem\",\"position\":4,\"name\":\"Camping-cars et v\\u00e9hicules utilitaires\",\"item\":\"https:\/\/www.dynavin.de\/fr\/categorie-produit\/produits\/camping-cars-et-vehicule-utilitaires\/\"},{\"@type\":\"ListItem\",\"position\":5,\"name\":\"Cam\\u00e9ras de recul pour camping-cars et v\\u00e9hicules utilitaires\",\"item\":\"https:\/\/www.dynavin.de\/fr\/categorie-produit\/produits\/camping-cars-et-vehicule-utilitaires\/cameras-de-recul-pour-camping-cars-et-vehicules-utilitaires\/\"},{\"@type\":\"ListItem\",\"position\":6,\"name\":\"Accessoires pour cam\\u00e9ras de recul\",\"item\":\"https:\/\/www.dynavin.de\/en\/product-categories\/products\/caravan-and-commercial-vehicles\/rear-view-cameras-for-caravan-commercial-vehicles\/accessories-for-rear-view-cameras\/\"},{\"@type\":\"ListItem\",\"position\":7,\"name\":\"Adaptateur de cam\\u00e9ra pour tous les Fiat Ducato 8 avec connexion Fakra violette\"}]}]}<\/script>\n<!-- \/ Yoast SEO Premium plugin. -->","yoast_head_json":{"title":"Adaptateur de cam\u00e9ra pour tous les Fiat Ducato 8 avec connexion Fakra violette &ndash; Dynavin","description":"Adaptateur pour Fiat Ducato 8","robots":{"index":"index","follow":"follow","max-snippet":"max-snippet:-1","max-image-preview":"max-image-preview:large","max-video-preview":"max-video-preview:-1"},"canonical":"https:\/\/www.dynavin.de\/fr\/produits\/produits\/camping-cars-et-vehicule-utilitaires\/cameras-de-recul-pour-camping-cars-et-vehicules-utilitaires\/accessoires-pour-cameras-de-recul\/adaptateur-de-camera-pour-tous-les-fiat-ducato-8-avec-connexion-fakra-violette\/","og_locale":"fr_FR","og_type":"article","og_title":"Adaptateur de cam\u00e9ra pour tous les Fiat Ducato 8 avec connexion Fakra violette","og_description":"Adaptateur pour Fiat Ducato 8","og_url":"https:\/\/www.dynavin.de\/fr\/produits\/produits\/camping-cars-et-vehicule-utilitaires\/cameras-de-recul-pour-camping-cars-et-vehicules-utilitaires\/accessoires-pour-cameras-de-recul\/adaptateur-de-camera-pour-tous-les-fiat-ducato-8-avec-connexion-fakra-violette\/","og_site_name":"Dynavin","article_publisher":"https:\/\/www.facebook.com\/dynavin.official","article_modified_time":"2025-05-27T17:03:19+00:00","og_image":[{"width":300,"height":300,"url":"https:\/\/www.dynavin.de\/wp-content\/uploads\/1681804164-CAM-ADP.F-300X300.jpg","type":"image\/jpeg"}],"twitter_card":"summary_large_image","schema":{"@context":"https:\/\/schema.org","@graph":[{"@type":"Organization","@id":"https:\/\/www.dynavin.de\/#organization","name":"Dynavin GmbH","url":"https:\/\/www.dynavin.de\/","sameAs":["https:\/\/www.facebook.com\/dynavin.official","https:\/\/www.instagram.com\/dynavin.official\/?hl=en","https:\/\/www.youtube.com\/user\/dynavin1"],"logo":{"@type":"ImageObject","@id":"https:\/\/www.dynavin.de\/#logo","inLanguage":"fr-FR","url":"https:\/\/www.dynavin.de\/wp-content\/uploads\/2018\/12\/dynavin-logo.png","contentUrl":"https:\/\/www.dynavin.de\/wp-content\/uploads\/2018\/12\/dynavin-logo.png","width":340,"height":156,"caption":"Dynavin GmbH"},"image":{"@id":"https:\/\/www.dynavin.de\/#logo"}},{"@type":"WebSite","@id":"https:\/\/www.dynavin.de\/#website","url":"https:\/\/www.dynavin.de\/","name":"Dynavin","description":"Navigation and Multimedia Solutions","publisher":{"@id":"https:\/\/www.dynavin.de\/#organization"},"potentialAction":[{"@type":"SearchAction","target":{"@type":"EntryPoint","urlTemplate":"https:\/\/www.dynavin.de\/?s={search_term_string}"},"query-input":"required name=search_term_string"}],"inLanguage":"fr-FR"},{"@type":"ImageObject","@id":"https:\/\/www.dynavin.de\/fr\/produits\/produits\/camping-cars-et-vehicule-utilitaires\/cameras-de-recul-pour-camping-cars-et-vehicules-utilitaires\/accessoires-pour-cameras-de-recul\/adaptateur-de-camera-pour-tous-les-fiat-ducato-8-avec-connexion-fakra-violette\/#primaryimage","inLanguage":"fr-FR","url":"https:\/\/www.dynavin.de\/wp-content\/uploads\/1681804164-CAM-ADP.F-300X300.jpg","contentUrl":"https:\/\/www.dynavin.de\/wp-content\/uploads\/1681804164-CAM-ADP.F-300X300.jpg","width":300,"height":300},{"@type":"WebPage","@id":"https:\/\/www.dynavin.de\/fr\/produits\/produits\/camping-cars-et-vehicule-utilitaires\/cameras-de-recul-pour-camping-cars-et-vehicules-utilitaires\/accessoires-pour-cameras-de-recul\/adaptateur-de-camera-pour-tous-les-fiat-ducato-8-avec-connexion-fakra-violette\/#webpage","url":"https:\/\/www.dynavin.de\/fr\/produits\/produits\/camping-cars-et-vehicule-utilitaires\/cameras-de-recul-pour-camping-cars-et-vehicules-utilitaires\/accessoires-pour-cameras-de-recul\/adaptateur-de-camera-pour-tous-les-fiat-ducato-8-avec-connexion-fakra-violette\/","name":"Adaptateur de cam\u00e9ra pour tous les Fiat Ducato 8 avec connexion Fakra violette &ndash; Dynavin","isPartOf":{"@id":"https:\/\/www.dynavin.de\/#website"},"primaryImageOfPage":{"@id":"https:\/\/www.dynavin.de\/fr\/produits\/produits\/camping-cars-et-vehicule-utilitaires\/cameras-de-recul-pour-camping-cars-et-vehicules-utilitaires\/accessoires-pour-cameras-de-recul\/adaptateur-de-camera-pour-tous-les-fiat-ducato-8-avec-connexion-fakra-violette\/#primaryimage"},"datePublished":"2023-04-18T07:20:37+00:00","dateModified":"2025-05-27T17:03:19+00:00","description":"Adaptateur pour Fiat Ducato 8","breadcrumb":{"@id":"https:\/\/www.dynavin.de\/fr\/produits\/produits\/camping-cars-et-vehicule-utilitaires\/cameras-de-recul-pour-camping-cars-et-vehicules-utilitaires\/accessoires-pour-cameras-de-recul\/adaptateur-de-camera-pour-tous-les-fiat-ducato-8-avec-connexion-fakra-violette\/#breadcrumb"},"inLanguage":"fr-FR","potentialAction":[{"@type":"ReadAction","target":["https:\/\/www.dynavin.de\/fr\/produits\/produits\/camping-cars-et-vehicule-utilitaires\/cameras-de-recul-pour-camping-cars-et-vehicules-utilitaires\/accessoires-pour-cameras-de-recul\/adaptateur-de-camera-pour-tous-les-fiat-ducato-8-avec-connexion-fakra-violette\/"]}]},{"@type":"BreadcrumbList","@id":"https:\/\/www.dynavin.de\/fr\/produits\/produits\/camping-cars-et-vehicule-utilitaires\/cameras-de-recul-pour-camping-cars-et-vehicules-utilitaires\/accessoires-pour-cameras-de-recul\/adaptateur-de-camera-pour-tous-les-fiat-ducato-8-avec-connexion-fakra-violette\/#breadcrumb","itemListElement":[{"@type":"ListItem","position":1,"name":"Startseite","item":"https:\/\/www.dynavin.de\/fr\/"},{"@type":"ListItem","position":2,"name":"Produits","item":"https:\/\/www.dynavin.de\/fr\/shop\/"},{"@type":"ListItem","position":3,"name":"Produits","item":"https:\/\/www.dynavin.de\/fr\/categorie-produit\/produits\/"},{"@type":"ListItem","position":4,"name":"Camping-cars et v\u00e9hicules utilitaires","item":"https:\/\/www.dynavin.de\/fr\/categorie-produit\/produits\/camping-cars-et-vehicule-utilitaires\/"},{"@type":"ListItem","position":5,"name":"Cam\u00e9ras de recul pour camping-cars et v\u00e9hicules utilitaires","item":"https:\/\/www.dynavin.de\/fr\/categorie-produit\/produits\/camping-cars-et-vehicule-utilitaires\/cameras-de-recul-pour-camping-cars-et-vehicules-utilitaires\/"},{"@type":"ListItem","position":6,"name":"Accessoires pour cam\u00e9ras de recul","item":"https:\/\/www.dynavin.de\/en\/product-categories\/products\/caravan-and-commercial-vehicles\/rear-view-cameras-for-caravan-commercial-vehicles\/accessories-for-rear-view-cameras\/"},{"@type":"ListItem","position":7,"name":"Adaptateur de cam\u00e9ra pour tous les Fiat Ducato 8 avec connexion Fakra violette"}]}]}},"_links":{"self":[{"href":"https:\/\/www.dynavin.de\/fr\/wp-json\/wp\/v2\/product\/81795"}],"collection":[{"href":"https:\/\/www.dynavin.de\/fr\/wp-json\/wp\/v2\/product"}],"about":[{"href":"https:\/\/www.dynavin.de\/fr\/wp-json\/wp\/v2\/types\/product"}],"replies":[{"embeddable":true,"href":"https:\/\/www.dynavin.de\/fr\/wp-json\/wp\/v2\/comments?post=81795"}],"wp:featuredmedia":[{"embeddable":true,"href":"https:\/\/www.dynavin.de\/fr\/wp-json\/wp\/v2\/media\/81792"}],"wp:attachment":[{"href":"https:\/\/www.dynavin.de\/fr\/wp-json\/wp\/v2\/media?parent=81795"}],"wp:term":[{"taxonomy":"product_cat","embeddable":true,"href":"https:\/\/www.dynavin.de\/fr\/wp-json\/wp\/v2\/product_cat?post=81795"},{"taxonomy":"product_tag","embeddable":true,"href":"https:\/\/www.dynavin.de\/fr\/wp-json\/wp\/v2\/product_tag?post=81795"},{"taxonomy":"fahrzeughersteller","embeddable":true,"href":"https:\/\/www.dynavin.de\/fr\/wp-json\/wp\/v2\/fahrzeughersteller?post=81795"},{"taxonomy":"product_status","embeddable":true,"href":"https:\/\/www.dynavin.de\/fr\/wp-json\/wp\/v2\/product_status?post=81795"}],"curies":[{"name":"wp","href":"https:\/\/api.w.org\/{rel}","templated":true}]}}