{"id":55708,"date":"2021-11-02T09:49:53","date_gmt":"2021-11-02T08:49:53","guid":{"rendered":"https:\/\/www.dynavin.de\/produits\/carhifi\/systemes-de-navigation-pour-car-hifi\/vw\/touareg\/"},"modified":"2021-11-03T03:32:06","modified_gmt":"2021-11-03T02:32:06","slug":"vw-touareg","status":"publish","type":"page","link":"https:\/\/www.dynavin.de\/fr\/produit\/carhifi\/systemes-de-navigation-pour-car-hifi\/vw\/vw-touareg\/","title":{"rendered":"Touareg"},"content":{"rendered":"\n<style type=\"text\/css\" data-created_by=\"avia_inline_auto\" id=\"style-css-av-2z7jn8n-fec83041a4d8ec7bfafabede5c61efdb\">\n.flex_column.av-2z7jn8n-fec83041a4d8ec7bfafabede5c61efdb{\nborder-radius:0px 0px 0px 0px;\n-webkit-border-radius:0px 0px 0px 0px;\n-moz-border-radius:0px 0px 0px 0px;\n}\n<\/style>\n<div class='flex_column av-2z7jn8n-fec83041a4d8ec7bfafabede5c61efdb av_one_full  avia-builder-el-0  avia-builder-el-no-sibling  first flex_column_div av-zero-column-padding '   ><p><section  class='av_textblock_section av-kv7u9kta-69ab9cd4fadf69f9c6124508b18746b0'  itemscope=\"itemscope\" itemtype=\"https:\/\/schema.org\/CreativeWork\" ><div class='avia_textblock'  itemprop=\"text\" ><!-- Widget Shortcode --><div id=\"shortcodes-ultimate-26\" class=\"widget shortcodes-ultimate widget-shortcode area-filter-navi \"><h2 class=\"widgettitle\">Car Vehicle make fr<\/h2><div class=\"textwidget\"><div id=\"make_all\">\r\n    <a href=\"https:\/\/www.dynavin.de\/fr\/produit\/carhifi\/systemes-de-navigation-pour-car-hifi\/\" class=\"su-button su-button-style-flat filter-vehicel-make\" style=\"color:#000;background-color:#E6E6E6;border-color:#b8b8b8;border-radius:0px;-moz-border-radius:0px;-webkit-border-radius:0px\" target=\"_self\" id=\"filter-make-all\"><span style=\"color:#000;padding:0px 18px;font-size:14px;line-height:28px;border-color:#eeeeee;border-radius:0px;-moz-border-radius:0px;-webkit-border-radius:0px;text-shadow:none;-moz-text-shadow:none;-webkit-text-shadow:none\"> Tous les\r\n    constructeurs de v\u00e9hicules<\/span><\/a>\r\n<\/div>\r\n<div id=\"make_list\">\r\n    <a href=\"https:\/\/www.dynavin.de\/fr\/produit\/carhifi\/systemes-de-navigation-pour-car-hifi\/vw\/\" class=\"su-button su-button-style-flat filter-vehicel-make\" style=\"color:#000;background-color:#E6E6E6;border-color:#b8b8b8;border-radius:0px;-moz-border-radius:0px;-webkit-border-radius:0px\" target=\"_self\"><span style=\"color:#000;padding:0px 18px;font-size:14px;line-height:28px;border-color:#eeeeee;border-radius:0px;-moz-border-radius:0px;-webkit-border-radius:0px;text-shadow:none;-moz-text-shadow:none;-webkit-text-shadow:none\"> Pour VW<\/span><\/a>\r\n    <a href=\"https:\/\/www.dynavin.de\/fr\/produit\/carhifi\/systemes-de-navigation-pour-car-hifi\/skoda\/\" class=\"su-button su-button-style-flat filter-vehicel-make\" style=\"color:#000;background-color:#E6E6E6;border-color:#b8b8b8;border-radius:0px;-moz-border-radius:0px;-webkit-border-radius:0px\" target=\"_self\"><span style=\"color:#000;padding:0px 18px;font-size:14px;line-height:28px;border-color:#eeeeee;border-radius:0px;-moz-border-radius:0px;-webkit-border-radius:0px;text-shadow:none;-moz-text-shadow:none;-webkit-text-shadow:none\"> Pour Skoda<\/span><\/a>\r\n    <a href=\"https:\/\/www.dynavin.de\/fr\/produit\/carhifi\/systemes-de-navigation-pour-car-hifi\/seat\/\" class=\"su-button su-button-style-flat filter-vehicel-make\" style=\"color:#000;background-color:#E6E6E6;border-color:#b8b8b8;border-radius:0px;-moz-border-radius:0px;-webkit-border-radius:0px\" target=\"_self\"><span style=\"color:#000;padding:0px 18px;font-size:14px;line-height:28px;border-color:#eeeeee;border-radius:0px;-moz-border-radius:0px;-webkit-border-radius:0px;text-shadow:none;-moz-text-shadow:none;-webkit-text-shadow:none\"> Pour Seat<\/span><\/a>\r\n    <a href=\"https:\/\/www.dynavin.de\/fr\/produit\/carhifi\/systemes-de-navigation-pour-car-hifi\/bmw\/\" class=\"su-button su-button-style-flat filter-vehicel-make\" style=\"color:#000;background-color:#E6E6E6;border-color:#b8b8b8;border-radius:0px;-moz-border-radius:0px;-webkit-border-radius:0px\" target=\"_self\"><span style=\"color:#000;padding:0px 18px;font-size:14px;line-height:28px;border-color:#eeeeee;border-radius:0px;-moz-border-radius:0px;-webkit-border-radius:0px;text-shadow:none;-moz-text-shadow:none;-webkit-text-shadow:none\"> Pour BMW<\/span><\/a>\r\n    <a href=\"https:\/\/www.dynavin.de\/fr\/produit\/carhifi\/systemes-de-navigation-pour-car-hifi\/audi\/\" class=\"su-button su-button-style-flat filter-vehicel-make\" style=\"color:#000;background-color:#E6E6E6;border-color:#b8b8b8;border-radius:0px;-moz-border-radius:0px;-webkit-border-radius:0px\" target=\"_self\"><span style=\"color:#000;padding:0px 18px;font-size:14px;line-height:28px;border-color:#eeeeee;border-radius:0px;-moz-border-radius:0px;-webkit-border-radius:0px;text-shadow:none;-moz-text-shadow:none;-webkit-text-shadow:none\"> Pour Audi<\/span><\/a>\r\n    <a href=\"https:\/\/www.dynavin.de\/fr\/produit\/carhifi\/systemes-de-navigation-pour-car-hifi\/ford\/\" class=\"su-button su-button-style-flat filter-vehicel-make\" style=\"color:#000;background-color:#E6E6E6;border-color:#b8b8b8;border-radius:0px;-moz-border-radius:0px;-webkit-border-radius:0px\" target=\"_self\"><span style=\"color:#000;padding:0px 18px;font-size:14px;line-height:28px;border-color:#eeeeee;border-radius:0px;-moz-border-radius:0px;-webkit-border-radius:0px;text-shadow:none;-moz-text-shadow:none;-webkit-text-shadow:none\"> Pour Ford<\/span><\/a>\r\n    <a href=\"https:\/\/www.dynavin.de\/fr\/produit\/carhifi\/systemes-de-navigation-pour-car-hifi\/jeep\/\" class=\"su-button su-button-style-flat filter-vehicel-make\" style=\"color:#000;background-color:#E6E6E6;border-color:#b8b8b8;border-radius:0px;-moz-border-radius:0px;-webkit-border-radius:0px\" target=\"_self\"><span style=\"color:#000;padding:0px 18px;font-size:14px;line-height:28px;border-color:#eeeeee;border-radius:0px;-moz-border-radius:0px;-webkit-border-radius:0px;text-shadow:none;-moz-text-shadow:none;-webkit-text-shadow:none\"> Pour Jeep<\/span><\/a>\r\n    <a href=\"https:\/\/www.dynavin.de\/fr\/produit\/carhifi\/systemes-de-navigation-pour-car-hifi\/mercedes\/\" class=\"su-button su-button-style-flat filter-vehicel-make\" style=\"color:#000;background-color:#E6E6E6;border-color:#b8b8b8;border-radius:0px;-moz-border-radius:0px;-webkit-border-radius:0px\" target=\"_self\"><span style=\"color:#000;padding:0px 18px;font-size:14px;line-height:28px;border-color:#eeeeee;border-radius:0px;-moz-border-radius:0px;-webkit-border-radius:0px;text-shadow:none;-moz-text-shadow:none;-webkit-text-shadow:none\"> Pour\r\n    Mercedes<\/span><\/a>\r\n    <a href=\"https:\/\/www.dynavin.de\/fr\/produit\/carhifi\/systemes-de-navigation-pour-car-hifi\/land-rover\/\" class=\"su-button su-button-style-flat filter-vehicel-make\" style=\"color:#000;background-color:#E6E6E6;border-color:#b8b8b8;border-radius:0px;-moz-border-radius:0px;-webkit-border-radius:0px\" target=\"_self\"><span style=\"color:#000;padding:0px 18px;font-size:14px;line-height:28px;border-color:#eeeeee;border-radius:0px;-moz-border-radius:0px;-webkit-border-radius:0px;text-shadow:none;-moz-text-shadow:none;-webkit-text-shadow:none\"> Pour Land\r\n    Rover<\/span><\/a>\r\n    <a href=\"https:\/\/www.dynavin.de\/fr\/produit\/carhifi\/systemes-de-navigation-pour-car-hifi\/man\/\" class=\"su-button su-button-style-flat filter-vehicel-make\" style=\"color:#000;background-color:#E6E6E6;border-color:#b8b8b8;border-radius:0px;-moz-border-radius:0px;-webkit-border-radius:0px\" target=\"_self\"><span style=\"color:#000;padding:0px 18px;font-size:14px;line-height:28px;border-color:#eeeeee;border-radius:0px;-moz-border-radius:0px;-webkit-border-radius:0px;text-shadow:none;-moz-text-shadow:none;-webkit-text-shadow:none\"> Pour MAN<\/span><\/a>\r\n    <a href=\"https:\/\/www.dynavin.de\/fr\/produit\/carhifi\/systemes-de-navigation-pour-car-hifi\/mitsubishi\/\" class=\"su-button su-button-style-flat filter-vehicel-make\" style=\"color:#000;background-color:#E6E6E6;border-color:#b8b8b8;border-radius:0px;-moz-border-radius:0px;-webkit-border-radius:0px\" target=\"_self\"><span style=\"color:#000;padding:0px 18px;font-size:14px;line-height:28px;border-color:#eeeeee;border-radius:0px;-moz-border-radius:0px;-webkit-border-radius:0px;text-shadow:none;-moz-text-shadow:none;-webkit-text-shadow:none\"> Pour\r\n    Mitsubishi<\/span><\/a>\r\n    <a href=\"https:\/\/www.dynavin.de\/fr\/produit\/carhifi\/systemes-de-navigation-pour-car-hifi\/nissan\/\" class=\"su-button su-button-style-flat filter-vehicel-make\" style=\"color:#000;background-color:#E6E6E6;border-color:#b8b8b8;border-radius:0px;-moz-border-radius:0px;-webkit-border-radius:0px\" target=\"_self\"><span style=\"color:#000;padding:0px 18px;font-size:14px;line-height:28px;border-color:#eeeeee;border-radius:0px;-moz-border-radius:0px;-webkit-border-radius:0px;text-shadow:none;-moz-text-shadow:none;-webkit-text-shadow:none\"> Pour Nissan<\/span><\/a>\r\n    <a href=\"https:\/\/www.dynavin.de\/fr\/produit\/carhifi\/systemes-de-navigation-pour-car-hifi\/opel\/\" class=\"su-button su-button-style-flat filter-vehicel-make\" style=\"color:#000;background-color:#E6E6E6;border-color:#b8b8b8;border-radius:0px;-moz-border-radius:0px;-webkit-border-radius:0px\" target=\"_self\"><span style=\"color:#000;padding:0px 18px;font-size:14px;line-height:28px;border-color:#eeeeee;border-radius:0px;-moz-border-radius:0px;-webkit-border-radius:0px;text-shadow:none;-moz-text-shadow:none;-webkit-text-shadow:none\"> Pour Opel<\/span><\/a>\r\n    <a href=\"https:\/\/www.dynavin.de\/fr\/produit\/carhifi\/systemes-de-navigation-pour-car-hifi\/porsche\/\" class=\"su-button su-button-style-flat filter-vehicel-make\" style=\"color:#000;background-color:#E6E6E6;border-color:#b8b8b8;border-radius:0px;-moz-border-radius:0px;-webkit-border-radius:0px\" target=\"_self\"><span style=\"color:#000;padding:0px 18px;font-size:14px;line-height:28px;border-color:#eeeeee;border-radius:0px;-moz-border-radius:0px;-webkit-border-radius:0px;text-shadow:none;-moz-text-shadow:none;-webkit-text-shadow:none\"> Pour\r\n    Porsche<\/span><\/a>\r\n    <a href=\"https:\/\/www.dynavin.de\/fr\/produit\/carhifi\/systemes-de-navigation-pour-car-hifi\/smart\/\" class=\"su-button su-button-style-flat filter-vehicel-make\" style=\"color:#000;background-color:#E6E6E6;border-color:#b8b8b8;border-radius:0px;-moz-border-radius:0px;-webkit-border-radius:0px\" target=\"_self\"><span style=\"color:#000;padding:0px 18px;font-size:14px;line-height:28px;border-color:#eeeeee;border-radius:0px;-moz-border-radius:0px;-webkit-border-radius:0px;text-shadow:none;-moz-text-shadow:none;-webkit-text-shadow:none\"> Pour Smart<\/span><\/a>\r\n    <a href=\"https:\/\/www.dynavin.de\/fr\/produit\/carhifi\/systemes-de-navigation-pour-car-hifi\/renault\/\" class=\"su-button su-button-style-flat filter-vehicel-make\" style=\"color:#000;background-color:#E6E6E6;border-color:#b8b8b8;border-radius:0px;-moz-border-radius:0px;-webkit-border-radius:0px\" target=\"_self\"><span style=\"color:#000;padding:0px 18px;font-size:14px;line-height:28px;border-color:#eeeeee;border-radius:0px;-moz-border-radius:0px;-webkit-border-radius:0px;text-shadow:none;-moz-text-shadow:none;-webkit-text-shadow:none\"> Pour\r\n    Renault<\/span><\/a>\r\n    <a href=\"https:\/\/www.dynavin.de\/fr\/produit\/carhifi\/systemes-de-navigation-pour-car-hifi\/fiat\/\" class=\"su-button su-button-style-flat filter-vehicel-make\" style=\"color:#000;background-color:#E6E6E6;border-color:#b8b8b8;border-radius:0px;-moz-border-radius:0px;-webkit-border-radius:0px\" target=\"_self\"><span style=\"color:#000;padding:0px 18px;font-size:14px;line-height:28px;border-color:#eeeeee;border-radius:0px;-moz-border-radius:0px;-webkit-border-radius:0px;text-shadow:none;-moz-text-shadow:none;-webkit-text-shadow:none\"> Pour Fiat<\/span><\/a>\r\n    <a href=\"https:\/\/www.dynavin.de\/fr\/produit\/camping-cars-et-vehicule-utilitaires\/systemes-de-navigation-pour-camping-cars-et-vehicules-utilitaires\/citroen\/\" class=\"su-button su-button-style-flat filter-vehicel-make\" style=\"color:#000;background-color:#E6E6E6;border-color:#b8b8b8;border-radius:0px;-moz-border-radius:0px;-webkit-border-radius:0px\" target=\"_self\"><span style=\"color:#000;padding:0px 18px;font-size:14px;line-height:28px;border-color:#eeeeee;border-radius:0px;-moz-border-radius:0px;-webkit-border-radius:0px;text-shadow:none;-moz-text-shadow:none;-webkit-text-shadow:none\"> Pour\r\n    Citroen<\/span><\/a>\r\n    <a href=\"https:\/\/www.dynavin.de\/fr\/produit\/carhifi\/systemes-de-navigation-pour-car-hifi\/peugeot\/\" class=\"su-button su-button-style-flat filter-vehicel-make\" style=\"color:#000;background-color:#E6E6E6;border-color:#b8b8b8;border-radius:0px;-moz-border-radius:0px;-webkit-border-radius:0px\" target=\"_self\"><span style=\"color:#000;padding:0px 18px;font-size:14px;line-height:28px;border-color:#eeeeee;border-radius:0px;-moz-border-radius:0px;-webkit-border-radius:0px;text-shadow:none;-moz-text-shadow:none;-webkit-text-shadow:none\"> Pour\r\n    Peugeot<\/span><\/a>\r\n    <a href=\"https:\/\/www.dynavin.de\/fr\/produit\/camping-cars-et-vehicule-utilitaires\/systemes-de-navigation-pour-camping-cars-et-vehicules-utilitaires\/ram\/\" class=\"su-button su-button-style-flat filter-vehicel-make\" style=\"color:#000;background-color:#E6E6E6;border-color:#b8b8b8;border-radius:0px;-moz-border-radius:0px;-webkit-border-radius:0px\" target=\"_self\"><span style=\"color:#000;padding:0px 18px;font-size:14px;line-height:28px;border-color:#eeeeee;border-radius:0px;-moz-border-radius:0px;-webkit-border-radius:0px;text-shadow:none;-moz-text-shadow:none;-webkit-text-shadow:none\"> Pour Ram<\/span><\/a>\r\n    <a href=\"https:\/\/www.dynavin.de\/fr\/produit\/carhifi\/systemes-de-navigation-pour-car-hifi\/toyota\/\" class=\"su-button su-button-style-flat filter-vehicel-make\" style=\"color:#000;background-color:#E6E6E6;border-color:#b8b8b8;border-radius:0px;-moz-border-radius:0px;-webkit-border-radius:0px\" target=\"_self\"><span style=\"color:#000;padding:0px 18px;font-size:14px;line-height:28px;border-color:#eeeeee;border-radius:0px;-moz-border-radius:0px;-webkit-border-radius:0px;text-shadow:none;-moz-text-shadow:none;-webkit-text-shadow:none\"> Pour Toyota<\/span><\/a>\r\n    <a href=\"https:\/\/www.dynavin.de\/fr\/produit\/carhifi\/systemes-de-navigation-pour-car-hifi\/universal\/\" class=\"su-button su-button-style-flat filter-vehicel-make\" style=\"color:#000;background-color:#E6E6E6;border-color:#b8b8b8;border-radius:0px;-moz-border-radius:0px;-webkit-border-radius:0px\" target=\"_self\"><span style=\"color:#000;padding:0px 18px;font-size:14px;line-height:28px;border-color:#eeeeee;border-radius:0px;-moz-border-radius:0px;-webkit-border-radius:0px;text-shadow:none;-moz-text-shadow:none;-webkit-text-shadow:none\"> Pour\r\n    Universal<\/span><\/a>\r\n    <a href=\"https:\/\/www.dynavin.de\/fr\/produit\/carhifi\/systemes-de-navigation-pour-car-hifi\/Dacia\/\" class=\"su-button su-button-style-flat filter-vehicel-make\" style=\"color:#000;background-color:#E6E6E6;border-color:#b8b8b8;border-radius:0px;-moz-border-radius:0px;-webkit-border-radius:0px\" target=\"_self\"><span style=\"color:#000;padding:0px 18px;font-size:14px;line-height:28px;border-color:#eeeeee;border-radius:0px;-moz-border-radius:0px;-webkit-border-radius:0px;text-shadow:none;-moz-text-shadow:none;-webkit-text-shadow:none\"> Pour Dacia<\/span><\/a>\r\n<\/div><\/div><\/div><!-- \/Widget Shortcode -->\n<\/div><\/section><br \/>\n<section  class='av_textblock_section av-kv7u9kta-69ab9cd4fadf69f9c6124508b18746b0'  itemscope=\"itemscope\" itemtype=\"https:\/\/schema.org\/CreativeWork\" ><div class='avia_textblock'  itemprop=\"text\" ><!-- Widget Shortcode --><div id=\"shortcodes-ultimate-29\" class=\"widget shortcodes-ultimate widget-shortcode area-filter-navi \"><h2 class=\"widgettitle\">VW-models fr<\/h2><div class=\"textwidget\"><div id=\"model_all\">\r\n            <a href=\"https:\/\/www.dynavin.de\/fr\/produit\/carhifi\/systemes-de-navigation-pour-car-hifi\/vw\/\" class=\"su-button su-button-style-flat filter-vehicel-model\" style=\"color:#000;background-color:#E6E6E6;border-color:#b8b8b8;border-radius:0px;-moz-border-radius:0px;-webkit-border-radius:0px\" target=\"_self\" id=\"filter-model-all\"><span style=\"color:#000;padding:0px 18px;font-size:14px;line-height:28px;border-color:#eeeeee;border-radius:0px;-moz-border-radius:0px;-webkit-border-radius:0px;text-shadow:none;-moz-text-shadow:none;-webkit-text-shadow:none\"> Tous les types de v\u00e9hicules<\/span><\/a>\r\n            <\/div>\r\n            <div id=\"model_list\">\r\n            <a href=\"https:\/\/www.dynavin.de\/fr\/produit\/carhifi\/systemes-de-navigation-pour-car-hifi\/vw\/vw-amarok\/\" class=\"su-button su-button-style-flat filter-vehicel-model\" style=\"color:#000;background-color:#E6E6E6;border-color:#b8b8b8;border-radius:0px;-moz-border-radius:0px;-webkit-border-radius:0px\" target=\"_self\"><span style=\"color:#000;padding:0px 18px;font-size:14px;line-height:28px;border-color:#eeeeee;border-radius:0px;-moz-border-radius:0px;-webkit-border-radius:0px;text-shadow:none;-moz-text-shadow:none;-webkit-text-shadow:none\"> Amarok<\/span><\/a>\r\n            <a href=\"https:\/\/www.dynavin.de\/fr\/produit\/carhifi\/systemes-de-navigation-pour-car-hifi\/vw\/vw-arteon\/\" class=\"su-button su-button-style-flat filter-vehicel-model\" style=\"color:#000;background-color:#E6E6E6;border-color:#b8b8b8;border-radius:0px;-moz-border-radius:0px;-webkit-border-radius:0px\" target=\"_self\"><span style=\"color:#000;padding:0px 18px;font-size:14px;line-height:28px;border-color:#eeeeee;border-radius:0px;-moz-border-radius:0px;-webkit-border-radius:0px;text-shadow:none;-moz-text-shadow:none;-webkit-text-shadow:none\"> Arteon<\/span><\/a>\r\n            <a href=\"https:\/\/www.dynavin.de\/fr\/produit\/carhifi\/systemes-de-navigation-pour-car-hifi\/vw\/vw-beetle\/\" class=\"su-button su-button-style-flat filter-vehicel-model\" style=\"color:#000;background-color:#E6E6E6;border-color:#b8b8b8;border-radius:0px;-moz-border-radius:0px;-webkit-border-radius:0px\" target=\"_self\"><span style=\"color:#000;padding:0px 18px;font-size:14px;line-height:28px;border-color:#eeeeee;border-radius:0px;-moz-border-radius:0px;-webkit-border-radius:0px;text-shadow:none;-moz-text-shadow:none;-webkit-text-shadow:none\"> Beetle<\/span><\/a>\r\n            <a href=\"https:\/\/www.dynavin.de\/fr\/produit\/carhifi\/systemes-de-navigation-pour-car-hifi\/vw\/vw-caddy\/\" class=\"su-button su-button-style-flat filter-vehicel-model\" style=\"color:#000;background-color:#E6E6E6;border-color:#b8b8b8;border-radius:0px;-moz-border-radius:0px;-webkit-border-radius:0px\" target=\"_self\"><span style=\"color:#000;padding:0px 18px;font-size:14px;line-height:28px;border-color:#eeeeee;border-radius:0px;-moz-border-radius:0px;-webkit-border-radius:0px;text-shadow:none;-moz-text-shadow:none;-webkit-text-shadow:none\"> Caddy<\/span><\/a>\r\n            <a href=\"https:\/\/www.dynavin.de\/fr\/produit\/carhifi\/systemes-de-navigation-pour-car-hifi\/vw\/vw-crafter\/\" class=\"su-button su-button-style-flat filter-vehicel-model\" style=\"color:#000;background-color:#E6E6E6;border-color:#b8b8b8;border-radius:0px;-moz-border-radius:0px;-webkit-border-radius:0px\" target=\"_self\"><span style=\"color:#000;padding:0px 18px;font-size:14px;line-height:28px;border-color:#eeeeee;border-radius:0px;-moz-border-radius:0px;-webkit-border-radius:0px;text-shadow:none;-moz-text-shadow:none;-webkit-text-shadow:none\"> Crafter<\/span><\/a>\r\n            <a href=\"https:\/\/www.dynavin.de\/fr\/produit\/carhifi\/systemes-de-navigation-pour-car-hifi\/vw\/vw-eos\/\" class=\"su-button su-button-style-flat filter-vehicel-model\" style=\"color:#000;background-color:#E6E6E6;border-color:#b8b8b8;border-radius:0px;-moz-border-radius:0px;-webkit-border-radius:0px\" target=\"_self\"><span style=\"color:#000;padding:0px 18px;font-size:14px;line-height:28px;border-color:#eeeeee;border-radius:0px;-moz-border-radius:0px;-webkit-border-radius:0px;text-shadow:none;-moz-text-shadow:none;-webkit-text-shadow:none\"> Eos<\/span><\/a>\r\n            <a href=\"https:\/\/www.dynavin.de\/fr\/produit\/carhifi\/systemes-de-navigation-pour-car-hifi\/vw\/vw-golf\/\" class=\"su-button su-button-style-flat filter-vehicel-model\" style=\"color:#000;background-color:#E6E6E6;border-color:#b8b8b8;border-radius:0px;-moz-border-radius:0px;-webkit-border-radius:0px\" target=\"_self\"><span style=\"color:#000;padding:0px 18px;font-size:14px;line-height:28px;border-color:#eeeeee;border-radius:0px;-moz-border-radius:0px;-webkit-border-radius:0px;text-shadow:none;-moz-text-shadow:none;-webkit-text-shadow:none\"> Golf<\/span><\/a>\r\n            <a href=\"https:\/\/www.dynavin.de\/fr\/produit\/carhifi\/systemes-de-navigation-pour-car-hifi\/vw\/vw-golf-5\/\" class=\"su-button su-button-style-flat filter-vehicel-model\" style=\"color:#000;background-color:#E6E6E6;border-color:#b8b8b8;border-radius:0px;-moz-border-radius:0px;-webkit-border-radius:0px\" target=\"_self\"><span style=\"color:#000;padding:0px 18px;font-size:14px;line-height:28px;border-color:#eeeeee;border-radius:0px;-moz-border-radius:0px;-webkit-border-radius:0px;text-shadow:none;-moz-text-shadow:none;-webkit-text-shadow:none\"> Golf 5<\/span><\/a>\r\n            <a href=\"https:\/\/www.dynavin.de\/fr\/produit\/carhifi\/systemes-de-navigation-pour-car-hifi\/vw\/vw-golf-5-plus\/\" class=\"su-button su-button-style-flat filter-vehicel-model\" style=\"color:#000;background-color:#E6E6E6;border-color:#b8b8b8;border-radius:0px;-moz-border-radius:0px;-webkit-border-radius:0px\" target=\"_self\"><span style=\"color:#000;padding:0px 18px;font-size:14px;line-height:28px;border-color:#eeeeee;border-radius:0px;-moz-border-radius:0px;-webkit-border-radius:0px;text-shadow:none;-moz-text-shadow:none;-webkit-text-shadow:none\"> Golf 5 Plus<\/span><\/a>\r\n            <a href=\"https:\/\/www.dynavin.de\/fr\/produit\/carhifi\/systemes-de-navigation-pour-car-hifi\/vw\/vw-golf-6\/\" class=\"su-button su-button-style-flat filter-vehicel-model\" style=\"color:#000;background-color:#E6E6E6;border-color:#b8b8b8;border-radius:0px;-moz-border-radius:0px;-webkit-border-radius:0px\" target=\"_self\"><span style=\"color:#000;padding:0px 18px;font-size:14px;line-height:28px;border-color:#eeeeee;border-radius:0px;-moz-border-radius:0px;-webkit-border-radius:0px;text-shadow:none;-moz-text-shadow:none;-webkit-text-shadow:none\"> Golf 6<\/span><\/a>\r\n            <a href=\"https:\/\/www.dynavin.de\/fr\/produit\/carhifi\/systemes-de-navigation-pour-car-hifi\/vw\/vw-golf-6-plus\/\" class=\"su-button su-button-style-flat filter-vehicel-model\" style=\"color:#000;background-color:#E6E6E6;border-color:#b8b8b8;border-radius:0px;-moz-border-radius:0px;-webkit-border-radius:0px\" target=\"_self\"><span style=\"color:#000;padding:0px 18px;font-size:14px;line-height:28px;border-color:#eeeeee;border-radius:0px;-moz-border-radius:0px;-webkit-border-radius:0px;text-shadow:none;-moz-text-shadow:none;-webkit-text-shadow:none\"> Golf 6 Plus<\/span><\/a>\r\n            <a href=\"https:\/\/www.dynavin.de\/fr\/produit\/carhifi\/systemes-de-navigation-pour-car-hifi\/vw\/vw-golf-7\/\" class=\"su-button su-button-style-flat filter-vehicel-model\" style=\"color:#000;background-color:#E6E6E6;border-color:#b8b8b8;border-radius:0px;-moz-border-radius:0px;-webkit-border-radius:0px\" target=\"_self\"><span style=\"color:#000;padding:0px 18px;font-size:14px;line-height:28px;border-color:#eeeeee;border-radius:0px;-moz-border-radius:0px;-webkit-border-radius:0px;text-shadow:none;-moz-text-shadow:none;-webkit-text-shadow:none\"> Golf 7<\/span><\/a>\r\n            <a href=\"https:\/\/www.dynavin.de\/fr\/produit\/carhifi\/systemes-de-navigation-pour-car-hifi\/vw\/vw-golf-sportsvan\/\" class=\"su-button su-button-style-flat filter-vehicel-model\" style=\"color:#000;background-color:#E6E6E6;border-color:#b8b8b8;border-radius:0px;-moz-border-radius:0px;-webkit-border-radius:0px\" target=\"_self\"><span style=\"color:#000;padding:0px 18px;font-size:14px;line-height:28px;border-color:#eeeeee;border-radius:0px;-moz-border-radius:0px;-webkit-border-radius:0px;text-shadow:none;-moz-text-shadow:none;-webkit-text-shadow:none\"> Golf Sportsvan<\/span><\/a>\r\n            <a href=\"https:\/\/www.dynavin.de\/fr\/produit\/carhifi\/systemes-de-navigation-pour-car-hifi\/vw\/vw-jetta\/\" class=\"su-button su-button-style-flat filter-vehicel-model\" style=\"color:#000;background-color:#E6E6E6;border-color:#b8b8b8;border-radius:0px;-moz-border-radius:0px;-webkit-border-radius:0px\" target=\"_self\"><span style=\"color:#000;padding:0px 18px;font-size:14px;line-height:28px;border-color:#eeeeee;border-radius:0px;-moz-border-radius:0px;-webkit-border-radius:0px;text-shadow:none;-moz-text-shadow:none;-webkit-text-shadow:none\"> Jetta<\/span><\/a>\r\n            <a href=\"https:\/\/www.dynavin.de\/fr\/produit\/carhifi\/systemes-de-navigation-pour-car-hifi\/vw\/vw-passat\/\" class=\"su-button su-button-style-flat filter-vehicel-model\" style=\"color:#000;background-color:#E6E6E6;border-color:#b8b8b8;border-radius:0px;-moz-border-radius:0px;-webkit-border-radius:0px\" target=\"_self\"><span style=\"color:#000;padding:0px 18px;font-size:14px;line-height:28px;border-color:#eeeeee;border-radius:0px;-moz-border-radius:0px;-webkit-border-radius:0px;text-shadow:none;-moz-text-shadow:none;-webkit-text-shadow:none\"> Passat<\/span><\/a>\r\n            <a href=\"https:\/\/www.dynavin.de\/fr\/produit\/carhifi\/systemes-de-navigation-pour-car-hifi\/vw\/vw-passat-b6\/\" class=\"su-button su-button-style-flat filter-vehicel-model\" style=\"color:#000;background-color:#E6E6E6;border-color:#b8b8b8;border-radius:0px;-moz-border-radius:0px;-webkit-border-radius:0px\" target=\"_self\"><span style=\"color:#000;padding:0px 18px;font-size:14px;line-height:28px;border-color:#eeeeee;border-radius:0px;-moz-border-radius:0px;-webkit-border-radius:0px;text-shadow:none;-moz-text-shadow:none;-webkit-text-shadow:none\"> Passat B6<\/span><\/a>\r\n            <a href=\"https:\/\/www.dynavin.de\/fr\/produit\/carhifi\/systemes-de-navigation-pour-car-hifi\/vw\/vw-passat-b7\/\" class=\"su-button su-button-style-flat filter-vehicel-model\" style=\"color:#000;background-color:#E6E6E6;border-color:#b8b8b8;border-radius:0px;-moz-border-radius:0px;-webkit-border-radius:0px\" target=\"_self\"><span style=\"color:#000;padding:0px 18px;font-size:14px;line-height:28px;border-color:#eeeeee;border-radius:0px;-moz-border-radius:0px;-webkit-border-radius:0px;text-shadow:none;-moz-text-shadow:none;-webkit-text-shadow:none\"> Passat B7<\/span><\/a>\r\n            <a href=\"https:\/\/www.dynavin.de\/fr\/produit\/carhifi\/systemes-de-navigation-pour-car-hifi\/vw\/vw-passat-b8\/\" class=\"su-button su-button-style-flat filter-vehicel-model\" style=\"color:#000;background-color:#E6E6E6;border-color:#b8b8b8;border-radius:0px;-moz-border-radius:0px;-webkit-border-radius:0px\" target=\"_self\"><span style=\"color:#000;padding:0px 18px;font-size:14px;line-height:28px;border-color:#eeeeee;border-radius:0px;-moz-border-radius:0px;-webkit-border-radius:0px;text-shadow:none;-moz-text-shadow:none;-webkit-text-shadow:none\"> Passat B8<\/span><\/a>\r\n            <a href=\"https:\/\/www.dynavin.de\/fr\/produit\/carhifi\/systemes-de-navigation-pour-car-hifi\/vw\/vw-passat-cc\/\" class=\"su-button su-button-style-flat filter-vehicel-model\" style=\"color:#000;background-color:#E6E6E6;border-color:#b8b8b8;border-radius:0px;-moz-border-radius:0px;-webkit-border-radius:0px\" target=\"_self\"><span style=\"color:#000;padding:0px 18px;font-size:14px;line-height:28px;border-color:#eeeeee;border-radius:0px;-moz-border-radius:0px;-webkit-border-radius:0px;text-shadow:none;-moz-text-shadow:none;-webkit-text-shadow:none\"> Passat CC<\/span><\/a>\r\n            <a href=\"https:\/\/www.dynavin.de\/fr\/produit\/carhifi\/systemes-de-navigation-pour-car-hifi\/vw\/vw-polo\/\" class=\"su-button su-button-style-flat filter-vehicel-model\" style=\"color:#000;background-color:#E6E6E6;border-color:#b8b8b8;border-radius:0px;-moz-border-radius:0px;-webkit-border-radius:0px\" target=\"_self\"><span style=\"color:#000;padding:0px 18px;font-size:14px;line-height:28px;border-color:#eeeeee;border-radius:0px;-moz-border-radius:0px;-webkit-border-radius:0px;text-shadow:none;-moz-text-shadow:none;-webkit-text-shadow:none\"> Polo<\/span><\/a>\r\n            <a href=\"https:\/\/www.dynavin.de\/fr\/produit\/carhifi\/systemes-de-navigation-pour-car-hifi\/vw\/vw-scirocco\/\" class=\"su-button su-button-style-flat filter-vehicel-model\" style=\"color:#000;background-color:#E6E6E6;border-color:#b8b8b8;border-radius:0px;-moz-border-radius:0px;-webkit-border-radius:0px\" target=\"_self\"><span style=\"color:#000;padding:0px 18px;font-size:14px;line-height:28px;border-color:#eeeeee;border-radius:0px;-moz-border-radius:0px;-webkit-border-radius:0px;text-shadow:none;-moz-text-shadow:none;-webkit-text-shadow:none\"> Scirocco<\/span><\/a>\r\n            <a href=\"https:\/\/www.dynavin.de\/fr\/produit\/carhifi\/systemes-de-navigation-pour-car-hifi\/vw\/vw-sharan\/\" class=\"su-button su-button-style-flat filter-vehicel-model\" style=\"color:#000;background-color:#E6E6E6;border-color:#b8b8b8;border-radius:0px;-moz-border-radius:0px;-webkit-border-radius:0px\" target=\"_self\"><span style=\"color:#000;padding:0px 18px;font-size:14px;line-height:28px;border-color:#eeeeee;border-radius:0px;-moz-border-radius:0px;-webkit-border-radius:0px;text-shadow:none;-moz-text-shadow:none;-webkit-text-shadow:none\"> Sharan<\/span><\/a>\r\n            <a href=\"https:\/\/www.dynavin.de\/fr\/produit\/camping-cars-et-vehicule-utilitaires\/systemes-de-navigation-pour-camping-cars-et-vehicules-utilitaires\/vw\/vw-t5\/\" class=\"su-button su-button-style-flat filter-vehicel-model\" style=\"color:#000;background-color:#E6E6E6;border-color:#b8b8b8;border-radius:0px;-moz-border-radius:0px;-webkit-border-radius:0px\" target=\"_self\"><span style=\"color:#000;padding:0px 18px;font-size:14px;line-height:28px;border-color:#eeeeee;border-radius:0px;-moz-border-radius:0px;-webkit-border-radius:0px;text-shadow:none;-moz-text-shadow:none;-webkit-text-shadow:none\"> T5<\/span><\/a>\r\n            <a href=\"https:\/\/www.dynavin.de\/fr\/produit\/camping-cars-et-vehicule-utilitaires\/systemes-de-navigation-pour-camping-cars-et-vehicules-utilitaires\/vw\/vw-t6\/\" class=\"su-button su-button-style-flat filter-vehicel-model\" style=\"color:#000;background-color:#E6E6E6;border-color:#b8b8b8;border-radius:0px;-moz-border-radius:0px;-webkit-border-radius:0px\" target=\"_self\"><span style=\"color:#000;padding:0px 18px;font-size:14px;line-height:28px;border-color:#eeeeee;border-radius:0px;-moz-border-radius:0px;-webkit-border-radius:0px;text-shadow:none;-moz-text-shadow:none;-webkit-text-shadow:none\"> T6<\/span><\/a>\r\n            <a href=\"https:\/\/www.dynavin.de\/fr\/produit\/camping-cars-et-vehicule-utilitaires\/systemes-de-navigation-pour-camping-cars-et-vehicules-utilitaires\/vw\/vw-t6-1\/\" class=\"su-button su-button-style-flat filter-vehicel-model\" style=\"color:#000;background-color:#E6E6E6;border-color:#b8b8b8;border-radius:0px;-moz-border-radius:0px;-webkit-border-radius:0px\" target=\"_self\"><span style=\"color:#000;padding:0px 18px;font-size:14px;line-height:28px;border-color:#eeeeee;border-radius:0px;-moz-border-radius:0px;-webkit-border-radius:0px;text-shadow:none;-moz-text-shadow:none;-webkit-text-shadow:none\"> T6.1<\/span><\/a>\r\n            <a href=\"https:\/\/www.dynavin.de\/fr\/produit\/carhifi\/systemes-de-navigation-pour-car-hifi\/vw\/vw-tiguan\/\" class=\"su-button su-button-style-flat filter-vehicel-model\" style=\"color:#000;background-color:#E6E6E6;border-color:#b8b8b8;border-radius:0px;-moz-border-radius:0px;-webkit-border-radius:0px\" target=\"_self\"><span style=\"color:#000;padding:0px 18px;font-size:14px;line-height:28px;border-color:#eeeeee;border-radius:0px;-moz-border-radius:0px;-webkit-border-radius:0px;text-shadow:none;-moz-text-shadow:none;-webkit-text-shadow:none\"> Tiguan<\/span><\/a>\r\n            <div style=\"display:none;\">\r\n            <a href=\"https:\/\/www.dynavin.de\/fr\/produit\/carhifi\/systemes-de-navigation-pour-car-hifi\/vw\/vw-touareg\/\" class=\"su-button su-button-style-flat filter-vehicel-model\" style=\"color:#000;background-color:#E6E6E6;border-color:#b8b8b8;border-radius:0px;-moz-border-radius:0px;-webkit-border-radius:0px\" target=\"_self\"><span style=\"color:#000;padding:0px 18px;font-size:14px;line-height:28px;border-color:#eeeeee;border-radius:0px;-moz-border-radius:0px;-webkit-border-radius:0px;text-shadow:none;-moz-text-shadow:none;-webkit-text-shadow:none\"> Touareg<\/span><\/a>\r\n            <\/div>\r\n            <a href=\"https:\/\/www.dynavin.de\/fr\/produit\/carhifi\/systemes-de-navigation-pour-car-hifi\/vw\/vw-touran\/\" class=\"su-button su-button-style-flat filter-vehicel-model\" style=\"color:#000;background-color:#E6E6E6;border-color:#b8b8b8;border-radius:0px;-moz-border-radius:0px;-webkit-border-radius:0px\" target=\"_self\"><span style=\"color:#000;padding:0px 18px;font-size:14px;line-height:28px;border-color:#eeeeee;border-radius:0px;-moz-border-radius:0px;-webkit-border-radius:0px;text-shadow:none;-moz-text-shadow:none;-webkit-text-shadow:none\"> Touran<\/span><\/a>\r\n            <\/div><\/div><\/div><!-- \/Widget Shortcode -->\n<\/div><\/section><br \/>\n<section  class='av_textblock_section av-kv24x0es-f21be63cd35e8381cf545df5f3249068'  itemscope=\"itemscope\" itemtype=\"https:\/\/schema.org\/CreativeWork\" ><div class='avia_textblock'  itemprop=\"text\" ><div class=\"pt-cv-wrapper\"><div class=\"pt-cv-view pt-cv-pinterest pt-cv-colsys pt-cv-border pt-cv-no-bb pt-cv-left\" id=\"pt-cv-view-7ea72991io\"><div data-id=\"pt-cv-page-1\" class=\"pt-cv-page\" data-cvc=\"5\"><div class=\"col-md-2 col-sm-6 col-xs-12 pt-cv-content-item pt-cv-1-col\"  data-pid=\"69422\"><div class='pt-cv-pinmas'><a href=\"https:\/\/www.dynavin.de\/fr\/produits\/produits\/pieces-de-rechange\/microphone-v7-mic\/\" class=\"_self pt-cv-href-thumbnail pt-cv-thumb-default cvplbd\" target=\"_self\" ><img width=\"300\" height=\"300\" src=\"https:\/\/www.dynavin.de\/wp-content\/uploads\/1661308503-V7-MIC-300X300.png\" class=\"pt-cv-thumbnail img-none noLightbox  no-lazyload skip-lazy wvs-attachment-image\" alt=\"Microphone V7 MIC\" data-xooWscFly=\"fly\" \/><\/a><div class=\"product_desc\">\n<div class=\"pt-cv-ctf-list\" data-cvc=\"1\"><div class=\"col-md-12 pt-cv-ctf-column\"><div class=\"pt-cv-custom-fields pt-cv-ctf-produkt-ref\"><div class=\"pt-cv-ctf-value\">V7 MIC<\/div><\/div><\/div><\/div>\n<div class=\"pt-cv-content\">Dynavin Microphone pour V7 (plateforme N6 \/ N7 \/ N7 Pro) V7 MIC<br \/><div class=\"product-price-custom\"><span class=\"price-label\">\u00e0 partir de<\/span>&nbsp<span class=\"price-integer\">20<\/span><span class=\"price-decimal\">,00<\/span>&nbsp<span class=\"price-currency\">\u20ac<\/span><\/div><\/div><\/div><\/div><\/div>\n<div class=\"col-md-2 col-sm-6 col-xs-12 pt-cv-content-item pt-cv-1-col\"  data-pid=\"116202\"><div class='pt-cv-pinmas'><a href=\"https:\/\/www.dynavin.de\/fr\/produits\/produits\/carhifi\/dynavin-universal-metallkaefig-und-kunststoffrahmen-mfk-uni101-h\/\" class=\"_self pt-cv-href-thumbnail pt-cv-thumb-default cvplbd\" target=\"_self\" ><img width=\"300\" height=\"300\" src=\"https:\/\/www.dynavin.de\/wp-content\/uploads\/1725853759-MFK-UNI101-H-300X300.jpg\" class=\"pt-cv-thumbnail img-none noLightbox  no-lazyload skip-lazy wvs-attachment-image\" alt=\"Dynavin Cage m\u00e9tallique universelle et cadre en plastique MFK-UNI101-H\" data-xooWscFly=\"fly\" \/><\/a><div class=\"product_desc\">\n<div class=\"pt-cv-ctf-list\" data-cvc=\"1\"><div class=\"col-md-12 pt-cv-ctf-column\"><div class=\"pt-cv-custom-fields pt-cv-ctf-produkt-ref\"><div class=\"pt-cv-ctf-value\">MFK-UNI101-H<\/div><\/div><\/div><\/div>\n<div class=\"pt-cv-content\">Cage m\u00e9tallique Universal et cadre plastique<br \/><div class=\"product-price-custom\"><span class=\"price-label\">\u00e0 partir de<\/span>&nbsp<span class=\"price-integer\">13<\/span><span class=\"price-decimal\">,99<\/span>&nbsp<span class=\"price-currency\">\u20ac<\/span><\/div><\/div><\/div><\/div><\/div>\n<div class=\"col-md-2 col-sm-6 col-xs-12 pt-cv-content-item pt-cv-1-col\"  data-pid=\"116201\"><div class='pt-cv-pinmas'><a href=\"https:\/\/www.dynavin.de\/fr\/produits\/produits\/carhifi\/dynavin-universal-metallkaefig-und-kunststoffrahmen-mfk-uni101-s\/\" class=\"_self pt-cv-href-thumbnail pt-cv-thumb-default cvplbd\" target=\"_self\" ><img width=\"300\" height=\"300\" src=\"https:\/\/www.dynavin.de\/wp-content\/uploads\/1725860718-MFK-UNI101-S-300X300.jpg\" class=\"pt-cv-thumbnail img-none noLightbox  no-lazyload skip-lazy wvs-attachment-image\" alt=\"Dynavin Cage m\u00e9tallique universelle et cadre en plastique MFK-UNI101-S\" data-xooWscFly=\"fly\" \/><\/a><div class=\"product_desc\">\n<div class=\"pt-cv-ctf-list\" data-cvc=\"1\"><div class=\"col-md-12 pt-cv-ctf-column\"><div class=\"pt-cv-custom-fields pt-cv-ctf-produkt-ref\"><div class=\"pt-cv-ctf-value\">MFK-UNI101-S<\/div><\/div><\/div><\/div>\n<div class=\"pt-cv-content\">Cage m\u00e9tallique Universal et cadre plastique<br \/><div class=\"product-price-custom\"><span class=\"price-label\">\u00e0 partir de<\/span>&nbsp<span class=\"price-integer\">13<\/span><span class=\"price-decimal\">,99<\/span>&nbsp<span class=\"price-currency\">\u20ac<\/span><\/div><\/div><\/div><\/div><\/div>\n<div class=\"col-md-2 col-sm-6 col-xs-12 pt-cv-content-item pt-cv-1-col\"  data-pid=\"110274\"><div class='pt-cv-pinmas'><a href=\"https:\/\/www.dynavin.de\/fr\/produits\/produits\/carhifi\/dynavin-metallkaefig-und-kunststoffrahmen-dvn-t5apt\/\" class=\"_self pt-cv-href-thumbnail pt-cv-thumb-default cvplbd\" target=\"_self\" ><img width=\"300\" height=\"300\" src=\"https:\/\/www.dynavin.de\/wp-content\/uploads\/1718274761-DVN-T5APT-300X300.jpg\" class=\"pt-cv-thumbnail img-none noLightbox  no-lazyload skip-lazy wvs-attachment-image\" alt=\"Dynavin kit d&#039;installation DVN-T5APT\" data-xooWscFly=\"fly\" \/><\/a><div class=\"product_desc\">\n<div class=\"pt-cv-ctf-list\" data-cvc=\"1\"><div class=\"col-md-12 pt-cv-ctf-column\"><div class=\"pt-cv-custom-fields pt-cv-ctf-produkt-ref\"><div class=\"pt-cv-ctf-value\">DVN-T5APT<\/div><\/div><\/div><\/div>\n<div class=\"pt-cv-content\">Dynavin kit d'installation pour VW T5 Multivan avant 2009 \/ T5 California 2003-2014 DVN-T5APT Le<br \/><div class=\"product-price-custom\"><span class=\"price-label\">\u00e0 partir de<\/span>&nbsp<span class=\"price-integer\">13<\/span><span class=\"price-decimal\">,99<\/span>&nbsp<span class=\"price-currency\">\u20ac<\/span><\/div><\/div><\/div><\/div><\/div>\n<div class=\"col-md-4 col-sm-6 col-xs-12 pt-cv-content-item pt-cv-1-col\"  data-pid=\"110285\"><div class='pt-cv-pinmas'><a href=\"https:\/\/www.dynavin.de\/fr\/produits\/produits\/carhifi\/dynavin-metallkaefig-und-kunststoffrahmen-dvn-t5tpapt\/\" class=\"_self pt-cv-href-thumbnail pt-cv-thumb-default cvplbd\" target=\"_self\" ><img width=\"300\" height=\"300\" src=\"https:\/\/www.dynavin.de\/wp-content\/uploads\/1718273957-DVN-T5TPAPT-300X300.jpg\" class=\"pt-cv-thumbnail img-none noLightbox  no-lazyload skip-lazy wvs-attachment-image\" alt=\"Dynavin kit d&#039;installation f\u00fcr DVN-T5TPAPT\" data-xooWscFly=\"fly\" \/><\/a><div class=\"product_desc\">\n<div class=\"pt-cv-ctf-list\" data-cvc=\"1\"><div class=\"col-md-12 pt-cv-ctf-column\"><div class=\"pt-cv-custom-fields pt-cv-ctf-produkt-ref\"><div class=\"pt-cv-ctf-value\">DVN-T5TPAPT<\/div><\/div><\/div><\/div>\n<div class=\"pt-cv-content\">Dynavin kit d'installation pour VW T5 Transporter DVN-T5TPAPT Le kit d'installation contient les pi\u00e8ces suivantes<br \/><div class=\"product-price-custom\"><span class=\"price-label\">\u00e0 partir de<\/span>&nbsp<span class=\"price-integer\">13<\/span><span class=\"price-decimal\">,99<\/span>&nbsp<span class=\"price-currency\">\u20ac<\/span><\/div><\/div><\/div><\/div><\/div>\n<div class=\"col-md-2 col-sm-6 col-xs-12 pt-cv-content-item pt-cv-1-col\"  data-pid=\"69392\"><div class='pt-cv-pinmas'><a href=\"https:\/\/www.dynavin.de\/fr\/produits\/produits\/pieces-de-rechange\/antenne-gps-dvngps\/\" class=\"_self pt-cv-href-thumbnail pt-cv-thumb-default cvplbd\" target=\"_self\" ><img width=\"300\" height=\"300\" src=\"https:\/\/www.dynavin.de\/wp-content\/uploads\/1660814299-DVNGPS-300X300.png\" class=\"pt-cv-thumbnail img-none noLightbox  no-lazyload skip-lazy wvs-attachment-image\" alt=\"Antenne GPS DVNGPS\" data-xooWscFly=\"fly\" \/><\/a><div class=\"product_desc\">\n<div class=\"pt-cv-ctf-list\" data-cvc=\"1\"><div class=\"col-md-12 pt-cv-ctf-column\"><div class=\"pt-cv-custom-fields pt-cv-ctf-produkt-ref\"><div class=\"pt-cv-ctf-value\">DVNGPS<\/div><\/div><\/div><\/div>\n<div class=\"pt-cv-content\">Dynavin Antenne GPS pour plateforme N6 \/ N7 \/ D8 \/ D9 DVNGPS<br \/><div class=\"product-price-custom\"><span class=\"price-label\">\u00e0 partir de<\/span>&nbsp<span class=\"price-integer\">10<\/span><span class=\"price-decimal\">,00<\/span>&nbsp<span class=\"price-currency\">\u20ac<\/span><\/div><\/div><\/div><\/div><\/div>\n<div class=\"col-md-2 col-sm-6 col-xs-12 pt-cv-content-item pt-cv-1-col\"  data-pid=\"69378\"><div class='pt-cv-pinmas'><a href=\"https:\/\/www.dynavin.de\/fr\/produits\/produits\/pieces-de-rechange\/microphone-dvnmic\/\" class=\"_self pt-cv-href-thumbnail pt-cv-thumb-default cvplbd\" target=\"_self\" ><img width=\"300\" height=\"300\" src=\"https:\/\/www.dynavin.de\/wp-content\/uploads\/1715308639-D8-microphone-300X300.jpg\" class=\"pt-cv-thumbnail img-none noLightbox  no-lazyload skip-lazy wvs-attachment-image\" alt=\"Microphone DVN8MIC\" data-xooWscFly=\"fly\" \/><\/a><div class=\"product_desc\">\n<div class=\"pt-cv-ctf-list\" data-cvc=\"1\"><div class=\"col-md-12 pt-cv-ctf-column\"><div class=\"pt-cv-custom-fields pt-cv-ctf-produkt-ref\"><div class=\"pt-cv-ctf-value\">DVN8MIC<\/div><\/div><\/div><\/div>\n<div class=\"pt-cv-content\">Dynavin Microphone num\u00e9rique pour plateforme D8 DVN8MIC<br \/><div class=\"product-price-custom\"><span class=\"price-label\">\u00e0 partir de<\/span>&nbsp<span class=\"price-integer\">15<\/span><span class=\"price-decimal\">,00<\/span>&nbsp<span class=\"price-currency\">\u20ac<\/span><\/div><\/div><\/div><\/div><\/div>\n<div class=\"col-md-2 col-sm-6 col-xs-12 pt-cv-content-item pt-cv-1-col\"  data-pid=\"69300\"><div class='pt-cv-pinmas'><a href=\"https:\/\/www.dynavin.de\/fr\/produits\/produits\/pieces-de-rechange\/tuner-radio-numerique-dab-n7-dab\/\" class=\"_self pt-cv-href-thumbnail pt-cv-thumb-default cvplbd\" target=\"_self\" ><img width=\"300\" height=\"300\" src=\"https:\/\/www.dynavin.de\/wp-content\/uploads\/1660792401-N7-DAB-300X300.png\" class=\"pt-cv-thumbnail img-none noLightbox  no-lazyload skip-lazy wvs-attachment-image\" alt=\"Tuner radio num\u00e9rique DAB+ N7-DAB+\" data-xooWscFly=\"fly\" \/><\/a><div class=\"product_desc\">\n<div class=\"pt-cv-ctf-list\" data-cvc=\"1\"><div class=\"col-md-12 pt-cv-ctf-column\"><div class=\"pt-cv-custom-fields pt-cv-ctf-produkt-ref\"><div class=\"pt-cv-ctf-value\">N7-DAB+<\/div><\/div><\/div><\/div>\n<div class=\"pt-cv-content\">Dynavin Tuner radio num\u00e9rique DAB+ N7-DAB+ La radio num\u00e9rique est recommand\u00e9e en raison de sa<br \/><div class=\"product-price-custom\"><span class=\"price-label\">\u00e0 partir de<\/span>&nbsp<span class=\"price-integer\">99<\/span><span class=\"price-decimal\">,00<\/span>&nbsp<span class=\"price-currency\">\u20ac<\/span><\/div><\/div><\/div><\/div><\/div>\n<div class=\"col-md-2 col-sm-6 col-xs-12 pt-cv-content-item pt-cv-1-col\"  data-pid=\"90308\"><div class='pt-cv-pinmas'><a href=\"https:\/\/www.dynavin.de\/fr\/produits\/produits\/carhifi\/accessoires-pour-carhifi\/einbaublende-fuer-renault-trafic-iii-mit-automatischer-klimakontrolle\/\" class=\"_self pt-cv-href-thumbnail pt-cv-thumb-default cvplbd\" target=\"_self\" ><img width=\"300\" height=\"300\" src=\"https:\/\/www.dynavin.de\/wp-content\/uploads\/1700278821-DVN-APTTRF-300x300-1.jpg\" class=\"pt-cv-thumbnail img-none noLightbox  no-lazyload skip-lazy wvs-attachment-image\" alt=\"Dynavin Panneau de fa\u00e7ade DVN-APTTRF pour Renault Trafic III avec contr\u00f4le automatique de la climatisation\" data-xooWscFly=\"fly\" \/><\/a><div class=\"product_desc\">\n<div class=\"pt-cv-ctf-list\" data-cvc=\"1\"><div class=\"col-md-12 pt-cv-ctf-column\"><div class=\"pt-cv-custom-fields pt-cv-ctf-produkt-ref\"><div class=\"pt-cv-ctf-value\">DVN-APTTRF<\/div><\/div><\/div><\/div>\n<div class=\"pt-cv-content\">Dynavin Panneau de fa\u00e7ade pour Renault Trafic III avec contr\u00f4le automatique de la climatisation DVN-APTTRF<br \/><div class=\"product-price-custom\"><span class=\"price-label\">\u00e0 partir de<\/span>&nbsp<span class=\"price-integer\">59<\/span><span class=\"price-decimal\">,00<\/span>&nbsp<span class=\"price-currency\">\u20ac<\/span><\/div><\/div><\/div><\/div><\/div>\n<div class=\"col-md-4 col-sm-6 col-xs-12 pt-cv-content-item pt-cv-1-col\"  data-pid=\"84826\"><div class='pt-cv-pinmas'><a href=\"https:\/\/www.dynavin.de\/fr\/produits\/produits\/carhifi\/accessoires-pour-carhifi\/cadre-radio-1-din-pour-fiat-500\/\" class=\"_self pt-cv-href-thumbnail pt-cv-thumb-default cvplbd\" target=\"_self\" ><img width=\"300\" height=\"300\" src=\"https:\/\/www.dynavin.de\/wp-content\/uploads\/1689056285-DVN-APT500-300X300.jpg\" class=\"pt-cv-thumbnail img-none noLightbox  no-lazyload skip-lazy wvs-attachment-image\" alt=\"Dynavin Cadre radio 1-DIN pour Fiat 500 2007-2015\" data-xooWscFly=\"fly\" \/><\/a><div class=\"product_desc\">\n<div class=\"pt-cv-ctf-list\" data-cvc=\"1\"><div class=\"col-md-12 pt-cv-ctf-column\"><div class=\"pt-cv-custom-fields pt-cv-ctf-produkt-ref\"><div class=\"pt-cv-ctf-value\">DVN-APT500<\/div><\/div><\/div><\/div>\n<div class=\"pt-cv-content\">Dynavin Cadre radio 1-DIN pour Fiat 500 2007-2015 DVN-APT500 Couleur : beige. Ce cache vous<br \/><div class=\"product-price-custom\"><span class=\"price-label\">\u00e0 partir de<\/span>&nbsp<span class=\"price-integer\">9<\/span><span class=\"price-decimal\">,90<\/span>&nbsp<span class=\"price-currency\">\u20ac<\/span><\/div><\/div><\/div><\/div><\/div>\n<div class=\"col-md-2 col-sm-6 col-xs-12 pt-cv-content-item pt-cv-1-col\"  data-pid=\"83467\"><div class='pt-cv-pinmas'><a href=\"https:\/\/www.dynavin.de\/fr\/produits\/produits\/carhifi\/accessoires-pour-carhifi\/dynavin-cage-metallique-universelle-et-cadre-en-plastique-mfk-h\/\" class=\"_self pt-cv-href-thumbnail pt-cv-thumb-default cvplbd\" target=\"_self\" ><img width=\"300\" height=\"300\" src=\"https:\/\/www.dynavin.de\/wp-content\/uploads\/1684984429-MFK-H-300X300.jpg\" class=\"pt-cv-thumbnail img-none noLightbox  no-lazyload skip-lazy wvs-attachment-image\" alt=\"Dynavin Cage m\u00e9tallique universelle et cadre en plastique MFK-H\" data-xooWscFly=\"fly\" \/><\/a><div class=\"product_desc\">\n<div class=\"pt-cv-ctf-list\" data-cvc=\"1\"><div class=\"col-md-12 pt-cv-ctf-column\"><div class=\"pt-cv-custom-fields pt-cv-ctf-produkt-ref\"><div class=\"pt-cv-ctf-value\">MFK-H<\/div><\/div><\/div><\/div>\n<div class=\"pt-cv-content\">Dynavin Cage m\u00e9tallique Universal 112mm et cadre plastique 118mm MFK-H Le kit de montage contient<br \/><div class=\"product-price-custom\"><span class=\"price-label\">\u00e0 partir de<\/span>&nbsp<span class=\"price-integer\">13<\/span><span class=\"price-decimal\">,99<\/span>&nbsp<span class=\"price-currency\">\u20ac<\/span><\/div><\/div><\/div><\/div><\/div>\n<div class=\"col-md-2 col-sm-6 col-xs-12 pt-cv-content-item pt-cv-1-col\"  data-pid=\"69284\"><div class='pt-cv-pinmas'><a href=\"https:\/\/www.dynavin.de\/fr\/produits\/produits\/pieces-de-rechange\/antenne-de-pare-brise-dab-dvn-dabant\/\" class=\"_self pt-cv-href-thumbnail pt-cv-thumb-default cvplbd\" target=\"_self\" ><img width=\"300\" height=\"300\" src=\"https:\/\/www.dynavin.de\/wp-content\/uploads\/1660791603-DVN-DABANT-300X300.png\" class=\"pt-cv-thumbnail img-none noLightbox  no-lazyload skip-lazy wvs-attachment-image\" alt=\"Antenne de pare-brise DAB+ DVN DABANT\" data-xooWscFly=\"fly\" \/><\/a><div class=\"product_desc\">\n<div class=\"pt-cv-ctf-list\" data-cvc=\"1\"><div class=\"col-md-12 pt-cv-ctf-column\"><div class=\"pt-cv-custom-fields pt-cv-ctf-produkt-ref\"><div class=\"pt-cv-ctf-value\">DVN DABANT<\/div><\/div><\/div><\/div>\n<div class=\"pt-cv-content\">Dynavin Antenne de pare-brise DAB+ DVN DABANT<br \/><div class=\"product-price-custom\"><span class=\"price-label\">\u00e0 partir de<\/span>&nbsp<span class=\"price-integer\">29<\/span><span class=\"price-decimal\">,00<\/span>&nbsp<span class=\"price-currency\">\u20ac<\/span><\/div><\/div><\/div><\/div><\/div>\n<div class=\"col-md-2 col-sm-6 col-xs-12 pt-cv-content-item pt-cv-1-col\"  data-pid=\"108041\"><div class='pt-cv-pinmas'><a href=\"https:\/\/www.dynavin.de\/fr\/produits\/produits\/pieces-de-rechange\/cable-aux-in-d8-cam-in\/\" class=\"_self pt-cv-href-thumbnail pt-cv-thumb-default cvplbd\" target=\"_self\" ><img width=\"300\" height=\"300\" src=\"https:\/\/www.dynavin.de\/wp-content\/uploads\/1715737153-D8-CAM-IN-300X300.jpg\" class=\"pt-cv-thumbnail img-none noLightbox  no-lazyload skip-lazy wvs-attachment-image\" alt=\"C\u00e2ble pour cam\u00e9ra de recul D8-CAM-IN\" data-xooWscFly=\"fly\" \/><\/a><div class=\"product_desc\">\n<div class=\"pt-cv-ctf-list\" data-cvc=\"1\"><div class=\"col-md-12 pt-cv-ctf-column\"><div class=\"pt-cv-custom-fields pt-cv-ctf-produkt-ref\"><div class=\"pt-cv-ctf-value\">D8-CAM-IN<\/div><\/div><\/div><\/div>\n<div class=\"pt-cv-content\">Dynavin C\u00e2ble pour cam\u00e9ra de recul pour la plateforme D8 D8-CAM-IN<br \/><div class=\"product-price-custom\"><span class=\"price-label\">\u00e0 partir de<\/span>&nbsp<span class=\"price-integer\">10<\/span><span class=\"price-decimal\">,00<\/span>&nbsp<span class=\"price-currency\">\u20ac<\/span><\/div><\/div><\/div><\/div><\/div>\n<div class=\"col-md-2 col-sm-6 col-xs-12 pt-cv-content-item pt-cv-1-col\"  data-pid=\"83466\"><div class='pt-cv-pinmas'><a href=\"https:\/\/www.dynavin.de\/fr\/produits\/produits\/carhifi\/accessoires-pour-carhifi\/dynavin-cage-metallique-universelle-et-cadre-en-plastique-mfk-s\/\" class=\"_self pt-cv-href-thumbnail pt-cv-thumb-default cvplbd\" target=\"_self\" ><img width=\"300\" height=\"300\" src=\"https:\/\/www.dynavin.de\/wp-content\/uploads\/1684988168-MFK-S-02-300X300.jpg\" class=\"pt-cv-thumbnail img-none noLightbox  no-lazyload skip-lazy wvs-attachment-image\" alt=\"Dynavin Cage m\u00e9tallique universelle et cadre en plastique MFK-S\" data-xooWscFly=\"fly\" \/><\/a><div class=\"product_desc\">\n<div class=\"pt-cv-ctf-list\" data-cvc=\"1\"><div class=\"col-md-12 pt-cv-ctf-column\"><div class=\"pt-cv-custom-fields pt-cv-ctf-produkt-ref\"><div class=\"pt-cv-ctf-value\">MFK-S<\/div><\/div><\/div><\/div>\n<div class=\"pt-cv-content\">Dynavin Cage m\u00e9tallique Universal 108.5mm et cadre plastique 110mm MFK-S Le kit de montage contient<br \/><div class=\"product-price-custom\"><span class=\"price-label\">\u00e0 partir de<\/span>&nbsp<span class=\"price-integer\">13<\/span><span class=\"price-decimal\">,99<\/span>&nbsp<span class=\"price-currency\">\u20ac<\/span><\/div><\/div><\/div><\/div><\/div>\n<div class=\"col-md-4 col-sm-6 col-xs-12 pt-cv-content-item pt-cv-1-col\"  data-pid=\"108056\"><div class='pt-cv-pinmas'><a href=\"https:\/\/www.dynavin.de\/fr\/produits\/produits\/pieces-de-rechange\/cable-aux-in-d9-cam-in\/\" class=\"_self pt-cv-href-thumbnail pt-cv-thumb-default cvplbd\" target=\"_self\" ><img width=\"300\" height=\"300\" src=\"https:\/\/www.dynavin.de\/wp-content\/uploads\/1715737627-D9-CAM-IN-300X300.jpg\" class=\"pt-cv-thumbnail img-none noLightbox  no-lazyload skip-lazy wvs-attachment-image\" alt=\"C\u00e2ble pour cam\u00e9ra de recul D9-CAM-IN\" data-xooWscFly=\"fly\" \/><\/a><div class=\"product_desc\">\n<div class=\"pt-cv-ctf-list\" data-cvc=\"1\"><div class=\"col-md-12 pt-cv-ctf-column\"><div class=\"pt-cv-custom-fields pt-cv-ctf-produkt-ref\"><div class=\"pt-cv-ctf-value\">D9-CAM-IN<\/div><\/div><\/div><\/div>\n<div class=\"pt-cv-content\">Dynavin C\u00e2ble pour cam\u00e9ra de recul pour la plateforme D9 D9-CAM-IN<br \/><div class=\"product-price-custom\"><span class=\"price-label\">\u00e0 partir de<\/span>&nbsp<span class=\"price-integer\">10<\/span><span class=\"price-decimal\">,00<\/span>&nbsp<span class=\"price-currency\">\u20ac<\/span><\/div><\/div><\/div><\/div><\/div>\n<div class=\"col-md-2 col-sm-6 col-xs-12 pt-cv-content-item pt-cv-1-col\"  data-pid=\"108088\"><div class='pt-cv-pinmas'><a href=\"https:\/\/www.dynavin.de\/fr\/produits\/produits\/pieces-de-rechange\/head-up-display-hud150\/\" class=\"_self pt-cv-href-thumbnail pt-cv-thumb-default cvplbd\" target=\"_self\" ><img width=\"300\" height=\"300\" src=\"https:\/\/www.dynavin.de\/wp-content\/uploads\/1715738501-HUD150-300X300.jpg\" class=\"pt-cv-thumbnail img-none noLightbox  no-lazyload skip-lazy wvs-attachment-image\" alt=\"Head-up Display HUD 150\" data-xooWscFly=\"fly\" \/><\/a><div class=\"product_desc\">\n<div class=\"pt-cv-ctf-list\" data-cvc=\"1\"><div class=\"col-md-12 pt-cv-ctf-column\"><div class=\"pt-cv-custom-fields pt-cv-ctf-produkt-ref\"><div class=\"pt-cv-ctf-value\">HUD 150<\/div><\/div><\/div><\/div>\n<div class=\"pt-cv-content\">Dynavin Head-up Display pour la plateforme D9 HUD 150<br \/><div class=\"product-price-custom\"><span class=\"price-label\">\u00e0 partir de<\/span>&nbsp<span class=\"price-integer\">50<\/span><span class=\"price-decimal\">,00<\/span>&nbsp<span class=\"price-currency\">\u20ac<\/span><\/div><\/div><\/div><\/div><\/div>\n<div class=\"col-md-2 col-sm-6 col-xs-12 pt-cv-content-item pt-cv-1-col\"  data-pid=\"44171\"><div class='pt-cv-pinmas'><a href=\"https:\/\/www.dynavin.de\/fr\/produits\/produits\/carhifi\/systemes-de-navigation-pour-car-hifi\/navigationsgeraet-3-flex-vw-golf-7\/\" class=\"_self pt-cv-href-thumbnail pt-cv-thumb-default cvplbd\" target=\"_self\" ><img width=\"300\" height=\"300\" src=\"https:\/\/www.dynavin.de\/wp-content\/uploads\/1711961697-D9-3B3S-Flex-300X300.jpg\" class=\"pt-cv-thumbnail img-none noLightbox  no-lazyload skip-lazy wvs-attachment-image\" alt=\"Autoradio Android 10,1 pouces pour VW Golf 7\" data-xooWscFly=\"fly\" \/><\/a><div class=\"product_desc\">\n<div class=\"pt-cv-ctf-list\" data-cvc=\"1\"><div class=\"col-md-12 pt-cv-ctf-column\"><div class=\"pt-cv-custom-fields pt-cv-ctf-produkt-ref\"><div class=\"pt-cv-ctf-value\">D9-3B\/3S Premium Flex<\/div><\/div><\/div><\/div>\n<div class=\"pt-cv-content\">Syst\u00e8me de navigation 10,1 pouces pour VW Golf 7 2012-2020<br \/><div class=\"product-price-custom\"><span class=\"price-label\">\u00e0 partir de<\/span>&nbsp<span class=\"price-integer\">299<\/span><span class=\"price-decimal\">,00<\/span>&nbsp<span class=\"price-currency\">\u20ac<\/span><\/div><\/div><\/div><\/div><\/div>\n<div class=\"col-md-2 col-sm-6 col-xs-12 pt-cv-content-item pt-cv-1-col\"  data-pid=\"108074\"><div class='pt-cv-pinmas'><a href=\"https:\/\/www.dynavin.de\/fr\/produits\/produits\/pieces-de-rechange\/microphone-dvn9mic\/\" class=\"_self pt-cv-href-thumbnail pt-cv-thumb-default cvplbd\" target=\"_self\" ><img width=\"300\" height=\"300\" src=\"https:\/\/www.dynavin.de\/wp-content\/uploads\/1715738044-D9-microphone-300X300.jpg\" class=\"pt-cv-thumbnail img-none noLightbox  no-lazyload skip-lazy wvs-attachment-image\" alt=\"Microphone DVN9MIC\" data-xooWscFly=\"fly\" \/><\/a><div class=\"product_desc\">\n<div class=\"pt-cv-ctf-list\" data-cvc=\"1\"><div class=\"col-md-12 pt-cv-ctf-column\"><div class=\"pt-cv-custom-fields pt-cv-ctf-produkt-ref\"><div class=\"pt-cv-ctf-value\">DVN9MIC<\/div><\/div><\/div><\/div>\n<div class=\"pt-cv-content\">Dynavin Microphone num\u00e9rique pour plateforme D9 DVN9MIC<br \/><div class=\"product-price-custom\"><span class=\"price-label\">\u00e0 partir de<\/span>&nbsp<span class=\"price-integer\">15<\/span><span class=\"price-decimal\">,00<\/span>&nbsp<span class=\"price-currency\">\u20ac<\/span><\/div><\/div><\/div><\/div><\/div>\n<div class=\"col-md-2 col-sm-6 col-xs-12 pt-cv-content-item pt-cv-1-col\"  data-pid=\"112225\"><div class='pt-cv-pinmas'><a href=\"https:\/\/www.dynavin.de\/fr\/produits\/produits\/pieces-de-rechange\/dvn-12vstb\/\" class=\"_self pt-cv-href-thumbnail pt-cv-thumb-default cvplbd\" target=\"_self\" ><img width=\"300\" height=\"300\" src=\"https:\/\/www.dynavin.de\/wp-content\/uploads\/1720168500-DVN-12VSTB-300X300.jpg\" class=\"pt-cv-thumbnail img-none noLightbox  no-lazyload skip-lazy wvs-attachment-image\" alt=\"DVN-12VSTB\" data-xooWscFly=\"fly\" \/><\/a><div class=\"product_desc\">\n<div class=\"pt-cv-ctf-list\" data-cvc=\"1\"><div class=\"col-md-12 pt-cv-ctf-column\"><div class=\"pt-cv-custom-fields pt-cv-ctf-produkt-ref\"><div class=\"pt-cv-ctf-value\">DVN-12VSTB<\/div><\/div><\/div><\/div>\n<div class=\"pt-cv-content\">Adaptateur stabilisateur de puissance pour autoradio Dynavin DVN-12VSTB Pr\u00e9vient les chutes de tension qui peuvent<br \/><div class=\"product-price-custom\"><span class=\"price-label\">\u00e0 partir de<\/span>&nbsp<span class=\"price-integer\">4<\/span><span class=\"price-decimal\">,90<\/span>&nbsp<span class=\"price-currency\">\u20ac<\/span><\/div><\/div><\/div><\/div><\/div>\n<div class=\"col-md-4 col-sm-6 col-xs-12 pt-cv-content-item pt-cv-1-col\"  data-pid=\"67853\"><div class='pt-cv-pinmas'><a href=\"https:\/\/www.dynavin.de\/fr\/produits\/produits\/camping-cars-et-vehicule-utilitaires\/accessoires-pour-camping-cars-et-vehicules-utilitaires\/unterstuetzung-der-telefontaste-der-lenkradsteuerung-am-ducato-8-durch-dvn-dclin01\/\" class=\"_self pt-cv-href-thumbnail pt-cv-thumb-default cvplbd\" target=\"_self\" ><img width=\"300\" height=\"300\" src=\"https:\/\/www.dynavin.de\/wp-content\/uploads\/1657100362-DVNDCLIN01-300X300.png\" class=\"pt-cv-thumbnail img-none noLightbox  no-lazyload skip-lazy wvs-attachment-image\" alt=\"Prise en charge du bouton de t\u00e9l\u00e9phone des commandes au volant sur le Ducato 8 par DVN-DCLIN01\" data-xooWscFly=\"fly\" \/><\/a><div class=\"product_desc\">\n<div class=\"pt-cv-ctf-list\" data-cvc=\"1\"><div class=\"col-md-12 pt-cv-ctf-column\"><div class=\"pt-cv-custom-fields pt-cv-ctf-produkt-ref\"><div class=\"pt-cv-ctf-value\">DVN-DCLIN01<\/div><\/div><\/div><\/div>\n<div class=\"pt-cv-content\">Prise en charge du bouton de t\u00e9l\u00e9phone des commandes au volant sur le Ducato 8<br \/><div class=\"product-price-custom\"><span class=\"price-label\">\u00e0 partir de<\/span>&nbsp<span class=\"price-integer\">79<\/span><span class=\"price-decimal\">,00<\/span>&nbsp<span class=\"price-currency\">\u20ac<\/span><\/div><\/div><\/div><\/div><\/div>\n<div class=\"col-md-2 col-sm-6 col-xs-12 pt-cv-content-item pt-cv-1-col\"  data-pid=\"70504\"><div class='pt-cv-pinmas'><a href=\"https:\/\/www.dynavin.de\/fr\/produits\/produits\/pieces-de-rechange\/frais-de-transport\/\" class=\"_self pt-cv-href-thumbnail pt-cv-thumb-default cvplbd\" target=\"_self\" ><img width=\"300\" height=\"300\" src=\"https:\/\/www.dynavin.de\/wp-content\/uploads\/1662953023-Freight-Charge2-300X300.png\" class=\"pt-cv-thumbnail img-none noLightbox  no-lazyload skip-lazy wvs-attachment-image\" alt=\"Frais de transport\" data-xooWscFly=\"fly\" \/><\/a><div class=\"product_desc\">\n<div class=\"pt-cv-ctf-list\" data-cvc=\"1\"><div class=\"col-md-12 pt-cv-ctf-column\"><div class=\"pt-cv-custom-fields pt-cv-ctf-produkt-ref\"><div class=\"pt-cv-ctf-value\">Frais de transport<\/div><\/div><\/div><\/div>\n<div class=\"pt-cv-content\">Frais de transport pour le retour au client Frais de transport<br \/><div class=\"product-price-custom\"><span class=\"price-label\">\u00e0 partir de<\/span>&nbsp<span class=\"price-integer\">7<\/span><span class=\"price-decimal\">,50<\/span>&nbsp<span class=\"price-currency\">\u20ac<\/span><\/div><\/div><\/div><\/div><\/div>\n<div class=\"col-md-2 col-sm-6 col-xs-12 pt-cv-content-item pt-cv-1-col\"  data-pid=\"67040\"><div class='pt-cv-pinmas'><a href=\"https:\/\/www.dynavin.de\/fr\/produits\/produits\/carhifi\/accessoires-pour-carhifi\/glasklebeantenne-scheibenantenne-dvn-dabant-h\/\" class=\"_self pt-cv-href-thumbnail pt-cv-thumb-default cvplbd\" target=\"_self\" ><img width=\"300\" height=\"300\" src=\"https:\/\/www.dynavin.de\/wp-content\/uploads\/1655891696-DABANT-H-300X300.png\" class=\"pt-cv-thumbnail img-none noLightbox  no-lazyload skip-lazy wvs-attachment-image\" alt=\"Antenne DAB Antenne adh\u00e9sive pour verre\/ Antenne pour vitre DVN-DABANT-H\" data-xooWscFly=\"fly\" \/><\/a><div class=\"product_desc\">\n<div class=\"pt-cv-ctf-list\" data-cvc=\"1\"><div class=\"col-md-12 pt-cv-ctf-column\"><div class=\"pt-cv-custom-fields pt-cv-ctf-produkt-ref\"><div class=\"pt-cv-ctf-value\">DVN-DABANT-H<\/div><\/div><\/div><\/div>\n<div class=\"pt-cv-content\">Dynavin Antenne DAB Antenne adh\u00e9sive pour verre\/ Antenne pour vitre DVN-DABANT-H La DAB\/DAB+ est le<br \/><div class=\"product-price-custom\"><span class=\"price-label\">\u00e0 partir de<\/span>&nbsp<span class=\"price-integer\">59<\/span><span class=\"price-decimal\">,00<\/span>&nbsp<span class=\"price-currency\">\u20ac<\/span><\/div><\/div><\/div><\/div><\/div>\n<div class=\"col-md-2 col-sm-6 col-xs-12 pt-cv-content-item pt-cv-1-col\"  data-pid=\"67059\"><div class='pt-cv-pinmas'><a href=\"https:\/\/www.dynavin.de\/fr\/produits\/produits\/carhifi\/accessoires-pour-carhifi\/wifi-antenne-mit-verlaengerungskabel-dvn-bwantex\/\" class=\"_self pt-cv-href-thumbnail pt-cv-thumb-default cvplbd\" target=\"_self\" ><img width=\"300\" height=\"300\" src=\"https:\/\/www.dynavin.de\/wp-content\/uploads\/1655893485-DVN-BWANTEX-300X300.png\" class=\"pt-cv-thumbnail img-none noLightbox  no-lazyload skip-lazy wvs-attachment-image\" alt=\"Dynavin 8 Antenne Wifi\/BT avec c\u00e2ble d&#039;extension DVN-BWANTEX\" data-xooWscFly=\"fly\" \/><\/a><div class=\"product_desc\">\n<div class=\"pt-cv-ctf-list\" data-cvc=\"1\"><div class=\"col-md-12 pt-cv-ctf-column\"><div class=\"pt-cv-custom-fields pt-cv-ctf-produkt-ref\"><div class=\"pt-cv-ctf-value\">DVN-BWANTEX<\/div><\/div><\/div><\/div>\n<div class=\"pt-cv-content\">Dynavin 8 Antenne Wifi\/BT avec c\u00e2ble d'extension DVN-BWANTEX Le DVN-BWANTEX est une antenne wifi\/BT externe<br \/><div class=\"product-price-custom\"><span class=\"price-label\">\u00e0 partir de<\/span>&nbsp<span class=\"price-integer\">9<\/span><span class=\"price-decimal\">,00<\/span>&nbsp<span class=\"price-currency\">\u20ac<\/span><\/div><\/div><\/div><\/div><\/div>\n<div class=\"col-md-2 col-sm-6 col-xs-12 pt-cv-content-item pt-cv-1-col\"  data-pid=\"45977\"><div class='pt-cv-pinmas'><a href=\"https:\/\/www.dynavin.de\/fr\/produits\/produits\/carhifi\/systemes-de-navigation-pour-car-hifi\/navigationsgeraet-3-pro-vw-golf-7\/\" class=\"_self pt-cv-href-thumbnail pt-cv-thumb-default cvplbd\" target=\"_self\" ><img width=\"300\" height=\"300\" src=\"https:\/\/www.dynavin.de\/wp-content\/uploads\/1669975287-D8-3B3S-300X300.jpg\" class=\"pt-cv-thumbnail img-none noLightbox  no-lazyload skip-lazy wvs-attachment-image\" alt=\"Autoradio Android 10,1 pouces pour VW Golf 7\" data-xooWscFly=\"fly\" \/><\/a><div class=\"product_desc\">\n<div class=\"pt-cv-ctf-list\" data-cvc=\"1\"><div class=\"col-md-12 pt-cv-ctf-column\"><div class=\"pt-cv-custom-fields pt-cv-ctf-produkt-ref\"><div class=\"pt-cv-ctf-value\">D9-3B\/3S Premium<\/div><\/div><\/div><\/div>\n<div class=\"pt-cv-content\">Syst\u00e8me de navigation 10,1 pouces pour VW Golf 7 2012-2020<br \/><div class=\"product-price-custom\"><span class=\"price-label\">\u00e0 partir de<\/span>&nbsp<span class=\"price-integer\">649<\/span><span class=\"price-decimal\">,00<\/span>&nbsp<span class=\"price-currency\">\u20ac<\/span><\/div><\/div><\/div><\/div><\/div>\n<div class=\"col-md-4 col-sm-6 col-xs-12 pt-cv-content-item pt-cv-1-col\"  data-pid=\"70568\"><div class='pt-cv-pinmas'><a href=\"https:\/\/www.dynavin.de\/fr\/produits\/produits\/pieces-de-rechange\/frais-de-reparation\/\" class=\"_self pt-cv-href-thumbnail pt-cv-thumb-default cvplbd\" target=\"_self\" ><img width=\"300\" height=\"300\" src=\"https:\/\/www.dynavin.de\/wp-content\/uploads\/1662953985-Repair-Costs2-300X300.png\" class=\"pt-cv-thumbnail img-none noLightbox  no-lazyload skip-lazy wvs-attachment-image\" alt=\"Frais de r\u00e9paration &amp; de service\" data-xooWscFly=\"fly\" \/><\/a><div class=\"product_desc\">\n<div class=\"pt-cv-ctf-list\" data-cvc=\"1\"><div class=\"col-md-12 pt-cv-ctf-column\"><div class=\"pt-cv-custom-fields pt-cv-ctf-produkt-ref\"><div class=\"pt-cv-ctf-value\">Reparaturkosten & Servicekosten<\/div><\/div><\/div><\/div>\n<div class=\"pt-cv-content\">Frais de r\u00e9paration &amp; de service Frais de r\u00e9paration &amp; de service<br \/><div class=\"product-price-custom\"><span class=\"price-label\">\u00e0 partir de<\/span>&nbsp<span class=\"price-integer\">25<\/span><span class=\"price-decimal\">,00<\/span>&nbsp<span class=\"price-currency\">\u20ac<\/span><\/div><\/div><\/div><\/div><\/div>\n<div class=\"col-md-2 col-sm-6 col-xs-12 pt-cv-content-item pt-cv-1-col\"  data-pid=\"44644\"><div class='pt-cv-pinmas'><a href=\"https:\/\/www.dynavin.de\/fr\/produits\/produits\/carhifi\/systemes-de-navigation-pour-car-hifi\/navigationsgerat-135-flex-vw-golf-sportsvan\/\" class=\"_self pt-cv-href-thumbnail pt-cv-thumb-default cvplbd\" target=\"_self\" ><img width=\"300\" height=\"300\" src=\"https:\/\/www.dynavin.de\/wp-content\/uploads\/1712200557-D9-135B135S-Flex-300X300.jpg\" class=\"pt-cv-thumbnail img-none noLightbox  no-lazyload skip-lazy wvs-attachment-image\" alt=\"Autoradio Android 10,1 pouces pour VW Golf Sportsvan\" data-xooWscFly=\"fly\" \/><\/a><div class=\"product_desc\">\n<div class=\"pt-cv-ctf-list\" data-cvc=\"1\"><div class=\"col-md-12 pt-cv-ctf-column\"><div class=\"pt-cv-custom-fields pt-cv-ctf-produkt-ref\"><div class=\"pt-cv-ctf-value\">D9-135S\/135B Premium Flex<\/div><\/div><\/div><\/div>\n<div class=\"pt-cv-content\">Syst\u00e8me de navigation 10,1 pouces pour VW Golf Sportsvan 2014-2020<br \/><div class=\"product-price-custom\"><span class=\"price-label\">\u00e0 partir de<\/span>&nbsp<span class=\"price-integer\">349<\/span><span class=\"price-decimal\">,00<\/span>&nbsp<span class=\"price-currency\">\u20ac<\/span><\/div><\/div><\/div><\/div><\/div>\n<div class=\"col-md-2 col-sm-6 col-xs-12 pt-cv-content-item pt-cv-1-col\"  data-pid=\"46933\"><div class='pt-cv-pinmas'><a href=\"https:\/\/www.dynavin.de\/fr\/produits\/produits\/carhifi\/systemes-de-navigation-pour-car-hifi\/navigationsgerat-135-pro-vw-golf-sportsvan\/\" class=\"_self pt-cv-href-thumbnail pt-cv-thumb-default cvplbd\" target=\"_self\" ><img width=\"300\" height=\"300\" src=\"https:\/\/www.dynavin.de\/wp-content\/uploads\/1669976020-D8-135B135S-300X300.jpg\" class=\"pt-cv-thumbnail img-none noLightbox  no-lazyload skip-lazy wvs-attachment-image\" alt=\"Autoradio Android 10,1 pouces pour VW Golf Sportsvan\" data-xooWscFly=\"fly\" \/><\/a><div class=\"product_desc\">\n<div class=\"pt-cv-ctf-list\" data-cvc=\"1\"><div class=\"col-md-12 pt-cv-ctf-column\"><div class=\"pt-cv-custom-fields pt-cv-ctf-produkt-ref\"><div class=\"pt-cv-ctf-value\">D9-135S\/135B Premium<\/div><\/div><\/div><\/div>\n<div class=\"pt-cv-content\">Syst\u00e8me de navigation 10,1 pouces pour VW Golf Sportsvan 2014-2020<br \/><div class=\"product-price-custom\"><span class=\"price-label\">\u00e0 partir de<\/span>&nbsp<span class=\"price-integer\">649<\/span><span class=\"price-decimal\">,00<\/span>&nbsp<span class=\"price-currency\">\u20ac<\/span><\/div><\/div><\/div><\/div><\/div>\n<div class=\"col-md-2 col-sm-6 col-xs-12 pt-cv-content-item pt-cv-1-col\"  data-pid=\"44874\"><div class='pt-cv-pinmas'><a href=\"https:\/\/www.dynavin.de\/fr\/produits\/produits\/carhifi\/systemes-de-navigation-pour-car-hifi\/navigationsgeraet-df31-flex-vw-golf-6\/\" class=\"_self pt-cv-href-thumbnail pt-cv-thumb-default cvplbd\" target=\"_self\" ><img width=\"300\" height=\"300\" src=\"https:\/\/www.dynavin.de\/wp-content\/uploads\/1711959481-D9-DF31-Flex-300X300.jpg\" class=\"pt-cv-thumbnail img-none noLightbox  no-lazyload skip-lazy wvs-attachment-image\" alt=\"Autoradio Android 9 pouces D9-DF31 Premium Flex pour VW Golf 6\" data-xooWscFly=\"fly\" \/><\/a><div class=\"product_desc\">\n<div class=\"pt-cv-ctf-list\" data-cvc=\"1\"><div class=\"col-md-12 pt-cv-ctf-column\"><div class=\"pt-cv-custom-fields pt-cv-ctf-produkt-ref\"><div class=\"pt-cv-ctf-value\">D9-DF31 Premium Flex<\/div><\/div><\/div><\/div>\n<div class=\"pt-cv-content\">Syst\u00e8me de navigation 9 pouces pour VW Golf 6 2008-2012<br \/><div class=\"product-price-custom\"><span class=\"price-label\">\u00e0 partir de<\/span>&nbsp<span class=\"price-integer\">299<\/span><span class=\"price-decimal\">,00<\/span>&nbsp<span class=\"price-currency\">\u20ac<\/span><\/div><\/div><\/div><\/div><\/div>\n<div class=\"col-md-2 col-sm-6 col-xs-12 pt-cv-content-item pt-cv-1-col\"  data-pid=\"108908\"><div class='pt-cv-pinmas'><a href=\"https:\/\/www.dynavin.de\/fr\/produits\/produits\/pieces-de-rechange\/diverse\/\" class=\"_self pt-cv-href-thumbnail pt-cv-thumb-default cvplbd\" target=\"_self\" ><img width=\"300\" height=\"300\" src=\"https:\/\/www.dynavin.de\/wp-content\/uploads\/1716801117-Repair-information-collection-300X300.jpg\" class=\"pt-cv-thumbnail img-none noLightbox  no-lazyload skip-lazy wvs-attachment-image\" alt=\"Diverse\" data-xooWscFly=\"fly\" \/><\/a><div class=\"product_desc\">\n<div class=\"pt-cv-ctf-list\" data-cvc=\"1\"><div class=\"col-md-12 pt-cv-ctf-column\"><div class=\"pt-cv-custom-fields pt-cv-ctf-produkt-ref\"><div class=\"pt-cv-ctf-value\">Diverse<\/div><\/div><\/div><\/div>\n<div class=\"pt-cv-content\">Diverse Diverse<br \/><div class=\"product-price-custom\"><span class=\"price-label\">\u00e0 partir de<\/span>&nbsp<span class=\"price-integer\">0<\/span><span class=\"price-decimal\">,00<\/span>&nbsp<span class=\"price-currency\">\u20ac<\/span><\/div><\/div><\/div><\/div><\/div>\n<div class=\"col-md-4 col-sm-6 col-xs-12 pt-cv-content-item pt-cv-1-col\"  data-pid=\"47083\"><div class='pt-cv-pinmas'><a href=\"https:\/\/www.dynavin.de\/fr\/produits\/produits\/carhifi\/systemes-de-navigation-pour-car-hifi\/navigationsgeraet-df31-pro-vw-golf-6\/\" class=\"_self pt-cv-href-thumbnail pt-cv-thumb-default cvplbd\" target=\"_self\" ><img width=\"300\" height=\"300\" src=\"https:\/\/www.dynavin.de\/wp-content\/uploads\/1669637806-D8-DF31-Pro-300X300.jpg\" class=\"pt-cv-thumbnail img-none noLightbox  no-lazyload skip-lazy wvs-attachment-image\" alt=\"Autoradio Android 9 pouces D9-DF31 Premium pour VW Golf 6\" data-xooWscFly=\"fly\" \/><\/a><div class=\"product_desc\">\n<div class=\"pt-cv-ctf-list\" data-cvc=\"1\"><div class=\"col-md-12 pt-cv-ctf-column\"><div class=\"pt-cv-custom-fields pt-cv-ctf-produkt-ref\"><div class=\"pt-cv-ctf-value\">D9-DF31 Premium<\/div><\/div><\/div><\/div>\n<div class=\"pt-cv-content\">Syst\u00e8me de navigation 9 pouces pour VW Golf 6 2008-2012<br \/><div class=\"product-price-custom\"><span class=\"price-label\">\u00e0 partir de<\/span>&nbsp<span class=\"price-integer\">649<\/span><span class=\"price-decimal\">,00<\/span>&nbsp<span class=\"price-currency\">\u20ac<\/span><\/div><\/div><\/div><\/div><\/div>\n<div class=\"col-md-2 col-sm-6 col-xs-12 pt-cv-content-item pt-cv-1-col\"  data-pid=\"44302\"><div class='pt-cv-pinmas'><a href=\"https:\/\/www.dynavin.de\/fr\/produits\/produits\/carhifi\/systemes-de-navigation-pour-car-hifi\/navigationsgeraet-82-flex-vw-tiguan\/\" class=\"_self pt-cv-href-thumbnail pt-cv-thumb-default cvplbd\" target=\"_self\" ><img width=\"300\" height=\"300\" src=\"https:\/\/www.dynavin.de\/wp-content\/uploads\/1712014286-D9-82-Flex-300X300.jpg\" class=\"pt-cv-thumbnail img-none noLightbox  no-lazyload skip-lazy wvs-attachment-image\" alt=\"Autoradio Android 10,1 pouces D9-82 Premium Flex pour VW Tiguan \u00e0 partir de 2017\" data-xooWscFly=\"fly\" \/><\/a><div class=\"product_desc\">\n<div class=\"pt-cv-ctf-list\" data-cvc=\"1\"><div class=\"col-md-12 pt-cv-ctf-column\"><div class=\"pt-cv-custom-fields pt-cv-ctf-produkt-ref\"><div class=\"pt-cv-ctf-value\">D9-82 Premium Flex<\/div><\/div><\/div><\/div>\n<div class=\"pt-cv-content\">Syst\u00e8me de navigation 10,1 pouces pour VW Tiguan \u00e0 partir de 2017<br \/><div class=\"product-price-custom\"><span class=\"price-label\">\u00e0 partir de<\/span>&nbsp<span class=\"price-integer\">299<\/span><span class=\"price-decimal\">,00<\/span>&nbsp<span class=\"price-currency\">\u20ac<\/span><\/div><\/div><\/div><\/div><\/div>\n<div class=\"col-md-2 col-sm-6 col-xs-12 pt-cv-content-item pt-cv-1-col\"  data-pid=\"62730\"><div class='pt-cv-pinmas'><a href=\"https:\/\/www.dynavin.de\/fr\/produits\/produits\/camping-cars-et-vehicule-utilitaires\/systeme-camera-ecran-pour-fiat-ducato\/systeme-camera-ecran-fiat-ducato-dvn-6901-mo\/\" class=\"_self pt-cv-href-thumbnail pt-cv-thumb-default cvplbd\" target=\"_self\" ><img width=\"300\" height=\"300\" src=\"https:\/\/www.dynavin.de\/wp-content\/uploads\/1679910882-DVN-6901-MO-300X300.jpg\" class=\"pt-cv-thumbnail img-none noLightbox  no-lazyload skip-lazy wvs-attachment-image\" alt=\"Dynavision Moniteur pliable DVN 6901 MO pour Fiat Ducato\" data-xooWscFly=\"fly\" \/><\/a><div class=\"product_desc\">\n<div class=\"pt-cv-ctf-list\" data-cvc=\"1\"><div class=\"col-md-12 pt-cv-ctf-column\"><div class=\"pt-cv-custom-fields pt-cv-ctf-produkt-ref\"><div class=\"pt-cv-ctf-value\">DVN 6901 MO<\/div><\/div><\/div><\/div>\n<div class=\"pt-cv-content\">Dynavision Moniteur pliable pour Fiat Ducato DVN 6901 MO R\u00e9solution de l'\u00e9cran : 800\u00d7480 Taille<br \/><div class=\"product-price-custom\"><span class=\"price-label\">\u00e0 partir de<\/span>&nbsp<span class=\"price-integer\">299<\/span><span class=\"price-decimal\">,00<\/span>&nbsp<span class=\"price-currency\">\u20ac<\/span><\/div><\/div><\/div><\/div><\/div>\n<div class=\"col-md-2 col-sm-6 col-xs-12 pt-cv-content-item pt-cv-1-col\"  data-pid=\"111656\"><div class='pt-cv-pinmas'><a href=\"https:\/\/www.dynavin.de\/fr\/produits\/produits\/carhifi\/cameras-de-recul-pour-voitures\/universal-rueckfahrkamera-lite-bildmodus-ahd-ntsc-170-weitwinkel\/\" class=\"_self pt-cv-href-thumbnail pt-cv-thumb-default cvplbd\" target=\"_self\" ><img width=\"300\" height=\"300\" src=\"https:\/\/www.dynavin.de\/wp-content\/uploads\/1719646848-CAMUNI-002RV-Lite-300X300.jpg\" class=\"pt-cv-thumbnail img-none noLightbox  no-lazyload skip-lazy wvs-attachment-image\" alt=\"Cam\u00e9ra de recul universelle Lite, mode d&#039;image AHD \/ NTSC, grand angle de 170\" data-xooWscFly=\"fly\" \/><\/a><div class=\"product_desc\">\n<div class=\"pt-cv-ctf-list\" data-cvc=\"1\"><div class=\"col-md-12 pt-cv-ctf-column\"><div class=\"pt-cv-custom-fields pt-cv-ctf-produkt-ref\"><div class=\"pt-cv-ctf-value\">CAMUNI-002RV Lite<\/div><\/div><\/div><\/div>\n<div class=\"pt-cv-content\">Cam\u00e9ra de recul universelle Lite, mode d'image AHD \/ NTSC<br \/><div class=\"product-price-custom\"><span class=\"price-label\">\u00e0 partir de<\/span>&nbsp<span class=\"price-integer\">99<\/span><span class=\"price-decimal\">,00<\/span>&nbsp<span class=\"price-currency\">\u20ac<\/span><\/div><\/div><\/div><\/div><\/div>\n<div class=\"col-md-2 col-sm-6 col-xs-12 pt-cv-content-item pt-cv-1-col\"  data-pid=\"70201\"><div class='pt-cv-pinmas'><a href=\"https:\/\/www.dynavin.de\/fr\/produits\/produits\/camping-cars-et-vehicule-utilitaires\/systeme-camera-ecran-pour-fiat-ducato\/kamera-dvn-cw-f001\/\" class=\"_self pt-cv-href-thumbnail pt-cv-thumb-default cvplbd\" target=\"_self\" ><img width=\"300\" height=\"300\" src=\"https:\/\/www.dynavin.de\/wp-content\/uploads\/1679907495-DVN-CW-F001.jpg\" class=\"pt-cv-thumbnail img-none noLightbox  no-lazyload skip-lazy wvs-attachment-image\" alt=\"Dynavision Cam\u00e9ra frontale DVN CW F001 pour tous les FIAT Ducato Type 250\/251 from 2006\" data-xooWscFly=\"fly\" \/><\/a><div class=\"product_desc\">\n<div class=\"pt-cv-ctf-list\" data-cvc=\"1\"><div class=\"col-md-12 pt-cv-ctf-column\"><div class=\"pt-cv-custom-fields pt-cv-ctf-produkt-ref\"><div class=\"pt-cv-ctf-value\">DVN CW F001<\/div><\/div><\/div><\/div>\n<div class=\"pt-cv-content\">Dynavision Cam\u00e9ra | Cam\u00e9ra frontale pour tous les FIAT Ducato Type 250\/251 from 2006 DVN<br \/><div class=\"product-price-custom\"><span class=\"price-label\">\u00e0 partir de<\/span>&nbsp<span class=\"price-integer\">169<\/span><span class=\"price-decimal\">,00<\/span>&nbsp<span class=\"price-currency\">\u20ac<\/span><\/div><\/div><\/div><\/div><\/div>\n<div class=\"col-md-4 col-sm-6 col-xs-12 pt-cv-content-item pt-cv-1-col\"  data-pid=\"70688\"><div class='pt-cv-pinmas'><a href=\"https:\/\/www.dynavin.de\/fr\/produits\/produits\/carhifi\/cameras-de-recul-pour-voitures\/camera-de-vue-arriere-pour-jeep-wrangler-jk-2007-2018-camjp-0010-lite\/\" class=\"_self pt-cv-href-thumbnail pt-cv-thumb-default cvplbd\" target=\"_self\" ><img width=\"300\" height=\"300\" src=\"https:\/\/www.dynavin.de\/wp-content\/uploads\/1663126440-CAMJP-0010-Lite-300X300.png\" class=\"pt-cv-thumbnail img-none noLightbox  no-lazyload skip-lazy wvs-attachment-image\" alt=\"Cam\u00e9ra de vue arri\u00e8re pour Jeep Wrangler JK 2007-2018 | mode d\u2019image AHD \/ NTSC\" data-xooWscFly=\"fly\" \/><\/a><div class=\"product_desc\">\n<div class=\"pt-cv-ctf-list\" data-cvc=\"1\"><div class=\"col-md-12 pt-cv-ctf-column\"><div class=\"pt-cv-custom-fields pt-cv-ctf-produkt-ref\"><div class=\"pt-cv-ctf-value\">CAMJP-0010HD Lite<\/div><\/div><\/div><\/div>\n<div class=\"pt-cv-content\">Cam\u00e9ra de vue arri\u00e8re pour Jeep Wrangler | mode d\u2019image AHD \/ NTSC<br \/><div class=\"product-price-custom\"><span class=\"price-label\">\u00e0 partir de<\/span>&nbsp<span class=\"price-integer\">99<\/span><span class=\"price-decimal\">,00<\/span>&nbsp<span class=\"price-currency\">\u20ac<\/span><\/div><\/div><\/div><\/div><\/div>\n<div class=\"col-md-2 col-sm-6 col-xs-12 pt-cv-content-item pt-cv-1-col\"  data-pid=\"63878\"><div class='pt-cv-pinmas'><a href=\"https:\/\/www.dynavin.de\/fr\/produits\/produits\/camping-cars-et-vehicule-utilitaires\/systeme-camera-ecran-pour-fiat-ducato\/systeme-camera-dvn-cw-6901-s-fiat-ducato\/\" class=\"_self pt-cv-href-thumbnail pt-cv-thumb-default cvplbd\" target=\"_self\" ><img width=\"300\" height=\"300\" src=\"https:\/\/www.dynavin.de\/wp-content\/uploads\/1648020259-DVN-CW-6901S-300X300.png\" class=\"pt-cv-thumbnail img-none noLightbox  no-lazyload skip-lazy wvs-attachment-image\" alt=\"Cam\u00e9ras lat\u00e9rales Dynavision DVN CW 6901S pour Fiat Ducato\" data-xooWscFly=\"fly\" \/><\/a><div class=\"product_desc\">\n<div class=\"pt-cv-ctf-list\" data-cvc=\"1\"><div class=\"col-md-12 pt-cv-ctf-column\"><div class=\"pt-cv-custom-fields pt-cv-ctf-produkt-ref\"><div class=\"pt-cv-ctf-value\">DVN CW 6901S<\/div><\/div><\/div><\/div>\n<div class=\"pt-cv-content\">Cam\u00e9ras lat\u00e9rales Dynavision pour Fiat Ducato<br \/><div class=\"product-price-custom\"><span class=\"price-label\">\u00e0 partir de<\/span>&nbsp<span class=\"price-integer\">299<\/span><span class=\"price-decimal\">,00<\/span>&nbsp<span class=\"price-currency\">\u20ac<\/span><\/div><\/div><\/div><\/div><\/div>\n<div class=\"col-md-2 col-sm-6 col-xs-12 pt-cv-content-item pt-cv-1-col\"  data-pid=\"81139\"><div class='pt-cv-pinmas'><a href=\"https:\/\/www.dynavin.de\/fr\/produits\/produits\/camping-cars-et-vehicule-utilitaires\/systeme-camera-ecran-pour-fiat-ducato\/dynavision-cameras-laterales-dvn-cw-bsk-pour-fiat-ducato\/\" class=\"_self pt-cv-href-thumbnail pt-cv-thumb-default cvplbd\" target=\"_self\" ><img width=\"300\" height=\"300\" src=\"https:\/\/www.dynavin.de\/wp-content\/uploads\/1679903365-DVN-CW-BSK-300X300.jpg\" class=\"pt-cv-thumbnail img-none noLightbox  no-lazyload skip-lazy wvs-attachment-image\" alt=\"Dynavision Cam\u00e9ras lat\u00e9rales DVN CW BSK pour Fiat Ducato\" data-xooWscFly=\"fly\" \/><\/a><div class=\"product_desc\">\n<div class=\"pt-cv-ctf-list\" data-cvc=\"1\"><div class=\"col-md-12 pt-cv-ctf-column\"><div class=\"pt-cv-custom-fields pt-cv-ctf-produkt-ref\"><div class=\"pt-cv-ctf-value\">DVN CW BSK<\/div><\/div><\/div><\/div>\n<div class=\"pt-cv-content\">Dynavision Cam\u00e9ras lat\u00e9rales pour Fiat Ducato DVN CW BSK Kit de r\u00e9novation DVN CW 6901S<br \/><div class=\"product-price-custom\"><span class=\"price-label\">\u00e0 partir de<\/span>&nbsp<span class=\"price-integer\">299<\/span><span class=\"price-decimal\">,00<\/span>&nbsp<span class=\"price-currency\">\u20ac<\/span><\/div><\/div><\/div><\/div><\/div>\n<div class=\"col-md-2 col-sm-6 col-xs-12 pt-cv-content-item pt-cv-1-col\"  data-pid=\"121500\"><div class='pt-cv-pinmas'><a href=\"https:\/\/www.dynavin.de\/fr\/produits\/produits\/carhifi\/cameras-de-recul-pour-voitures\/oem-kamera-fuer-den-land-rover-defender\/\" class=\"_self pt-cv-href-thumbnail pt-cv-thumb-default cvplbd\" target=\"_self\" ><img width=\"300\" height=\"300\" src=\"https:\/\/www.dynavin.de\/wp-content\/uploads\/1733452548-DVN-CW-920-LR-300X300.jpg\" class=\"pt-cv-thumbnail img-none noLightbox  no-lazyload skip-lazy wvs-attachment-image\" alt=\"Cam\u00e9ra OEM pour le Land Rover Defender 2007-2016 | Mode d&#039;image AHD \/ NTSC\" data-xooWscFly=\"fly\" \/><\/a><div class=\"product_desc\">\n<div class=\"pt-cv-ctf-list\" data-cvc=\"1\"><div class=\"col-md-12 pt-cv-ctf-column\"><div class=\"pt-cv-custom-fields pt-cv-ctf-produkt-ref\"><div class=\"pt-cv-ctf-value\">DVN CW 920 - LR<\/div><\/div><\/div><\/div>\n<div class=\"pt-cv-content\">Cam\u00e9ra OEM pour le Land Rover Defender | Mode d'image AHD \/ NTSC<br \/><div class=\"product-price-custom\"><span class=\"price-label\">\u00e0 partir de<\/span>&nbsp<span class=\"price-integer\">249<\/span><span class=\"price-decimal\">,00<\/span>&nbsp<span class=\"price-currency\">\u20ac<\/span><\/div><\/div><\/div><\/div><\/div>\n<div class=\"col-md-2 col-sm-6 col-xs-12 pt-cv-content-item pt-cv-1-col\"  data-pid=\"51320\"><div class='pt-cv-pinmas'><a href=\"https:\/\/www.dynavin.de\/fr\/produits\/produits\/carhifi\/cameras-de-recul-pour-voitures\/griffleisten-rueckfahrkamera-lite-fuer-audi-a4-a5-a6-a7-q3-q5-q7-vw-vor-2018\/\" class=\"_self pt-cv-href-thumbnail pt-cv-thumb-default cvplbd\" target=\"_self\" ><img width=\"300\" height=\"300\" src=\"https:\/\/www.dynavin.de\/wp-content\/uploads\/CAMBH-AU001-Lite_tn.png\" class=\"pt-cv-thumbnail img-none noLightbox  no-lazyload skip-lazy wvs-attachment-image\" alt=\"Griffleistenkamera CAMBH-AU001\" data-xooWscFly=\"fly\" \/><\/a><div class=\"product_desc\">\n<div class=\"pt-cv-ctf-list\" data-cvc=\"1\"><div class=\"col-md-12 pt-cv-ctf-column\"><div class=\"pt-cv-custom-fields pt-cv-ctf-produkt-ref\"><div class=\"pt-cv-ctf-value\">CAMBH-AU001HD Lite<\/div><\/div><\/div><\/div>\n<div class=\"pt-cv-content\">Cam\u00e9ra de guidon pour Audi A3, A4, A5 MQB, A6, Q7 | mode d\u2019image AHD<br \/><div class=\"product-price-custom\"><span class=\"price-label\">\u00e0 partir de<\/span>&nbsp<span class=\"price-integer\">69<\/span><span class=\"price-decimal\">,00<\/span>&nbsp<span class=\"price-currency\">\u20ac<\/span><\/div><\/div><\/div><\/div><\/div>\n<div class=\"col-md-4 col-sm-6 col-xs-12 pt-cv-content-item pt-cv-1-col\"  data-pid=\"51323\"><div class='pt-cv-pinmas'><a href=\"https:\/\/www.dynavin.de\/fr\/produits\/produits\/carhifi\/cameras-de-recul-pour-voitures\/griffleisten-rueckfahrkamera-lite-fuer-audi-a3-a4-a5-mqb-a6-q7\/\" class=\"_self pt-cv-href-thumbnail pt-cv-thumb-default cvplbd\" target=\"_self\" ><img width=\"300\" height=\"300\" src=\"https:\/\/www.dynavin.de\/wp-content\/uploads\/CAMBH-AU002-Lite_tn.png\" class=\"pt-cv-thumbnail img-none noLightbox  no-lazyload skip-lazy wvs-attachment-image\" alt=\"Griffleistenkamera CAMBH-AU002\" data-xooWscFly=\"fly\" \/><\/a><div class=\"product_desc\">\n<div class=\"pt-cv-ctf-list\" data-cvc=\"1\"><div class=\"col-md-12 pt-cv-ctf-column\"><div class=\"pt-cv-custom-fields pt-cv-ctf-produkt-ref\"><div class=\"pt-cv-ctf-value\">CAMBH-AU002HD Lite<\/div><\/div><\/div><\/div>\n<div class=\"pt-cv-content\">Cam\u00e9ra de guidon pour Audi A3, A4, A5 MQB, A6, Q7, mode d\u2019image AHD \/<br \/><div class=\"product-price-custom\"><span class=\"price-label\">\u00e0 partir de<\/span>&nbsp<span class=\"price-integer\">69<\/span><span class=\"price-decimal\">,00<\/span>&nbsp<span class=\"price-currency\">\u20ac<\/span><\/div><\/div><\/div><\/div><\/div>\n<div class=\"col-md-2 col-sm-6 col-xs-12 pt-cv-content-item pt-cv-1-col\"  data-pid=\"51326\"><div class='pt-cv-pinmas'><a href=\"https:\/\/www.dynavin.de\/fr\/produits\/produits\/carhifi\/cameras-de-recul-pour-voitures\/griffleisten-rueckfahrkamera-lite-fuer-audi-a1-skoda-fabia-ii-roomster-yeti-octavia-ii-superb-ii\/\" class=\"_self pt-cv-href-thumbnail pt-cv-thumb-default cvplbd\" target=\"_self\" ><img width=\"300\" height=\"300\" src=\"https:\/\/www.dynavin.de\/wp-content\/uploads\/CAMBH-AU003-Lite_tn-1.png\" class=\"pt-cv-thumbnail img-none noLightbox  no-lazyload skip-lazy wvs-attachment-image\" alt=\"CAMBH-AU003-Lite_tn\" data-xooWscFly=\"fly\" \/><\/a><div class=\"product_desc\">\n<div class=\"pt-cv-ctf-list\" data-cvc=\"1\"><div class=\"col-md-12 pt-cv-ctf-column\"><div class=\"pt-cv-custom-fields pt-cv-ctf-produkt-ref\"><div class=\"pt-cv-ctf-value\">CAMBH-AU003HD Lite<\/div><\/div><\/div><\/div>\n<div class=\"pt-cv-content\">Cam\u00e9ra de guidon pour Audi A1 | mode d\u2019image AHD<br \/><div class=\"product-price-custom\"><span class=\"price-label\">\u00e0 partir de<\/span>&nbsp<span class=\"price-integer\">69<\/span><span class=\"price-decimal\">,00<\/span>&nbsp<span class=\"price-currency\">\u20ac<\/span><\/div><\/div><\/div><\/div><\/div>\n<div class=\"col-md-2 col-sm-6 col-xs-12 pt-cv-content-item pt-cv-1-col\"  data-pid=\"51331\"><div class='pt-cv-pinmas'><a href=\"https:\/\/www.dynavin.de\/fr\/produits\/produits\/carhifi\/cameras-de-recul-pour-voitures\/griffleisten-rueckfahrkamera-lite-fuer-bmw-5er-e60-3er-e90-x5-e70-x1-e84-x6-e71\/\" class=\"_self pt-cv-href-thumbnail pt-cv-thumb-default cvplbd\" target=\"_self\" ><img width=\"300\" height=\"300\" src=\"https:\/\/www.dynavin.de\/wp-content\/uploads\/CAMBH-BM001-Lite_tn.png\" class=\"pt-cv-thumbnail img-none noLightbox  no-lazyload skip-lazy wvs-attachment-image\" alt=\"Griffleistenkamera CAMBH-BM001\" data-xooWscFly=\"fly\" \/><\/a><div class=\"product_desc\">\n<div class=\"pt-cv-ctf-list\" data-cvc=\"1\"><div class=\"col-md-12 pt-cv-ctf-column\"><div class=\"pt-cv-custom-fields pt-cv-ctf-produkt-ref\"><div class=\"pt-cv-ctf-value\">CAMBH-BM001HD Lite<\/div><\/div><\/div><\/div>\n<div class=\"pt-cv-content\">Cam\u00e9ra de guidon pour BMW S\u00e9rie 5,3 X5,X1,X6 | mode d\u2019image AHD \/ NTSC<br \/><div class=\"product-price-custom\"><span class=\"price-label\">\u00e0 partir de<\/span>&nbsp<span class=\"price-integer\">69<\/span><span class=\"price-decimal\">,00<\/span>&nbsp<span class=\"price-currency\">\u20ac<\/span><\/div><\/div><\/div><\/div><\/div>\n<div class=\"col-md-2 col-sm-6 col-xs-12 pt-cv-content-item pt-cv-1-col\"  data-pid=\"51335\"><div class='pt-cv-pinmas'><a href=\"https:\/\/www.dynavin.de\/fr\/produits\/produits\/carhifi\/cameras-de-recul-pour-voitures\/griffleisten-rueckfahrkamera-lite-fuer-bmw-3er-5er-x3-x4-x5\/\" class=\"_self pt-cv-href-thumbnail pt-cv-thumb-default cvplbd\" target=\"_self\" ><img width=\"300\" height=\"300\" src=\"https:\/\/www.dynavin.de\/wp-content\/uploads\/CAMBH-BM002-Lite_tn.png\" class=\"pt-cv-thumbnail img-none noLightbox  no-lazyload skip-lazy wvs-attachment-image\" alt=\"Griffleistenkamera CAMBH-BM002\" data-xooWscFly=\"fly\" \/><\/a><div class=\"product_desc\">\n<div class=\"pt-cv-ctf-list\" data-cvc=\"1\"><div class=\"col-md-12 pt-cv-ctf-column\"><div class=\"pt-cv-custom-fields pt-cv-ctf-produkt-ref\"><div class=\"pt-cv-ctf-value\">CAMBH-BM002 Lite<\/div><\/div><\/div><\/div>\n<div class=\"pt-cv-content\">Cam\u00e9ra de guidon pour BMW S\u00e9rie 3, S\u00e9rie 5, X3, X4, X5<br \/><div class=\"product-price-custom\"><span class=\"price-label\">\u00e0 partir de<\/span>&nbsp<span class=\"price-integer\">69<\/span><span class=\"price-decimal\">,00<\/span>&nbsp<span class=\"price-currency\">\u20ac<\/span><\/div><\/div><\/div><\/div><\/div>\n<div class=\"col-md-2 col-sm-6 col-xs-12 pt-cv-content-item pt-cv-1-col\"  data-pid=\"51343\"><div class='pt-cv-pinmas'><a href=\"https:\/\/www.dynavin.de\/fr\/produits\/produits\/carhifi\/cameras-de-recul-pour-voitures\/griffleisten-rueckfahrkamera-lite-fuer-ford-focus-mondeo-fiesta-s-max-range-rover-freelander-2\/\" class=\"_self pt-cv-href-thumbnail pt-cv-thumb-default cvplbd\" target=\"_self\" ><img width=\"300\" height=\"300\" src=\"https:\/\/www.dynavin.de\/wp-content\/uploads\/CAMBH-FD001-Lite_tn.png\" class=\"pt-cv-thumbnail img-none noLightbox  no-lazyload skip-lazy wvs-attachment-image\" alt=\"Griffleistenkamera CAMBH-FD001\" data-xooWscFly=\"fly\" \/><\/a><div class=\"product_desc\">\n<div class=\"pt-cv-ctf-list\" data-cvc=\"1\"><div class=\"col-md-12 pt-cv-ctf-column\"><div class=\"pt-cv-custom-fields pt-cv-ctf-produkt-ref\"><div class=\"pt-cv-ctf-value\">CAMBH-FD001HD Lite<\/div><\/div><\/div><\/div>\n<div class=\"pt-cv-content\">Cam\u00e9ra de guidon Ford Focus Mondeo Fiesta S-Max<br \/><div class=\"product-price-custom\"><span class=\"price-label\">\u00e0 partir de<\/span>&nbsp<span class=\"price-integer\">69<\/span><span class=\"price-decimal\">,00<\/span>&nbsp<span class=\"price-currency\">\u20ac<\/span><\/div><\/div><\/div><\/div><\/div>\n<div class=\"col-md-4 col-sm-6 col-xs-12 pt-cv-content-item pt-cv-1-col\"  data-pid=\"51346\"><div class='pt-cv-pinmas'><a href=\"https:\/\/www.dynavin.de\/fr\/produits\/produits\/carhifi\/cameras-de-recul-pour-voitures\/griffleisten-rueckfahrkamera-lite-fuer-mercedes-b-klasse-a-klasse-e-klasse\/\" class=\"_self pt-cv-href-thumbnail pt-cv-thumb-default cvplbd\" target=\"_self\" ><img width=\"300\" height=\"300\" src=\"https:\/\/www.dynavin.de\/wp-content\/uploads\/CAMBH-MB001-Lite_tn.png\" class=\"pt-cv-thumbnail img-none noLightbox  no-lazyload skip-lazy wvs-attachment-image\" alt=\"Griffleistenkamera CAMBH-MB001\" data-xooWscFly=\"fly\" \/><\/a><div class=\"product_desc\">\n<div class=\"pt-cv-ctf-list\" data-cvc=\"1\"><div class=\"col-md-12 pt-cv-ctf-column\"><div class=\"pt-cv-custom-fields pt-cv-ctf-produkt-ref\"><div class=\"pt-cv-ctf-value\">CAMBH-MB001HD Lite<\/div><\/div><\/div><\/div>\n<div class=\"pt-cv-content\">Cam\u00e9ra de guidon pour Mercedes Classe B-, A-, E<br \/><div class=\"product-price-custom\"><span class=\"price-label\">\u00e0 partir de<\/span>&nbsp<span class=\"price-integer\">69<\/span><span class=\"price-decimal\">,00<\/span>&nbsp<span class=\"price-currency\">\u20ac<\/span><\/div><\/div><\/div><\/div><\/div>\n<div class=\"col-md-2 col-sm-6 col-xs-12 pt-cv-content-item pt-cv-1-col\"  data-pid=\"51349\"><div class='pt-cv-pinmas'><a href=\"https:\/\/www.dynavin.de\/fr\/produits\/produits\/carhifi\/cameras-de-recul-pour-voitures\/griffleisten-rueckfahrkamera-lite-fuer-mercedes-benz-c-klasse-w204-cambh-mb002-lite\/\" class=\"_self pt-cv-href-thumbnail pt-cv-thumb-default cvplbd\" target=\"_self\" ><img width=\"300\" height=\"300\" src=\"https:\/\/www.dynavin.de\/wp-content\/uploads\/CAMBH-MB002-Lite_tn.png\" class=\"pt-cv-thumbnail img-none noLightbox  no-lazyload skip-lazy wvs-attachment-image\" alt=\"Griffleistenkamera CAMBH-MB002\" data-xooWscFly=\"fly\" \/><\/a><div class=\"product_desc\">\n<div class=\"pt-cv-ctf-list\" data-cvc=\"1\"><div class=\"col-md-12 pt-cv-ctf-column\"><div class=\"pt-cv-custom-fields pt-cv-ctf-produkt-ref\"><div class=\"pt-cv-ctf-value\">CAMBH-MB002HD Lite<\/div><\/div><\/div><\/div>\n<div class=\"pt-cv-content\">Cam\u00e9ra de guidon pour Mercedes Classe C | mode d\u2019image AHD \/ NTSC<br \/><div class=\"product-price-custom\"><span class=\"price-label\">\u00e0 partir de<\/span>&nbsp<span class=\"price-integer\">69<\/span><span class=\"price-decimal\">,00<\/span>&nbsp<span class=\"price-currency\">\u20ac<\/span><\/div><\/div><\/div><\/div><\/div>\n<div class=\"col-md-2 col-sm-6 col-xs-12 pt-cv-content-item pt-cv-1-col\"  data-pid=\"47095\"><div class='pt-cv-pinmas'><a href=\"https:\/\/www.dynavin.de\/fr\/produits\/produits\/carhifi\/systemes-de-navigation-pour-car-hifi\/navigationsgeraet-82-pro-vw-tiguan\/\" class=\"_self pt-cv-href-thumbnail pt-cv-thumb-default cvplbd\" target=\"_self\" ><img width=\"300\" height=\"300\" src=\"https:\/\/www.dynavin.de\/wp-content\/uploads\/1669974619-D8-82-Pro-300X300.jpg\" class=\"pt-cv-thumbnail img-none noLightbox  no-lazyload skip-lazy wvs-attachment-image\" alt=\"Autoradio Android 10,1 pouces D9-82 Premium pour VW Tiguan \u00e0 partir de 2017\" data-xooWscFly=\"fly\" \/><\/a><div class=\"product_desc\">\n<div class=\"pt-cv-ctf-list\" data-cvc=\"1\"><div class=\"col-md-12 pt-cv-ctf-column\"><div class=\"pt-cv-custom-fields pt-cv-ctf-produkt-ref\"><div class=\"pt-cv-ctf-value\">D9-82 Premium<\/div><\/div><\/div><\/div>\n<div class=\"pt-cv-content\">Syst\u00e8me de navigation 10,1 pouces pour VW Tiguan \u00e0 partir de 2017<br \/><div class=\"product-price-custom\"><span class=\"price-label\">\u00e0 partir de<\/span>&nbsp<span class=\"price-integer\">649<\/span><span class=\"price-decimal\">,00<\/span>&nbsp<span class=\"price-currency\">\u20ac<\/span><\/div><\/div><\/div><\/div><\/div>\n<div class=\"col-md-2 col-sm-6 col-xs-12 pt-cv-content-item pt-cv-1-col\"  data-pid=\"68130\"><div class='pt-cv-pinmas'><a href=\"https:\/\/www.dynavin.de\/fr\/produits\/produits\/carhifi\/cameras-de-recul-pour-voitures\/griffleisten-rueckfahrkamera-lite-fuer-mercedes-vito-w639-w447-ab-2014\/\" class=\"_self pt-cv-href-thumbnail pt-cv-thumb-default cvplbd\" target=\"_self\" ><img width=\"300\" height=\"300\" src=\"https:\/\/www.dynavin.de\/wp-content\/uploads\/1657788483-CAMBH-MB003-Lite-300X300.png\" class=\"pt-cv-thumbnail img-none noLightbox  no-lazyload skip-lazy wvs-attachment-image\" alt=\"Cam\u00e9ra de recul pour guidon Lite pour Mercedes Vito W639 W447 \u00e0 partir de 2014 | mode d\u2019image AHD \/ NTSC\" data-xooWscFly=\"fly\" \/><\/a><div class=\"product_desc\">\n<div class=\"pt-cv-ctf-list\" data-cvc=\"1\"><div class=\"col-md-12 pt-cv-ctf-column\"><div class=\"pt-cv-custom-fields pt-cv-ctf-produkt-ref\"><div class=\"pt-cv-ctf-value\">CAMBH-MB003HD Lite<\/div><\/div><\/div><\/div>\n<div class=\"pt-cv-content\">Cam\u00e9ra de recul pour guidon Lite pour Mercedes Vito W639 W447<br \/><div class=\"product-price-custom\"><span class=\"price-label\">\u00e0 partir de<\/span>&nbsp<span class=\"price-integer\">69<\/span><span class=\"price-decimal\">,00<\/span>&nbsp<span class=\"price-currency\">\u20ac<\/span><\/div><\/div><\/div><\/div><\/div>\n<div class=\"col-md-2 col-sm-6 col-xs-12 pt-cv-content-item pt-cv-1-col\"  data-pid=\"51352\"><div class='pt-cv-pinmas'><a href=\"https:\/\/www.dynavin.de\/fr\/produits\/produits\/carhifi\/cameras-de-recul-pour-voitures\/griffleisten-rueckfahrkamera-lite-fuer-audi-a3-a4-mqb-vw-mqb\/\" class=\"_self pt-cv-href-thumbnail pt-cv-thumb-default cvplbd\" target=\"_self\" ><img width=\"300\" height=\"300\" src=\"https:\/\/www.dynavin.de\/wp-content\/uploads\/CAMBH-MQ001-Lite_tn.png\" class=\"pt-cv-thumbnail img-none noLightbox  no-lazyload skip-lazy wvs-attachment-image\" alt=\"Griffleistenkamera CAMBH-MQ001\" data-xooWscFly=\"fly\" \/><\/a><div class=\"product_desc\">\n<div class=\"pt-cv-ctf-list\" data-cvc=\"1\"><div class=\"col-md-12 pt-cv-ctf-column\"><div class=\"pt-cv-custom-fields pt-cv-ctf-produkt-ref\"><div class=\"pt-cv-ctf-value\">CAMBH-MQ001HD Lite<\/div><\/div><\/div><\/div>\n<div class=\"pt-cv-content\">Cam\u00e9ra de guidon pour Audi A3, A4, VW MQB | mode d\u2019image AHD \/ NTSC<br \/><div class=\"product-price-custom\"><span class=\"price-label\">\u00e0 partir de<\/span>&nbsp<span class=\"price-integer\">69<\/span><span class=\"price-decimal\">,00<\/span>&nbsp<span class=\"price-currency\">\u20ac<\/span><\/div><\/div><\/div><\/div><\/div>\n<div class=\"col-md-4 col-sm-6 col-xs-12 pt-cv-content-item pt-cv-1-col\"  data-pid=\"51355\"><div class='pt-cv-pinmas'><a href=\"https:\/\/www.dynavin.de\/fr\/produits\/produits\/carhifi\/cameras-de-recul-pour-voitures\/griffleisten-rueckfahrkamera-lite-fuer-audi-q2-q3-q5-a5-mqb-porsche-cayenne-mqb-skoda-kodiaq-mqb-seat-arona-kj7-from-2017\/\" class=\"_self pt-cv-href-thumbnail pt-cv-thumb-default cvplbd\" target=\"_self\" ><img width=\"300\" height=\"300\" src=\"https:\/\/www.dynavin.de\/wp-content\/uploads\/CAMBH-MQ002-Lite_tn.png\" class=\"pt-cv-thumbnail img-none noLightbox  no-lazyload skip-lazy wvs-attachment-image\" alt=\"Griffleistenkamera CAMBH-MQ002\" data-xooWscFly=\"fly\" \/><\/a><div class=\"product_desc\">\n<div class=\"pt-cv-ctf-list\" data-cvc=\"1\"><div class=\"col-md-12 pt-cv-ctf-column\"><div class=\"pt-cv-custom-fields pt-cv-ctf-produkt-ref\"><div class=\"pt-cv-ctf-value\">CAMBH-MQ002HD Lite<\/div><\/div><\/div><\/div>\n<div class=\"pt-cv-content\">Cam\u00e9ra de guidon Audi Q2 Q3 Q5 A5 MQB, Cayenne MQB, Kodiaq MQB...<br \/><div class=\"product-price-custom\"><span class=\"price-label\">\u00e0 partir de<\/span>&nbsp<span class=\"price-integer\">69<\/span><span class=\"price-decimal\">,00<\/span>&nbsp<span class=\"price-currency\">\u20ac<\/span><\/div><\/div><\/div><\/div><\/div>\n<div class=\"col-md-2 col-sm-6 col-xs-12 pt-cv-content-item pt-cv-1-col\"  data-pid=\"51257\"><div class='pt-cv-pinmas'><a href=\"https:\/\/www.dynavin.de\/fr\/produits\/produits\/carhifi\/cameras-de-recul-pour-voitures\/kennzeichenleuchten-ruckfahrkamera-fur-mercedes-ml-w164-gl-r-klasse\/\" class=\"_self pt-cv-href-thumbnail pt-cv-thumb-default cvplbd\" target=\"_self\" ><img width=\"300\" height=\"300\" src=\"https:\/\/www.dynavin.de\/wp-content\/uploads\/CAMPL-MB001-Lite_tn.png\" class=\"pt-cv-thumbnail img-none noLightbox  no-lazyload skip-lazy wvs-attachment-image\" alt=\"Kennzeichenleuchten-Kamera CAMPL-MB001 f\u00fcr Mercedes ML W164 \/ GL \/ R-Klasse\" data-xooWscFly=\"fly\" \/><\/a><div class=\"product_desc\">\n<div class=\"pt-cv-ctf-list\" data-cvc=\"1\"><div class=\"col-md-12 pt-cv-ctf-column\"><div class=\"pt-cv-custom-fields pt-cv-ctf-produkt-ref\"><div class=\"pt-cv-ctf-value\">CAMPL-MB001HD Lite<\/div><\/div><\/div><\/div>\n<div class=\"pt-cv-content\">Cam\u00e9ra d'\u00e9clairage de la plaque d'immatriculation pour Mercedes ML<br \/><div class=\"product-price-custom\"><span class=\"price-label\">\u00e0 partir de<\/span>&nbsp<span class=\"price-integer\">99<\/span><span class=\"price-decimal\">,00<\/span>&nbsp<span class=\"price-currency\">\u20ac<\/span><\/div><\/div><\/div><\/div><\/div>\n<div class=\"col-md-2 col-sm-6 col-xs-12 pt-cv-content-item pt-cv-1-col\"  data-pid=\"45464\"><div class='pt-cv-pinmas'><a href=\"https:\/\/www.dynavin.de\/fr\/produits\/produits\/carhifi\/cameras-de-recul-pour-voitures\/license-plate-light-camera-for-almost-all-vw-seat-skoda-porsche-models\/\" class=\"_self pt-cv-href-thumbnail pt-cv-thumb-default cvplbd\" target=\"_self\" ><img width=\"300\" height=\"300\" src=\"https:\/\/www.dynavin.de\/wp-content\/uploads\/CAMPL-V000-Lite2_tn.png\" class=\"pt-cv-thumbnail img-none noLightbox  no-lazyload skip-lazy wvs-attachment-image\" alt=\"CAMPL-V000-Lite2\" data-xooWscFly=\"fly\" \/><\/a><div class=\"product_desc\">\n<div class=\"pt-cv-ctf-list\" data-cvc=\"1\"><div class=\"col-md-12 pt-cv-ctf-column\"><div class=\"pt-cv-custom-fields pt-cv-ctf-produkt-ref\"><div class=\"pt-cv-ctf-value\">CAMPL-V000HD Lite<\/div><\/div><\/div><\/div>\n<div class=\"pt-cv-content\">Cam\u00e9ra de feux de plaque d'immatriculation pour VW Seat<br \/><div class=\"product-price-custom\"><span class=\"price-label\">\u00e0 partir de<\/span>&nbsp<span class=\"price-integer\">99<\/span><span class=\"price-decimal\">,00<\/span>&nbsp<span class=\"price-currency\">\u20ac<\/span><\/div><\/div><\/div><\/div><\/div>\n<div class=\"col-md-2 col-sm-6 col-xs-12 pt-cv-content-item pt-cv-1-col\"  data-pid=\"51260\"><div class='pt-cv-pinmas'><a href=\"https:\/\/www.dynavin.de\/fr\/produits\/produits\/carhifi\/cameras-de-recul-pour-voitures\/kennzeichenleuchten-rueckfahrkamera-fuer-mercedes-c-klasse-und-clk\/\" class=\"_self pt-cv-href-thumbnail pt-cv-thumb-default cvplbd\" target=\"_self\" ><img width=\"300\" height=\"300\" src=\"https:\/\/www.dynavin.de\/wp-content\/uploads\/CAMPL-MB002-Lite_tn.png\" class=\"pt-cv-thumbnail img-none noLightbox  no-lazyload skip-lazy wvs-attachment-image\" alt=\"Kennzeichenleuchten-Kamera CAMPL-MB002 f\u00fcr Mercedes C-Klasse W203 CLK W209\" data-xooWscFly=\"fly\" \/><\/a><div class=\"product_desc\">\n<div class=\"pt-cv-ctf-list\" data-cvc=\"1\"><div class=\"col-md-12 pt-cv-ctf-column\"><div class=\"pt-cv-custom-fields pt-cv-ctf-produkt-ref\"><div class=\"pt-cv-ctf-value\">CAMPL-MB002HD Lite<\/div><\/div><\/div><\/div>\n<div class=\"pt-cv-content\">Cam\u00e9ra d'\u00e9clairage de la plaque d'immatriculation pour Mercedes CLK<br \/><div class=\"product-price-custom\"><span class=\"price-label\">\u00e0 partir de<\/span>&nbsp<span class=\"price-integer\">99<\/span><span class=\"price-decimal\">,00<\/span>&nbsp<span class=\"price-currency\">\u20ac<\/span><\/div><\/div><\/div><\/div><\/div>\n<div class=\"col-md-2 col-sm-6 col-xs-12 pt-cv-content-item pt-cv-1-col\"  data-pid=\"51263\"><div class='pt-cv-pinmas'><a href=\"https:\/\/www.dynavin.de\/fr\/produits\/produits\/carhifi\/cameras-de-recul-pour-voitures\/kennzeichenleuchten-rueckfahrkamera-fuer-mercedes-e-klasse-w211-limousine-c-klasse-w203-kombi-skl-r171-cls-klasse-c219\/\" class=\"_self pt-cv-href-thumbnail pt-cv-thumb-default cvplbd\" target=\"_self\" ><img width=\"300\" height=\"300\" src=\"https:\/\/www.dynavin.de\/wp-content\/uploads\/CAMPL-MB003-Lite_tn.png\" class=\"pt-cv-thumbnail img-none noLightbox  no-lazyload skip-lazy wvs-attachment-image\" alt=\"Kennzeichenleuchten-Kamera CAMPL-MB003 f\u00fcr Mercedes E-Klasse W211 Limousine SLK R171\" data-xooWscFly=\"fly\" \/><\/a><div class=\"product_desc\">\n<div class=\"pt-cv-ctf-list\" data-cvc=\"1\"><div class=\"col-md-12 pt-cv-ctf-column\"><div class=\"pt-cv-custom-fields pt-cv-ctf-produkt-ref\"><div class=\"pt-cv-ctf-value\">CAMPL-MB003HD Lite<\/div><\/div><\/div><\/div>\n<div class=\"pt-cv-content\">Cam\u00e9ra d'\u00e9clairage de plaque d'immatriculation pour Mercedes SLK<br \/><div class=\"product-price-custom\"><span class=\"price-label\">\u00e0 partir de<\/span>&nbsp<span class=\"price-integer\">99<\/span><span class=\"price-decimal\">,00<\/span>&nbsp<span class=\"price-currency\">\u20ac<\/span><\/div><\/div><\/div><\/div><\/div>\n<div class=\"col-md-4 col-sm-6 col-xs-12 pt-cv-content-item pt-cv-1-col\"  data-pid=\"51266\"><div class='pt-cv-pinmas'><a href=\"https:\/\/www.dynavin.de\/fr\/produits\/produits\/carhifi\/cameras-de-recul-pour-voitures\/kennzeichenleuchten-rueckfahrkamera-fuer-mercedes-e-klasse-w211-kombi\/\" class=\"_self pt-cv-href-thumbnail pt-cv-thumb-default cvplbd\" target=\"_self\" ><img width=\"300\" height=\"300\" src=\"https:\/\/www.dynavin.de\/wp-content\/uploads\/CAMPL-MB004-Lite_tn.png\" class=\"pt-cv-thumbnail img-none noLightbox  no-lazyload skip-lazy wvs-attachment-image\" alt=\"Kennzeichenleuchten-Kamera CAMPL-MB004 f\u00fcr Mercedes E-Klasse W211 Station Wagon\" data-xooWscFly=\"fly\" \/><\/a><div class=\"product_desc\">\n<div class=\"pt-cv-ctf-list\" data-cvc=\"1\"><div class=\"col-md-12 pt-cv-ctf-column\"><div class=\"pt-cv-custom-fields pt-cv-ctf-produkt-ref\"><div class=\"pt-cv-ctf-value\">CAMPL-MB004HD Lite<\/div><\/div><\/div><\/div>\n<div class=\"pt-cv-content\">Cam\u00e9ra d'\u00e9clairage de plaque d'immatriculation pour Mercedes ...<br \/><div class=\"product-price-custom\"><span class=\"price-label\">\u00e0 partir de<\/span>&nbsp<span class=\"price-integer\">99<\/span><span class=\"price-decimal\">,00<\/span>&nbsp<span class=\"price-currency\">\u20ac<\/span><\/div><\/div><\/div><\/div><\/div>\n<div class=\"col-md-2 col-sm-6 col-xs-12 pt-cv-content-item pt-cv-1-col\"  data-pid=\"51211\"><div class='pt-cv-pinmas'><a href=\"https:\/\/www.dynavin.de\/fr\/produits\/produits\/carhifi\/cameras-de-recul-pour-voitures\/dynavision-universal-rueckfahrkamera-170-weitwinkel-mit-halterung-camuni-001-lite\/\" class=\"_self pt-cv-href-thumbnail pt-cv-thumb-default cvplbd\" target=\"_self\" ><img width=\"300\" height=\"300\" src=\"https:\/\/www.dynavin.de\/wp-content\/uploads\/CAMUNI-001-Lite_tn-1.png\" class=\"pt-cv-thumbnail img-none noLightbox  no-lazyload skip-lazy wvs-attachment-image\" alt=\"Universalkamera CAMUNI-001-Lite_tn\" data-xooWscFly=\"fly\" \/><\/a><div class=\"product_desc\">\n<div class=\"pt-cv-ctf-list\" data-cvc=\"1\"><div class=\"col-md-12 pt-cv-ctf-column\"><div class=\"pt-cv-custom-fields pt-cv-ctf-produkt-ref\"><div class=\"pt-cv-ctf-value\">CAMUNI-001HD Lite<\/div><\/div><\/div><\/div>\n<div class=\"pt-cv-content\">Cam\u00e9ra de recul universelle avec support, Mode d\u2019image AHD \/ NTSC<br \/><div class=\"product-price-custom\"><span class=\"price-label\">\u00e0 partir de<\/span>&nbsp<span class=\"price-integer\">69<\/span><span class=\"price-decimal\">,00<\/span>&nbsp<span class=\"price-currency\">\u20ac<\/span><\/div><\/div><\/div><\/div><\/div>\n<div class=\"col-md-2 col-sm-6 col-xs-12 pt-cv-content-item pt-cv-1-col\"  data-pid=\"51214\"><div class='pt-cv-pinmas'><a href=\"https:\/\/www.dynavin.de\/fr\/produits\/produits\/carhifi\/cameras-de-recul-pour-voitures\/universal-rueckfahrkamera-lite-9-mm-bohrung-170-weitwinkel\/\" class=\"_self pt-cv-href-thumbnail pt-cv-thumb-default cvplbd\" target=\"_self\" ><img width=\"300\" height=\"300\" src=\"https:\/\/www.dynavin.de\/wp-content\/uploads\/CAMUNI-002-Lite_tn-1.png\" class=\"pt-cv-thumbnail img-none noLightbox  no-lazyload skip-lazy wvs-attachment-image\" alt=\"Universalkamera CAMUNI-002\" data-xooWscFly=\"fly\" \/><\/a><div class=\"product_desc\">\n<div class=\"pt-cv-ctf-list\" data-cvc=\"1\"><div class=\"col-md-12 pt-cv-ctf-column\"><div class=\"pt-cv-custom-fields pt-cv-ctf-produkt-ref\"><div class=\"pt-cv-ctf-value\">CAMUNI-002HD Lite<\/div><\/div><\/div><\/div>\n<div class=\"pt-cv-content\">Cam\u00e9ra de recul universelle, trou de 9 mm, mode d\u2019image AHD \/ NTSC<br \/><div class=\"product-price-custom\"><span class=\"price-label\">\u00e0 partir de<\/span>&nbsp<span class=\"price-integer\">69<\/span><span class=\"price-decimal\">,00<\/span>&nbsp<span class=\"price-currency\">\u20ac<\/span><\/div><\/div><\/div><\/div><\/div>\n<div class=\"col-md-2 col-sm-6 col-xs-12 pt-cv-content-item pt-cv-1-col\"  data-pid=\"51217\"><div class='pt-cv-pinmas'><a href=\"https:\/\/www.dynavin.de\/fr\/produits\/produits\/carhifi\/cameras-de-recul-pour-voitures\/dynavision-universal-rueckfahrkamera-170-weitwinkel-20mm-bohrung-camuni-003-lite\/\" class=\"_self pt-cv-href-thumbnail pt-cv-thumb-default cvplbd\" target=\"_self\" ><img width=\"300\" height=\"300\" src=\"https:\/\/www.dynavin.de\/wp-content\/uploads\/CAMUNI-003-Lite_tn-1.png\" class=\"pt-cv-thumbnail img-none noLightbox  no-lazyload skip-lazy wvs-attachment-image\" alt=\"Universalkamera CAMUNI-003\" data-xooWscFly=\"fly\" \/><\/a><div class=\"product_desc\">\n<div class=\"pt-cv-ctf-list\" data-cvc=\"1\"><div class=\"col-md-12 pt-cv-ctf-column\"><div class=\"pt-cv-custom-fields pt-cv-ctf-produkt-ref\"><div class=\"pt-cv-ctf-value\">CAMUNI-003HD Lite<\/div><\/div><\/div><\/div>\n<div class=\"pt-cv-content\">Cam\u00e9ra de recul universelle, trou de 20 mm, mode d\u2019image AHD \/ NTSC<br \/><div class=\"product-price-custom\"><span class=\"price-label\">\u00e0 partir de<\/span>&nbsp<span class=\"price-integer\">69<\/span><span class=\"price-decimal\">,00<\/span>&nbsp<span class=\"price-currency\">\u20ac<\/span><\/div><\/div><\/div><\/div><\/div>\n<div class=\"col-md-2 col-sm-6 col-xs-12 pt-cv-content-item pt-cv-1-col\"  data-pid=\"51527\"><div class='pt-cv-pinmas'><a href=\"https:\/\/www.dynavin.de\/fr\/produits\/produits\/camping-cars-et-vehicule-utilitaires\/cameras-de-recul-pour-camping-cars-et-vehicules-utilitaires\/cameras-universelles-fr-2\/aufbaukamera-dynavision-dvn-cw-910-pro\/\" class=\"_self pt-cv-href-thumbnail pt-cv-thumb-default cvplbd\" target=\"_self\" ><img width=\"300\" height=\"300\" src=\"https:\/\/www.dynavin.de\/wp-content\/uploads\/1622036744-Dynavin-DVN-CW-910_tn.png\" class=\"pt-cv-thumbnail img-none noLightbox  no-lazyload skip-lazy wvs-attachment-image\" alt=\"DVN 910 Pro\" data-xooWscFly=\"fly\" \/><\/a><div class=\"product_desc\">\n<div class=\"pt-cv-ctf-list\" data-cvc=\"1\"><div class=\"col-md-12 pt-cv-ctf-column\"><div class=\"pt-cv-custom-fields pt-cv-ctf-produkt-ref\"><div class=\"pt-cv-ctf-value\">DVN CWHD 910 Pro<\/div><\/div><\/div><\/div>\n<div class=\"pt-cv-content\">Cam\u00e9ra mont\u00e9e en surface | mode d\u2019image AHD \/ NTSC<br \/><div class=\"product-price-custom\"><span class=\"price-label\">\u00e0 partir de<\/span>&nbsp<span class=\"price-integer\">359<\/span><span class=\"price-decimal\">,00<\/span>&nbsp<span class=\"price-currency\">\u20ac<\/span><\/div><\/div><\/div><\/div><\/div>\n<div class=\"col-md-4 col-sm-6 col-xs-12 pt-cv-content-item pt-cv-1-col\"  data-pid=\"51530\"><div class='pt-cv-pinmas'><a href=\"https:\/\/www.dynavin.de\/fr\/produits\/produits\/camping-cars-et-vehicule-utilitaires\/cameras-de-recul-pour-camping-cars-et-vehicules-utilitaires\/cameras-universelles-fr-2\/aufbaukamera-dynavision-dvn-cw-910-comfort\/\" class=\"_self pt-cv-href-thumbnail pt-cv-thumb-default cvplbd\" target=\"_self\" ><img width=\"300\" height=\"300\" src=\"https:\/\/www.dynavin.de\/wp-content\/uploads\/1622036744-Dynavin-DVN-CW-910_tn.png\" class=\"pt-cv-thumbnail img-none noLightbox  no-lazyload skip-lazy wvs-attachment-image\" alt=\"DVN 910 Pro\" data-xooWscFly=\"fly\" \/><\/a><div class=\"product_desc\">\n<div class=\"pt-cv-ctf-list\" data-cvc=\"1\"><div class=\"col-md-12 pt-cv-ctf-column\"><div class=\"pt-cv-custom-fields pt-cv-ctf-produkt-ref\"><div class=\"pt-cv-ctf-value\">DVN CWHD 910 Comfort<\/div><\/div><\/div><\/div>\n<div class=\"pt-cv-content\">Cam\u00e9ra mont\u00e9e en surface | mode d\u2019image AHD \/ NTSC<br \/><div class=\"product-price-custom\"><span class=\"price-label\">\u00e0 partir de<\/span>&nbsp<span class=\"price-integer\">279<\/span><span class=\"price-decimal\">,00<\/span>&nbsp<span class=\"price-currency\">\u20ac<\/span><\/div><\/div><\/div><\/div><\/div>\n<div class=\"col-md-2 col-sm-6 col-xs-12 pt-cv-content-item pt-cv-1-col\"  data-pid=\"51533\"><div class='pt-cv-pinmas'><a href=\"https:\/\/www.dynavin.de\/fr\/produits\/produits\/camping-cars-et-vehicule-utilitaires\/cameras-de-recul-pour-camping-cars-et-vehicules-utilitaires\/cameras-universelles-fr-2\/aufbaukamera-dynavision-dvn-cw-910-lite\/\" class=\"_self pt-cv-href-thumbnail pt-cv-thumb-default cvplbd\" target=\"_self\" ><img width=\"300\" height=\"300\" src=\"https:\/\/www.dynavin.de\/wp-content\/uploads\/1622036744-Dynavin-DVN-CW-910_tn.png\" class=\"pt-cv-thumbnail img-none noLightbox  no-lazyload skip-lazy wvs-attachment-image\" alt=\"DVN 910 Pro\" data-xooWscFly=\"fly\" \/><\/a><div class=\"product_desc\">\n<div class=\"pt-cv-ctf-list\" data-cvc=\"1\"><div class=\"col-md-12 pt-cv-ctf-column\"><div class=\"pt-cv-custom-fields pt-cv-ctf-produkt-ref\"><div class=\"pt-cv-ctf-value\">DVN CWHD 910 Lite<\/div><\/div><\/div><\/div>\n<div class=\"pt-cv-content\">Cam\u00e9ra mont\u00e9e en surface\u00a0| mode d\u2019image AHD \/ NTSC<br \/><div class=\"product-price-custom\"><span class=\"price-label\">\u00e0 partir de<\/span>&nbsp<span class=\"price-integer\">169<\/span><span class=\"price-decimal\">,00<\/span>&nbsp<span class=\"price-currency\">\u20ac<\/span><\/div><\/div><\/div><\/div><\/div>\n<div class=\"col-md-2 col-sm-6 col-xs-12 pt-cv-content-item pt-cv-1-col\"  data-pid=\"51561\"><div class='pt-cv-pinmas'><a href=\"https:\/\/www.dynavin.de\/fr\/produits\/produits\/camping-cars-et-vehicule-utilitaires\/cameras-de-recul-pour-camping-cars-et-vehicules-utilitaires\/cameras-de-feux-de-stop\/bremsleuchten-kamera-dynavision-dvn-cw-920-pro-fuer-fiat-ducato\/\" class=\"_self pt-cv-href-thumbnail pt-cv-thumb-default cvplbd\" target=\"_self\" ><img width=\"300\" height=\"300\" src=\"https:\/\/www.dynavin.de\/wp-content\/uploads\/Dynavin-DVN-CW-920_tn.png\" class=\"pt-cv-thumbnail img-none noLightbox  no-lazyload skip-lazy wvs-attachment-image\" alt=\"Cam\u00e9ra de feux de freinage Dynavision DVN CW 920 Pro pour Fiat Ducato | mode d\u2019image AHD \/ NTSC\" data-xooWscFly=\"fly\" \/><\/a><div class=\"product_desc\">\n<div class=\"pt-cv-ctf-list\" data-cvc=\"1\"><div class=\"col-md-12 pt-cv-ctf-column\"><div class=\"pt-cv-custom-fields pt-cv-ctf-produkt-ref\"><div class=\"pt-cv-ctf-value\">DVN CWHD 920 Pro<\/div><\/div><\/div><\/div>\n<div class=\"pt-cv-content\">Cam\u00e9ra de feux de freinage | mode d\u2019image AHD \/ NTSC<br \/><div class=\"product-price-custom\"><span class=\"price-label\">\u00e0 partir de<\/span>&nbsp<span class=\"price-integer\">359<\/span><span class=\"price-decimal\">,00<\/span>&nbsp<span class=\"price-currency\">\u20ac<\/span><\/div><\/div><\/div><\/div><\/div>\n<div class=\"col-md-2 col-sm-6 col-xs-12 pt-cv-content-item pt-cv-1-col\"  data-pid=\"51564\"><div class='pt-cv-pinmas'><a href=\"https:\/\/www.dynavin.de\/fr\/produits\/produits\/camping-cars-et-vehicule-utilitaires\/cameras-de-recul-pour-camping-cars-et-vehicules-utilitaires\/cameras-de-feux-de-stop\/bremsleuchten-kamera-dynavision-dvn-cw-920-comfort-fuer-fiat-ducato\/\" class=\"_self pt-cv-href-thumbnail pt-cv-thumb-default cvplbd\" target=\"_self\" ><img width=\"300\" height=\"300\" src=\"https:\/\/www.dynavin.de\/wp-content\/uploads\/Dynavin-DVN-CW-920_tn.png\" class=\"pt-cv-thumbnail img-none noLightbox  no-lazyload skip-lazy wvs-attachment-image\" alt=\"Dynavin-DVN-CW-920\" data-xooWscFly=\"fly\" \/><\/a><div class=\"product_desc\">\n<div class=\"pt-cv-ctf-list\" data-cvc=\"1\"><div class=\"col-md-12 pt-cv-ctf-column\"><div class=\"pt-cv-custom-fields pt-cv-ctf-produkt-ref\"><div class=\"pt-cv-ctf-value\">DVN CWHD 920 Comfort<\/div><\/div><\/div><\/div>\n<div class=\"pt-cv-content\">Cam\u00e9ra de feux de freinage\u00a0| mode d\u2019image AHD \/ NTSC<br \/><div class=\"product-price-custom\"><span class=\"price-label\">\u00e0 partir de<\/span>&nbsp<span class=\"price-integer\">279<\/span><span class=\"price-decimal\">,00<\/span>&nbsp<span class=\"price-currency\">\u20ac<\/span><\/div><\/div><\/div><\/div><\/div>\n<div class=\"col-md-2 col-sm-6 col-xs-12 pt-cv-content-item pt-cv-1-col\"  data-pid=\"51567\"><div class='pt-cv-pinmas'><a href=\"https:\/\/www.dynavin.de\/fr\/produits\/produits\/camping-cars-et-vehicule-utilitaires\/cameras-de-recul-pour-camping-cars-et-vehicules-utilitaires\/cameras-de-feux-de-stop\/bremsleuchten-kamera-dynavision-dvn-cw-920-lite-fuer-fiat-ducato\/\" class=\"_self pt-cv-href-thumbnail pt-cv-thumb-default cvplbd\" target=\"_self\" ><img width=\"300\" height=\"300\" src=\"https:\/\/www.dynavin.de\/wp-content\/uploads\/Dynavin-DVN-CW-920_tn.png\" class=\"pt-cv-thumbnail img-none noLightbox  no-lazyload skip-lazy wvs-attachment-image\" alt=\"Dynavin-DVN-CW-920\" data-xooWscFly=\"fly\" \/><\/a><div class=\"product_desc\">\n<div class=\"pt-cv-ctf-list\" data-cvc=\"1\"><div class=\"col-md-12 pt-cv-ctf-column\"><div class=\"pt-cv-custom-fields pt-cv-ctf-produkt-ref\"><div class=\"pt-cv-ctf-value\">DVN CWHD 920 Lite<\/div><\/div><\/div><\/div>\n<div class=\"pt-cv-content\">Cam\u00e9ra de feux de freinage | mode d\u2019image AHD \/ NTSC<br \/><div class=\"product-price-custom\"><span class=\"price-label\">\u00e0 partir de<\/span>&nbsp<span class=\"price-integer\">169<\/span><span class=\"price-decimal\">,00<\/span>&nbsp<span class=\"price-currency\">\u20ac<\/span><\/div><\/div><\/div><\/div><\/div>\n<div class=\"col-md-4 col-sm-6 col-xs-12 pt-cv-content-item pt-cv-1-col\"  data-pid=\"44751\"><div class='pt-cv-pinmas'><a href=\"https:\/\/www.dynavin.de\/fr\/produits\/produits\/carhifi\/systemes-de-navigation-pour-car-hifi\/navigationsgeraet-83-flex-vw-tiguan\/\" class=\"_self pt-cv-href-thumbnail pt-cv-thumb-default cvplbd\" target=\"_self\" ><img width=\"300\" height=\"300\" src=\"https:\/\/www.dynavin.de\/wp-content\/uploads\/1712015624-D9-83B83S-Flex-300X300.jpg\" class=\"pt-cv-thumbnail img-none noLightbox  no-lazyload skip-lazy wvs-attachment-image\" alt=\"Autoradio Android 9 pouces pour VW Tiguan 2007-2017, Golf 5\" data-xooWscFly=\"fly\" \/><\/a><div class=\"product_desc\">\n<div class=\"pt-cv-ctf-list\" data-cvc=\"1\"><div class=\"col-md-12 pt-cv-ctf-column\"><div class=\"pt-cv-custom-fields pt-cv-ctf-produkt-ref\"><div class=\"pt-cv-ctf-value\">D9-83B\/83S Premium Flex<\/div><\/div><\/div><\/div>\n<div class=\"pt-cv-content\">Syst\u00e8me de navigation 9 pouces pour VW Golf 5 plus, Tiguan 2007-2017<br \/><div class=\"product-price-custom\"><span class=\"price-label\">\u00e0 partir de<\/span>&nbsp<span class=\"price-integer\">299<\/span><span class=\"price-decimal\">,00<\/span>&nbsp<span class=\"price-currency\">\u20ac<\/span><\/div><\/div><\/div><\/div><\/div>\n<div class=\"col-md-2 col-sm-6 col-xs-12 pt-cv-content-item pt-cv-1-col\"  data-pid=\"51576\"><div class='pt-cv-pinmas'><a href=\"https:\/\/www.dynavin.de\/fr\/produits\/produits\/camping-cars-et-vehicule-utilitaires\/cameras-de-recul-pour-camping-cars-et-vehicules-utilitaires\/cameras-de-feux-de-stop\/universal-bremsleuchten-kamera-dynavision-dvn-cw-930-pro\/\" class=\"_self pt-cv-href-thumbnail pt-cv-thumb-default cvplbd\" target=\"_self\" ><img width=\"300\" height=\"300\" src=\"https:\/\/www.dynavin.de\/wp-content\/uploads\/Dynavin-DVN-CW-930_tn.png\" class=\"pt-cv-thumbnail img-none noLightbox  no-lazyload skip-lazy wvs-attachment-image\" alt=\"Dynavin-DVN-CW-930\" data-xooWscFly=\"fly\" \/><\/a><div class=\"product_desc\">\n<div class=\"pt-cv-ctf-list\" data-cvc=\"1\"><div class=\"col-md-12 pt-cv-ctf-column\"><div class=\"pt-cv-custom-fields pt-cv-ctf-produkt-ref\"><div class=\"pt-cv-ctf-value\">DVN CWHD 930 Pro<\/div><\/div><\/div><\/div>\n<div class=\"pt-cv-content\">Cam\u00e9ra de feux de freinage | mode d\u2019image AHD \/ NTSC<br \/><div class=\"product-price-custom\"><span class=\"price-label\">\u00e0 partir de<\/span>&nbsp<span class=\"price-integer\">359<\/span><span class=\"price-decimal\">,00<\/span>&nbsp<span class=\"price-currency\">\u20ac<\/span><\/div><\/div><\/div><\/div><\/div>\n<div class=\"col-md-2 col-sm-6 col-xs-12 pt-cv-content-item pt-cv-1-col\"  data-pid=\"129455\"><div class='pt-cv-pinmas'><a href=\"https:\/\/www.dynavin.de\/fr\/produits\/produits\/carhifi\/cameras-de-recul-pour-voitures\/dynavision-camera-frontale-universelle-grand-angle-de-170-mode-dimage-ahd-ntsc\/\" class=\"_self pt-cv-href-thumbnail pt-cv-thumb-default cvplbd\" target=\"_self\" ><img width=\"300\" height=\"300\" src=\"https:\/\/www.dynavin.de\/wp-content\/uploads\/1744618541-CAMUNI-F001HD-Lite-300X300.jpg\" class=\"pt-cv-thumbnail img-none noLightbox  no-lazyload skip-lazy wvs-attachment-image\" alt=\"Dynavision Cam\u00e9ra frontale universelle, grand angle de 170\u00b0, mode d&#039;image AHD \/ NTSC\" data-xooWscFly=\"fly\" \/><\/a><div class=\"product_desc\">\n<div class=\"pt-cv-ctf-list\" data-cvc=\"1\"><div class=\"col-md-12 pt-cv-ctf-column\"><div class=\"pt-cv-custom-fields pt-cv-ctf-produkt-ref\"><div class=\"pt-cv-ctf-value\">CAMUNI-F001HD Lite<\/div><\/div><\/div><\/div>\n<div class=\"pt-cv-content\">Cam\u00e9ra frontale universelle avec c\u00e2ble de 6 m, mode d'image AHD \/ NTSC<br \/><div class=\"product-price-custom\"><span class=\"price-label\">\u00e0 partir de<\/span>&nbsp<span class=\"price-integer\">69<\/span><span class=\"price-decimal\">,00<\/span>&nbsp<span class=\"price-currency\">\u20ac<\/span><\/div><\/div><\/div><\/div><\/div>\n<div class=\"col-md-2 col-sm-6 col-xs-12 pt-cv-content-item pt-cv-1-col\"  data-pid=\"51573\"><div class='pt-cv-pinmas'><a href=\"https:\/\/www.dynavin.de\/fr\/produits\/produits\/camping-cars-et-vehicule-utilitaires\/cameras-de-recul-pour-camping-cars-et-vehicules-utilitaires\/cameras-de-feux-de-stop\/universal-bremsleuchten-kamera-dynavision-dvn-cw-930-comfort\/\" class=\"_self pt-cv-href-thumbnail pt-cv-thumb-default cvplbd\" target=\"_self\" ><img width=\"300\" height=\"300\" src=\"https:\/\/www.dynavin.de\/wp-content\/uploads\/Dynavin-DVN-CW-930_tn.png\" class=\"pt-cv-thumbnail img-none noLightbox  no-lazyload skip-lazy wvs-attachment-image\" alt=\"Cam\u00e9ra universelle de feux stop Dynavision DVN CW 930 Comfort | mode d\u2019image AHD \/ NTSC\" data-xooWscFly=\"fly\" \/><\/a><div class=\"product_desc\">\n<div class=\"pt-cv-ctf-list\" data-cvc=\"1\"><div class=\"col-md-12 pt-cv-ctf-column\"><div class=\"pt-cv-custom-fields pt-cv-ctf-produkt-ref\"><div class=\"pt-cv-ctf-value\">DVN CWHD 930 Comfort<\/div><\/div><\/div><\/div>\n<div class=\"pt-cv-content\">Cam\u00e9ra de feux de freinage\u00a0| mode d\u2019image AHD \/ NTSC<br \/><div class=\"product-price-custom\"><span class=\"price-label\">\u00e0 partir de<\/span>&nbsp<span class=\"price-integer\">279<\/span><span class=\"price-decimal\">,00<\/span>&nbsp<span class=\"price-currency\">\u20ac<\/span><\/div><\/div><\/div><\/div><\/div>\n<div class=\"col-md-2 col-sm-6 col-xs-12 pt-cv-content-item pt-cv-1-col\"  data-pid=\"51579\"><div class='pt-cv-pinmas'><a href=\"https:\/\/www.dynavin.de\/fr\/produits\/produits\/camping-cars-et-vehicule-utilitaires\/cameras-de-recul-pour-camping-cars-et-vehicules-utilitaires\/cameras-de-feux-de-stop\/universal-bremsleuchten-kamera-dynavision-dvn-cw-930-lite\/\" class=\"_self pt-cv-href-thumbnail pt-cv-thumb-default cvplbd\" target=\"_self\" ><img width=\"300\" height=\"300\" src=\"https:\/\/www.dynavin.de\/wp-content\/uploads\/Dynavin-DVN-CW-930_tn.png\" class=\"pt-cv-thumbnail img-none noLightbox  no-lazyload skip-lazy wvs-attachment-image\" alt=\"Cam\u00e9ra universelle de feux de freinage Dynavision DVN CW 930 Lite | mode d\u2019image AHD \/ NTSC\" data-xooWscFly=\"fly\" \/><\/a><div class=\"product_desc\">\n<div class=\"pt-cv-ctf-list\" data-cvc=\"1\"><div class=\"col-md-12 pt-cv-ctf-column\"><div class=\"pt-cv-custom-fields pt-cv-ctf-produkt-ref\"><div class=\"pt-cv-ctf-value\">DVN CWHD 930 Lite<\/div><\/div><\/div><\/div>\n<div class=\"pt-cv-content\">Cam\u00e9ra de feux de freinage | mode d\u2019image AHD \/ NTSC<br \/><div class=\"product-price-custom\"><span class=\"price-label\">\u00e0 partir de<\/span>&nbsp<span class=\"price-integer\">169<\/span><span class=\"price-decimal\">,00<\/span>&nbsp<span class=\"price-currency\">\u20ac<\/span><\/div><\/div><\/div><\/div><\/div>\n<div class=\"col-md-4 col-sm-6 col-xs-12 pt-cv-content-item pt-cv-1-col\"  data-pid=\"45436\"><div class='pt-cv-pinmas'><a href=\"https:\/\/www.dynavin.de\/fr\/produits\/produits\/carhifi\/accessoires-pour-carhifi\/adapter-for-activation-of-traffic-sign-recognition-vze-and-lane-keeping-assistance-for-vw-skoda-with-mib-platform\/\" class=\"_self pt-cv-href-thumbnail pt-cv-thumb-default cvplbd\" target=\"_self\" ><img width=\"300\" height=\"300\" src=\"https:\/\/www.dynavin.de\/wp-content\/uploads\/1747105842-D8-CANMIB-H-300X300.jpg\" class=\"pt-cv-thumbnail img-none noLightbox  no-lazyload skip-lazy wvs-attachment-image\" alt=\"Adaptateur pour l&#039;activation de la reconnaissance des panneaux de signalisation (VZE) et de l&#039;assistance au maintien dans la voie pour VW, Skoda avec plateforme MIB\" data-xooWscFly=\"fly\" \/><\/a><div class=\"product_desc\">\n<div class=\"pt-cv-ctf-list\" data-cvc=\"1\"><div class=\"col-md-12 pt-cv-ctf-column\"><div class=\"pt-cv-custom-fields pt-cv-ctf-produkt-ref\"><div class=\"pt-cv-ctf-value\">D8-CANMIB-H<\/div><\/div><\/div><\/div>\n<div class=\"pt-cv-content\">Adaptateur de maintien de l'assistance au maintien dans la voie pour VW Skoda OEM<br \/><div class=\"product-price-custom\"><span class=\"price-label\">\u00e0 partir de<\/span>&nbsp<span class=\"price-integer\">59<\/span><span class=\"price-decimal\">,00<\/span>&nbsp<span class=\"price-currency\">\u20ac<\/span><\/div><\/div><\/div><\/div><\/div>\n<div class=\"col-md-2 col-sm-6 col-xs-12 pt-cv-content-item pt-cv-1-col\"  data-pid=\"51497\"><div class='pt-cv-pinmas'><a href=\"https:\/\/www.dynavin.de\/fr\/produits\/produits\/carhifi\/accessoires-pour-carhifi\/ersatzaschenbecher-3er-e90-e91-e92-e93-silber-oder-schwarz-dvn-100\/\" class=\"_self pt-cv-href-thumbnail pt-cv-thumb-default cvplbd\" target=\"_self\" ><img width=\"300\" height=\"300\" src=\"https:\/\/www.dynavin.de\/wp-content\/uploads\/dvn-100_tn.png\" class=\"pt-cv-thumbnail img-none noLightbox  no-lazyload skip-lazy wvs-attachment-image\" alt=\"Cendrier de remplacement S\u00e9rie 3 E90\/E91\/E92\/E93 argent\u00e9 ou noir DVN 100\" data-xooWscFly=\"fly\" \/><\/a><div class=\"product_desc\">\n<div class=\"pt-cv-ctf-list\" data-cvc=\"1\"><div class=\"col-md-12 pt-cv-ctf-column\"><div class=\"pt-cv-custom-fields pt-cv-ctf-produkt-ref\"><div class=\"pt-cv-ctf-value\">DVN 100<\/div><\/div><\/div><\/div>\n<div class=\"pt-cv-content\">Cendrier de remplacement BMW S\u00e9rie 3 E9x<br \/><div class=\"product-price-custom\"><span class=\"price-label\">\u00e0 partir de<\/span>&nbsp<span class=\"price-integer\">59<\/span><span class=\"price-decimal\">,00<\/span>&nbsp<span class=\"price-currency\">\u20ac<\/span><\/div><\/div><\/div><\/div><\/div>\n<div class=\"col-md-2 col-sm-6 col-xs-12 pt-cv-content-item pt-cv-1-col\"  data-pid=\"51468\"><div class='pt-cv-pinmas'><a href=\"https:\/\/www.dynavin.de\/fr\/produits\/produits\/carhifi\/accessoires-pour-carhifi\/ecall-schnittstelle-fuer-vag-fahrzeuge-ab-2018-dvn-ecall-vag\/\" class=\"_self pt-cv-href-thumbnail pt-cv-thumb-default cvplbd\" target=\"_self\" ><img width=\"300\" height=\"300\" src=\"https:\/\/www.dynavin.de\/wp-content\/uploads\/dynavin-e-call-vag-interface_tn.png\" class=\"pt-cv-thumbnail img-none noLightbox  no-lazyload skip-lazy wvs-attachment-image\" alt=\"Dynavin eCall VAG interface\" data-xooWscFly=\"fly\" \/><\/a><div class=\"product_desc\">\n<div class=\"pt-cv-ctf-list\" data-cvc=\"1\"><div class=\"col-md-12 pt-cv-ctf-column\"><div class=\"pt-cv-custom-fields pt-cv-ctf-produkt-ref\"><div class=\"pt-cv-ctf-value\">DVN ECALL VAG<\/div><\/div><\/div><\/div>\n<div class=\"pt-cv-content\">Adaptateur de r\u00e9tention du syst\u00e8me VW eCall<br \/><div class=\"product-price-custom\"><span class=\"price-label\">\u00e0 partir de<\/span>&nbsp<span class=\"price-integer\">198<\/span><span class=\"price-decimal\">,00<\/span>&nbsp<span class=\"price-currency\">\u20ac<\/span><\/div><\/div><\/div><\/div><\/div>\n<div class=\"col-md-2 col-sm-6 col-xs-12 pt-cv-content-item pt-cv-1-col\"  data-pid=\"45423\"><div class='pt-cv-pinmas'><a href=\"https:\/\/www.dynavin.de\/fr\/produits\/produits\/carhifi\/accessoires-pour-carhifi\/most-adapter-dvn-mo150-v\/\" class=\"_self pt-cv-href-thumbnail pt-cv-thumb-default cvplbd\" target=\"_self\" ><img width=\"300\" height=\"300\" src=\"https:\/\/www.dynavin.de\/wp-content\/uploads\/1651911803-D8-MO150-V-300X300.png\" class=\"pt-cv-thumbnail img-none noLightbox  no-lazyload skip-lazy wvs-attachment-image\" alt=\"Adaptateur MOST D8-MO150-V\" data-xooWscFly=\"fly\" \/><\/a><div class=\"product_desc\">\n<div class=\"pt-cv-ctf-list\" data-cvc=\"1\"><div class=\"col-md-12 pt-cv-ctf-column\"><div class=\"pt-cv-custom-fields pt-cv-ctf-produkt-ref\"><div class=\"pt-cv-ctf-value\">D8-MO150-V<\/div><\/div><\/div><\/div>\n<div class=\"pt-cv-content\">Interface de r\u00e9tention du syst\u00e8me audio VW MIB OEM Dynaudio &amp; Canton<br \/><div class=\"product-price-custom\"><span class=\"price-label\">\u00e0 partir de<\/span>&nbsp<span class=\"price-integer\">249<\/span><span class=\"price-decimal\">,00<\/span>&nbsp<span class=\"price-currency\">\u20ac<\/span><\/div><\/div><\/div><\/div><\/div>\n<div class=\"col-md-2 col-sm-6 col-xs-12 pt-cv-content-item pt-cv-1-col\"  data-pid=\"45452\"><div class='pt-cv-pinmas'><a href=\"https:\/\/www.dynavin.de\/fr\/produits\/produits\/carhifi\/accessoires-pour-carhifi\/dab-car-aerials-with-fakra-connector-to-dab-radios-with-smb-connector\/\" class=\"_self pt-cv-href-thumbnail pt-cv-thumb-default cvplbd\" target=\"_self\" ><img width=\"300\" height=\"300\" src=\"https:\/\/www.dynavin.de\/wp-content\/uploads\/DVN27AA156-300X300-1.png\" class=\"pt-cv-thumbnail img-none noLightbox  no-lazyload skip-lazy wvs-attachment-image\" alt=\"Antenne de voiture DAB avec connecteur Fakra vers autoradio DAB avec connecteur SMB\" data-xooWscFly=\"fly\" \/><\/a><div class=\"product_desc\">\n<div class=\"pt-cv-ctf-list\" data-cvc=\"1\"><div class=\"col-md-12 pt-cv-ctf-column\"><div class=\"pt-cv-custom-fields pt-cv-ctf-produkt-ref\"><div class=\"pt-cv-ctf-value\">DVN27AA156<\/div><\/div><\/div><\/div>\n<div class=\"pt-cv-content\">OEM DAB antenna adapter for VW SKoda AUDI Mercedes Fiat<br \/><div class=\"product-price-custom\"><span class=\"price-label\">\u00e0 partir de<\/span>&nbsp<span class=\"price-integer\">9<\/span><span class=\"price-decimal\">,00<\/span>&nbsp<span class=\"price-currency\">\u20ac<\/span><\/div><\/div><\/div><\/div><\/div>\n<div class=\"col-md-4 col-sm-6 col-xs-12 pt-cv-content-item pt-cv-1-col\"  data-pid=\"93562\"><div class='pt-cv-pinmas'><a href=\"https:\/\/www.dynavin.de\/fr\/produits\/produits\/carhifi\/accessoires-pour-carhifi\/dynavin-cinch-fakra-adapter-kabel-fuer-mercedes-comand-blaupunkt-nx-video-rueckfahr-kamera\/\" class=\"_self pt-cv-href-thumbnail pt-cv-thumb-default cvplbd\" target=\"_self\" ><img width=\"300\" height=\"300\" src=\"https:\/\/www.dynavin.de\/wp-content\/uploads\/1706238589-DVN-MBCR-300X300.jpg\" class=\"pt-cv-thumbnail img-none noLightbox  no-lazyload skip-lazy wvs-attachment-image\" alt=\"Dynavin C\u00e2ble adaptateur Cinch Fakra pour cam\u00e9ra de recul vid\u00e9o Mercedes Comand Blaupunkt NX\" data-xooWscFly=\"fly\" \/><\/a><div class=\"product_desc\">\n<div class=\"pt-cv-ctf-list\" data-cvc=\"1\"><div class=\"col-md-12 pt-cv-ctf-column\"><div class=\"pt-cv-custom-fields pt-cv-ctf-produkt-ref\"><div class=\"pt-cv-ctf-value\">DVN-MBCR-1<\/div><\/div><\/div><\/div>\n<div class=\"pt-cv-content\">C\u00e2ble adaptateur Cinch Fakra pour cam\u00e9ra de recul vid\u00e9o Mercedes Comand Blaupunkt NX DVN-MBCR-1 L'adaptateur<br \/><div class=\"product-price-custom\"><span class=\"price-label\">\u00e0 partir de<\/span>&nbsp<span class=\"price-integer\">9<\/span><span class=\"price-decimal\">,90<\/span>&nbsp<span class=\"price-currency\">\u20ac<\/span><\/div><\/div><\/div><\/div><\/div>\n<div class=\"col-md-2 col-sm-6 col-xs-12 pt-cv-content-item pt-cv-1-col\"  data-pid=\"114485\"><div class='pt-cv-pinmas'><a href=\"https:\/\/www.dynavin.de\/fr\/produits\/produits\/carhifi\/adaptateur-de-camera-dvn-vcr-a-pour-la-camera-de-recul-dorigine-vw\/\" class=\"_self pt-cv-href-thumbnail pt-cv-thumb-default cvplbd\" target=\"_self\" ><img width=\"300\" height=\"300\" src=\"https:\/\/www.dynavin.de\/wp-content\/uploads\/1723433438-DVN-VCR-A-Interface-300X300.jpg\" class=\"pt-cv-thumbnail img-none noLightbox  no-lazyload skip-lazy wvs-attachment-image\" alt=\"Adaptateur de cam\u00e9ra DVN-VCR-A pour la cam\u00e9ra de recul d&#039;origine VW\" data-xooWscFly=\"fly\" \/><\/a><div class=\"product_desc\">\n<div class=\"pt-cv-ctf-list\" data-cvc=\"1\"><div class=\"col-md-12 pt-cv-ctf-column\"><div class=\"pt-cv-custom-fields pt-cv-ctf-produkt-ref\"><div class=\"pt-cv-ctf-value\">DVN-VCR-A<\/div><\/div><\/div><\/div>\n<div class=\"pt-cv-content\">Adaptateur de cam\u00e9ra d'origine VW DVN-VCR-A Uniquement pour les v\u00e9hicules VW sur les anciennes plates-formes<br \/><div class=\"product-price-custom\"><span class=\"price-label\">\u00e0 partir de<\/span>&nbsp<span class=\"price-integer\">59<\/span><span class=\"price-decimal\">,00<\/span>&nbsp<span class=\"price-currency\">\u20ac<\/span><\/div><\/div><\/div><\/div><\/div>\n<div class=\"col-md-2 col-sm-6 col-xs-12 pt-cv-content-item pt-cv-1-col\"  data-pid=\"47109\"><div class='pt-cv-pinmas'><a href=\"https:\/\/www.dynavin.de\/fr\/produits\/produits\/carhifi\/systemes-de-navigation-pour-car-hifi\/navigationsgeraet-83-pro-vw-tiguan\/\" class=\"_self pt-cv-href-thumbnail pt-cv-thumb-default cvplbd\" target=\"_self\" ><img width=\"300\" height=\"300\" src=\"https:\/\/www.dynavin.de\/wp-content\/uploads\/1669687604-D8-83B83S-300X300.jpg\" class=\"pt-cv-thumbnail img-none noLightbox  no-lazyload skip-lazy wvs-attachment-image\" alt=\"Autoradio Android 9 pouces pour VW Tiguan 2007-2017, Golf 5\" data-xooWscFly=\"fly\" \/><\/a><div class=\"product_desc\">\n<div class=\"pt-cv-ctf-list\" data-cvc=\"1\"><div class=\"col-md-12 pt-cv-ctf-column\"><div class=\"pt-cv-custom-fields pt-cv-ctf-produkt-ref\"><div class=\"pt-cv-ctf-value\">D9-83B\/83S Premium<\/div><\/div><\/div><\/div>\n<div class=\"pt-cv-content\">Syst\u00e8me de navigation 9 pouces pour VW Golf 5 plus, Tiguan 2007-2017<br \/><div class=\"product-price-custom\"><span class=\"price-label\">\u00e0 partir de<\/span>&nbsp<span class=\"price-integer\">649<\/span><span class=\"price-decimal\">,00<\/span>&nbsp<span class=\"price-currency\">\u20ac<\/span><\/div><\/div><\/div><\/div><\/div>\n<div class=\"col-md-2 col-sm-6 col-xs-12 pt-cv-content-item pt-cv-1-col\"  data-pid=\"47199\"><div class='pt-cv-pinmas'><a href=\"https:\/\/www.dynavin.de\/fr\/produits\/produits\/carhifi\/accessoires-pour-carhifi\/adaptateurs-most\/\" class=\"_self pt-cv-href-thumbnail pt-cv-thumb-default cvplbd\" target=\"_self\" ><img width=\"300\" height=\"300\" src=\"https:\/\/www.dynavin.de\/wp-content\/uploads\/Dynavin_MOST-Adapter_DVN-MOPC_tn.png\" class=\"pt-cv-thumbnail img-none noLightbox  no-lazyload skip-lazy wvs-attachment-image\" alt=\"Dynavin_MOST-Adapter_DVN-MOPC_tn\" data-xooWscFly=\"fly\" \/><\/a><div class=\"product_desc\">\n<div class=\"pt-cv-ctf-list\" data-cvc=\"1\"><div class=\"col-md-12 pt-cv-ctf-column\"><div class=\"pt-cv-custom-fields pt-cv-ctf-produkt-ref\"><div class=\"pt-cv-ctf-value\">MOST-Adapter<\/div><\/div><\/div><\/div>\n<div class=\"pt-cv-content\">Convient pour Mercedes, BMW et Porsche<br \/><div class=\"product-price-custom\"><span class=\"price-label\">\u00e0 partir de<\/span>&nbsp<span class=\"price-integer\">0<\/span><span class=\"price-decimal\">,00<\/span>&nbsp<span class=\"price-currency\">\u20ac<\/span><\/div><\/div><\/div><\/div><\/div>\n<div class=\"col-md-2 col-sm-6 col-xs-12 pt-cv-content-item pt-cv-1-col\"  data-pid=\"46281\"><div class='pt-cv-pinmas'><a href=\"https:\/\/www.dynavin.de\/fr\/produits\/produits\/carhifi\/accessoires-pour-carhifi\/usb-buchse-nachruestung-fuer-vw-golf-6-gti-r-mk5-jetta-scirocco-rabbit-dvn-usbg6\/\" class=\"_self pt-cv-href-thumbnail pt-cv-thumb-default cvplbd\" target=\"_self\" ><img width=\"300\" height=\"300\" src=\"https:\/\/www.dynavin.de\/wp-content\/uploads\/1626763902-DVN-USBG6.png\" class=\"pt-cv-thumbnail img-none noLightbox  no-lazyload skip-lazy wvs-attachment-image\" alt=\"Prise USB r\u00e9trofit pour VW Golf 6, GTI, R, MK5, Jetta, Scirocco, Rabbit, DVN USBG6\" data-xooWscFly=\"fly\" \/><\/a><div class=\"product_desc\">\n<div class=\"pt-cv-ctf-list\" data-cvc=\"1\"><div class=\"col-md-12 pt-cv-ctf-column\"><div class=\"pt-cv-custom-fields pt-cv-ctf-produkt-ref\"><div class=\"pt-cv-ctf-value\">DVN USBG6<\/div><\/div><\/div><\/div>\n<div class=\"pt-cv-content\">Mise \u00e0 niveau de la prise USB<br \/><div class=\"product-price-custom\"><span class=\"price-label\">\u00e0 partir de<\/span>&nbsp<span class=\"price-integer\">25<\/span><span class=\"price-decimal\">,00<\/span>&nbsp<span class=\"price-currency\">\u20ac<\/span><\/div><\/div><\/div><\/div><\/div>\n<div class=\"col-md-4 col-sm-6 col-xs-12 pt-cv-content-item pt-cv-1-col\"  data-pid=\"46301\"><div class='pt-cv-pinmas'><a href=\"https:\/\/www.dynavin.de\/fr\/produits\/produits\/carhifi\/accessoires-pour-carhifi\/usb-buchse-nachruestung-dvn-usbg7-fuer-vw-golf7-passat-b8-cc-artean-jetta-beetle\/\" class=\"_self pt-cv-href-thumbnail pt-cv-thumb-default cvplbd\" target=\"_self\" ><img width=\"300\" height=\"300\" src=\"https:\/\/www.dynavin.de\/wp-content\/uploads\/1626763907-DVN-USBG7.png\" class=\"pt-cv-thumbnail img-none noLightbox  no-lazyload skip-lazy wvs-attachment-image\" alt=\"Prise USB Retrofit DVN USBG7 pour VW Golf7 Passat B8 CC Artean Jetta Beetle\" data-xooWscFly=\"fly\" \/><\/a><div class=\"product_desc\">\n<div class=\"pt-cv-ctf-list\" data-cvc=\"1\"><div class=\"col-md-12 pt-cv-ctf-column\"><div class=\"pt-cv-custom-fields pt-cv-ctf-produkt-ref\"><div class=\"pt-cv-ctf-value\">DVN USBG7<\/div><\/div><\/div><\/div>\n<div class=\"pt-cv-content\">2 X prises USB r\u00e9trofit<br \/><div class=\"product-price-custom\"><span class=\"price-label\">\u00e0 partir de<\/span>&nbsp<span class=\"price-integer\">25<\/span><span class=\"price-decimal\">,00<\/span>&nbsp<span class=\"price-currency\">\u20ac<\/span><\/div><\/div><\/div><\/div><\/div>\n<div class=\"col-md-2 col-sm-6 col-xs-12 pt-cv-content-item pt-cv-1-col\"  data-pid=\"93864\"><div class='pt-cv-pinmas'><a href=\"https:\/\/www.dynavin.de\/fr\/produits\/produits\/carhifi\/accessoires-pour-carhifi\/most-adapter-n7-moagw\/\" class=\"_self pt-cv-href-thumbnail pt-cv-thumb-default cvplbd\" target=\"_self\" ><img width=\"300\" height=\"300\" src=\"https:\/\/www.dynavin.de\/wp-content\/uploads\/1714991658-D8-MOAGW-300X300.jpg\" class=\"pt-cv-thumbnail img-none noLightbox  no-lazyload skip-lazy wvs-attachment-image\" alt=\"MOST-Adapter D8-MOAGW\" data-xooWscFly=\"fly\" \/><\/a><div class=\"product_desc\">\n<div class=\"pt-cv-ctf-list\" data-cvc=\"1\"><div class=\"col-md-12 pt-cv-ctf-column\"><div class=\"pt-cv-custom-fields pt-cv-ctf-produkt-ref\"><div class=\"pt-cv-ctf-value\">D8-MOAGW<\/div><\/div><\/div><\/div>\n<div class=\"pt-cv-content\">f\u00fcr D8 Radios geeignet<br \/><div class=\"product-price-custom\"><span class=\"price-label\">\u00e0 partir de<\/span>&nbsp<span class=\"price-integer\">179<\/span><span class=\"price-decimal\">,00<\/span>&nbsp<span class=\"price-currency\">\u20ac<\/span><\/div><\/div><\/div><\/div><\/div>\n<div class=\"col-md-2 col-sm-6 col-xs-12 pt-cv-content-item pt-cv-1-col\"  data-pid=\"51476\"><div class='pt-cv-pinmas'><a href=\"https:\/\/www.dynavin.de\/fr\/produits\/produits\/carhifi\/accessoires-pour-carhifi\/digitalradio-tuner-n7-dab\/\" class=\"_self pt-cv-href-thumbnail pt-cv-thumb-default cvplbd\" target=\"_self\" ><img width=\"300\" height=\"300\" src=\"https:\/\/www.dynavin.de\/wp-content\/uploads\/dab-plus_tn.png\" class=\"pt-cv-thumbnail img-none noLightbox  no-lazyload skip-lazy wvs-attachment-image\" alt=\"Tuner radio num\u00e9rique N7-DAB+\" data-xooWscFly=\"fly\" \/><\/a><div class=\"product_desc\">\n<div class=\"pt-cv-ctf-list\" data-cvc=\"1\"><div class=\"col-md-12 pt-cv-ctf-column\"><div class=\"pt-cv-custom-fields pt-cv-ctf-produkt-ref\"><div class=\"pt-cv-ctf-value\">N7-DAB+<\/div><\/div><\/div><\/div>\n<div class=\"pt-cv-content\">Tuner radio num\u00e9rique<br \/><div class=\"product-price-custom\"><span class=\"price-label\">\u00e0 partir de<\/span>&nbsp<span class=\"price-integer\">99<\/span><span class=\"price-decimal\">,00<\/span>&nbsp<span class=\"price-currency\">\u20ac<\/span><\/div><\/div><\/div><\/div><\/div>\n<div class=\"col-md-2 col-sm-6 col-xs-12 pt-cv-content-item pt-cv-1-col\"  data-pid=\"81795\"><div class='pt-cv-pinmas'><a href=\"https:\/\/www.dynavin.de\/fr\/produits\/produits\/camping-cars-et-vehicule-utilitaires\/cameras-de-recul-pour-camping-cars-et-vehicules-utilitaires\/accessoires-pour-cameras-de-recul\/adaptateur-de-camera-pour-tous-les-fiat-ducato-8-avec-connexion-fakra-violette\/\" class=\"_self pt-cv-href-thumbnail pt-cv-thumb-default cvplbd\" target=\"_self\" ><img width=\"300\" height=\"300\" src=\"https:\/\/www.dynavin.de\/wp-content\/uploads\/1681804164-CAM-ADP.F-300X300.jpg\" class=\"pt-cv-thumbnail img-none noLightbox  no-lazyload skip-lazy wvs-attachment-image\" alt=\"Adaptateur de cam\u00e9ra pour tous les Fiat Ducato 8 avec connexion Fakra violette\" data-xooWscFly=\"fly\" \/><\/a><div class=\"product_desc\">\n<div class=\"pt-cv-ctf-list\" data-cvc=\"1\"><div class=\"col-md-12 pt-cv-ctf-column\"><div class=\"pt-cv-custom-fields pt-cv-ctf-produkt-ref\"><div class=\"pt-cv-ctf-value\">CAM - ADP.F<\/div><\/div><\/div><\/div>\n<div class=\"pt-cv-content\">Adaptateur pour Fiat Ducato 8<br \/><div class=\"product-price-custom\"><span class=\"price-label\">\u00e0 partir de<\/span>&nbsp<span class=\"price-integer\">49<\/span><span class=\"price-decimal\">,00<\/span>&nbsp<span class=\"price-currency\">\u20ac<\/span><\/div><\/div><\/div><\/div><\/div>\n<div class=\"col-md-2 col-sm-6 col-xs-12 pt-cv-content-item pt-cv-1-col\"  data-pid=\"47523\"><div class='pt-cv-pinmas'><a href=\"https:\/\/www.dynavin.de\/fr\/produits\/produits\/camping-cars-et-vehicule-utilitaires\/cameras-de-recul-pour-camping-cars-et-vehicules-utilitaires\/accessoires-pour-cameras-de-recul\/adaptateur-pour-camera-dynavision-cam-adp-1-par-ex-pour-forster-ducato-avec-connecteur-bnc-et-cinch\/\" class=\"_self pt-cv-href-thumbnail pt-cv-thumb-default cvplbd\" target=\"_self\" ><img width=\"300\" height=\"300\" src=\"https:\/\/www.dynavin.de\/wp-content\/uploads\/Dynavision-CAM-ADP1_tn.png\" class=\"pt-cv-thumbnail img-none noLightbox  no-lazyload skip-lazy wvs-attachment-image\" alt=\"Dynavision-CAM-ADP1_tn\" data-xooWscFly=\"fly\" \/><\/a><div class=\"product_desc\">\n<div class=\"pt-cv-ctf-list\" data-cvc=\"1\"><div class=\"col-md-12 pt-cv-ctf-column\"><div class=\"pt-cv-custom-fields pt-cv-ctf-produkt-ref\"><div class=\"pt-cv-ctf-value\">CAM - ADP.1<\/div><\/div><\/div><\/div>\n<div class=\"pt-cv-content\">Adaptateur pour Forster Ducato<br \/><div class=\"product-price-custom\"><span class=\"price-label\">\u00e0 partir de<\/span>&nbsp<span class=\"price-integer\">30<\/span><span class=\"price-decimal\">,00<\/span>&nbsp<span class=\"price-currency\">\u20ac<\/span><\/div><\/div><\/div><\/div><\/div>\n<div class=\"col-md-4 col-sm-6 col-xs-12 pt-cv-content-item pt-cv-1-col\"  data-pid=\"47560\"><div class='pt-cv-pinmas'><a href=\"https:\/\/www.dynavin.de\/fr\/produits\/produits\/camping-cars-et-vehicule-utilitaires\/cameras-de-recul-pour-camping-cars-et-vehicules-utilitaires\/accessoires-pour-cameras-de-recul\/adaptateur-pour-camera-dynavision-cam-adp-2-par-ex-pour-sunlight-et-carado\/\" class=\"_self pt-cv-href-thumbnail pt-cv-thumb-default cvplbd\" target=\"_self\" ><img width=\"300\" height=\"300\" src=\"https:\/\/www.dynavin.de\/wp-content\/uploads\/Dynavin-cam-adp2_tn-2.png\" class=\"pt-cv-thumbnail img-none noLightbox  no-lazyload skip-lazy wvs-attachment-image\" alt=\"Dynavin-cam-adp2_tn\" data-xooWscFly=\"fly\" \/><\/a><div class=\"product_desc\">\n<div class=\"pt-cv-ctf-list\" data-cvc=\"1\"><div class=\"col-md-12 pt-cv-ctf-column\"><div class=\"pt-cv-custom-fields pt-cv-ctf-produkt-ref\"><div class=\"pt-cv-ctf-value\">CAM - ADP.2<\/div><\/div><\/div><\/div>\n<div class=\"pt-cv-content\">Adaptateur pour Laika d\u00e8s 2021 ...<br \/><div class=\"product-price-custom\"><span class=\"price-label\">\u00e0 partir de<\/span>&nbsp<span class=\"price-integer\">30<\/span><span class=\"price-decimal\">,00<\/span>&nbsp<span class=\"price-currency\">\u20ac<\/span><\/div><\/div><\/div><\/div><\/div>\n<div class=\"col-md-2 col-sm-6 col-xs-12 pt-cv-content-item pt-cv-1-col\"  data-pid=\"47581\"><div class='pt-cv-pinmas'><a href=\"https:\/\/www.dynavin.de\/fr\/produits\/produits\/camping-cars-et-vehicule-utilitaires\/cameras-de-recul-pour-camping-cars-et-vehicules-utilitaires\/accessoires-pour-cameras-de-recul\/adaptateur-pour-camera-dynavision-lite-cam-adp-3-par-ex-pour-la-connexion-a-des-cables-zenec\/\" class=\"_self pt-cv-href-thumbnail pt-cv-thumb-default cvplbd\" target=\"_self\" ><img width=\"300\" height=\"300\" src=\"https:\/\/www.dynavin.de\/wp-content\/uploads\/Dynavin-cam-adp3_tn.png\" class=\"pt-cv-thumbnail img-none noLightbox  no-lazyload skip-lazy wvs-attachment-image\" alt=\"Adaptateur pour cam\u00e9ra Dynavision Lite CAM - ADP.3 par ex. pour la connexion \u00e0 des c\u00e2bles Zenec\" data-xooWscFly=\"fly\" \/><\/a><div class=\"product_desc\">\n<div class=\"pt-cv-ctf-list\" data-cvc=\"1\"><div class=\"col-md-12 pt-cv-ctf-column\"><div class=\"pt-cv-custom-fields pt-cv-ctf-produkt-ref\"><div class=\"pt-cv-ctf-value\">CAM - ADP.3<\/div><\/div><\/div><\/div>\n<div class=\"pt-cv-content\">Adaptateur pour c\u00e2bles Zenec<br \/><div class=\"product-price-custom\"><span class=\"price-label\">\u00e0 partir de<\/span>&nbsp<span class=\"price-integer\">30<\/span><span class=\"price-decimal\">,00<\/span>&nbsp<span class=\"price-currency\">\u20ac<\/span><\/div><\/div><\/div><\/div><\/div>\n<div class=\"col-md-2 col-sm-6 col-xs-12 pt-cv-content-item pt-cv-1-col\"  data-pid=\"47608\"><div class='pt-cv-pinmas'><a href=\"https:\/\/www.dynavin.de\/fr\/produits\/produits\/camping-cars-et-vehicule-utilitaires\/cameras-de-recul-pour-camping-cars-et-vehicules-utilitaires\/accessoires-pour-cameras-de-recul\/adaptateur-camera-waeco-cam-adp-4-pour-hymer-et-buerstner\/\" class=\"_self pt-cv-href-thumbnail pt-cv-thumb-default cvplbd\" target=\"_self\" ><img width=\"300\" height=\"300\" src=\"https:\/\/www.dynavin.de\/wp-content\/uploads\/Dynavin-CAM-ADP4_tn.png\" class=\"pt-cv-thumbnail img-none noLightbox  no-lazyload skip-lazy wvs-attachment-image\" alt=\"Dynavin CAM-ADP4\" data-xooWscFly=\"fly\" \/><\/a><div class=\"product_desc\">\n<div class=\"pt-cv-ctf-list\" data-cvc=\"1\"><div class=\"col-md-12 pt-cv-ctf-column\"><div class=\"pt-cv-custom-fields pt-cv-ctf-produkt-ref\"><div class=\"pt-cv-ctf-value\">CAM - ADP.4<\/div><\/div><\/div><\/div>\n<div class=\"pt-cv-content\">Adaptateur cam\u00e9ra Waeco pour ...<br \/><div class=\"product-price-custom\"><span class=\"price-label\">\u00e0 partir de<\/span>&nbsp<span class=\"price-integer\">30<\/span><span class=\"price-decimal\">,00<\/span>&nbsp<span class=\"price-currency\">\u20ac<\/span><\/div><\/div><\/div><\/div><\/div>\n<div class=\"col-md-2 col-sm-6 col-xs-12 pt-cv-content-item pt-cv-1-col\"  data-pid=\"47665\"><div class='pt-cv-pinmas'><a href=\"https:\/\/www.dynavin.de\/fr\/produits\/produits\/camping-cars-et-vehicule-utilitaires\/cameras-de-recul-pour-camping-cars-et-vehicules-utilitaires\/accessoires-pour-cameras-de-recul\/adaptateur-camera-dynavision-dometic-cam-adp-6-par-ex-pour-poessl\/\" class=\"_self pt-cv-href-thumbnail pt-cv-thumb-default cvplbd\" target=\"_self\" ><img width=\"300\" height=\"300\" src=\"https:\/\/www.dynavin.de\/wp-content\/uploads\/Dynavision-CAM-ADP6_tn.png\" class=\"pt-cv-thumbnail img-none noLightbox  no-lazyload skip-lazy wvs-attachment-image\" alt=\"Dynavision CAM - ADP6\" data-xooWscFly=\"fly\" \/><\/a><div class=\"product_desc\">\n<div class=\"pt-cv-ctf-list\" data-cvc=\"1\"><div class=\"col-md-12 pt-cv-ctf-column\"><div class=\"pt-cv-custom-fields pt-cv-ctf-produkt-ref\"><div class=\"pt-cv-ctf-value\">CAM - ADP.6<\/div><\/div><\/div><\/div>\n<div class=\"pt-cv-content\">Adaptateur pour v\u00e9hicules P\u00f6ssl ...<br \/><div class=\"product-price-custom\"><span class=\"price-label\">\u00e0 partir de<\/span>&nbsp<span class=\"price-integer\">30<\/span><span class=\"price-decimal\">,00<\/span>&nbsp<span class=\"price-currency\">\u20ac<\/span><\/div><\/div><\/div><\/div><\/div>\n<div class=\"col-md-2 col-sm-6 col-xs-12 pt-cv-content-item pt-cv-1-col\"  data-pid=\"47694\"><div class='pt-cv-pinmas'><a href=\"https:\/\/www.dynavin.de\/fr\/produits\/produits\/camping-cars-et-vehicule-utilitaires\/cameras-de-recul-pour-camping-cars-et-vehicules-utilitaires\/accessoires-pour-cameras-de-recul\/adaptateur-pour-camera-dynavision-cam-adp-7-par-ex-pour-knaus\/\" class=\"_self pt-cv-href-thumbnail pt-cv-thumb-default cvplbd\" target=\"_self\" ><img width=\"300\" height=\"300\" src=\"https:\/\/www.dynavin.de\/wp-content\/uploads\/Dynavision-CAM-ADP7_tn.png\" class=\"pt-cv-thumbnail img-none noLightbox  no-lazyload skip-lazy wvs-attachment-image\" alt=\"Dynavision CAM-ADP7\" data-xooWscFly=\"fly\" \/><\/a><div class=\"product_desc\">\n<div class=\"pt-cv-ctf-list\" data-cvc=\"1\"><div class=\"col-md-12 pt-cv-ctf-column\"><div class=\"pt-cv-custom-fields pt-cv-ctf-produkt-ref\"><div class=\"pt-cv-ctf-value\">CAM - ADP.7<\/div><\/div><\/div><\/div>\n<div class=\"pt-cv-content\">Adaptateur pour Knaus<br \/><div class=\"product-price-custom\"><span class=\"price-label\">\u00e0 partir de<\/span>&nbsp<span class=\"price-integer\">30<\/span><span class=\"price-decimal\">,00<\/span>&nbsp<span class=\"price-currency\">\u20ac<\/span><\/div><\/div><\/div><\/div><\/div>\n<div class=\"col-md-4 col-sm-6 col-xs-12 pt-cv-content-item pt-cv-1-col\"  data-pid=\"47718\"><div class='pt-cv-pinmas'><a href=\"https:\/\/www.dynavin.de\/fr\/produits\/produits\/camping-cars-et-vehicule-utilitaires\/cameras-de-recul-pour-camping-cars-et-vehicules-utilitaires\/accessoires-pour-cameras-de-recul\/adaptateur-de-camera-dynavision-cam-adp-8-pour-remplacer-une-camera-chinoise\/\" class=\"_self pt-cv-href-thumbnail pt-cv-thumb-default cvplbd\" target=\"_self\" ><img width=\"300\" height=\"300\" src=\"https:\/\/www.dynavin.de\/wp-content\/uploads\/Dynavision-CAM-ADP8_tn.png\" class=\"pt-cv-thumbnail img-none noLightbox  no-lazyload skip-lazy wvs-attachment-image\" alt=\"Dynavision-CAM-ADP8_tn\" data-xooWscFly=\"fly\" \/><\/a><div class=\"product_desc\">\n<div class=\"pt-cv-ctf-list\" data-cvc=\"1\"><div class=\"col-md-12 pt-cv-ctf-column\"><div class=\"pt-cv-custom-fields pt-cv-ctf-produkt-ref\"><div class=\"pt-cv-ctf-value\">CAM - ADP.8<\/div><\/div><\/div><\/div>\n<div class=\"pt-cv-content\">Adapter pour cam\u00e9ras chinoises<br \/><div class=\"product-price-custom\"><span class=\"price-label\">\u00e0 partir de<\/span>&nbsp<span class=\"price-integer\">30<\/span><span class=\"price-decimal\">,00<\/span>&nbsp<span class=\"price-currency\">\u20ac<\/span><\/div><\/div><\/div><\/div><\/div>\n<div class=\"col-md-2 col-sm-6 col-xs-12 pt-cv-content-item pt-cv-1-col\"  data-pid=\"47737\"><div class='pt-cv-pinmas'><a href=\"https:\/\/www.dynavin.de\/fr\/produits\/produits\/camping-cars-et-vehicule-utilitaires\/cameras-de-recul-pour-camping-cars-et-vehicules-utilitaires\/accessoires-pour-cameras-de-recul\/adaptateur-pour-camera-dynavision-cam-adp-9-par-ex-pour-challenger-et-chausson\/\" class=\"_self pt-cv-href-thumbnail pt-cv-thumb-default cvplbd\" target=\"_self\" ><img width=\"300\" height=\"300\" src=\"https:\/\/www.dynavin.de\/wp-content\/uploads\/Dynavision-CAM-ADP9_tn.png\" class=\"pt-cv-thumbnail img-none noLightbox  no-lazyload skip-lazy wvs-attachment-image\" alt=\"Dynavision-CAM-ADP9_tn\" data-xooWscFly=\"fly\" \/><\/a><div class=\"product_desc\">\n<div class=\"pt-cv-ctf-list\" data-cvc=\"1\"><div class=\"col-md-12 pt-cv-ctf-column\"><div class=\"pt-cv-custom-fields pt-cv-ctf-produkt-ref\"><div class=\"pt-cv-ctf-value\">CAM - ADP.9<\/div><\/div><\/div><\/div>\n<div class=\"pt-cv-content\">Adaptateur pour Challenger\/Chausson<br \/><div class=\"product-price-custom\"><span class=\"price-label\">\u00e0 partir de<\/span>&nbsp<span class=\"price-integer\">30<\/span><span class=\"price-decimal\">,00<\/span>&nbsp<span class=\"price-currency\">\u20ac<\/span><\/div><\/div><\/div><\/div><\/div>\n<div class=\"col-md-2 col-sm-6 col-xs-12 pt-cv-content-item pt-cv-1-col\"  data-pid=\"47751\"><div class='pt-cv-pinmas'><a href=\"https:\/\/www.dynavin.de\/fr\/produits\/produits\/camping-cars-et-vehicule-utilitaires\/cameras-de-recul-pour-camping-cars-et-vehicules-utilitaires\/accessoires-pour-cameras-de-recul\/adaptateur-de-camera-dynavision-cam-adp-10-pour-les-cables-adria-et-camos\/\" class=\"_self pt-cv-href-thumbnail pt-cv-thumb-default cvplbd\" target=\"_self\" ><img width=\"300\" height=\"300\" src=\"https:\/\/www.dynavin.de\/wp-content\/uploads\/Dynavision-CAM-ADP10_tn.png\" class=\"pt-cv-thumbnail img-none noLightbox  no-lazyload skip-lazy wvs-attachment-image\" alt=\"Dynavision CAM-ADP10\" data-xooWscFly=\"fly\" \/><\/a><div class=\"product_desc\">\n<div class=\"pt-cv-ctf-list\" data-cvc=\"1\"><div class=\"col-md-12 pt-cv-ctf-column\"><div class=\"pt-cv-custom-fields pt-cv-ctf-produkt-ref\"><div class=\"pt-cv-ctf-value\">CAM - ADP.10<\/div><\/div><\/div><\/div>\n<div class=\"pt-cv-content\">Adaptateur pour Adria \/ Camos<br \/><div class=\"product-price-custom\"><span class=\"price-label\">\u00e0 partir de<\/span>&nbsp<span class=\"price-integer\">30<\/span><span class=\"price-decimal\">,00<\/span>&nbsp<span class=\"price-currency\">\u20ac<\/span><\/div><\/div><\/div><\/div><\/div>\n<div class=\"col-md-2 col-sm-6 col-xs-12 pt-cv-content-item pt-cv-1-col\"  data-pid=\"44590\"><div class='pt-cv-pinmas'><a href=\"https:\/\/www.dynavin.de\/fr\/produits\/produits\/carhifi\/systemes-de-navigation-pour-car-hifi\/navigationsgeraet-69h-flex-vw-polo\/\" class=\"_self pt-cv-href-thumbnail pt-cv-thumb-default cvplbd\" target=\"_self\" ><img width=\"300\" height=\"300\" src=\"https:\/\/www.dynavin.de\/wp-content\/uploads\/1712016651-D9-69H-Flex-300X300.jpg\" class=\"pt-cv-thumbnail img-none noLightbox  no-lazyload skip-lazy wvs-attachment-image\" alt=\"Autoradio Android 9 pouces D9-69H Premium Flex pour VW Polo 2014-2017\" data-xooWscFly=\"fly\" \/><\/a><div class=\"product_desc\">\n<div class=\"pt-cv-ctf-list\" data-cvc=\"1\"><div class=\"col-md-12 pt-cv-ctf-column\"><div class=\"pt-cv-custom-fields pt-cv-ctf-produkt-ref\"><div class=\"pt-cv-ctf-value\">D9-69H Premium Flex<\/div><\/div><\/div><\/div>\n<div class=\"pt-cv-content\">Syst\u00e8me de navigation 9 pouces pour VW Polo 6C 2014-2017<br \/><div class=\"product-price-custom\"><span class=\"price-label\">\u00e0 partir de<\/span>&nbsp<span class=\"price-integer\">299<\/span><span class=\"price-decimal\">,00<\/span>&nbsp<span class=\"price-currency\">\u20ac<\/span><\/div><\/div><\/div><\/div><\/div>\n<div class=\"col-md-2 col-sm-6 col-xs-12 pt-cv-content-item pt-cv-1-col\"  data-pid=\"47767\"><div class='pt-cv-pinmas'><a href=\"https:\/\/www.dynavin.de\/fr\/produits\/produits\/camping-cars-et-vehicule-utilitaires\/cameras-de-recul-pour-camping-cars-et-vehicules-utilitaires\/accessoires-pour-cameras-de-recul\/adaptateur-pour-camera-dynavision-cam-adp-11-par-ex-pour-laika\/\" class=\"_self pt-cv-href-thumbnail pt-cv-thumb-default cvplbd\" target=\"_self\" ><img width=\"300\" height=\"300\" src=\"https:\/\/www.dynavin.de\/wp-content\/uploads\/Dynavision-CAM-ADP11_tn.png\" class=\"pt-cv-thumbnail img-none noLightbox  no-lazyload skip-lazy wvs-attachment-image\" alt=\"Dynavision-CAM-ADP11_tn\" data-xooWscFly=\"fly\" \/><\/a><div class=\"product_desc\">\n<div class=\"pt-cv-ctf-list\" data-cvc=\"1\"><div class=\"col-md-12 pt-cv-ctf-column\"><div class=\"pt-cv-custom-fields pt-cv-ctf-produkt-ref\"><div class=\"pt-cv-ctf-value\">CAM - ADP.11<\/div><\/div><\/div><\/div>\n<div class=\"pt-cv-content\">Adapter for Laika<br \/><div class=\"product-price-custom\"><span class=\"price-label\">\u00e0 partir de<\/span>&nbsp<span class=\"price-integer\">30<\/span><span class=\"price-decimal\">,00<\/span>&nbsp<span class=\"price-currency\">\u20ac<\/span><\/div><\/div><\/div><\/div><\/div>\n<div class=\"col-md-4 col-sm-6 col-xs-12 pt-cv-content-item pt-cv-1-col\"  data-pid=\"95083\"><div class='pt-cv-pinmas'><a href=\"https:\/\/www.dynavin.de\/fr\/produits\/produits\/camping-cars-et-vehicule-utilitaires\/cameras-de-recul-pour-camping-cars-et-vehicules-utilitaires\/accessoires-pour-cameras-de-recul\/adaptateur-de-camera-cam-adp-12-par-ex-pour-cable-caratec\/\" class=\"_self pt-cv-href-thumbnail pt-cv-thumb-default cvplbd\" target=\"_self\" ><img width=\"300\" height=\"300\" src=\"https:\/\/www.dynavin.de\/wp-content\/uploads\/1709692332-CAM-ADP-12-300X300.jpg\" class=\"pt-cv-thumbnail img-none noLightbox  no-lazyload skip-lazy wvs-attachment-image\" alt=\"Adaptateur de cam\u00e9ra CAM - ADP.12 par ex. pour c\u00e2ble Caratec\" data-xooWscFly=\"fly\" \/><\/a><div class=\"product_desc\">\n<div class=\"pt-cv-ctf-list\" data-cvc=\"1\"><div class=\"col-md-12 pt-cv-ctf-column\"><div class=\"pt-cv-custom-fields pt-cv-ctf-produkt-ref\"><div class=\"pt-cv-ctf-value\">CAM - ADP.12<\/div><\/div><\/div><\/div>\n<div class=\"pt-cv-content\">Adaptateur pour c\u00e2ble Caratec<br \/><div class=\"product-price-custom\"><span class=\"price-label\">\u00e0 partir de<\/span>&nbsp<span class=\"price-integer\">30<\/span><span class=\"price-decimal\">,00<\/span>&nbsp<span class=\"price-currency\">\u20ac<\/span><\/div><\/div><\/div><\/div><\/div>\n<div class=\"col-md-2 col-sm-6 col-xs-12 pt-cv-content-item pt-cv-1-col\"  data-pid=\"51661\"><div class='pt-cv-pinmas'><a href=\"https:\/\/www.dynavin.de\/fr\/produits\/produits\/carhifi\/accessoires-pour-carhifi\/rueckfahrkamera-umschaltrelais-dvn-v2\/\" class=\"_self pt-cv-href-thumbnail pt-cv-thumb-default cvplbd\" target=\"_self\" ><img width=\"300\" height=\"300\" src=\"https:\/\/www.dynavin.de\/wp-content\/uploads\/Dynavin-Kamera-Umschaltrelais-DNV-V2_tn-1.png\" class=\"pt-cv-thumbnail img-none noLightbox  no-lazyload skip-lazy wvs-attachment-image\" alt=\"Dynavin Kamera-Umschaltrelais DNV-V2\" data-xooWscFly=\"fly\" \/><\/a><div class=\"product_desc\">\n<div class=\"pt-cv-ctf-list\" data-cvc=\"1\"><div class=\"col-md-12 pt-cv-ctf-column\"><div class=\"pt-cv-custom-fields pt-cv-ctf-produkt-ref\"><div class=\"pt-cv-ctf-value\">DVN V2<\/div><\/div><\/div><\/div>\n<div class=\"pt-cv-content\">Changement de 2 cam\u00e9ras<br \/><div class=\"product-price-custom\"><span class=\"price-label\">\u00e0 partir de<\/span>&nbsp<span class=\"price-integer\">29<\/span><span class=\"price-decimal\">,00<\/span>&nbsp<span class=\"price-currency\">\u20ac<\/span><\/div><\/div><\/div><\/div><\/div>\n<div class=\"col-md-2 col-sm-6 col-xs-12 pt-cv-content-item pt-cv-1-col\"  data-pid=\"106368\"><div class='pt-cv-pinmas'><a href=\"https:\/\/www.dynavin.de\/fr\/produits\/produits\/camping-cars-et-vehicule-utilitaires\/cameras-de-recul-pour-camping-cars-et-vehicules-utilitaires\/accessoires-pour-cameras-de-recul\/ce-dvn-m2p-permet-de-connecter-laffichage-tete-haute-et-la-camera-pro-a-la-radio-dynavin\/\" class=\"_self pt-cv-href-thumbnail pt-cv-thumb-default cvplbd\" target=\"_self\" ><img width=\"300\" height=\"300\" src=\"https:\/\/www.dynavin.de\/wp-content\/uploads\/1713494369-DVN-M2P-300X300.jpg\" class=\"pt-cv-thumbnail img-none noLightbox  no-lazyload skip-lazy wvs-attachment-image\" alt=\"Ce DVN-M2P permet de Interface de contr\u00f4le au volant et la cam\u00e9ra Pro \u00e0 la radio Dynavin\" data-xooWscFly=\"fly\" \/><\/a><div class=\"product_desc\">\n<div class=\"pt-cv-ctf-list\" data-cvc=\"1\"><div class=\"col-md-12 pt-cv-ctf-column\"><div class=\"pt-cv-custom-fields pt-cv-ctf-produkt-ref\"><div class=\"pt-cv-ctf-value\">DVN-M2P<\/div><\/div><\/div><\/div>\n<div class=\"pt-cv-content\">Adaptateur pour cam\u00e9ra Pro<br \/><div class=\"product-price-custom\"><span class=\"price-label\">\u00e0 partir de<\/span>&nbsp<span class=\"price-integer\">9<\/span><span class=\"price-decimal\">,00<\/span>&nbsp<span class=\"price-currency\">\u20ac<\/span><\/div><\/div><\/div><\/div><\/div>\n<div class=\"col-md-2 col-sm-6 col-xs-12 pt-cv-content-item pt-cv-1-col\"  data-pid=\"85689\"><div class='pt-cv-pinmas'><a href=\"https:\/\/www.dynavin.de\/fr\/produits\/produits\/camping-cars-et-vehicule-utilitaires\/accessoires-pour-camping-cars-et-vehicules-utilitaires\/cache-radio-dynavin-avec-adaptateur-dantenne-dvn-aptdc8-pour-fiat-ducato-a-partir-de-2021\/\" class=\"_self pt-cv-href-thumbnail pt-cv-thumb-default cvplbd\" target=\"_self\" ><img width=\"300\" height=\"300\" src=\"https:\/\/www.dynavin.de\/wp-content\/uploads\/1745052389-DVN-APTDC8-300X300.jpg\" class=\"pt-cv-thumbnail img-none noLightbox  no-lazyload skip-lazy wvs-attachment-image\" alt=\"Cadre radio Dynavin avec C\u00e2ble d&#039;adaptateur DVN-APTDC8 pour Fiat Ducato 8 \u00e0 partir de 2021 et Ducato 9 \u00e0 partir de 2024\" data-xooWscFly=\"fly\" \/><\/a><div class=\"product_desc\">\n<div class=\"pt-cv-ctf-list\" data-cvc=\"1\"><div class=\"col-md-12 pt-cv-ctf-column\"><div class=\"pt-cv-custom-fields pt-cv-ctf-produkt-ref\"><div class=\"pt-cv-ctf-value\">DVN-APTDC8<\/div><\/div><\/div><\/div>\n<div class=\"pt-cv-content\">Cadre radio Dynavin avec adaptateur d'antenne pour Fiat Ducato \u00e0 partir de 2021<br \/><div class=\"product-price-custom\"><span class=\"price-label\">\u00e0 partir de<\/span>&nbsp<span class=\"price-integer\">19<\/span><span class=\"price-decimal\">,00<\/span>&nbsp<span class=\"price-currency\">\u20ac<\/span><\/div><\/div><\/div><\/div><\/div>\n<div class=\"col-md-2 col-sm-6 col-xs-12 pt-cv-content-item pt-cv-1-col\"  data-pid=\"51748\"><div class='pt-cv-pinmas'><a href=\"https:\/\/www.dynavin.de\/fr\/produits\/produits\/camping-cars-et-vehicule-utilitaires\/accessoires-pour-camping-cars-et-vehicules-utilitaires\/can-bus-adapter-dvn-uft02-fuer-fiat-ducato-ab-2014\/\" class=\"_self pt-cv-href-thumbnail pt-cv-thumb-default cvplbd\" target=\"_self\" ><img width=\"300\" height=\"300\" src=\"https:\/\/www.dynavin.de\/wp-content\/uploads\/1716427663-D8-UFT02-300X300.jpg\" class=\"pt-cv-thumbnail img-none noLightbox  no-lazyload skip-lazy wvs-attachment-image\" alt=\"Adaptateur de bus CAN D8-UFT02 pour Fiat Ducato, Citroen Jumper et Peugeot Boxer\" data-xooWscFly=\"fly\" \/><\/a><div class=\"product_desc\">\n<div class=\"pt-cv-ctf-list\" data-cvc=\"1\"><div class=\"col-md-12 pt-cv-ctf-column\"><div class=\"pt-cv-custom-fields pt-cv-ctf-produkt-ref\"><div class=\"pt-cv-ctf-value\">D8-UFT02<\/div><\/div><\/div><\/div>\n<div class=\"pt-cv-content\">Adaptateur CAN Ducato<br \/><div class=\"product-price-custom\"><span class=\"price-label\">\u00e0 partir de<\/span>&nbsp<span class=\"price-integer\">109<\/span><span class=\"price-decimal\">,00<\/span>&nbsp<span class=\"price-currency\">\u20ac<\/span><\/div><\/div><\/div><\/div><\/div>\n<div class=\"col-md-4 col-sm-6 col-xs-12 pt-cv-content-item pt-cv-1-col\"  data-pid=\"51759\"><div class='pt-cv-pinmas'><a href=\"https:\/\/www.dynavin.de\/fr\/produits\/produits\/camping-cars-et-vehicule-utilitaires\/accessoires-pour-camping-cars-et-vehicules-utilitaires\/obd-adapter\/\" class=\"_self pt-cv-href-thumbnail pt-cv-thumb-default cvplbd\" target=\"_self\" ><img width=\"300\" height=\"300\" src=\"https:\/\/www.dynavin.de\/wp-content\/uploads\/1647946117-DVN-OBD.png\" class=\"pt-cv-thumbnail img-none noLightbox  no-lazyload skip-lazy wvs-attachment-image\" alt=\"Adaptateur OBD\" data-xooWscFly=\"fly\" \/><\/a><div class=\"product_desc\">\n<div class=\"pt-cv-ctf-list\" data-cvc=\"1\"><div class=\"col-md-12 pt-cv-ctf-column\"><div class=\"pt-cv-custom-fields pt-cv-ctf-produkt-ref\"><div class=\"pt-cv-ctf-value\">DVN OBD<\/div><\/div><\/div><\/div>\n<div class=\"pt-cv-content\">Adaptateur OBD<br \/><div class=\"product-price-custom\"><span class=\"price-label\">\u00e0 partir de<\/span>&nbsp<span class=\"price-integer\">99<\/span><span class=\"price-decimal\">,00<\/span>&nbsp<span class=\"price-currency\">\u20ac<\/span><\/div><\/div><\/div><\/div><\/div>\n<div class=\"col-md-2 col-sm-6 col-xs-12 pt-cv-content-item pt-cv-1-col\"  data-pid=\"45910\"><div class='pt-cv-pinmas'><a href=\"https:\/\/www.dynavin.de\/fr\/produits\/produits\/logiciel-de-navigation-igo-primo\/\" class=\"_self pt-cv-href-thumbnail pt-cv-thumb-default cvplbd\" target=\"_self\" ><img width=\"300\" height=\"300\" src=\"https:\/\/www.dynavin.de\/wp-content\/uploads\/igo-primo_tn.png\" class=\"pt-cv-thumbnail img-none noLightbox  no-lazyload skip-lazy wvs-attachment-image\" alt=\"Logiciel de navigation iGO Primo\" data-xooWscFly=\"fly\" \/><\/a><div class=\"product_desc\">\n<div class=\"pt-cv-ctf-list\" data-cvc=\"1\"><div class=\"col-md-12 pt-cv-ctf-column\"><div class=\"pt-cv-custom-fields pt-cv-ctf-produkt-ref\"><div class=\"pt-cv-ctf-value\">iGo Primo Europe For Dynavin N6 & N7<\/div><\/div><\/div><\/div>\n<div class=\"pt-cv-content\">Logiciel de navigation<br \/><div class=\"product-price-custom\"><span class=\"price-label\">\u00e0 partir de<\/span>&nbsp<span class=\"price-integer\">109<\/span><span class=\"price-decimal\">,00<\/span>&nbsp<span class=\"price-currency\">\u20ac<\/span><\/div><\/div><\/div><\/div><\/div>\n<div class=\"col-md-2 col-sm-6 col-xs-12 pt-cv-content-item pt-cv-1-col\"  data-pid=\"147334\"><div class='pt-cv-pinmas'><a href=\"https:\/\/www.dynavin.de\/fr\/produits\/produits\/camping-cars-et-vehicule-utilitaires\/accessoires-pour-camping-cars-et-vehicules-utilitaires\/adaptateur-usb\/dvn-usb-fiat\/\" class=\"_self pt-cv-href-thumbnail pt-cv-thumb-default cvplbd\" target=\"_self\" ><img width=\"300\" height=\"300\" src=\"https:\/\/www.dynavin.de\/wp-content\/uploads\/1644915388-USB_Umbaukit_DVN-USB-Fiat_0.jpg\" class=\"pt-cv-thumbnail img-none noLightbox  no-lazyload skip-lazy wvs-attachment-image\" alt=\"DVN USB Fiat\" data-xooWscFly=\"fly\" \/><\/a><div class=\"product_desc\">\n<div class=\"pt-cv-ctf-list\" data-cvc=\"1\"><div class=\"col-md-12 pt-cv-ctf-column\"><div class=\"pt-cv-custom-fields pt-cv-ctf-produkt-ref\"><div class=\"pt-cv-ctf-value\">DVN USB Fiat<\/div><\/div><\/div><\/div>\n<div class=\"pt-cv-content\">USB-Umbaukit f\u00fcr Aftermarket Radios<br \/><div class=\"product-price-custom\"><span class=\"price-label\">\u00e0 partir de<\/span>&nbsp<span class=\"price-integer\">25<\/span><span class=\"price-decimal\">,00<\/span>&nbsp<span class=\"price-currency\">\u20ac<\/span><\/div><\/div><\/div><\/div><\/div>\n<div class=\"col-md-2 col-sm-6 col-xs-12 pt-cv-content-item pt-cv-1-col\"  data-pid=\"51774\"><div class='pt-cv-pinmas'><a href=\"https:\/\/www.dynavin.de\/fr\/produits\/produits\/camping-cars-et-vehicule-utilitaires\/accessoires-pour-camping-cars-et-vehicules-utilitaires\/usb-adapter\/\" class=\"_self pt-cv-href-thumbnail pt-cv-thumb-default cvplbd\" target=\"_self\" ><img width=\"300\" height=\"300\" src=\"https:\/\/www.dynavin.de\/wp-content\/uploads\/usb-adapter_tn.png\" class=\"pt-cv-thumbnail img-none noLightbox  no-lazyload skip-lazy wvs-attachment-image\" alt=\"USB-Adapter\" data-xooWscFly=\"fly\" \/><\/a><div class=\"product_desc\">\n<div class=\"pt-cv-ctf-list\" data-cvc=\"1\"><div class=\"col-md-12 pt-cv-ctf-column\"><div class=\"pt-cv-custom-fields pt-cv-ctf-produkt-ref\"><div class=\"pt-cv-ctf-value\">USB-Adapter<\/div><\/div><\/div><\/div>\n<div class=\"pt-cv-content\">Adaptateur USB<br \/><div class=\"product-price-custom\"><span class=\"price-label\">\u00e0 partir de<\/span>&nbsp<span class=\"price-integer\">0<\/span><span class=\"price-decimal\">,00<\/span>&nbsp<span class=\"price-currency\">\u20ac<\/span><\/div><\/div><\/div><\/div><\/div>\n<div class=\"col-md-2 col-sm-6 col-xs-12 pt-cv-content-item pt-cv-1-col\"  data-pid=\"147337\"><div class='pt-cv-pinmas'><a href=\"https:\/\/www.dynavin.de\/fr\/produits\/produits\/camping-cars-et-vehicule-utilitaires\/accessoires-pour-camping-cars-et-vehicules-utilitaires\/adaptateur-usb\/dvn-usb7\/\" class=\"_self pt-cv-href-thumbnail pt-cv-thumb-default cvplbd\" target=\"_self\" ><img width=\"300\" height=\"300\" src=\"https:\/\/www.dynavin.de\/wp-content\/uploads\/1644915521-Dynavin-DVN-USB7.jpg\" class=\"pt-cv-thumbnail img-none noLightbox  no-lazyload skip-lazy wvs-attachment-image\" alt=\"DVN USB7\" data-xooWscFly=\"fly\" \/><\/a><div class=\"product_desc\">\n<div class=\"pt-cv-ctf-list\" data-cvc=\"1\"><div class=\"col-md-12 pt-cv-ctf-column\"><div class=\"pt-cv-custom-fields pt-cv-ctf-produkt-ref\"><div class=\"pt-cv-ctf-value\">DVN USB7<\/div><\/div><\/div><\/div>\n<div class=\"pt-cv-content\">Adaptateur USB double, prise 2\u00d72, 1 A, 0,9 m<br \/><div class=\"product-price-custom\"><span class=\"price-label\">\u00e0 partir de<\/span>&nbsp<span class=\"price-integer\">29<\/span><span class=\"price-decimal\">,00<\/span>&nbsp<span class=\"price-currency\">\u20ac<\/span><\/div><\/div><\/div><\/div><\/div>\n<div class=\"col-md-4 col-sm-6 col-xs-12 pt-cv-content-item pt-cv-1-col\"  data-pid=\"51506\"><div class='pt-cv-pinmas'><a href=\"https:\/\/www.dynavin.de\/fr\/produits\/produits\/carhifi\/accessoires-pour-carhifi\/verlaengerungskabel-komplettset-5-m-iso-d8-ext6m-fuer-bmw-e46-e39-e53\/\" class=\"_self pt-cv-href-thumbnail pt-cv-thumb-default cvplbd\" target=\"_self\" ><img width=\"300\" height=\"300\" src=\"https:\/\/www.dynavin.de\/wp-content\/uploads\/1651284783-D8-EXT6M-300X300.png\" class=\"pt-cv-thumbnail img-none noLightbox  no-lazyload skip-lazy wvs-attachment-image\" alt=\"DYNAVIN C\u00e2ble de connexion radio 6M C\u00e2ble d&#039;extension Quadlock pour BMW E46 E39 E53\" data-xooWscFly=\"fly\" \/><\/a><div class=\"product_desc\">\n<div class=\"pt-cv-ctf-list\" data-cvc=\"1\"><div class=\"col-md-12 pt-cv-ctf-column\"><div class=\"pt-cv-custom-fields pt-cv-ctf-produkt-ref\"><div class=\"pt-cv-ctf-value\">D8 EXT6M<\/div><\/div><\/div><\/div>\n<div class=\"pt-cv-content\">Jeu complet de c\u00e2bles d'extension<br \/><div class=\"product-price-custom\"><span class=\"price-label\">\u00e0 partir de<\/span>&nbsp<span class=\"price-integer\">50<\/span><span class=\"price-decimal\">,00<\/span>&nbsp<span class=\"price-currency\">\u20ac<\/span><\/div><\/div><\/div><\/div><\/div>\n<div class=\"col-md-2 col-sm-6 col-xs-12 pt-cv-content-item pt-cv-1-col\"  data-pid=\"47170\"><div class='pt-cv-pinmas'><a href=\"https:\/\/www.dynavin.de\/fr\/produits\/produits\/carhifi\/systemes-de-navigation-pour-car-hifi\/navigationsgeraet-69h-pro-vw-polo\/\" class=\"_self pt-cv-href-thumbnail pt-cv-thumb-default cvplbd\" target=\"_self\" ><img width=\"300\" height=\"300\" src=\"https:\/\/www.dynavin.de\/wp-content\/uploads\/1669974014-D8-69H-Pro-300X300.jpg\" class=\"pt-cv-thumbnail img-none noLightbox  no-lazyload skip-lazy wvs-attachment-image\" alt=\"Autoradio Android 9 pouces D9-69H Premium pour VW Polo 2014-2017\" data-xooWscFly=\"fly\" \/><\/a><div class=\"product_desc\">\n<div class=\"pt-cv-ctf-list\" data-cvc=\"1\"><div class=\"col-md-12 pt-cv-ctf-column\"><div class=\"pt-cv-custom-fields pt-cv-ctf-produkt-ref\"><div class=\"pt-cv-ctf-value\">D9-69H Premium<\/div><\/div><\/div><\/div>\n<div class=\"pt-cv-content\">Syst\u00e8me de navigation 9 pouces pour VW Polo 6C 2014-2017<br \/><div class=\"product-price-custom\"><span class=\"price-label\">\u00e0 partir de<\/span>&nbsp<span class=\"price-integer\">649<\/span><span class=\"price-decimal\">,00<\/span>&nbsp<span class=\"price-currency\">\u20ac<\/span><\/div><\/div><\/div><\/div><\/div>\n<div class=\"col-md-2 col-sm-6 col-xs-12 pt-cv-content-item pt-cv-1-col\"  data-pid=\"44862\"><div class='pt-cv-pinmas'><a href=\"https:\/\/www.dynavin.de\/fr\/produits\/produits\/carhifi\/systemes-de-navigation-pour-car-hifi\/navigationsgeraet-69l-flex-vw-polo-6r\/\" class=\"_self pt-cv-href-thumbnail pt-cv-thumb-default cvplbd\" target=\"_self\" ><img width=\"300\" height=\"300\" src=\"https:\/\/www.dynavin.de\/wp-content\/uploads\/1712015599-D9-69L-Flex-300X300.jpg\" class=\"pt-cv-thumbnail img-none noLightbox  no-lazyload skip-lazy wvs-attachment-image\" alt=\"Autoradio Android 9 pouces D9-69L Premium Flex pour VW Polo 6R 2009-2014\" data-xooWscFly=\"fly\" \/><\/a><div class=\"product_desc\">\n<div class=\"pt-cv-ctf-list\" data-cvc=\"1\"><div class=\"col-md-12 pt-cv-ctf-column\"><div class=\"pt-cv-custom-fields pt-cv-ctf-produkt-ref\"><div class=\"pt-cv-ctf-value\">D9-69L Premium Flex<\/div><\/div><\/div><\/div>\n<div class=\"pt-cv-content\">Syst\u00e8me de navigation 9 pouces pour VW Polo 6R 2009-2014<br \/><div class=\"product-price-custom\"><span class=\"price-label\">\u00e0 partir de<\/span>&nbsp<span class=\"price-integer\">299<\/span><span class=\"price-decimal\">,00<\/span>&nbsp<span class=\"price-currency\">\u20ac<\/span><\/div><\/div><\/div><\/div><\/div>\n<div class=\"col-md-2 col-sm-6 col-xs-12 pt-cv-content-item pt-cv-1-col\"  data-pid=\"47173\"><div class='pt-cv-pinmas'><a href=\"https:\/\/www.dynavin.de\/fr\/produits\/produits\/carhifi\/systemes-de-navigation-pour-car-hifi\/navigationsgeraet-69l-pro-vw-polo-6r\/\" class=\"_self pt-cv-href-thumbnail pt-cv-thumb-default cvplbd\" target=\"_self\" ><img width=\"300\" height=\"300\" src=\"https:\/\/www.dynavin.de\/wp-content\/uploads\/1669685908-D8-69L-Pro-300X300.jpg\" class=\"pt-cv-thumbnail img-none noLightbox  no-lazyload skip-lazy wvs-attachment-image\" alt=\"Autoradio Android 9 pouces D9-DF69L Premium pour VW Polo 6R 2009-2014\" data-xooWscFly=\"fly\" \/><\/a><div class=\"product_desc\">\n<div class=\"pt-cv-ctf-list\" data-cvc=\"1\"><div class=\"col-md-12 pt-cv-ctf-column\"><div class=\"pt-cv-custom-fields pt-cv-ctf-produkt-ref\"><div class=\"pt-cv-ctf-value\">D9-69L Premium<\/div><\/div><\/div><\/div>\n<div class=\"pt-cv-content\">Syst\u00e8me de navigation 9 pouces pour VW Polo 6R 2009-2014<br \/><div class=\"product-price-custom\"><span class=\"price-label\">\u00e0 partir de<\/span>&nbsp<span class=\"price-integer\">649<\/span><span class=\"price-decimal\">,00<\/span>&nbsp<span class=\"price-currency\">\u20ac<\/span><\/div><\/div><\/div><\/div><\/div>\n<div class=\"col-md-2 col-sm-6 col-xs-12 pt-cv-content-item pt-cv-1-col\"  data-pid=\"44265\"><div class='pt-cv-pinmas'><a href=\"https:\/\/www.dynavin.de\/fr\/produits\/produits\/carhifi\/systemes-de-navigation-pour-car-hifi\/navigationsgeraet-55-flex-vw-passat-b8\/\" class=\"_self pt-cv-href-thumbnail pt-cv-thumb-default cvplbd\" target=\"_self\" ><img width=\"300\" height=\"300\" src=\"https:\/\/www.dynavin.de\/wp-content\/uploads\/1711975339-D9-55-Flex-300X300.jpg\" class=\"pt-cv-thumbnail img-none noLightbox  no-lazyload skip-lazy wvs-attachment-image\" alt=\"Autoradio Android 10,1 pouces D9-55 Premium Flex pour VW Passat B8\" data-xooWscFly=\"fly\" \/><\/a><div class=\"product_desc\">\n<div class=\"pt-cv-ctf-list\" data-cvc=\"1\"><div class=\"col-md-12 pt-cv-ctf-column\"><div class=\"pt-cv-custom-fields pt-cv-ctf-produkt-ref\"><div class=\"pt-cv-ctf-value\">D9-55 Premium Flex<\/div><\/div><\/div><\/div>\n<div class=\"pt-cv-content\">Syst\u00e8me de navigation 10,1 pouces pour VW Passat B8 2014-2020<br \/><div class=\"product-price-custom\"><span class=\"price-label\">\u00e0 partir de<\/span>&nbsp<span class=\"price-integer\">299<\/span><span class=\"price-decimal\">,00<\/span>&nbsp<span class=\"price-currency\">\u20ac<\/span><\/div><\/div><\/div><\/div><\/div>\n<div class=\"col-md-4 col-sm-6 col-xs-12 pt-cv-content-item pt-cv-1-col\"  data-pid=\"47321\"><div class='pt-cv-pinmas'><a href=\"https:\/\/www.dynavin.de\/fr\/produits\/produits\/carhifi\/systemes-de-navigation-pour-car-hifi\/navigationsgeraet-55-pro-vw-passat-b8\/\" class=\"_self pt-cv-href-thumbnail pt-cv-thumb-default cvplbd\" target=\"_self\" ><img width=\"300\" height=\"300\" src=\"https:\/\/www.dynavin.de\/wp-content\/uploads\/1669973321-D8-55-Pro-300X300.jpg\" class=\"pt-cv-thumbnail img-none noLightbox  no-lazyload skip-lazy wvs-attachment-image\" alt=\"Autoradio Android 10,1 pouces D9-55 Premium pour VW Passat B8\" data-xooWscFly=\"fly\" \/><\/a><div class=\"product_desc\">\n<div class=\"pt-cv-ctf-list\" data-cvc=\"1\"><div class=\"col-md-12 pt-cv-ctf-column\"><div class=\"pt-cv-custom-fields pt-cv-ctf-produkt-ref\"><div class=\"pt-cv-ctf-value\">D9-55 Premium<\/div><\/div><\/div><\/div>\n<div class=\"pt-cv-content\">Syst\u00e8me de navigation 10,1 pouces pour VW Passat B8 2014-2020<br \/><div class=\"product-price-custom\"><span class=\"price-label\">\u00e0 partir de<\/span>&nbsp<span class=\"price-integer\">649<\/span><span class=\"price-decimal\">,00<\/span>&nbsp<span class=\"price-currency\">\u20ac<\/span><\/div><\/div><\/div><\/div><\/div>\n<div class=\"col-md-2 col-sm-6 col-xs-12 pt-cv-content-item pt-cv-1-col\"  data-pid=\"44850\"><div class='pt-cv-pinmas'><a href=\"https:\/\/www.dynavin.de\/fr\/produits\/produits\/carhifi\/systemes-de-navigation-pour-car-hifi\/navigationsgeraet-2-flex-vw-passat-b7\/\" class=\"_self pt-cv-href-thumbnail pt-cv-thumb-default cvplbd\" target=\"_self\" ><img width=\"300\" height=\"300\" src=\"https:\/\/www.dynavin.de\/wp-content\/uploads\/1711962624-D9-2B2S-Flex-300X300.jpg\" class=\"pt-cv-thumbnail img-none noLightbox  no-lazyload skip-lazy wvs-attachment-image\" alt=\"Autoradio Android 10,1 pouces pour VW Passat B7\" data-xooWscFly=\"fly\" \/><\/a><div class=\"product_desc\">\n<div class=\"pt-cv-ctf-list\" data-cvc=\"1\"><div class=\"col-md-12 pt-cv-ctf-column\"><div class=\"pt-cv-custom-fields pt-cv-ctf-produkt-ref\"><div class=\"pt-cv-ctf-value\">D9-2S\/2B Premium Flex<\/div><\/div><\/div><\/div>\n<div class=\"pt-cv-content\">Syst\u00e8me de navigation 10,1 pouces pour VW Passat B7 2010-2014<br \/><div class=\"product-price-custom\"><span class=\"price-label\">\u00e0 partir de<\/span>&nbsp<span class=\"price-integer\">299<\/span><span class=\"price-decimal\">,00<\/span>&nbsp<span class=\"price-currency\">\u20ac<\/span><\/div><\/div><\/div><\/div><\/div>\n<div class=\"col-md-2 col-sm-6 col-xs-12 pt-cv-content-item pt-cv-1-col\"  data-pid=\"47369\"><div class='pt-cv-pinmas'><a href=\"https:\/\/www.dynavin.de\/fr\/produits\/produits\/carhifi\/systemes-de-navigation-pour-car-hifi\/navigationsgeraet-2-pro-vw-passat-b7\/\" class=\"_self pt-cv-href-thumbnail pt-cv-thumb-default cvplbd\" target=\"_self\" ><img width=\"300\" height=\"300\" src=\"https:\/\/www.dynavin.de\/wp-content\/uploads\/1669690246-D8-2B2S-300X300.jpg\" class=\"pt-cv-thumbnail img-none noLightbox  no-lazyload skip-lazy wvs-attachment-image\" alt=\"Autoradio Android 10,1 pouces pour VW Passat B7\" data-xooWscFly=\"fly\" \/><\/a><div class=\"product_desc\">\n<div class=\"pt-cv-ctf-list\" data-cvc=\"1\"><div class=\"col-md-12 pt-cv-ctf-column\"><div class=\"pt-cv-custom-fields pt-cv-ctf-produkt-ref\"><div class=\"pt-cv-ctf-value\">D9-2S\/2B Premium<\/div><\/div><\/div><\/div>\n<div class=\"pt-cv-content\">Syst\u00e8me de navigation 10,1 pouces pour VW Passat B7 2010-2014<br \/><div class=\"product-price-custom\"><span class=\"price-label\">\u00e0 partir de<\/span>&nbsp<span class=\"price-integer\">649<\/span><span class=\"price-decimal\">,00<\/span>&nbsp<span class=\"price-currency\">\u20ac<\/span><\/div><\/div><\/div><\/div><\/div>\n<div class=\"col-md-2 col-sm-6 col-xs-12 pt-cv-content-item pt-cv-1-col\"  data-pid=\"44831\"><div class='pt-cv-pinmas'><a href=\"https:\/\/www.dynavin.de\/fr\/produits\/produits\/carhifi\/systemes-de-navigation-pour-car-hifi\/navigationsgerat-b6-flex-vw-passat-b6\/\" class=\"_self pt-cv-href-thumbnail pt-cv-thumb-default cvplbd\" target=\"_self\" ><img width=\"300\" height=\"300\" src=\"https:\/\/www.dynavin.de\/wp-content\/uploads\/1711968727-D9-B6BB6S-Flex-300X300.jpg\" class=\"pt-cv-thumbnail img-none noLightbox  no-lazyload skip-lazy wvs-attachment-image\" alt=\"Autoradio Android 10,1 pouces pour VW Passat B6\" data-xooWscFly=\"fly\" \/><\/a><div class=\"product_desc\">\n<div class=\"pt-cv-ctf-list\" data-cvc=\"1\"><div class=\"col-md-12 pt-cv-ctf-column\"><div class=\"pt-cv-custom-fields pt-cv-ctf-produkt-ref\"><div class=\"pt-cv-ctf-value\">D9-B6S\/B6B Premium Flex<\/div><\/div><\/div><\/div>\n<div class=\"pt-cv-content\">Syst\u00e8me de navigation 10,1 pouces pour VW Passat B6<br \/><div class=\"product-price-custom\"><span class=\"price-label\">\u00e0 partir de<\/span>&nbsp<span class=\"price-integer\">299<\/span><span class=\"price-decimal\">,00<\/span>&nbsp<span class=\"price-currency\">\u20ac<\/span><\/div><\/div><\/div><\/div><\/div>\n<div class=\"col-md-2 col-sm-6 col-xs-12 pt-cv-content-item pt-cv-1-col\"  data-pid=\"47415\"><div class='pt-cv-pinmas'><a href=\"https:\/\/www.dynavin.de\/fr\/produits\/produits\/carhifi\/systemes-de-navigation-pour-car-hifi\/navigationsgerat-b6-pro-vw-passat-b6\/\" class=\"_self pt-cv-href-thumbnail pt-cv-thumb-default cvplbd\" target=\"_self\" ><img width=\"300\" height=\"300\" src=\"https:\/\/www.dynavin.de\/wp-content\/uploads\/1669692741-D8-B6BB6S-300X300.jpg\" class=\"pt-cv-thumbnail img-none noLightbox  no-lazyload skip-lazy wvs-attachment-image\" alt=\"Autoradio Android 10,1 pouces pour VW Passat B6\" data-xooWscFly=\"fly\" \/><\/a><div class=\"product_desc\">\n<div class=\"pt-cv-ctf-list\" data-cvc=\"1\"><div class=\"col-md-12 pt-cv-ctf-column\"><div class=\"pt-cv-custom-fields pt-cv-ctf-produkt-ref\"><div class=\"pt-cv-ctf-value\">D9-B6S\/B6B Premium<\/div><\/div><\/div><\/div>\n<div class=\"pt-cv-content\">Syst\u00e8me de navigation 10,1 pouces pour VW Passat B6 2005-2010<br \/><div class=\"product-price-custom\"><span class=\"price-label\">\u00e0 partir de<\/span>&nbsp<span class=\"price-integer\">649<\/span><span class=\"price-decimal\">,00<\/span>&nbsp<span class=\"price-currency\">\u20ac<\/span><\/div><\/div><\/div><\/div><\/div>\n<div class=\"col-md-4 col-sm-6 col-xs-12 pt-cv-content-item pt-cv-1-col\"  data-pid=\"44666\"><div class='pt-cv-pinmas'><a href=\"https:\/\/www.dynavin.de\/fr\/produits\/produits\/carhifi\/systemes-de-navigation-pour-car-hifi\/navigationsgeraet-40-flex-vw-touran\/\" class=\"_self pt-cv-href-thumbnail pt-cv-thumb-default cvplbd\" target=\"_self\" ><img width=\"300\" height=\"300\" src=\"https:\/\/www.dynavin.de\/wp-content\/uploads\/1712016633-D9-40-Flex-300X300.jpg\" class=\"pt-cv-thumbnail img-none noLightbox  no-lazyload skip-lazy wvs-attachment-image\" alt=\"Autoradio Android 10,1 pouces D9-40 Premium Flex pour VW Touran \u00e0 partir de 2015\" data-xooWscFly=\"fly\" \/><\/a><div class=\"product_desc\">\n<div class=\"pt-cv-ctf-list\" data-cvc=\"1\"><div class=\"col-md-12 pt-cv-ctf-column\"><div class=\"pt-cv-custom-fields pt-cv-ctf-produkt-ref\"><div class=\"pt-cv-ctf-value\">D9-40 Premium Flex<\/div><\/div><\/div><\/div>\n<div class=\"pt-cv-content\">Syst\u00e8me de navigation 10,1 pouces pour VW Touran \u00e0 partir de 2015<br \/><div class=\"product-price-custom\"><span class=\"price-label\">\u00e0 partir de<\/span>&nbsp<span class=\"price-integer\">299<\/span><span class=\"price-decimal\">,00<\/span>&nbsp<span class=\"price-currency\">\u20ac<\/span><\/div><\/div><\/div><\/div><\/div>\n<div class=\"col-md-2 col-sm-6 col-xs-12 pt-cv-content-item pt-cv-1-col\"  data-pid=\"47431\"><div class='pt-cv-pinmas'><a href=\"https:\/\/www.dynavin.de\/fr\/produits\/produits\/carhifi\/systemes-de-navigation-pour-car-hifi\/navigationsgeraet-40-pro-vw-touran\/\" class=\"_self pt-cv-href-thumbnail pt-cv-thumb-default cvplbd\" target=\"_self\" ><img width=\"300\" height=\"300\" src=\"https:\/\/www.dynavin.de\/wp-content\/uploads\/1669972372-D8-40-Pro-300X300.jpg\" class=\"pt-cv-thumbnail img-none noLightbox  no-lazyload skip-lazy wvs-attachment-image\" alt=\"Autoradio Android 10,1 pouces D9-40 Premium pour VW Touran \u00e0 partir de 2015\" data-xooWscFly=\"fly\" \/><\/a><div class=\"product_desc\">\n<div class=\"pt-cv-ctf-list\" data-cvc=\"1\"><div class=\"col-md-12 pt-cv-ctf-column\"><div class=\"pt-cv-custom-fields pt-cv-ctf-produkt-ref\"><div class=\"pt-cv-ctf-value\">D9-40 Premium<\/div><\/div><\/div><\/div>\n<div class=\"pt-cv-content\">Syst\u00e8me de navigation 10,1 pouces pour VW Touran \u00e0 partir de 2015<br \/><div class=\"product-price-custom\"><span class=\"price-label\">\u00e0 partir de<\/span>&nbsp<span class=\"price-integer\">649<\/span><span class=\"price-decimal\">,00<\/span>&nbsp<span class=\"price-currency\">\u20ac<\/span><\/div><\/div><\/div><\/div><\/div>\n<div class=\"col-md-2 col-sm-6 col-xs-12 pt-cv-content-item pt-cv-1-col\"  data-pid=\"47453\"><div class='pt-cv-pinmas'><a href=\"https:\/\/www.dynavin.de\/fr\/produits\/produits\/carhifi\/systemes-de-navigation-pour-car-hifi\/navigationsgeraet-df14-pro-vw-touran\/\" class=\"_self pt-cv-href-thumbnail pt-cv-thumb-default cvplbd\" target=\"_self\" ><img width=\"300\" height=\"300\" src=\"https:\/\/www.dynavin.de\/wp-content\/uploads\/1669695972-D8-DF14-Pro-300X300.jpg\" class=\"pt-cv-thumbnail img-none noLightbox  no-lazyload skip-lazy wvs-attachment-image\" alt=\"Autoradio Android 10,1 pouces D9-DF14 Premium pour VW Touran 2011-2015\" data-xooWscFly=\"fly\" \/><\/a><div class=\"product_desc\">\n<div class=\"pt-cv-ctf-list\" data-cvc=\"1\"><div class=\"col-md-12 pt-cv-ctf-column\"><div class=\"pt-cv-custom-fields pt-cv-ctf-produkt-ref\"><div class=\"pt-cv-ctf-value\">D9-DF14 Premium<\/div><\/div><\/div><\/div>\n<div class=\"pt-cv-content\">Syst\u00e8me de navigation 10,1 pouces pour VW Touran 2011-2015<br \/><div class=\"product-price-custom\"><span class=\"price-label\">\u00e0 partir de<\/span>&nbsp<span class=\"price-integer\">649<\/span><span class=\"price-decimal\">,00<\/span>&nbsp<span class=\"price-currency\">\u20ac<\/span><\/div><\/div><\/div><\/div><\/div>\n<div class=\"col-md-2 col-sm-6 col-xs-12 pt-cv-content-item pt-cv-1-col\"  data-pid=\"47450\"><div class='pt-cv-pinmas'><a href=\"https:\/\/www.dynavin.de\/fr\/produits\/produits\/carhifi\/systemes-de-navigation-pour-car-hifi\/navigationsgeraet-df15-pro-vw-touran\/\" class=\"_self pt-cv-href-thumbnail pt-cv-thumb-default cvplbd\" target=\"_self\" ><img width=\"300\" height=\"300\" src=\"https:\/\/www.dynavin.de\/wp-content\/uploads\/1669701578-D8-DF15-Pro-300X300.jpg\" class=\"pt-cv-thumbnail img-none noLightbox  no-lazyload skip-lazy wvs-attachment-image\" alt=\"Autoradio Android 10,1 pouces D9-DF15 Premium pour VW Touran 2011-2015\" data-xooWscFly=\"fly\" \/><\/a><div class=\"product_desc\">\n<div class=\"pt-cv-ctf-list\" data-cvc=\"1\"><div class=\"col-md-12 pt-cv-ctf-column\"><div class=\"pt-cv-custom-fields pt-cv-ctf-produkt-ref\"><div class=\"pt-cv-ctf-value\">D9-DF15 Premium<\/div><\/div><\/div><\/div>\n<div class=\"pt-cv-content\">Syst\u00e8me de navigation 10,1 pouces pour VW Touran 2011-2015<br \/><div class=\"product-price-custom\"><span class=\"price-label\">\u00e0 partir de<\/span>&nbsp<span class=\"price-integer\">649<\/span><span class=\"price-decimal\">,00<\/span>&nbsp<span class=\"price-currency\">\u20ac<\/span><\/div><\/div><\/div><\/div><\/div>\n<div class=\"col-md-2 col-sm-6 col-xs-12 pt-cv-content-item pt-cv-1-col\"  data-pid=\"47447\"><div class='pt-cv-pinmas'><a href=\"https:\/\/www.dynavin.de\/fr\/produits\/produits\/carhifi\/systemes-de-navigation-pour-car-hifi\/navigationsgeraet-df16-pro-vw-touran\/\" class=\"_self pt-cv-href-thumbnail pt-cv-thumb-default cvplbd\" target=\"_self\" ><img width=\"300\" height=\"300\" src=\"https:\/\/www.dynavin.de\/wp-content\/uploads\/1669702270-D8-DF16-Pro-300X300.jpg\" class=\"pt-cv-thumbnail img-none noLightbox  no-lazyload skip-lazy wvs-attachment-image\" alt=\"Autoradio Android 10,1 pouces D9-DF16 Premium pour VW Touran 2003-2011\" data-xooWscFly=\"fly\" \/><\/a><div class=\"product_desc\">\n<div class=\"pt-cv-ctf-list\" data-cvc=\"1\"><div class=\"col-md-12 pt-cv-ctf-column\"><div class=\"pt-cv-custom-fields pt-cv-ctf-produkt-ref\"><div class=\"pt-cv-ctf-value\">D9-DF16 Premium<\/div><\/div><\/div><\/div>\n<div class=\"pt-cv-content\">Syst\u00e8me de navigation 10,1 pouces pour VW Touran 2003-2011<br \/><div class=\"product-price-custom\"><span class=\"price-label\">\u00e0 partir de<\/span>&nbsp<span class=\"price-integer\">649<\/span><span class=\"price-decimal\">,00<\/span>&nbsp<span class=\"price-currency\">\u20ac<\/span><\/div><\/div><\/div><\/div><\/div>\n<div class=\"col-md-4 col-sm-6 col-xs-12 pt-cv-content-item pt-cv-1-col\"  data-pid=\"47444\"><div class='pt-cv-pinmas'><a href=\"https:\/\/www.dynavin.de\/fr\/produits\/produits\/carhifi\/systemes-de-navigation-pour-car-hifi\/navigationsgeraet-df17-pro-vw-touran\/\" class=\"_self pt-cv-href-thumbnail pt-cv-thumb-default cvplbd\" target=\"_self\" ><img width=\"300\" height=\"300\" src=\"https:\/\/www.dynavin.de\/wp-content\/uploads\/1669702902-D8-DF17-Pro-300X300.jpg\" class=\"pt-cv-thumbnail img-none noLightbox  no-lazyload skip-lazy wvs-attachment-image\" alt=\"Autoradio Android 10,1 pouces D9-DF17 Premium pour VW Touran 2003-2011\" data-xooWscFly=\"fly\" \/><\/a><div class=\"product_desc\">\n<div class=\"pt-cv-ctf-list\" data-cvc=\"1\"><div class=\"col-md-12 pt-cv-ctf-column\"><div class=\"pt-cv-custom-fields pt-cv-ctf-produkt-ref\"><div class=\"pt-cv-ctf-value\">D9-DF17 Premium<\/div><\/div><\/div><\/div>\n<div class=\"pt-cv-content\">Syst\u00e8me de navigation 10,1 pouces pour VW Touran 2003-2011<br \/><div class=\"product-price-custom\"><span class=\"price-label\">\u00e0 partir de<\/span>&nbsp<span class=\"price-integer\">649<\/span><span class=\"price-decimal\">,00<\/span>&nbsp<span class=\"price-currency\">\u20ac<\/span><\/div><\/div><\/div><\/div><\/div>\n<div class=\"col-md-2 col-sm-6 col-xs-12 pt-cv-content-item pt-cv-1-col\"  data-pid=\"44680\"><div class='pt-cv-pinmas'><a href=\"https:\/\/www.dynavin.de\/fr\/produits\/produits\/carhifi\/systemes-de-navigation-pour-car-hifi\/navigationsgeraet-333-flex-vw-t6-1-transporter\/\" class=\"_self pt-cv-href-thumbnail pt-cv-thumb-default cvplbd\" target=\"_self\" ><img width=\"300\" height=\"300\" src=\"https:\/\/www.dynavin.de\/wp-content\/uploads\/1711988196-D9-333-Flex-300X300.jpg\" class=\"pt-cv-thumbnail img-none noLightbox  no-lazyload skip-lazy wvs-attachment-image\" alt=\"Autoradio Android 9 pouces D9-333 Premium Flex pour VW T6.1 | Polo | Golf Sportsvan\" data-xooWscFly=\"fly\" \/><\/a><div class=\"product_desc\">\n<div class=\"pt-cv-ctf-list\" data-cvc=\"1\"><div class=\"col-md-12 pt-cv-ctf-column\"><div class=\"pt-cv-custom-fields pt-cv-ctf-produkt-ref\"><div class=\"pt-cv-ctf-value\">D9-333 Premium Flex<\/div><\/div><\/div><\/div>\n<div class=\"pt-cv-content\">Syst\u00e8me de navigation 9 pouces pour VW T6.1 | Polo | Golf Sportsvan<br \/><div class=\"product-price-custom\"><span class=\"price-label\">\u00e0 partir de<\/span>&nbsp<span class=\"price-integer\">299<\/span><span class=\"price-decimal\">,00<\/span>&nbsp<span class=\"price-currency\">\u20ac<\/span><\/div><\/div><\/div><\/div><\/div>\n<div class=\"col-md-2 col-sm-6 col-xs-12 pt-cv-content-item pt-cv-1-col\"  data-pid=\"47480\"><div class='pt-cv-pinmas'><a href=\"https:\/\/www.dynavin.de\/fr\/produits\/produits\/carhifi\/systemes-de-navigation-pour-car-hifi\/navigationsgeraet-333-pro-vw-t6-1-transporter\/\" class=\"_self pt-cv-href-thumbnail pt-cv-thumb-default cvplbd\" target=\"_self\" ><img width=\"300\" height=\"300\" src=\"https:\/\/www.dynavin.de\/wp-content\/uploads\/1669970658-D8-333-Pro-300X300.jpg\" class=\"pt-cv-thumbnail img-none noLightbox  no-lazyload skip-lazy wvs-attachment-image\" alt=\"Autoradio Android 9 pouces D9-333 Premium pour VW T6.1 | Polo | Golf Sportsvan\" data-xooWscFly=\"fly\" \/><\/a><div class=\"product_desc\">\n<div class=\"pt-cv-ctf-list\" data-cvc=\"1\"><div class=\"col-md-12 pt-cv-ctf-column\"><div class=\"pt-cv-custom-fields pt-cv-ctf-produkt-ref\"><div class=\"pt-cv-ctf-value\">D9-333 Premium<\/div><\/div><\/div><\/div>\n<div class=\"pt-cv-content\">Syst\u00e8me de navigation 9 pouces pour VW T6.1 | Polo | Golf Sportsvan<br \/><div class=\"product-price-custom\"><span class=\"price-label\">\u00e0 partir de<\/span>&nbsp<span class=\"price-integer\">649<\/span><span class=\"price-decimal\">,00<\/span>&nbsp<span class=\"price-currency\">\u20ac<\/span><\/div><\/div><\/div><\/div><\/div>\n<div class=\"col-md-2 col-sm-6 col-xs-12 pt-cv-content-item pt-cv-1-col\"  data-pid=\"115378\"><div class='pt-cv-pinmas'><a href=\"https:\/\/www.dynavin.de\/fr\/produits\/produits\/carhifi\/navigationssystem-v10w2-premium-flex-vw-t6-1-golf-sportsvan\/\" class=\"_self pt-cv-href-thumbnail pt-cv-thumb-default cvplbd\" target=\"_self\" ><img width=\"300\" height=\"300\" src=\"https:\/\/www.dynavin.de\/wp-content\/uploads\/1724814666-D9-V10W2-300X300-Flex.jpg\" class=\"pt-cv-thumbnail img-none noLightbox  no-lazyload skip-lazy wvs-attachment-image\" alt=\"Autoradio Android 10,1 pouces D9-V10W2 Premium Flex pour VW T6.1 | Golf Sportsvan\" data-xooWscFly=\"fly\" \/><\/a><div class=\"product_desc\">\n<div class=\"pt-cv-ctf-list\" data-cvc=\"1\"><div class=\"col-md-12 pt-cv-ctf-column\"><div class=\"pt-cv-custom-fields pt-cv-ctf-produkt-ref\"><div class=\"pt-cv-ctf-value\">D9-V10W2 Premium Flex<\/div><\/div><\/div><\/div>\n<div class=\"pt-cv-content\">Syst\u00e8me de navigation 10,1 pouces pour VW T6.1 | Golf Sportsvan<br \/><div class=\"product-price-custom\"><span class=\"price-label\">\u00e0 partir de<\/span>&nbsp<span class=\"price-integer\">349<\/span><span class=\"price-decimal\">,00<\/span>&nbsp<span class=\"price-currency\">\u20ac<\/span><\/div><\/div><\/div><\/div><\/div>\n<div class=\"col-md-2 col-sm-6 col-xs-12 pt-cv-content-item pt-cv-1-col\"  data-pid=\"115339\"><div class='pt-cv-pinmas'><a href=\"https:\/\/www.dynavin.de\/fr\/produits\/produits\/carhifi\/navigationssystem-v10w2-premium-vw-t6-1-golf-sportsvan\/\" class=\"_self pt-cv-href-thumbnail pt-cv-thumb-default cvplbd\" target=\"_self\" ><img width=\"300\" height=\"300\" src=\"https:\/\/www.dynavin.de\/wp-content\/uploads\/1724487100-D9-V10W2-300X300.jpg\" class=\"pt-cv-thumbnail img-none noLightbox  no-lazyload skip-lazy wvs-attachment-image\" alt=\"Autoradio Android 10,1 pouces D9-V10W2 Premium pour VW T6.1 | Golf Sportsvan\" data-xooWscFly=\"fly\" \/><\/a><div class=\"product_desc\">\n<div class=\"pt-cv-ctf-list\" data-cvc=\"1\"><div class=\"col-md-12 pt-cv-ctf-column\"><div class=\"pt-cv-custom-fields pt-cv-ctf-produkt-ref\"><div class=\"pt-cv-ctf-value\">D9-V10W2 Premium<\/div><\/div><\/div><\/div>\n<div class=\"pt-cv-content\">Syst\u00e8me de navigation 10,1 pouces pour VW T6.1 | Golf Sportsvan<br \/><div class=\"product-price-custom\"><span class=\"price-label\">\u00e0 partir de<\/span>&nbsp<span class=\"price-integer\">699<\/span><span class=\"price-decimal\">,00<\/span>&nbsp<span class=\"price-currency\">\u20ac<\/span><\/div><\/div><\/div><\/div><\/div>\n<div class=\"col-md-4 col-sm-6 col-xs-12 pt-cv-content-item pt-cv-1-col\"  data-pid=\"44706\"><div class='pt-cv-pinmas'><a href=\"https:\/\/www.dynavin.de\/fr\/produits\/produits\/carhifi\/systemes-de-navigation-pour-car-hifi\/navigationsgeraet-t6-flex-vw-t6\/\" class=\"_self pt-cv-href-thumbnail pt-cv-thumb-default cvplbd\" target=\"_self\" ><img width=\"300\" height=\"300\" src=\"https:\/\/www.dynavin.de\/wp-content\/uploads\/1711987162-D9-T6-Flex-300X300.jpg\" class=\"pt-cv-thumbnail img-none noLightbox  no-lazyload skip-lazy wvs-attachment-image\" alt=\"Autoradio Android 9 pouces D9-T6 Premium Flex pour VW T6\" data-xooWscFly=\"fly\" \/><\/a><div class=\"product_desc\">\n<div class=\"pt-cv-ctf-list\" data-cvc=\"1\"><div class=\"col-md-12 pt-cv-ctf-column\"><div class=\"pt-cv-custom-fields pt-cv-ctf-produkt-ref\"><div class=\"pt-cv-ctf-value\">D9-T6 Premium Flex<\/div><\/div><\/div><\/div>\n<div class=\"pt-cv-content\">Syst\u00e8me de navigation 9 pouces pour VW T6<br \/><div class=\"product-price-custom\"><span class=\"price-label\">\u00e0 partir de<\/span>&nbsp<span class=\"price-integer\">299<\/span><span class=\"price-decimal\">,00<\/span>&nbsp<span class=\"price-currency\">\u20ac<\/span><\/div><\/div><\/div><\/div><\/div>\n<div class=\"col-md-2 col-sm-6 col-xs-12 pt-cv-content-item pt-cv-1-col\"  data-pid=\"47489\"><div class='pt-cv-pinmas'><a href=\"https:\/\/www.dynavin.de\/fr\/produits\/produits\/carhifi\/systemes-de-navigation-pour-car-hifi\/navigationsgeraet-t6-pro-vw-t6\/\" class=\"_self pt-cv-href-thumbnail pt-cv-thumb-default cvplbd\" target=\"_self\" ><img width=\"300\" height=\"300\" src=\"https:\/\/www.dynavin.de\/wp-content\/uploads\/1669719840-D8-T6-Pro-300X300.jpg\" class=\"pt-cv-thumbnail img-none noLightbox  no-lazyload skip-lazy wvs-attachment-image\" alt=\"Autoradio Android 9 pouces D9-T6 Premium pour VW T6\" data-xooWscFly=\"fly\" \/><\/a><div class=\"product_desc\">\n<div class=\"pt-cv-ctf-list\" data-cvc=\"1\"><div class=\"col-md-12 pt-cv-ctf-column\"><div class=\"pt-cv-custom-fields pt-cv-ctf-produkt-ref\"><div class=\"pt-cv-ctf-value\">D9-T6 Premium<\/div><\/div><\/div><\/div>\n<div class=\"pt-cv-content\">Syst\u00e8me de navigation 9 pouces pour Volkswagen T6<br \/><div class=\"product-price-custom\"><span class=\"price-label\">\u00e0 partir de<\/span>&nbsp<span class=\"price-integer\">649<\/span><span class=\"price-decimal\">,00<\/span>&nbsp<span class=\"price-currency\">\u20ac<\/span><\/div><\/div><\/div><\/div><\/div>\n<div class=\"col-md-2 col-sm-6 col-xs-12 pt-cv-content-item pt-cv-1-col\"  data-pid=\"111081\"><div class='pt-cv-pinmas'><a href=\"https:\/\/www.dynavin.de\/fr\/produits\/produits\/carhifi\/systemes-de-navigation-pour-car-hifi\/navigationssystem-v9w-premium-flex-vw-golf-6-golf-5-plus-tiguan\/\" class=\"_self pt-cv-href-thumbnail pt-cv-thumb-default cvplbd\" target=\"_self\" ><img width=\"300\" height=\"300\" src=\"https:\/\/www.dynavin.de\/wp-content\/uploads\/1721092991-V9W-in-Caddy-300X300-Flex.jpg\" class=\"pt-cv-thumbnail img-none noLightbox  no-lazyload skip-lazy wvs-attachment-image\" alt=\"Autoradio Android 9 pouces D9-V9W Premium Flex pour VW Caddy, Golf 5 Plus, Golf 6\" data-xooWscFly=\"fly\" \/><\/a><div class=\"product_desc\">\n<div class=\"pt-cv-ctf-list\" data-cvc=\"1\"><div class=\"col-md-12 pt-cv-ctf-column\"><div class=\"pt-cv-custom-fields pt-cv-ctf-produkt-ref\"><div class=\"pt-cv-ctf-value\">D9-V9W Premium Flex<\/div><\/div><\/div><\/div>\n<div class=\"pt-cv-content\">Syst\u00e8me de navigation 9 pouces pour VW Caddy, Golf 5 Plus, Golf 6<br \/><div class=\"product-price-custom\"><span class=\"price-label\">\u00e0 partir de<\/span>&nbsp<span class=\"price-integer\">349<\/span><span class=\"price-decimal\">,00<\/span>&nbsp<span class=\"price-currency\">\u20ac<\/span><\/div><\/div><\/div><\/div><\/div>\n<div class=\"col-md-2 col-sm-6 col-xs-12 pt-cv-content-item pt-cv-1-col\"  data-pid=\"111038\"><div class='pt-cv-pinmas'><a href=\"https:\/\/www.dynavin.de\/fr\/produits\/produits\/carhifi\/navigationssystem-v9w-premium-vw-golf-6-golf-5-plus-tiguan\/\" class=\"_self pt-cv-href-thumbnail pt-cv-thumb-default cvplbd\" target=\"_self\" ><img width=\"300\" height=\"300\" src=\"https:\/\/www.dynavin.de\/wp-content\/uploads\/1721093220-V9W-in-Caddy-300X300.jpg\" class=\"pt-cv-thumbnail img-none noLightbox  no-lazyload skip-lazy wvs-attachment-image\" alt=\"Autoradio Android 9 pouces D9-V9W Premium pour VW Caddy, Golf 5 Plus, Golf 6\" data-xooWscFly=\"fly\" \/><\/a><div class=\"product_desc\">\n<div class=\"pt-cv-ctf-list\" data-cvc=\"1\"><div class=\"col-md-12 pt-cv-ctf-column\"><div class=\"pt-cv-custom-fields pt-cv-ctf-produkt-ref\"><div class=\"pt-cv-ctf-value\">D9-V9W Premium<\/div><\/div><\/div><\/div>\n<div class=\"pt-cv-content\">Syst\u00e8me de navigation 9 pouces pour VW Caddy, Golf 5 Plus, Golf 6<br \/><div class=\"product-price-custom\"><span class=\"price-label\">\u00e0 partir de<\/span>&nbsp<span class=\"price-integer\">699<\/span><span class=\"price-decimal\">,00<\/span>&nbsp<span class=\"price-currency\">\u20ac<\/span><\/div><\/div><\/div><\/div><\/div>\n<div class=\"col-md-2 col-sm-6 col-xs-12 pt-cv-content-item pt-cv-1-col\"  data-pid=\"110234\"><div class='pt-cv-pinmas'><a href=\"https:\/\/www.dynavin.de\/fr\/produits\/produits\/carhifi\/systemes-de-navigation-pour-car-hifi\/navigationssystem-v10w-flex-vw\/\" class=\"_self pt-cv-href-thumbnail pt-cv-thumb-default cvplbd\" target=\"_self\" ><img width=\"300\" height=\"300\" src=\"https:\/\/www.dynavin.de\/wp-content\/uploads\/1718335295-D9-V10W-in-T6-300X300-Flex.jpg\" class=\"pt-cv-thumbnail img-none noLightbox  no-lazyload skip-lazy wvs-attachment-image\" alt=\"Autoradio Android 10,1 pouces D9-V10W Premium Flex pour VW | Skoda | Seat\" data-xooWscFly=\"fly\" \/><\/a><div class=\"product_desc\">\n<div class=\"pt-cv-ctf-list\" data-cvc=\"1\"><div class=\"col-md-12 pt-cv-ctf-column\"><div class=\"pt-cv-custom-fields pt-cv-ctf-produkt-ref\"><div class=\"pt-cv-ctf-value\">D9-V10W Premium Flex<\/div><\/div><\/div><\/div>\n<div class=\"pt-cv-content\">Syst\u00e8me de navigation 10,1 pouces pour VW, Skoda, Seat<br \/><div class=\"product-price-custom\"><span class=\"price-label\">\u00e0 partir de<\/span>&nbsp<span class=\"price-integer\">349<\/span><span class=\"price-decimal\">,00<\/span>&nbsp<span class=\"price-currency\">\u20ac<\/span><\/div><\/div><\/div><\/div><\/div>\n<div class=\"col-md-4 col-sm-6 col-xs-12 pt-cv-content-item pt-cv-1-col\"  data-pid=\"110362\"><div class='pt-cv-pinmas'><a href=\"https:\/\/www.dynavin.de\/fr\/produits\/produits\/carhifi\/navigationssystem-v10w-premium-vw\/\" class=\"_self pt-cv-href-thumbnail pt-cv-thumb-default cvplbd\" target=\"_self\" ><img width=\"300\" height=\"300\" src=\"https:\/\/www.dynavin.de\/wp-content\/uploads\/1718420278-D9-V10W-in-T6-300X300.jpg\" class=\"pt-cv-thumbnail img-none noLightbox  no-lazyload skip-lazy wvs-attachment-image\" alt=\"Autoradio Android 10,1 pouces D9-V10W Premium pour VW | Skoda | Seat\" data-xooWscFly=\"fly\" \/><\/a><div class=\"product_desc\">\n<div class=\"pt-cv-ctf-list\" data-cvc=\"1\"><div class=\"col-md-12 pt-cv-ctf-column\"><div class=\"pt-cv-custom-fields pt-cv-ctf-produkt-ref\"><div class=\"pt-cv-ctf-value\">D9-V10W Premium<\/div><\/div><\/div><\/div>\n<div class=\"pt-cv-content\">Syst\u00e8me de navigation 10,1 pouces pour VW, Skoda, Seat<br \/><div class=\"product-price-custom\"><span class=\"price-label\">\u00e0 partir de<\/span>&nbsp<span class=\"price-integer\">699<\/span><span class=\"price-decimal\">,00<\/span>&nbsp<span class=\"price-currency\">\u20ac<\/span><\/div><\/div><\/div><\/div><\/div>\n<div class=\"col-md-2 col-sm-6 col-xs-12 pt-cv-content-item pt-cv-1-col\"  data-pid=\"65938\"><div class='pt-cv-pinmas'><a href=\"https:\/\/www.dynavin.de\/fr\/produits\/produits\/carhifi\/systemes-de-navigation-pour-car-hifi\/navigationsgeraet-t5-flex-vw-t5\/\" class=\"_self pt-cv-href-thumbnail pt-cv-thumb-default cvplbd\" target=\"_self\" ><img width=\"300\" height=\"300\" src=\"https:\/\/www.dynavin.de\/wp-content\/uploads\/1711986450-D9-T5-Flex-300X300.jpg\" class=\"pt-cv-thumbnail img-none noLightbox  no-lazyload skip-lazy wvs-attachment-image\" alt=\"Autoradio Android 9 pouces D9-T5 Premium Flex pour VW T5 Multivan \/ T5 California\" data-xooWscFly=\"fly\" \/><\/a><div class=\"product_desc\">\n<div class=\"pt-cv-ctf-list\" data-cvc=\"1\"><div class=\"col-md-12 pt-cv-ctf-column\"><div class=\"pt-cv-custom-fields pt-cv-ctf-produkt-ref\"><div class=\"pt-cv-ctf-value\">D9-T5 Premium Flex<\/div><\/div><\/div><\/div>\n<div class=\"pt-cv-content\">Syst\u00e8me de navigation 9 pouces pour Volkswagen\u00a0T5 Multivan \/ T5 California<br \/><div class=\"product-price-custom\"><span class=\"price-label\">\u00e0 partir de<\/span>&nbsp<span class=\"price-integer\">299<\/span><span class=\"price-decimal\">,00<\/span>&nbsp<span class=\"price-currency\">\u20ac<\/span><\/div><\/div><\/div><\/div><\/div>\n<div class=\"col-md-2 col-sm-6 col-xs-12 pt-cv-content-item pt-cv-1-col\"  data-pid=\"65613\"><div class='pt-cv-pinmas'><a href=\"https:\/\/www.dynavin.de\/fr\/produits\/produits\/carhifi\/systemes-de-navigation-pour-car-hifi\/navigationsgeraet-t5-pro-vw-t5\/\" class=\"_self pt-cv-href-thumbnail pt-cv-thumb-default cvplbd\" target=\"_self\" ><img width=\"300\" height=\"300\" src=\"https:\/\/www.dynavin.de\/wp-content\/uploads\/1669791207-D8-T5-Pro-300X3002.jpg\" class=\"pt-cv-thumbnail img-none noLightbox  no-lazyload skip-lazy wvs-attachment-image\" alt=\"Autoradio Android 9 pouces D9-T5 Premium pour VW T5 Multivan \/ T5 California\" data-xooWscFly=\"fly\" \/><\/a><div class=\"product_desc\">\n<div class=\"pt-cv-ctf-list\" data-cvc=\"1\"><div class=\"col-md-12 pt-cv-ctf-column\"><div class=\"pt-cv-custom-fields pt-cv-ctf-produkt-ref\"><div class=\"pt-cv-ctf-value\">D9-T5 Premium<\/div><\/div><\/div><\/div>\n<div class=\"pt-cv-content\">Syst\u00e8me de navigation 9 pouces pour Volkswagen\u00a0T5 Multivan \/ T5 California<br \/><div class=\"product-price-custom\"><span class=\"price-label\">\u00e0 partir de<\/span>&nbsp<span class=\"price-integer\">649<\/span><span class=\"price-decimal\">,00<\/span>&nbsp<span class=\"price-currency\">\u20ac<\/span><\/div><\/div><\/div><\/div><\/div>\n<div class=\"col-md-2 col-sm-6 col-xs-12 pt-cv-content-item pt-cv-1-col\"  data-pid=\"45270\"><div class='pt-cv-pinmas'><a href=\"https:\/\/www.dynavin.de\/fr\/produits\/produits\/carhifi\/systemes-de-navigation-pour-car-hifi\/navigationsgeraet-df56-flex-vw-sharan\/\" class=\"_self pt-cv-href-thumbnail pt-cv-thumb-default cvplbd\" target=\"_self\" ><img width=\"300\" height=\"300\" src=\"https:\/\/www.dynavin.de\/wp-content\/uploads\/1712013640-D9-DF56-Flex-300X300.jpg\" class=\"pt-cv-thumbnail img-none noLightbox  no-lazyload skip-lazy wvs-attachment-image\" alt=\"Autoradio Android 9 pouces D9-DF56 Premium Flex pour VW Sharan Seat Alhambra \u00e0 partir de 2010\" data-xooWscFly=\"fly\" \/><\/a><div class=\"product_desc\">\n<div class=\"pt-cv-ctf-list\" data-cvc=\"1\"><div class=\"col-md-12 pt-cv-ctf-column\"><div class=\"pt-cv-custom-fields pt-cv-ctf-produkt-ref\"><div class=\"pt-cv-ctf-value\">D9-DF56 Premium Flex<\/div><\/div><\/div><\/div>\n<div class=\"pt-cv-content\">Syst\u00e8me de navigation 9 pouces pour Sharan Seat Alhambra \u00e0 partir de 2010<br \/><div class=\"product-price-custom\"><span class=\"price-label\">\u00e0 partir de<\/span>&nbsp<span class=\"price-integer\">299<\/span><span class=\"price-decimal\">,00<\/span>&nbsp<span class=\"price-currency\">\u20ac<\/span><\/div><\/div><\/div><\/div><\/div>\n<div class=\"col-md-2 col-sm-6 col-xs-12 pt-cv-content-item pt-cv-1-col\"  data-pid=\"47631\"><div class='pt-cv-pinmas'><a href=\"https:\/\/www.dynavin.de\/fr\/produits\/produits\/carhifi\/systemes-de-navigation-pour-car-hifi\/navigationsgeraet-df56-pro-vw-sharan\/\" class=\"_self pt-cv-href-thumbnail pt-cv-thumb-default cvplbd\" target=\"_self\" ><img width=\"300\" height=\"300\" src=\"https:\/\/www.dynavin.de\/wp-content\/uploads\/1669777741-D8-DF56-Pro-300X300.jpg\" class=\"pt-cv-thumbnail img-none noLightbox  no-lazyload skip-lazy wvs-attachment-image\" alt=\"Autoradio Android 9 pouces D9-DF56 Premium pour VW Sharan Seat Alhambra \u00e0 partir de 2010\" data-xooWscFly=\"fly\" \/><\/a><div class=\"product_desc\">\n<div class=\"pt-cv-ctf-list\" data-cvc=\"1\"><div class=\"col-md-12 pt-cv-ctf-column\"><div class=\"pt-cv-custom-fields pt-cv-ctf-produkt-ref\"><div class=\"pt-cv-ctf-value\">D9-DF56 Premium<\/div><\/div><\/div><\/div>\n<div class=\"pt-cv-content\">Syst\u00e8me de navigation 9 pouces pour Sharan Seat Alhambra \u00e0 partir de 2010<br \/><div class=\"product-price-custom\"><span class=\"price-label\">\u00e0 partir de<\/span>&nbsp<span class=\"price-integer\">649<\/span><span class=\"price-decimal\">,00<\/span>&nbsp<span class=\"price-currency\">\u20ac<\/span><\/div><\/div><\/div><\/div><\/div>\n<div class=\"col-md-4 col-sm-6 col-xs-12 pt-cv-content-item pt-cv-1-col\"  data-pid=\"64600\"><div class='pt-cv-pinmas'><a href=\"https:\/\/www.dynavin.de\/fr\/produits\/produits\/carhifi\/systemes-de-navigation-pour-car-hifi\/navigationsgeraet-36-flex-vw-beetle\/\" class=\"_self pt-cv-href-thumbnail pt-cv-thumb-default cvplbd\" target=\"_self\" ><img width=\"300\" height=\"300\" src=\"https:\/\/www.dynavin.de\/wp-content\/uploads\/1712099947-D9-36-Flex-300X300.jpg\" class=\"pt-cv-thumbnail img-none noLightbox  no-lazyload skip-lazy wvs-attachment-image\" alt=\"Autoradio Android 9 pouces D9-36 Premium Flex pour VW Beetle 2012-2018\" data-xooWscFly=\"fly\" \/><\/a><div class=\"product_desc\">\n<div class=\"pt-cv-ctf-list\" data-cvc=\"1\"><div class=\"col-md-12 pt-cv-ctf-column\"><div class=\"pt-cv-custom-fields pt-cv-ctf-produkt-ref\"><div class=\"pt-cv-ctf-value\">D9-36 Premium Flex<\/div><\/div><\/div><\/div>\n<div class=\"pt-cv-content\">Syst\u00e8me de navigation 9 pouces pour VW Beetle 2012-2018<br \/><div class=\"product-price-custom\"><span class=\"price-label\">\u00e0 partir de<\/span>&nbsp<span class=\"price-integer\">299<\/span><span class=\"price-decimal\">,00<\/span>&nbsp<span class=\"price-currency\">\u20ac<\/span><\/div><\/div><\/div><\/div><\/div>\n<div class=\"col-md-2 col-sm-6 col-xs-12 pt-cv-content-item pt-cv-1-col\"  data-pid=\"47788\"><div class='pt-cv-pinmas'><a href=\"https:\/\/www.dynavin.de\/fr\/produits\/produits\/carhifi\/systemes-de-navigation-pour-car-hifi\/navigationsgeraet-36-pro-vw-beetle\/\" class=\"_self pt-cv-href-thumbnail pt-cv-thumb-default cvplbd\" target=\"_self\" ><img width=\"300\" height=\"300\" src=\"https:\/\/www.dynavin.de\/wp-content\/uploads\/1669778974-D8-36-Pro-300X300.jpg\" class=\"pt-cv-thumbnail img-none noLightbox  no-lazyload skip-lazy wvs-attachment-image\" alt=\"Autoradio Android 9 pouces D9-36 Premium pour VW Beetle 2012-2018\" data-xooWscFly=\"fly\" \/><\/a><div class=\"product_desc\">\n<div class=\"pt-cv-ctf-list\" data-cvc=\"1\"><div class=\"col-md-12 pt-cv-ctf-column\"><div class=\"pt-cv-custom-fields pt-cv-ctf-produkt-ref\"><div class=\"pt-cv-ctf-value\">D9-36 Premium<\/div><\/div><\/div><\/div>\n<div class=\"pt-cv-content\">Syst\u00e8me de navigation 9 pouces pour VW Beetle 2012-2018<br \/><div class=\"product-price-custom\"><span class=\"price-label\">\u00e0 partir de<\/span>&nbsp<span class=\"price-integer\">649<\/span><span class=\"price-decimal\">,00<\/span>&nbsp<span class=\"price-currency\">\u20ac<\/span><\/div><\/div><\/div><\/div><\/div>\n<div class=\"col-md-2 col-sm-6 col-xs-12 pt-cv-content-item pt-cv-1-col\"  data-pid=\"110528\"><div class='pt-cv-pinmas'><a href=\"https:\/\/www.dynavin.de\/fr\/produits\/produits\/carhifi\/navigationssystem-ca-premium-flex-vw-crafter\/\" class=\"_self pt-cv-href-thumbnail pt-cv-thumb-default cvplbd\" target=\"_self\" ><img width=\"300\" height=\"300\" src=\"https:\/\/www.dynavin.de\/wp-content\/uploads\/1718672956-D9-CA-Premium-Flex-300X300.jpg\" class=\"pt-cv-thumbnail img-none noLightbox  no-lazyload skip-lazy wvs-attachment-image\" alt=\"Autoradio Android 10,1 pouces D9-CA Premium Flex pour VW Crafter \u00e0 partir de 2017\" data-xooWscFly=\"fly\" \/><\/a><div class=\"product_desc\">\n<div class=\"pt-cv-ctf-list\" data-cvc=\"1\"><div class=\"col-md-12 pt-cv-ctf-column\"><div class=\"pt-cv-custom-fields pt-cv-ctf-produkt-ref\"><div class=\"pt-cv-ctf-value\">D9-CA Premium Flex<\/div><\/div><\/div><\/div>\n<div class=\"pt-cv-content\">Syst\u00e8me de navigation 10,1 pouces pour VW Crafter \u00e0 partir de 2017<br \/><div class=\"product-price-custom\"><span class=\"price-label\">\u00e0 partir de<\/span>&nbsp<span class=\"price-integer\">299<\/span><span class=\"price-decimal\">,00<\/span>&nbsp<span class=\"price-currency\">\u20ac<\/span><\/div><\/div><\/div><\/div><\/div>\n<div class=\"col-md-2 col-sm-6 col-xs-12 pt-cv-content-item pt-cv-1-col\"  data-pid=\"47684\"><div class='pt-cv-pinmas'><a href=\"https:\/\/www.dynavin.de\/fr\/produits\/produits\/carhifi\/systemes-de-navigation-pour-car-hifi\/navigationsgeraet-ca-pro-vw-crafter\/\" class=\"_self pt-cv-href-thumbnail pt-cv-thumb-default cvplbd\" target=\"_self\" ><img width=\"300\" height=\"300\" src=\"https:\/\/www.dynavin.de\/wp-content\/uploads\/1718674418-D9-CA-Premium-300X300.jpg\" class=\"pt-cv-thumbnail img-none noLightbox  no-lazyload skip-lazy wvs-attachment-image\" alt=\"Autoradio Android 10,1 pouces D9-CA Premium pour VW Crafter \u00e0 partir de 2017\" data-xooWscFly=\"fly\" \/><\/a><div class=\"product_desc\">\n<div class=\"pt-cv-ctf-list\" data-cvc=\"1\"><div class=\"col-md-12 pt-cv-ctf-column\"><div class=\"pt-cv-custom-fields pt-cv-ctf-produkt-ref\"><div class=\"pt-cv-ctf-value\">D9-CA Premium<\/div><\/div><\/div><\/div>\n<div class=\"pt-cv-content\">Syst\u00e8me de navigation 10,1 pouces pour VW Crafter \u00e0 partir de 2017<br \/><div class=\"product-price-custom\"><span class=\"price-label\">\u00e0 partir de<\/span>&nbsp<span class=\"price-integer\">649<\/span><span class=\"price-decimal\">,00<\/span>&nbsp<span class=\"price-currency\">\u20ac<\/span><\/div><\/div><\/div><\/div><\/div>\n<div class=\"col-md-2 col-sm-6 col-xs-12 pt-cv-content-item pt-cv-1-col\"  data-pid=\"44461\"><div class='pt-cv-pinmas'><a href=\"https:\/\/www.dynavin.de\/fr\/produits\/produits\/carhifi\/systemes-de-navigation-pour-car-hifi\/navigationsgeraet-7-flex-skoda-octavia-3\/\" class=\"_self pt-cv-href-thumbnail pt-cv-thumb-default cvplbd\" target=\"_self\" ><img width=\"300\" height=\"300\" src=\"https:\/\/www.dynavin.de\/wp-content\/uploads\/1712099961-D9-7-Flex-300X300.jpg\" class=\"pt-cv-thumbnail img-none noLightbox  no-lazyload skip-lazy wvs-attachment-image\" alt=\"Autoradio Android 10,1 pouces D9-7 Premium Flex pour Skoda Octavia III \u00e0 partir de 2013\" data-xooWscFly=\"fly\" \/><\/a><div class=\"product_desc\">\n<div class=\"pt-cv-ctf-list\" data-cvc=\"1\"><div class=\"col-md-12 pt-cv-ctf-column\"><div class=\"pt-cv-custom-fields pt-cv-ctf-produkt-ref\"><div class=\"pt-cv-ctf-value\">D9-7 Premium Flex<\/div><\/div><\/div><\/div>\n<div class=\"pt-cv-content\">Syst\u00e8me de navigation 10,1 pouces pour Skoda Octavia III \u00e0 partir de 2013<br \/><div class=\"product-price-custom\"><span class=\"price-label\">\u00e0 partir de<\/span>&nbsp<span class=\"price-integer\">299<\/span><span class=\"price-decimal\">,00<\/span>&nbsp<span class=\"price-currency\">\u20ac<\/span><\/div><\/div><\/div><\/div><\/div>\n<div class=\"col-md-4 col-sm-6 col-xs-12 pt-cv-content-item pt-cv-1-col\"  data-pid=\"47799\"><div class='pt-cv-pinmas'><a href=\"https:\/\/www.dynavin.de\/fr\/produits\/produits\/carhifi\/systemes-de-navigation-pour-car-hifi\/navigationsgeraet-7-pro-skoda-octavia-3\/\" class=\"_self pt-cv-href-thumbnail pt-cv-thumb-default cvplbd\" target=\"_self\" ><img width=\"300\" height=\"300\" src=\"https:\/\/www.dynavin.de\/wp-content\/uploads\/1669967195-D8-7-Pro-300X300.jpg\" class=\"pt-cv-thumbnail img-none noLightbox  no-lazyload skip-lazy wvs-attachment-image\" alt=\"Autoradio Android 10,1 pouces D9-7 Premium pour Skoda Octavia III \u00e0 partir de 2013\" data-xooWscFly=\"fly\" \/><\/a><div class=\"product_desc\">\n<div class=\"pt-cv-ctf-list\" data-cvc=\"1\"><div class=\"col-md-12 pt-cv-ctf-column\"><div class=\"pt-cv-custom-fields pt-cv-ctf-produkt-ref\"><div class=\"pt-cv-ctf-value\">D9-7 Premium<\/div><\/div><\/div><\/div>\n<div class=\"pt-cv-content\">Syst\u00e8me de navigation 10,1 pouces pour Skoda Octavia III \u00e0 partir de 2013<br \/><div class=\"product-price-custom\"><span class=\"price-label\">\u00e0 partir de<\/span>&nbsp<span class=\"price-integer\">649<\/span><span class=\"price-decimal\">,00<\/span>&nbsp<span class=\"price-currency\">\u20ac<\/span><\/div><\/div><\/div><\/div><\/div>\n<div class=\"col-md-2 col-sm-6 col-xs-12 pt-cv-content-item pt-cv-1-col\"  data-pid=\"44904\"><div class='pt-cv-pinmas'><a href=\"https:\/\/www.dynavin.de\/fr\/produits\/produits\/carhifi\/systemes-de-navigation-pour-car-hifi\/navigationsgeraet-df63-flex-skoda-octavia\/\" class=\"_self pt-cv-href-thumbnail pt-cv-thumb-default cvplbd\" target=\"_self\" ><img width=\"300\" height=\"300\" src=\"https:\/\/www.dynavin.de\/wp-content\/uploads\/1742956466-D9-DF63-Flex-300X300.jpg\" class=\"pt-cv-thumbnail img-none noLightbox  no-lazyload skip-lazy wvs-attachment-image\" alt=\"Autoradio Android 10,1 pouces D9-DF63 Premium Flex pour Skoda Octavia II 2004-2013\" data-xooWscFly=\"fly\" \/><\/a><div class=\"product_desc\">\n<div class=\"pt-cv-ctf-list\" data-cvc=\"1\"><div class=\"col-md-12 pt-cv-ctf-column\"><div class=\"pt-cv-custom-fields pt-cv-ctf-produkt-ref\"><div class=\"pt-cv-ctf-value\">D9-DF63 Premium Flex<\/div><\/div><\/div><\/div>\n<div class=\"pt-cv-content\">Syst\u00e8me de navigation 10,1 pouces pour Skoda Octavia II 2004-2013<br \/><div class=\"product-price-custom\"><span class=\"price-label\">\u00e0 partir de<\/span>&nbsp<span class=\"price-integer\">299<\/span><span class=\"price-decimal\">,00<\/span>&nbsp<span class=\"price-currency\">\u20ac<\/span><\/div><\/div><\/div><\/div><\/div>\n<div class=\"col-md-2 col-sm-6 col-xs-12 pt-cv-content-item pt-cv-1-col\"  data-pid=\"44344\"><div class='pt-cv-pinmas'><a href=\"https:\/\/www.dynavin.de\/fr\/produits\/produits\/carhifi\/systemes-de-navigation-pour-car-hifi\/navigationsgeraet-37-flex-skoda-superb\/\" class=\"_self pt-cv-href-thumbnail pt-cv-thumb-default cvplbd\" target=\"_self\" ><img width=\"300\" height=\"300\" src=\"https:\/\/www.dynavin.de\/wp-content\/uploads\/1712100032-D9-37-Flex-300X300.jpg\" class=\"pt-cv-thumbnail img-none noLightbox  no-lazyload skip-lazy wvs-attachment-image\" alt=\"Autoradio Android 10,1 pouces D9-37 Premium Flex pour Skoda Superb 2015-2018\" data-xooWscFly=\"fly\" \/><\/a><div class=\"product_desc\">\n<div class=\"pt-cv-ctf-list\" data-cvc=\"1\"><div class=\"col-md-12 pt-cv-ctf-column\"><div class=\"pt-cv-custom-fields pt-cv-ctf-produkt-ref\"><div class=\"pt-cv-ctf-value\">D9-37 Premium Flex<\/div><\/div><\/div><\/div>\n<div class=\"pt-cv-content\">Syst\u00e8me de navigation 10,1 pouces pour Skoda Superb 2015-2018<br \/><div class=\"product-price-custom\"><span class=\"price-label\">\u00e0 partir de<\/span>&nbsp<span class=\"price-integer\">299<\/span><span class=\"price-decimal\">,00<\/span>&nbsp<span class=\"price-currency\">\u20ac<\/span><\/div><\/div><\/div><\/div><\/div>\n<div class=\"col-md-2 col-sm-6 col-xs-12 pt-cv-content-item pt-cv-1-col\"  data-pid=\"47821\"><div class='pt-cv-pinmas'><a href=\"https:\/\/www.dynavin.de\/fr\/produits\/produits\/carhifi\/systemes-de-navigation-pour-car-hifi\/navigationsgeraet-37-pro-skoda-superb\/\" class=\"_self pt-cv-href-thumbnail pt-cv-thumb-default cvplbd\" target=\"_self\" ><img width=\"300\" height=\"300\" src=\"https:\/\/www.dynavin.de\/wp-content\/uploads\/1669966593-D8-37-Pro-300X300.jpg\" class=\"pt-cv-thumbnail img-none noLightbox  no-lazyload skip-lazy wvs-attachment-image\" alt=\"Autoradio Android 10,1 pouces D9-37 Premium pour Skoda Superb 2015-2018\" data-xooWscFly=\"fly\" \/><\/a><div class=\"product_desc\">\n<div class=\"pt-cv-ctf-list\" data-cvc=\"1\"><div class=\"col-md-12 pt-cv-ctf-column\"><div class=\"pt-cv-custom-fields pt-cv-ctf-produkt-ref\"><div class=\"pt-cv-ctf-value\">D9-37 Premium<\/div><\/div><\/div><\/div>\n<div class=\"pt-cv-content\">10,1 pouces Syst\u00e8me de navigation pour Skoda Superb 2015-2018<br \/><div class=\"product-price-custom\"><span class=\"price-label\">\u00e0 partir de<\/span>&nbsp<span class=\"price-integer\">649<\/span><span class=\"price-decimal\">,00<\/span>&nbsp<span class=\"price-currency\">\u20ac<\/span><\/div><\/div><\/div><\/div><\/div>\n<div class=\"col-md-2 col-sm-6 col-xs-12 pt-cv-content-item pt-cv-1-col\"  data-pid=\"44879\"><div class='pt-cv-pinmas'><a href=\"https:\/\/www.dynavin.de\/fr\/produits\/produits\/carhifi\/systemes-de-navigation-pour-car-hifi\/navigationssystem-70-flex-skoda-superb\/\" class=\"_self pt-cv-href-thumbnail pt-cv-thumb-default cvplbd\" target=\"_self\" ><img width=\"300\" height=\"300\" src=\"https:\/\/www.dynavin.de\/wp-content\/uploads\/1712101689-D9-70-Flex-300X300.jpg\" class=\"pt-cv-thumbnail img-none noLightbox  no-lazyload skip-lazy wvs-attachment-image\" alt=\"Autoradio Android 10,1 pouces D9-70 Premium Flex pour Skoda Superb 2008-2016\" data-xooWscFly=\"fly\" \/><\/a><div class=\"product_desc\">\n<div class=\"pt-cv-ctf-list\" data-cvc=\"1\"><div class=\"col-md-12 pt-cv-ctf-column\"><div class=\"pt-cv-custom-fields pt-cv-ctf-produkt-ref\"><div class=\"pt-cv-ctf-value\">D9-70 Premium Flex<\/div><\/div><\/div><\/div>\n<div class=\"pt-cv-content\">Syst\u00e8me de navigation 10,1 pouces pour Skoda Superb 2008-2016<br \/><div class=\"product-price-custom\"><span class=\"price-label\">\u00e0 partir de<\/span>&nbsp<span class=\"price-integer\">299<\/span><span class=\"price-decimal\">,00<\/span>&nbsp<span class=\"price-currency\">\u20ac<\/span><\/div><\/div><\/div><\/div><\/div>\n<div class=\"col-md-4 col-sm-6 col-xs-12 pt-cv-content-item pt-cv-1-col\"  data-pid=\"47829\"><div class='pt-cv-pinmas'><a href=\"https:\/\/www.dynavin.de\/fr\/produits\/produits\/carhifi\/systemes-de-navigation-pour-car-hifi\/navigationssystem-70-pro-skoda-superb\/\" class=\"_self pt-cv-href-thumbnail pt-cv-thumb-default cvplbd\" target=\"_self\" ><img width=\"300\" height=\"300\" src=\"https:\/\/www.dynavin.de\/wp-content\/uploads\/1669780088-D8-70-Pro-300X300.jpg\" class=\"pt-cv-thumbnail img-none noLightbox  no-lazyload skip-lazy wvs-attachment-image\" alt=\"Autoradio Android 10,1 pouces D9-70 Premium pour Skoda Superb 2008-2016\" data-xooWscFly=\"fly\" \/><\/a><div class=\"product_desc\">\n<div class=\"pt-cv-ctf-list\" data-cvc=\"1\"><div class=\"col-md-12 pt-cv-ctf-column\"><div class=\"pt-cv-custom-fields pt-cv-ctf-produkt-ref\"><div class=\"pt-cv-ctf-value\">D9-70 Premium<\/div><\/div><\/div><\/div>\n<div class=\"pt-cv-content\">Syst\u00e8me de navigation 10,1 pouces pour Skoda Superb 2008-2016<br \/><div class=\"product-price-custom\"><span class=\"price-label\">\u00e0 partir de<\/span>&nbsp<span class=\"price-integer\">649<\/span><span class=\"price-decimal\">,00<\/span>&nbsp<span class=\"price-currency\">\u20ac<\/span><\/div><\/div><\/div><\/div><\/div>\n<div class=\"col-md-2 col-sm-6 col-xs-12 pt-cv-content-item pt-cv-1-col\"  data-pid=\"44907\"><div class='pt-cv-pinmas'><a href=\"https:\/\/www.dynavin.de\/fr\/produits\/produits\/carhifi\/systemes-de-navigation-pour-car-hifi\/navigationsgeraet-151-flex-skoda-yeti\/\" class=\"_self pt-cv-href-thumbnail pt-cv-thumb-default cvplbd\" target=\"_self\" ><img width=\"300\" height=\"300\" src=\"https:\/\/www.dynavin.de\/wp-content\/uploads\/1712101730-D9-151-Flex-300X300.jpg\" class=\"pt-cv-thumbnail img-none noLightbox  no-lazyload skip-lazy wvs-attachment-image\" alt=\"Autoradio Android 10,1 pouces D9-151 Premium Flex pour Skoda Yeti \u00e0 partir de 2007\" data-xooWscFly=\"fly\" \/><\/a><div class=\"product_desc\">\n<div class=\"pt-cv-ctf-list\" data-cvc=\"1\"><div class=\"col-md-12 pt-cv-ctf-column\"><div class=\"pt-cv-custom-fields pt-cv-ctf-produkt-ref\"><div class=\"pt-cv-ctf-value\">D9-151 Premium Flex<\/div><\/div><\/div><\/div>\n<div class=\"pt-cv-content\">Syst\u00e8me de navigation 10,1 pouces pour Skoda Yeti \u00e0 partir de 2007<br \/><div class=\"product-price-custom\"><span class=\"price-label\">\u00e0 partir de<\/span>&nbsp<span class=\"price-integer\">299<\/span><span class=\"price-decimal\">,00<\/span>&nbsp<span class=\"price-currency\">\u20ac<\/span><\/div><\/div><\/div><\/div><\/div>\n<div class=\"col-md-2 col-sm-6 col-xs-12 pt-cv-content-item pt-cv-1-col\"  data-pid=\"47838\"><div class='pt-cv-pinmas'><a href=\"https:\/\/www.dynavin.de\/fr\/produits\/produits\/carhifi\/systemes-de-navigation-pour-car-hifi\/navigationsgeraet-151-pro-skoda-yeti\/\" class=\"_self pt-cv-href-thumbnail pt-cv-thumb-default cvplbd\" target=\"_self\" ><img width=\"300\" height=\"300\" src=\"https:\/\/www.dynavin.de\/wp-content\/uploads\/1669782032-D8-151-Pro-300X300.jpg\" class=\"pt-cv-thumbnail img-none noLightbox  no-lazyload skip-lazy wvs-attachment-image\" alt=\"Autoradio Android 10,1 pouces D9-151 Premium pour Skoda Yeti \u00e0 partir de 2007\" data-xooWscFly=\"fly\" \/><\/a><div class=\"product_desc\">\n<div class=\"pt-cv-ctf-list\" data-cvc=\"1\"><div class=\"col-md-12 pt-cv-ctf-column\"><div class=\"pt-cv-custom-fields pt-cv-ctf-produkt-ref\"><div class=\"pt-cv-ctf-value\">D9-151 Premium<\/div><\/div><\/div><\/div>\n<div class=\"pt-cv-content\">Syst\u00e8me de navigation 10,1 pouces pour Skoda Yeti \u00e0 partir de 2007<br \/><div class=\"product-price-custom\"><span class=\"price-label\">\u00e0 partir de<\/span>&nbsp<span class=\"price-integer\">649<\/span><span class=\"price-decimal\">,00<\/span>&nbsp<span class=\"price-currency\">\u20ac<\/span><\/div><\/div><\/div><\/div><\/div>\n<div class=\"col-md-2 col-sm-6 col-xs-12 pt-cv-content-item pt-cv-1-col\"  data-pid=\"80470\"><div class='pt-cv-pinmas'><a href=\"https:\/\/www.dynavin.de\/fr\/produits\/produits\/carhifi\/systemes-de-navigation-pour-car-hifi\/navigationssystem-rph-premium-flex-skoda-rapid\/\" class=\"_self pt-cv-href-thumbnail pt-cv-thumb-default cvplbd\" target=\"_self\" ><img width=\"300\" height=\"300\" src=\"https:\/\/www.dynavin.de\/wp-content\/uploads\/1712645532-D9-RPL-300X300.jpg\" class=\"pt-cv-thumbnail img-none noLightbox  no-lazyload skip-lazy wvs-attachment-image\" alt=\"Autoradio Android 8 pouces D9-RPH Premium Flex pour Skoda Rapid \u00e0 partir de 2015\" data-xooWscFly=\"fly\" \/><\/a><div class=\"product_desc\">\n<div class=\"pt-cv-ctf-list\" data-cvc=\"1\"><div class=\"col-md-12 pt-cv-ctf-column\"><div class=\"pt-cv-custom-fields pt-cv-ctf-produkt-ref\"><div class=\"pt-cv-ctf-value\">D9-RPH Premium Flex<\/div><\/div><\/div><\/div>\n<div class=\"pt-cv-content\">Syst\u00e8me de navigation 8 pouces pour Skoda Rapid \u00e0 partir de 2015<br \/><div class=\"product-price-custom\"><span class=\"price-label\">\u00e0 partir de<\/span>&nbsp<span class=\"price-integer\">299<\/span><span class=\"price-decimal\">,00<\/span>&nbsp<span class=\"price-currency\">\u20ac<\/span><\/div><\/div><\/div><\/div><\/div>\n<div class=\"col-md-2 col-sm-6 col-xs-12 pt-cv-content-item pt-cv-1-col\"  data-pid=\"79675\"><div class='pt-cv-pinmas'><a href=\"https:\/\/www.dynavin.de\/fr\/produits\/produits\/carhifi\/navigationssystem-rph-premium-skoda-rapid\/\" class=\"_self pt-cv-href-thumbnail pt-cv-thumb-default cvplbd\" target=\"_self\" ><img width=\"300\" height=\"300\" src=\"https:\/\/www.dynavin.de\/wp-content\/uploads\/1669788670-D8-RPL-300X300.jpg\" class=\"pt-cv-thumbnail img-none noLightbox  no-lazyload skip-lazy wvs-attachment-image\" alt=\"Autoradio Android 8 pouces D9-RPH Premium pour Skoda Rapid \u00e0 partir de 2015\" data-xooWscFly=\"fly\" \/><\/a><div class=\"product_desc\">\n<div class=\"pt-cv-ctf-list\" data-cvc=\"1\"><div class=\"col-md-12 pt-cv-ctf-column\"><div class=\"pt-cv-custom-fields pt-cv-ctf-produkt-ref\"><div class=\"pt-cv-ctf-value\">D9-RPH Premium<\/div><\/div><\/div><\/div>\n<div class=\"pt-cv-content\">Syst\u00e8me de navigation 8 pouces pour Skoda Rapid \u00e0 partir de 2015<br \/><div class=\"product-price-custom\"><span class=\"price-label\">\u00e0 partir de<\/span>&nbsp<span class=\"price-integer\">649<\/span><span class=\"price-decimal\">,00<\/span>&nbsp<span class=\"price-currency\">\u20ac<\/span><\/div><\/div><\/div><\/div><\/div>\n<div class=\"col-md-4 col-sm-6 col-xs-12 pt-cv-content-item pt-cv-1-col\"  data-pid=\"68389\"><div class='pt-cv-pinmas'><a href=\"https:\/\/www.dynavin.de\/fr\/produits\/produits\/carhifi\/systemes-de-navigation-pour-car-hifi\/navigationssystem-rpl-flex-skoda-rapid\/\" class=\"_self pt-cv-href-thumbnail pt-cv-thumb-default cvplbd\" target=\"_self\" ><img width=\"300\" height=\"300\" src=\"https:\/\/www.dynavin.de\/wp-content\/uploads\/1712645532-D9-RPL-300X300.jpg\" class=\"pt-cv-thumbnail img-none noLightbox  no-lazyload skip-lazy wvs-attachment-image\" alt=\"Autoradio Android 8 pouces D9-RPL Premium Flex pour Skoda Rapid jusqu&#039;en 2015\" data-xooWscFly=\"fly\" \/><\/a><div class=\"product_desc\">\n<div class=\"pt-cv-ctf-list\" data-cvc=\"1\"><div class=\"col-md-12 pt-cv-ctf-column\"><div class=\"pt-cv-custom-fields pt-cv-ctf-produkt-ref\"><div class=\"pt-cv-ctf-value\">D9-RPL Premium Flex<\/div><\/div><\/div><\/div>\n<div class=\"pt-cv-content\">Syst\u00e8me de navigation 8 pouces pour Skoda Rapid jusqu'en 2015<br \/><div class=\"product-price-custom\"><span class=\"price-label\">\u00e0 partir de<\/span>&nbsp<span class=\"price-integer\">299<\/span><span class=\"price-decimal\">,00<\/span>&nbsp<span class=\"price-currency\">\u20ac<\/span><\/div><\/div><\/div><\/div><\/div>\n<div class=\"col-md-2 col-sm-6 col-xs-12 pt-cv-content-item pt-cv-1-col\"  data-pid=\"68288\"><div class='pt-cv-pinmas'><a href=\"https:\/\/www.dynavin.de\/fr\/produits\/produits\/carhifi\/navigationssystem-rpl-pro-skoda-rapid\/\" class=\"_self pt-cv-href-thumbnail pt-cv-thumb-default cvplbd\" target=\"_self\" ><img width=\"300\" height=\"300\" src=\"https:\/\/www.dynavin.de\/wp-content\/uploads\/1669788670-D8-RPL-300X300.jpg\" class=\"pt-cv-thumbnail img-none noLightbox  no-lazyload skip-lazy wvs-attachment-image\" alt=\"Autoradio Android 8 pouces D9-RPL Premium pour Skoda Rapid jusqu&#039;en 2015\" data-xooWscFly=\"fly\" \/><\/a><div class=\"product_desc\">\n<div class=\"pt-cv-ctf-list\" data-cvc=\"1\"><div class=\"col-md-12 pt-cv-ctf-column\"><div class=\"pt-cv-custom-fields pt-cv-ctf-produkt-ref\"><div class=\"pt-cv-ctf-value\">D9-RPL Premium<\/div><\/div><\/div><\/div>\n<div class=\"pt-cv-content\">Syst\u00e8me de navigation 8 pouces pour Skoda Rapid jusqu'en 2015<br \/><div class=\"product-price-custom\"><span class=\"price-label\">\u00e0 partir de<\/span>&nbsp<span class=\"price-integer\">649<\/span><span class=\"price-decimal\">,00<\/span>&nbsp<span class=\"price-currency\">\u20ac<\/span><\/div><\/div><\/div><\/div><\/div>\n<div class=\"col-md-2 col-sm-6 col-xs-12 pt-cv-content-item pt-cv-1-col\"  data-pid=\"52855\"><div class='pt-cv-pinmas'><a href=\"https:\/\/www.dynavin.de\/fr\/produits\/produits\/carhifi\/systemes-de-navigation-pour-car-hifi\/navigationsgeraet-v7-pro-vw\/\" class=\"_self pt-cv-href-thumbnail pt-cv-thumb-default cvplbd\" target=\"_self\" ><img width=\"300\" height=\"300\" src=\"https:\/\/www.dynavin.de\/wp-content\/uploads\/1669711084-D8-V7-Pro-300X300.jpg\" class=\"pt-cv-thumbnail img-none noLightbox  no-lazyload skip-lazy wvs-attachment-image\" alt=\"Autoradio Android 7 pouces D9-V7 Premium pour VW \u00e0 partir de 2003, Golf 5\" data-xooWscFly=\"fly\" \/><\/a><div class=\"product_desc\">\n<div class=\"pt-cv-ctf-list\" data-cvc=\"1\"><div class=\"col-md-12 pt-cv-ctf-column\"><div class=\"pt-cv-custom-fields pt-cv-ctf-produkt-ref\"><div class=\"pt-cv-ctf-value\">D9-V7 Premium<\/div><\/div><\/div><\/div>\n<div class=\"pt-cv-content\">Syst\u00e8me de navigation 7 pouces pour VW \u00e0 partir de 2003, Golf 5<br \/><div class=\"product-price-custom\"><span class=\"price-label\">\u00e0 partir de<\/span>&nbsp<span class=\"price-integer\">649<\/span><span class=\"price-decimal\">,00<\/span>&nbsp<span class=\"price-currency\">\u20ac<\/span><\/div><\/div><\/div><\/div><\/div>\n<div class=\"col-md-2 col-sm-6 col-xs-12 pt-cv-content-item pt-cv-1-col\"  data-pid=\"44987\"><div class='pt-cv-pinmas'><a href=\"https:\/\/www.dynavin.de\/fr\/produits\/produits\/carhifi\/systemes-de-navigation-pour-car-hifi\/navigationsgeraet-v8-flex-vw\/\" class=\"_self pt-cv-href-thumbnail pt-cv-thumb-default cvplbd\" target=\"_self\" ><img width=\"300\" height=\"300\" src=\"https:\/\/www.dynavin.de\/wp-content\/uploads\/1711937861-D9-V8-Flex-300X300.jpg\" class=\"pt-cv-thumbnail img-none noLightbox  no-lazyload skip-lazy wvs-attachment-image\" alt=\"Autoradio Android 8 pouces D9-V8 Premium Flex pour VW | Skoda | Seat\" data-xooWscFly=\"fly\" \/><\/a><div class=\"product_desc\">\n<div class=\"pt-cv-ctf-list\" data-cvc=\"1\"><div class=\"col-md-12 pt-cv-ctf-column\"><div class=\"pt-cv-custom-fields pt-cv-ctf-produkt-ref\"><div class=\"pt-cv-ctf-value\">D9-V8 Premium Flex<\/div><\/div><\/div><\/div>\n<div class=\"pt-cv-content\">Syst\u00e8me de navigation 8 pouces pour VW, Skoda, Seat<br \/><div class=\"product-price-custom\"><span class=\"price-label\">\u00e0 partir de<\/span>&nbsp<span class=\"price-integer\">249<\/span><span class=\"price-decimal\">,00<\/span>&nbsp<span class=\"price-currency\">\u20ac<\/span><\/div><\/div><\/div><\/div><\/div>\n<div class=\"col-md-2 col-sm-6 col-xs-12 pt-cv-content-item pt-cv-1-col\"  data-pid=\"49510\"><div class='pt-cv-pinmas'><a href=\"https:\/\/www.dynavin.de\/fr\/produits\/produits\/carhifi\/systemes-de-navigation-pour-car-hifi\/navigationsgeraet-v8-pro-vw\/\" class=\"_self pt-cv-href-thumbnail pt-cv-thumb-default cvplbd\" target=\"_self\" ><img width=\"300\" height=\"300\" src=\"https:\/\/www.dynavin.de\/wp-content\/uploads\/1669705459-D8-V8-Pro-300X300.jpg\" class=\"pt-cv-thumbnail img-none noLightbox  no-lazyload skip-lazy wvs-attachment-image\" alt=\"Autoradio Android 8 pouces D9-V8 Premium pour VW | Skoda | Seat\" data-xooWscFly=\"fly\" \/><\/a><div class=\"product_desc\">\n<div class=\"pt-cv-ctf-list\" data-cvc=\"1\"><div class=\"col-md-12 pt-cv-ctf-column\"><div class=\"pt-cv-custom-fields pt-cv-ctf-produkt-ref\"><div class=\"pt-cv-ctf-value\">D9-V8 Premium<\/div><\/div><\/div><\/div>\n<div class=\"pt-cv-content\">Syst\u00e8me de navigation 8 pouces pour VW, Skoda, Seat<br \/><div class=\"product-price-custom\"><span class=\"price-label\">\u00e0 partir de<\/span>&nbsp<span class=\"price-integer\">649<\/span><span class=\"price-decimal\">,00<\/span>&nbsp<span class=\"price-currency\">\u20ac<\/span><\/div><\/div><\/div><\/div><\/div>\n<div class=\"col-md-4 col-sm-6 col-xs-12 pt-cv-content-item pt-cv-1-col\"  data-pid=\"77778\"><div class='pt-cv-pinmas'><a href=\"https:\/\/www.dynavin.de\/fr\/produits\/produits\/carhifi\/systemes-de-navigation-pour-car-hifi\/navigationssystem-sln-premium-flex-seat-leon-mk3\/\" class=\"_self pt-cv-href-thumbnail pt-cv-thumb-default cvplbd\" target=\"_self\" ><img width=\"300\" height=\"300\" src=\"https:\/\/www.dynavin.de\/wp-content\/uploads\/1712112311-D9-SLN-Flex-300X300.jpg\" class=\"pt-cv-thumbnail img-none noLightbox  no-lazyload skip-lazy wvs-attachment-image\" alt=\"Autoradio Android 9 pouces D9-SLN Premium Flex pour SEAT Leon III 2012-2019\" data-xooWscFly=\"fly\" \/><\/a><div class=\"product_desc\">\n<div class=\"pt-cv-ctf-list\" data-cvc=\"1\"><div class=\"col-md-12 pt-cv-ctf-column\"><div class=\"pt-cv-custom-fields pt-cv-ctf-produkt-ref\"><div class=\"pt-cv-ctf-value\">D9-SLN Premium Flex<\/div><\/div><\/div><\/div>\n<div class=\"pt-cv-content\">Syst\u00e8me de navigation 9 pouces pour SEAT Leon III 2012-2019<br \/><div class=\"product-price-custom\"><span class=\"price-label\">\u00e0 partir de<\/span>&nbsp<span class=\"price-integer\">299<\/span><span class=\"price-decimal\">,00<\/span>&nbsp<span class=\"price-currency\">\u20ac<\/span><\/div><\/div><\/div><\/div><\/div>\n<div class=\"col-md-2 col-sm-6 col-xs-12 pt-cv-content-item pt-cv-1-col\"  data-pid=\"77733\"><div class='pt-cv-pinmas'><a href=\"https:\/\/www.dynavin.de\/fr\/produits\/produits\/carhifi\/systemes-de-navigation-pour-car-hifi\/navigationssystem-sln-premium-seat-leon-mk3\/\" class=\"_self pt-cv-href-thumbnail pt-cv-thumb-default cvplbd\" target=\"_self\" ><img width=\"300\" height=\"300\" src=\"https:\/\/www.dynavin.de\/wp-content\/uploads\/1670983889-D8-SLN-Pro-300X300.jpg\" class=\"pt-cv-thumbnail img-none noLightbox  no-lazyload skip-lazy wvs-attachment-image\" alt=\"Autoradio Android 9 pouces D9-SLN Premium pour SEAT Leon III 2012-2019\" data-xooWscFly=\"fly\" \/><\/a><div class=\"product_desc\">\n<div class=\"pt-cv-ctf-list\" data-cvc=\"1\"><div class=\"col-md-12 pt-cv-ctf-column\"><div class=\"pt-cv-custom-fields pt-cv-ctf-produkt-ref\"><div class=\"pt-cv-ctf-value\">D9-SLN Premium<\/div><\/div><\/div><\/div>\n<div class=\"pt-cv-content\">Syst\u00e8me de navigation 9 pouces pour SEAT Leon III 2012-2019<br \/><div class=\"product-price-custom\"><span class=\"price-label\">\u00e0 partir de<\/span>&nbsp<span class=\"price-integer\">649<\/span><span class=\"price-decimal\">,00<\/span>&nbsp<span class=\"price-currency\">\u20ac<\/span><\/div><\/div><\/div><\/div><\/div>\n<div class=\"col-md-2 col-sm-6 col-xs-12 pt-cv-content-item pt-cv-1-col\"  data-pid=\"47872\"><div class='pt-cv-pinmas'><a href=\"https:\/\/www.dynavin.de\/fr\/produits\/produits\/carhifi\/systemes-de-navigation-pour-car-hifi\/navigationsgeraet-67-pro-skoda-fabia\/\" class=\"_self pt-cv-href-thumbnail pt-cv-thumb-default cvplbd\" target=\"_self\" ><img width=\"300\" height=\"300\" src=\"https:\/\/www.dynavin.de\/wp-content\/uploads\/1669789904-D8-67-Pro-300X300.jpg\" class=\"pt-cv-thumbnail img-none noLightbox  no-lazyload skip-lazy wvs-attachment-image\" alt=\"Autoradio Android 10,1 pouces D9-67 Premium pour Skoda Fabia II 2008-2014\" data-xooWscFly=\"fly\" \/><\/a><div class=\"product_desc\">\n<div class=\"pt-cv-ctf-list\" data-cvc=\"1\"><div class=\"col-md-12 pt-cv-ctf-column\"><div class=\"pt-cv-custom-fields pt-cv-ctf-produkt-ref\"><div class=\"pt-cv-ctf-value\">D9-67 Premium<\/div><\/div><\/div><\/div>\n<div class=\"pt-cv-content\">Syst\u00e8me de navigation 10,1 pouces pour Skoda Fabia II 2008-2014<br \/><div class=\"product-price-custom\"><span class=\"price-label\">\u00e0 partir de<\/span>&nbsp<span class=\"price-integer\">649<\/span><span class=\"price-decimal\">,00<\/span>&nbsp<span class=\"price-currency\">\u20ac<\/span><\/div><\/div><\/div><\/div><\/div>\n<div class=\"col-md-2 col-sm-6 col-xs-12 pt-cv-content-item pt-cv-1-col\"  data-pid=\"47860\"><div class='pt-cv-pinmas'><a href=\"https:\/\/www.dynavin.de\/fr\/produits\/produits\/carhifi\/systemes-de-navigation-pour-car-hifi\/navigationsgeraet-68-pro-skoda-fabia-3\/\" class=\"_self pt-cv-href-thumbnail pt-cv-thumb-default cvplbd\" target=\"_self\" ><img width=\"300\" height=\"300\" src=\"https:\/\/www.dynavin.de\/wp-content\/uploads\/1669965985-D8-68-Pro-300X300.jpg\" class=\"pt-cv-thumbnail img-none noLightbox  no-lazyload skip-lazy wvs-attachment-image\" alt=\"Autoradio Android 9 pouces D9-68 Premium pour Skoda Fabia III \u00e0 partir de 2014\" data-xooWscFly=\"fly\" \/><\/a><div class=\"product_desc\">\n<div class=\"pt-cv-ctf-list\" data-cvc=\"1\"><div class=\"col-md-12 pt-cv-ctf-column\"><div class=\"pt-cv-custom-fields pt-cv-ctf-produkt-ref\"><div class=\"pt-cv-ctf-value\">D9-68 Premium<\/div><\/div><\/div><\/div>\n<div class=\"pt-cv-content\">Syst\u00e8me de navigation 9 pouces pour Skoda Fabia III \u00e0 partir de 2014<br \/><div class=\"product-price-custom\"><span class=\"price-label\">\u00e0 partir de<\/span>&nbsp<span class=\"price-integer\">649<\/span><span class=\"price-decimal\">,00<\/span>&nbsp<span class=\"price-currency\">\u20ac<\/span><\/div><\/div><\/div><\/div><\/div>\n<div class=\"col-md-2 col-sm-6 col-xs-12 pt-cv-content-item pt-cv-1-col\"  data-pid=\"47875\"><div class='pt-cv-pinmas'><a href=\"https:\/\/www.dynavin.de\/fr\/produits\/produits\/carhifi\/systemes-de-navigation-pour-car-hifi\/navigationsgeraet-69-pro-skoda-kodiaq\/\" class=\"_self pt-cv-href-thumbnail pt-cv-thumb-default cvplbd\" target=\"_self\" ><img width=\"300\" height=\"300\" src=\"https:\/\/www.dynavin.de\/wp-content\/uploads\/1669965051-D8-69-Pro-300X300.jpg\" class=\"pt-cv-thumbnail img-none noLightbox  no-lazyload skip-lazy wvs-attachment-image\" alt=\"Autoradio Android 10,1 pouces D9-69 Premium pour Skoda Kodiaq \u00e0 partir de 2016\" data-xooWscFly=\"fly\" \/><\/a><div class=\"product_desc\">\n<div class=\"pt-cv-ctf-list\" data-cvc=\"1\"><div class=\"col-md-12 pt-cv-ctf-column\"><div class=\"pt-cv-custom-fields pt-cv-ctf-produkt-ref\"><div class=\"pt-cv-ctf-value\">D9-69 Premium<\/div><\/div><\/div><\/div>\n<div class=\"pt-cv-content\">Syst\u00e8me de navigation 10,1 pouces pour Skoda Kodiaq<br \/><div class=\"product-price-custom\"><span class=\"price-label\">\u00e0 partir de<\/span>&nbsp<span class=\"price-integer\">649<\/span><span class=\"price-decimal\">,00<\/span>&nbsp<span class=\"price-currency\">\u20ac<\/span><\/div><\/div><\/div><\/div><\/div>\n<div class=\"col-md-4 col-sm-6 col-xs-12 pt-cv-content-item pt-cv-1-col\"  data-pid=\"78312\"><div class='pt-cv-pinmas'><a href=\"https:\/\/www.dynavin.de\/fr\/produits\/produits\/camping-cars-et-vehicule-utilitaires\/systemes-de-navigation-pour-camping-cars-et-vehicules-utilitaires\/navigationsgeraet-sp-plus-flex-mercedes-sprinter-2\/\" class=\"_self pt-cv-href-thumbnail pt-cv-thumb-default cvplbd\" target=\"_self\" ><img width=\"300\" height=\"300\" src=\"https:\/\/www.dynavin.de\/wp-content\/uploads\/1712364855-D9-SP-Flex-300X300.jpg\" class=\"pt-cv-thumbnail img-none noLightbox  no-lazyload skip-lazy wvs-attachment-image\" alt=\"Autoradio Android 10,1 pouces D9-SP Plus Flex - C pour Mercedes Sprinter \u00e0 partir de 2018\" data-xooWscFly=\"fly\" \/><\/a><div class=\"product_desc\">\n<div class=\"pt-cv-ctf-list\" data-cvc=\"1\"><div class=\"col-md-12 pt-cv-ctf-column\"><div class=\"pt-cv-custom-fields pt-cv-ctf-produkt-ref\"><div class=\"pt-cv-ctf-value\">D9-SP Plus Flex - C<\/div><\/div><\/div><\/div>\n<div class=\"pt-cv-content\">Syst\u00e8me de navigation 10,1 pouces pour Sprinter \u00e0 partir de 2018<br \/><div class=\"product-price-custom\"><span class=\"price-label\">\u00e0 partir de<\/span>&nbsp<span class=\"price-integer\">399<\/span><span class=\"price-decimal\">,00<\/span>&nbsp<span class=\"price-currency\">\u20ac<\/span><\/div><\/div><\/div><\/div><\/div>\n<div class=\"col-md-2 col-sm-6 col-xs-12 pt-cv-content-item pt-cv-1-col\"  data-pid=\"47899\"><div class='pt-cv-pinmas'><a href=\"https:\/\/www.dynavin.de\/fr\/produits\/produits\/camping-cars-et-vehicule-utilitaires\/systemes-de-navigation-pour-camping-cars-et-vehicules-utilitaires\/navigationsgeraet-sp-pro-mercedes-sprinter\/\" class=\"_self pt-cv-href-thumbnail pt-cv-thumb-default cvplbd\" target=\"_self\" ><img width=\"300\" height=\"300\" src=\"https:\/\/www.dynavin.de\/wp-content\/uploads\/1669800857-D8-SP-Pro-300X300.jpg\" class=\"pt-cv-thumbnail img-none noLightbox  no-lazyload skip-lazy wvs-attachment-image\" alt=\"Autoradio Android 10,1 pouces D9-SP Plus - C pour Mercedes Sprinter \u00e0 partir de 2018\" data-xooWscFly=\"fly\" \/><\/a><div class=\"product_desc\">\n<div class=\"pt-cv-ctf-list\" data-cvc=\"1\"><div class=\"col-md-12 pt-cv-ctf-column\"><div class=\"pt-cv-custom-fields pt-cv-ctf-produkt-ref\"><div class=\"pt-cv-ctf-value\">D9-SP Plus - C<\/div><\/div><\/div><\/div>\n<div class=\"pt-cv-content\">Syst\u00e8me de navigation 10,1 pouces pour Sprinter \u00e0 partir de 2018<br \/><div class=\"product-price-custom\"><span class=\"price-label\">\u00e0 partir de<\/span>&nbsp<span class=\"price-integer\">799<\/span><span class=\"price-decimal\">,00<\/span>&nbsp<span class=\"price-currency\">\u20ac<\/span><\/div><\/div><\/div><\/div><\/div>\n<div class=\"col-md-2 col-sm-6 col-xs-12 pt-cv-content-item pt-cv-1-col\"  data-pid=\"137469\"><div class='pt-cv-pinmas'><a href=\"https:\/\/www.dynavin.de\/fr\/produits\/produits\/carhifi\/systemes-de-navigation-pour-car-hifi\/navigationssystem-w204-premium-flex-mercedes-c-klasse-w204\/\" class=\"_self pt-cv-href-thumbnail pt-cv-thumb-default cvplbd\" target=\"_self\" ><img width=\"300\" height=\"300\" src=\"https:\/\/www.dynavin.de\/wp-content\/uploads\/1756778969-D9-W204-Flex-300X300.jpg\" class=\"pt-cv-thumbnail img-none noLightbox  no-lazyload skip-lazy wvs-attachment-image\" alt=\"Autoradio Android 10,1 pouces D9-W204 Premium Flex pour Mercedes Classe C W204 2007-2011\" data-xooWscFly=\"fly\" \/><\/a><div class=\"product_desc\">\n<div class=\"pt-cv-ctf-list\" data-cvc=\"1\"><div class=\"col-md-12 pt-cv-ctf-column\"><div class=\"pt-cv-custom-fields pt-cv-ctf-produkt-ref\"><div class=\"pt-cv-ctf-value\">D9-W204 Premium Flex<\/div><\/div><\/div><\/div>\n<div class=\"pt-cv-content\">Syst\u00e8me de navigation 10,1 pouces pour Mercedes Classe C W204<br \/><div class=\"product-price-custom\"><span class=\"price-label\">\u00e0 partir de<\/span>&nbsp<span class=\"price-integer\">299<\/span><span class=\"price-decimal\">,00<\/span>&nbsp<span class=\"price-currency\">\u20ac<\/span><\/div><\/div><\/div><\/div><\/div>\n<div class=\"col-md-2 col-sm-6 col-xs-12 pt-cv-content-item pt-cv-1-col\"  data-pid=\"137766\"><div class='pt-cv-pinmas'><a href=\"https:\/\/www.dynavin.de\/fr\/produits\/produits\/carhifi\/navigationssystem-w204-premium-mercedes-c-klasse-w204\/\" class=\"_self pt-cv-href-thumbnail pt-cv-thumb-default cvplbd\" target=\"_self\" ><img width=\"300\" height=\"300\" src=\"https:\/\/www.dynavin.de\/wp-content\/uploads\/1756181172-D9-W204-300X300.jpg\" class=\"pt-cv-thumbnail img-none noLightbox  no-lazyload skip-lazy wvs-attachment-image\" alt=\"Autoradio Android 10,1 pouces D9-W204 Premium pour Mercedes Classe C W204 2007-2011\" data-xooWscFly=\"fly\" \/><\/a><div class=\"product_desc\">\n<div class=\"pt-cv-ctf-list\" data-cvc=\"1\"><div class=\"col-md-12 pt-cv-ctf-column\"><div class=\"pt-cv-custom-fields pt-cv-ctf-produkt-ref\"><div class=\"pt-cv-ctf-value\">D9-W204 Premium<\/div><\/div><\/div><\/div>\n<div class=\"pt-cv-content\">Syst\u00e8me de navigation 10,1 pouces pour Mercedes Classe C W204<br \/><div class=\"product-price-custom\"><span class=\"price-label\">\u00e0 partir de<\/span>&nbsp<span class=\"price-integer\">649<\/span><span class=\"price-decimal\">,00<\/span>&nbsp<span class=\"price-currency\">\u20ac<\/span><\/div><\/div><\/div><\/div><\/div>\n<div class=\"col-md-2 col-sm-6 col-xs-12 pt-cv-content-item pt-cv-1-col\"  data-pid=\"77072\"><div class='pt-cv-pinmas'><a href=\"https:\/\/www.dynavin.de\/fr\/produits\/produits\/carhifi\/systemes-de-navigation-pour-car-hifi\/navigationssystem-w211-premium-flex-mercedes-e\/\" class=\"_self pt-cv-href-thumbnail pt-cv-thumb-default cvplbd\" target=\"_self\" ><img width=\"300\" height=\"300\" src=\"https:\/\/www.dynavin.de\/wp-content\/uploads\/1712123845-D9-W211-Flex-300X300.jpg\" class=\"pt-cv-thumbnail img-none noLightbox  no-lazyload skip-lazy wvs-attachment-image\" alt=\"Autoradio Android 9 pouces D9-W211 Premium Flex pour Mercedes Classe E W211 \/ S211 et CLS C219\" data-xooWscFly=\"fly\" \/><\/a><div class=\"product_desc\">\n<div class=\"pt-cv-ctf-list\" data-cvc=\"1\"><div class=\"col-md-12 pt-cv-ctf-column\"><div class=\"pt-cv-custom-fields pt-cv-ctf-produkt-ref\"><div class=\"pt-cv-ctf-value\">D9-W211 Premium Flex<\/div><\/div><\/div><\/div>\n<div class=\"pt-cv-content\">Syst\u00e8me de navigation 9 pouces pour Mercedes Classe E W211 2002-2009<br \/><div class=\"product-price-custom\"><span class=\"price-label\">\u00e0 partir de<\/span>&nbsp<span class=\"price-integer\">299<\/span><span class=\"price-decimal\">,00<\/span>&nbsp<span class=\"price-currency\">\u20ac<\/span><\/div><\/div><\/div><\/div><\/div>\n<div class=\"col-md-4 col-sm-6 col-xs-12 pt-cv-content-item pt-cv-1-col\"  data-pid=\"49063\"><div class='pt-cv-pinmas'><a href=\"https:\/\/www.dynavin.de\/fr\/produits\/produits\/carhifi\/systemes-de-navigation-pour-car-hifi\/navigationsgeraet-w211-pro-mercedes-e\/\" class=\"_self pt-cv-href-thumbnail pt-cv-thumb-default cvplbd\" target=\"_self\" ><img width=\"300\" height=\"300\" src=\"https:\/\/www.dynavin.de\/wp-content\/uploads\/1669859291-D8-W211-Pro-300X300.jpg\" class=\"pt-cv-thumbnail img-none noLightbox  no-lazyload skip-lazy wvs-attachment-image\" alt=\"Autoradio Android 9 pouces D9-W211 Premium pour Mercedes Classe E W211 \/ S211 et CLS C219\" data-xooWscFly=\"fly\" \/><\/a><div class=\"product_desc\">\n<div class=\"pt-cv-ctf-list\" data-cvc=\"1\"><div class=\"col-md-12 pt-cv-ctf-column\"><div class=\"pt-cv-custom-fields pt-cv-ctf-produkt-ref\"><div class=\"pt-cv-ctf-value\">D9-W211 Premium<\/div><\/div><\/div><\/div>\n<div class=\"pt-cv-content\">Syst\u00e8me de navigation 9 pouces pour Mercedes Classe E W211 2002-2009<br \/><div class=\"product-price-custom\"><span class=\"price-label\">\u00e0 partir de<\/span>&nbsp<span class=\"price-integer\">649<\/span><span class=\"price-decimal\">,00<\/span>&nbsp<span class=\"price-currency\">\u20ac<\/span><\/div><\/div><\/div><\/div><\/div>\n<div class=\"col-md-2 col-sm-6 col-xs-12 pt-cv-content-item pt-cv-1-col\"  data-pid=\"112790\"><div class='pt-cv-pinmas'><a href=\"https:\/\/www.dynavin.de\/fr\/produits\/produits\/carhifi\/navigationssystem-mb10v-premium-flex-mercedes-benz-vito\/\" class=\"_self pt-cv-href-thumbnail pt-cv-thumb-default cvplbd\" target=\"_self\" ><img width=\"300\" height=\"300\" src=\"https:\/\/www.dynavin.de\/wp-content\/uploads\/1720854058-D9-MB10V-Flex-300X300.jpg\" class=\"pt-cv-thumbnail img-none noLightbox  no-lazyload skip-lazy wvs-attachment-image\" alt=\"Autoradio Android 10,1 pouces D9-MB10V Premium Flex pour Mercedes Benz Vito W639 \/ Viano W639 \u00e0 partir de 2006\" data-xooWscFly=\"fly\" \/><\/a><div class=\"product_desc\">\n<div class=\"pt-cv-ctf-list\" data-cvc=\"1\"><div class=\"col-md-12 pt-cv-ctf-column\"><div class=\"pt-cv-custom-fields pt-cv-ctf-produkt-ref\"><div class=\"pt-cv-ctf-value\">D9-MB10V Premium Flex<\/div><\/div><\/div><\/div>\n<div class=\"pt-cv-content\">Syst\u00e8me de navigation 10,1 pouces pour Mercedes Sprinter | Vito | Viano<br \/><div class=\"product-price-custom\"><span class=\"price-label\">\u00e0 partir de<\/span>&nbsp<span class=\"price-integer\">349<\/span><span class=\"price-decimal\">,00<\/span>&nbsp<span class=\"price-currency\">\u20ac<\/span><\/div><\/div><\/div><\/div><\/div>\n<div class=\"col-md-2 col-sm-6 col-xs-12 pt-cv-content-item pt-cv-1-col\"  data-pid=\"112747\"><div class='pt-cv-pinmas'><a href=\"https:\/\/www.dynavin.de\/fr\/produits\/produits\/carhifi\/navigationssystem-mb10v-premium-mercedes-benz-vito\/\" class=\"_self pt-cv-href-thumbnail pt-cv-thumb-default cvplbd\" target=\"_self\" ><img width=\"300\" height=\"300\" src=\"https:\/\/www.dynavin.de\/wp-content\/uploads\/1720849375-D9-MB10V-300X300.jpg\" class=\"pt-cv-thumbnail img-none noLightbox  no-lazyload skip-lazy wvs-attachment-image\" alt=\"Autoradio Android 10,1 pouces D9-MB10V Premium pour Mercedes Benz Vito W639 \/ Viano W639 \u00e0 partir de 2006\" data-xooWscFly=\"fly\" \/><\/a><div class=\"product_desc\">\n<div class=\"pt-cv-ctf-list\" data-cvc=\"1\"><div class=\"col-md-12 pt-cv-ctf-column\"><div class=\"pt-cv-custom-fields pt-cv-ctf-produkt-ref\"><div class=\"pt-cv-ctf-value\">D9-MB10V Premium<\/div><\/div><\/div><\/div>\n<div class=\"pt-cv-content\">Syst\u00e8me de navigation 10,1 pouces pour Mercedes Sprinter | Vito | Viano<br \/><div class=\"product-price-custom\"><span class=\"price-label\">\u00e0 partir de<\/span>&nbsp<span class=\"price-integer\">699<\/span><span class=\"price-decimal\">,00<\/span>&nbsp<span class=\"price-currency\">\u20ac<\/span><\/div><\/div><\/div><\/div><\/div>\n<div class=\"col-md-2 col-sm-6 col-xs-12 pt-cv-content-item pt-cv-1-col\"  data-pid=\"77096\"><div class='pt-cv-pinmas'><a href=\"https:\/\/www.dynavin.de\/fr\/produits\/produits\/carhifi\/systemes-de-navigation-pour-car-hifi\/navigationssystem-df427-premium-flex-mercedes-benz-vito\/\" class=\"_self pt-cv-href-thumbnail pt-cv-thumb-default cvplbd\" target=\"_self\" ><img width=\"300\" height=\"300\" src=\"https:\/\/www.dynavin.de\/wp-content\/uploads\/1723083388-D9-DF427-300X300-Flex.jpg\" class=\"pt-cv-thumbnail img-none noLightbox  no-lazyload skip-lazy wvs-attachment-image\" alt=\"Autoradio Android 9 pouces D9-DF427 Premium Flex pour Mercedes Benz Vito W639 \/ Viano W639 \u00e0 partir de 2006\" data-xooWscFly=\"fly\" \/><\/a><div class=\"product_desc\">\n<div class=\"pt-cv-ctf-list\" data-cvc=\"1\"><div class=\"col-md-12 pt-cv-ctf-column\"><div class=\"pt-cv-custom-fields pt-cv-ctf-produkt-ref\"><div class=\"pt-cv-ctf-value\">D9-DF427 Premium Flex<\/div><\/div><\/div><\/div>\n<div class=\"pt-cv-content\">Syst\u00e8me de navigation 9 pouces pour Mercedes Sprinter \u00e0 partir de 2006<br \/><div class=\"product-price-custom\"><span class=\"price-label\">\u00e0 partir de<\/span>&nbsp<span class=\"price-integer\">299<\/span><span class=\"price-decimal\">,00<\/span>&nbsp<span class=\"price-currency\">\u20ac<\/span><\/div><\/div><\/div><\/div><\/div>\n<div class=\"col-md-2 col-sm-6 col-xs-12 pt-cv-content-item pt-cv-1-col\"  data-pid=\"47916\"><div class='pt-cv-pinmas'><a href=\"https:\/\/www.dynavin.de\/fr\/produits\/produits\/carhifi\/systemes-de-navigation-pour-car-hifi\/navigationsgeraet-df427-pro-mercedes-benz-vito\/\" class=\"_self pt-cv-href-thumbnail pt-cv-thumb-default cvplbd\" target=\"_self\" ><img width=\"300\" height=\"300\" src=\"https:\/\/www.dynavin.de\/wp-content\/uploads\/1723083519-D9-DF427-300X300.jpg\" class=\"pt-cv-thumbnail img-none noLightbox  no-lazyload skip-lazy wvs-attachment-image\" alt=\"Autoradio Android 9 pouces D9-DF427 Premium pour Mercedes Benz Vito W639 \/ Viano W639 \u00e0 partir de 2006\" data-xooWscFly=\"fly\" \/><\/a><div class=\"product_desc\">\n<div class=\"pt-cv-ctf-list\" data-cvc=\"1\"><div class=\"col-md-12 pt-cv-ctf-column\"><div class=\"pt-cv-custom-fields pt-cv-ctf-produkt-ref\"><div class=\"pt-cv-ctf-value\">D9-DF427 Premium<\/div><\/div><\/div><\/div>\n<div class=\"pt-cv-content\">Syst\u00e8me de navigation 9 pouces pour Mercedes Sprinter \u00e0 partir de 2006<br \/><div class=\"product-price-custom\"><span class=\"price-label\">\u00e0 partir de<\/span>&nbsp<span class=\"price-integer\">649<\/span><span class=\"price-decimal\">,00<\/span>&nbsp<span class=\"price-currency\">\u20ac<\/span><\/div><\/div><\/div><\/div><\/div>\n<div class=\"col-md-4 col-sm-6 col-xs-12 pt-cv-content-item pt-cv-1-col\"  data-pid=\"48007\"><div class='pt-cv-pinmas'><a href=\"https:\/\/www.dynavin.de\/fr\/produits\/produits\/carhifi\/systemes-de-navigation-pour-car-hifi\/navigationsgeraet-df431-pro-mercedes-r\/\" class=\"_self pt-cv-href-thumbnail pt-cv-thumb-default cvplbd\" target=\"_self\" ><img width=\"300\" height=\"300\" src=\"https:\/\/www.dynavin.de\/wp-content\/uploads\/1669860599-D8-DF431-Pro-300X300.jpg\" class=\"pt-cv-thumbnail img-none noLightbox  no-lazyload skip-lazy wvs-attachment-image\" alt=\"Autoradio Android 9 pouces D9-DF431 Premium pour Mercedes Classe R 2006-2014\" data-xooWscFly=\"fly\" \/><\/a><div class=\"product_desc\">\n<div class=\"pt-cv-ctf-list\" data-cvc=\"1\"><div class=\"col-md-12 pt-cv-ctf-column\"><div class=\"pt-cv-custom-fields pt-cv-ctf-produkt-ref\"><div class=\"pt-cv-ctf-value\">D9-DF431 Premium<\/div><\/div><\/div><\/div>\n<div class=\"pt-cv-content\">Syst\u00e8me de navigation 9 pouces pour Mercedes Classe R 2006-2014<br \/><div class=\"product-price-custom\"><span class=\"price-label\">\u00e0 partir de<\/span>&nbsp<span class=\"price-integer\">649<\/span><span class=\"price-decimal\">,00<\/span>&nbsp<span class=\"price-currency\">\u20ac<\/span><\/div><\/div><\/div><\/div><\/div>\n<div class=\"col-md-2 col-sm-6 col-xs-12 pt-cv-content-item pt-cv-1-col\"  data-pid=\"48027\"><div class='pt-cv-pinmas'><a href=\"https:\/\/www.dynavin.de\/fr\/produits\/produits\/carhifi\/systemes-de-navigation-pour-car-hifi\/navigationsgeraet-df432-pro-mercedes-ml\/\" class=\"_self pt-cv-href-thumbnail pt-cv-thumb-default cvplbd\" target=\"_self\" ><img width=\"300\" height=\"300\" src=\"https:\/\/www.dynavin.de\/wp-content\/uploads\/1669861436-D8-DF432-Pro-300X300.jpg\" class=\"pt-cv-thumbnail img-none noLightbox  no-lazyload skip-lazy wvs-attachment-image\" alt=\"Autoradio Android 9 pouces D9-DF432 Premium pour Mercedes ML 2005-2013\" data-xooWscFly=\"fly\" \/><\/a><div class=\"product_desc\">\n<div class=\"pt-cv-ctf-list\" data-cvc=\"1\"><div class=\"col-md-12 pt-cv-ctf-column\"><div class=\"pt-cv-custom-fields pt-cv-ctf-produkt-ref\"><div class=\"pt-cv-ctf-value\">D9-DF432 Premium<\/div><\/div><\/div><\/div>\n<div class=\"pt-cv-content\">Syst\u00e8me de navigation 9 pouces pour Mercedes ML 2005-2013<br \/><div class=\"product-price-custom\"><span class=\"price-label\">\u00e0 partir de<\/span>&nbsp<span class=\"price-integer\">649<\/span><span class=\"price-decimal\">,00<\/span>&nbsp<span class=\"price-currency\">\u20ac<\/span><\/div><\/div><\/div><\/div><\/div>\n<div class=\"col-md-2 col-sm-6 col-xs-12 pt-cv-content-item pt-cv-1-col\"  data-pid=\"48038\"><div class='pt-cv-pinmas'><a href=\"https:\/\/www.dynavin.de\/fr\/produits\/produits\/carhifi\/systemes-de-navigation-pour-car-hifi\/navigationsgeraet-df434-pro-mercedes-smart\/\" class=\"_self pt-cv-href-thumbnail pt-cv-thumb-default cvplbd\" target=\"_self\" ><img width=\"300\" height=\"300\" src=\"https:\/\/www.dynavin.de\/wp-content\/uploads\/1678437165-D8-DF434-Premium-300X300.jpg\" class=\"pt-cv-thumbnail img-none noLightbox  no-lazyload skip-lazy wvs-attachment-image\" alt=\"Autoradio Android 9 pouces D9-DF434 Premium pour Mercedes Smart \u00e0 partir de 2016\" data-xooWscFly=\"fly\" \/><\/a><div class=\"product_desc\">\n<div class=\"pt-cv-ctf-list\" data-cvc=\"1\"><div class=\"col-md-12 pt-cv-ctf-column\"><div class=\"pt-cv-custom-fields pt-cv-ctf-produkt-ref\"><div class=\"pt-cv-ctf-value\">D9-DF434 Premium<\/div><\/div><\/div><\/div>\n<div class=\"pt-cv-content\">Syst\u00e8me de navigation 9 pouce pour Mercedes Smart \u00e0 partir de 2016<br \/><div class=\"product-price-custom\"><span class=\"price-label\">\u00e0 partir de<\/span>&nbsp<span class=\"price-integer\">649<\/span><span class=\"price-decimal\">,00<\/span>&nbsp<span class=\"price-currency\">\u20ac<\/span><\/div><\/div><\/div><\/div><\/div>\n<div class=\"col-md-2 col-sm-6 col-xs-12 pt-cv-content-item pt-cv-1-col\"  data-pid=\"48041\"><div class='pt-cv-pinmas'><a href=\"https:\/\/www.dynavin.de\/fr\/produits\/produits\/carhifi\/systemes-de-navigation-pour-car-hifi\/navigationsgeraet-df435-pro-mercedes-smart\/\" class=\"_self pt-cv-href-thumbnail pt-cv-thumb-default cvplbd\" target=\"_self\" ><img width=\"300\" height=\"300\" src=\"https:\/\/www.dynavin.de\/wp-content\/uploads\/1669862795-D8-DF435-Pro-300X300.jpg\" class=\"pt-cv-thumbnail img-none noLightbox  no-lazyload skip-lazy wvs-attachment-image\" alt=\"Autoradio Android 9 pouces D9-DF435 Premium pour Mercedes Smart 2011-2015\" data-xooWscFly=\"fly\" \/><\/a><div class=\"product_desc\">\n<div class=\"pt-cv-ctf-list\" data-cvc=\"1\"><div class=\"col-md-12 pt-cv-ctf-column\"><div class=\"pt-cv-custom-fields pt-cv-ctf-produkt-ref\"><div class=\"pt-cv-ctf-value\">D9-DF435 Premium<\/div><\/div><\/div><\/div>\n<div class=\"pt-cv-content\">Syst\u00e8me de navigation 9 pouces pour Mercedes Smart 2011-2015<br \/><div class=\"product-price-custom\"><span class=\"price-label\">\u00e0 partir de<\/span>&nbsp<span class=\"price-integer\">649<\/span><span class=\"price-decimal\">,00<\/span>&nbsp<span class=\"price-currency\">\u20ac<\/span><\/div><\/div><\/div><\/div><\/div>\n<div class=\"col-md-2 col-sm-6 col-xs-12 pt-cv-content-item pt-cv-1-col\"  data-pid=\"87285\"><div class='pt-cv-pinmas'><a href=\"https:\/\/www.dynavin.de\/fr\/produits\/produits\/carhifi\/navigationssystem-typa-premium-flex-toyota-proace\/\" class=\"_self pt-cv-href-thumbnail pt-cv-thumb-default cvplbd\" target=\"_self\" ><img width=\"300\" height=\"300\" src=\"https:\/\/www.dynavin.de\/wp-content\/uploads\/1712112341-D9-TYPA-Flex-300X300.jpg\" class=\"pt-cv-thumbnail img-none noLightbox  no-lazyload skip-lazy wvs-attachment-image\" alt=\"Autoradio Android 9 pouces D9-TYPA Premium Flex pour Toyota ProAce 2016-2024\" data-xooWscFly=\"fly\" \/><\/a><div class=\"product_desc\">\n<div class=\"pt-cv-ctf-list\" data-cvc=\"1\"><div class=\"col-md-12 pt-cv-ctf-column\"><div class=\"pt-cv-custom-fields pt-cv-ctf-produkt-ref\"><div class=\"pt-cv-ctf-value\">D9-TYPA Premium Flex<\/div><\/div><\/div><\/div>\n<div class=\"pt-cv-content\">Syst\u00e8me de navigation 9 pouces pour Toyota ProAce 2016-2024<br \/><div class=\"product-price-custom\"><span class=\"price-label\">\u00e0 partir de<\/span>&nbsp<span class=\"price-integer\">299<\/span><span class=\"price-decimal\">,00<\/span>&nbsp<span class=\"price-currency\">\u20ac<\/span><\/div><\/div><\/div><\/div><\/div>\n<div class=\"col-md-4 col-sm-6 col-xs-12 pt-cv-content-item pt-cv-1-col\"  data-pid=\"87210\"><div class='pt-cv-pinmas'><a href=\"https:\/\/www.dynavin.de\/fr\/produits\/produits\/carhifi\/navigationssystem-typa-premium-toyota-proace\/\" class=\"_self pt-cv-href-thumbnail pt-cv-thumb-default cvplbd\" target=\"_self\" ><img width=\"300\" height=\"300\" src=\"https:\/\/www.dynavin.de\/wp-content\/uploads\/1694050095-D8-TYPA-300X300.jpg\" class=\"pt-cv-thumbnail img-none noLightbox  no-lazyload skip-lazy wvs-attachment-image\" alt=\"Autoradio Android 9 pouces D9-TYPA Premium pour Toyota ProAce 2016-2024\" data-xooWscFly=\"fly\" \/><\/a><div class=\"product_desc\">\n<div class=\"pt-cv-ctf-list\" data-cvc=\"1\"><div class=\"col-md-12 pt-cv-ctf-column\"><div class=\"pt-cv-custom-fields pt-cv-ctf-produkt-ref\"><div class=\"pt-cv-ctf-value\">D9-TYPA Premium<\/div><\/div><\/div><\/div>\n<div class=\"pt-cv-content\">Syst\u00e8me de navigation 9 pouces pour Toyota ProAce 2016-2024<br \/><div class=\"product-price-custom\"><span class=\"price-label\">\u00e0 partir de<\/span>&nbsp<span class=\"price-integer\">649<\/span><span class=\"price-decimal\">,00<\/span>&nbsp<span class=\"price-currency\">\u20ac<\/span><\/div><\/div><\/div><\/div><\/div>\n<div class=\"col-md-2 col-sm-6 col-xs-12 pt-cv-content-item pt-cv-1-col\"  data-pid=\"89172\"><div class='pt-cv-pinmas'><a href=\"https:\/\/www.dynavin.de\/fr\/produits\/produits\/carhifi\/navigationssystem-dmi-ultra-flex-audi-a4-a5-q5\/\" class=\"_self pt-cv-href-thumbnail pt-cv-thumb-default cvplbd\" target=\"_self\" ><img width=\"300\" height=\"300\" src=\"https:\/\/www.dynavin.de\/wp-content\/uploads\/1698285558-D8-7048-300X300.jpg\" class=\"pt-cv-thumbnail img-none noLightbox  no-lazyload skip-lazy wvs-attachment-image\" alt=\"Autoradio Android 6,5 pouces D9-DMI Ultra Flex pour Audi A4 A5 Q5 avec Audi Concert \/ Symphony radio\" data-xooWscFly=\"fly\" \/><\/a><div class=\"product_desc\">\n<div class=\"pt-cv-ctf-list\" data-cvc=\"1\"><div class=\"col-md-12 pt-cv-ctf-column\"><div class=\"pt-cv-custom-fields pt-cv-ctf-produkt-ref\"><div class=\"pt-cv-ctf-value\">D9-DMI Ultra Flex<\/div><\/div><\/div><\/div>\n<div class=\"pt-cv-content\">Syst\u00e8me de navigation 6,5 pouces pour Audi A4 A5 Q5<br \/><div class=\"product-price-custom\"><span class=\"price-label\">\u00e0 partir de<\/span>&nbsp<span class=\"price-integer\">299<\/span><span class=\"price-decimal\">,00<\/span>&nbsp<span class=\"price-currency\">\u20ac<\/span><\/div><\/div><\/div><\/div><\/div>\n<div class=\"col-md-2 col-sm-6 col-xs-12 pt-cv-content-item pt-cv-1-col\"  data-pid=\"89165\"><div class='pt-cv-pinmas'><a href=\"https:\/\/www.dynavin.de\/fr\/produits\/produits\/carhifi\/navigationssystem-dmi-ultra-audi-a4-a5-q5\/\" class=\"_self pt-cv-href-thumbnail pt-cv-thumb-default cvplbd\" target=\"_self\" ><img width=\"300\" height=\"300\" src=\"https:\/\/www.dynavin.de\/wp-content\/uploads\/1698285558-D8-7048-300X300.jpg\" class=\"pt-cv-thumbnail img-none noLightbox  no-lazyload skip-lazy wvs-attachment-image\" alt=\"Autoradio Android 6,5 pouces D9-DMI Ultra pour Audi A4 A5 Q5 avec Audi Concert \/ Symphony radio\" data-xooWscFly=\"fly\" \/><\/a><div class=\"product_desc\">\n<div class=\"pt-cv-ctf-list\" data-cvc=\"1\"><div class=\"col-md-12 pt-cv-ctf-column\"><div class=\"pt-cv-custom-fields pt-cv-ctf-produkt-ref\"><div class=\"pt-cv-ctf-value\">D9-DMI Ultra<\/div><\/div><\/div><\/div>\n<div class=\"pt-cv-content\">Syst\u00e8me de navigation 6,5 pouces pour Audi A4 A5 Q5<br \/><div class=\"product-price-custom\"><span class=\"price-label\">\u00e0 partir de<\/span>&nbsp<span class=\"price-integer\">649<\/span><span class=\"price-decimal\">,00<\/span>&nbsp<span class=\"price-currency\">\u20ac<\/span><\/div><\/div><\/div><\/div><\/div>\n<div class=\"col-md-2 col-sm-6 col-xs-12 pt-cv-content-item pt-cv-1-col\"  data-pid=\"89169\"><div class='pt-cv-pinmas'><a href=\"https:\/\/www.dynavin.de\/fr\/produits\/produits\/carhifi\/navigationssystem-dmi3g-ultra-flex-audi-a4-a5-q5\/\" class=\"_self pt-cv-href-thumbnail pt-cv-thumb-default cvplbd\" target=\"_self\" ><img width=\"300\" height=\"300\" src=\"https:\/\/www.dynavin.de\/wp-content\/uploads\/1698283706-D8-7060-300X300.jpg\" class=\"pt-cv-thumbnail img-none noLightbox  no-lazyload skip-lazy wvs-attachment-image\" alt=\"Autoradio Android 7 pouces D9-DMI3G Ultra Flex pour Audi A4 A5 Q5 avec Audi MMI 3G \/ 3G+\" data-xooWscFly=\"fly\" \/><\/a><div class=\"product_desc\">\n<div class=\"pt-cv-ctf-list\" data-cvc=\"1\"><div class=\"col-md-12 pt-cv-ctf-column\"><div class=\"pt-cv-custom-fields pt-cv-ctf-produkt-ref\"><div class=\"pt-cv-ctf-value\">D9-DMI3G Ultra Flex<\/div><\/div><\/div><\/div>\n<div class=\"pt-cv-content\">Syst\u00e8me de navigation 7 pouces pour Audi A4 A5 Q5<br \/><div class=\"product-price-custom\"><span class=\"price-label\">\u00e0 partir de<\/span>&nbsp<span class=\"price-integer\">299<\/span><span class=\"price-decimal\">,00<\/span>&nbsp<span class=\"price-currency\">\u20ac<\/span><\/div><\/div><\/div><\/div><\/div>\n<div class=\"col-md-2 col-sm-6 col-xs-12 pt-cv-content-item pt-cv-1-col\"  data-pid=\"89176\"><div class='pt-cv-pinmas'><a href=\"https:\/\/www.dynavin.de\/fr\/produits\/produits\/carhifi\/navigationssystem-dmi3g-ultra-audi-a4-a5-q5\/\" class=\"_self pt-cv-href-thumbnail pt-cv-thumb-default cvplbd\" target=\"_self\" ><img width=\"300\" height=\"300\" src=\"https:\/\/www.dynavin.de\/wp-content\/uploads\/1698283706-D8-7060-300X300.jpg\" class=\"pt-cv-thumbnail img-none noLightbox  no-lazyload skip-lazy wvs-attachment-image\" alt=\"Autoradio Android 7 pouces D9-DMI3G Ultra pour Audi A4 A5 Q5 avec Audi MMI 3G \/ 3G+\" data-xooWscFly=\"fly\" \/><\/a><div class=\"product_desc\">\n<div class=\"pt-cv-ctf-list\" data-cvc=\"1\"><div class=\"col-md-12 pt-cv-ctf-column\"><div class=\"pt-cv-custom-fields pt-cv-ctf-produkt-ref\"><div class=\"pt-cv-ctf-value\">D9-DMI3G Ultra<\/div><\/div><\/div><\/div>\n<div class=\"pt-cv-content\">Syst\u00e8me de navigation 7 pouces pour Audi A4 A5 Q5<br \/><div class=\"product-price-custom\"><span class=\"price-label\">\u00e0 partir de<\/span>&nbsp<span class=\"price-integer\">649<\/span><span class=\"price-decimal\">,00<\/span>&nbsp<span class=\"price-currency\">\u20ac<\/span><\/div><\/div><\/div><\/div><\/div>\n<div class=\"col-md-4 col-sm-6 col-xs-12 pt-cv-content-item pt-cv-1-col\"  data-pid=\"72557\"><div class='pt-cv-pinmas'><a href=\"https:\/\/www.dynavin.de\/fr\/produits\/produits\/carhifi\/systemes-de-navigation-pour-car-hifi\/navigationssystem-a3-flex-audi-a3\/\" class=\"_self pt-cv-href-thumbnail pt-cv-thumb-default cvplbd\" target=\"_self\" ><img width=\"300\" height=\"300\" src=\"https:\/\/www.dynavin.de\/wp-content\/uploads\/1712027480-D9-A3-Flex-300X300.jpg\" class=\"pt-cv-thumbnail img-none noLightbox  no-lazyload skip-lazy wvs-attachment-image\" alt=\"Autoradio Android 9 pouces D9-A3 Premium Flex pour Audi A3 2003-2013 S3 2006-2013\" data-xooWscFly=\"fly\" \/><\/a><div class=\"product_desc\">\n<div class=\"pt-cv-ctf-list\" data-cvc=\"1\"><div class=\"col-md-12 pt-cv-ctf-column\"><div class=\"pt-cv-custom-fields pt-cv-ctf-produkt-ref\"><div class=\"pt-cv-ctf-value\">D9-A3 Premium Flex<\/div><\/div><\/div><\/div>\n<div class=\"pt-cv-content\">Syst\u00e8me de navigation 9 pouces pour Audi A3 2003-2013<br \/><div class=\"product-price-custom\"><span class=\"price-label\">\u00e0 partir de<\/span>&nbsp<span class=\"price-integer\">299<\/span><span class=\"price-decimal\">,00<\/span>&nbsp<span class=\"price-currency\">\u20ac<\/span><\/div><\/div><\/div><\/div><\/div>\n<div class=\"col-md-2 col-sm-6 col-xs-12 pt-cv-content-item pt-cv-1-col\"  data-pid=\"72501\"><div class='pt-cv-pinmas'><a href=\"https:\/\/www.dynavin.de\/fr\/produits\/produits\/carhifi\/navigationssystem-a3-pro-audi-a3\/\" class=\"_self pt-cv-href-thumbnail pt-cv-thumb-default cvplbd\" target=\"_self\" ><img width=\"300\" height=\"300\" src=\"https:\/\/www.dynavin.de\/wp-content\/uploads\/1669863230-D8-A3-Pro-300X300.jpg\" class=\"pt-cv-thumbnail img-none noLightbox  no-lazyload skip-lazy wvs-attachment-image\" alt=\"Autoradio Android 9 pouces D9-A3 Premium pour Audi A3 2003-2013 S3 2006-2013\" data-xooWscFly=\"fly\" \/><\/a><div class=\"product_desc\">\n<div class=\"pt-cv-ctf-list\" data-cvc=\"1\"><div class=\"col-md-12 pt-cv-ctf-column\"><div class=\"pt-cv-custom-fields pt-cv-ctf-produkt-ref\"><div class=\"pt-cv-ctf-value\">D9-A3 Premium<\/div><\/div><\/div><\/div>\n<div class=\"pt-cv-content\">Syst\u00e8me de navigation 9 pouces pour Audi A3 2003-2013<br \/><div class=\"product-price-custom\"><span class=\"price-label\">\u00e0 partir de<\/span>&nbsp<span class=\"price-integer\">649<\/span><span class=\"price-decimal\">,00<\/span>&nbsp<span class=\"price-currency\">\u20ac<\/span><\/div><\/div><\/div><\/div><\/div>\n<div class=\"col-md-2 col-sm-6 col-xs-12 pt-cv-content-item pt-cv-1-col\"  data-pid=\"72793\"><div class='pt-cv-pinmas'><a href=\"https:\/\/www.dynavin.de\/fr\/produits\/produits\/carhifi\/navigationssystem-tt-flex-audi-tt\/\" class=\"_self pt-cv-href-thumbnail pt-cv-thumb-default cvplbd\" target=\"_self\" ><img width=\"300\" height=\"300\" src=\"https:\/\/www.dynavin.de\/wp-content\/uploads\/1712027508-D9-TT-Flex-300X300.jpg\" class=\"pt-cv-thumbnail img-none noLightbox  no-lazyload skip-lazy wvs-attachment-image\" alt=\"Autoradio Android 9 pouces D9-TT Premium Flex pour Audi TT (8J) 2006-2014\" data-xooWscFly=\"fly\" \/><\/a><div class=\"product_desc\">\n<div class=\"pt-cv-ctf-list\" data-cvc=\"1\"><div class=\"col-md-12 pt-cv-ctf-column\"><div class=\"pt-cv-custom-fields pt-cv-ctf-produkt-ref\"><div class=\"pt-cv-ctf-value\">D9-TT Premium Flex<\/div><\/div><\/div><\/div>\n<div class=\"pt-cv-content\">Syst\u00e8me de navigation 9 pouces pour Audi TT 2006-2014<br \/><div class=\"product-price-custom\"><span class=\"price-label\">\u00e0 partir de<\/span>&nbsp<span class=\"price-integer\">299<\/span><span class=\"price-decimal\">,00<\/span>&nbsp<span class=\"price-currency\">\u20ac<\/span><\/div><\/div><\/div><\/div><\/div>\n<div class=\"col-md-2 col-sm-6 col-xs-12 pt-cv-content-item pt-cv-1-col\"  data-pid=\"72683\"><div class='pt-cv-pinmas'><a href=\"https:\/\/www.dynavin.de\/fr\/produits\/produits\/carhifi\/navigationssystem-tt-pro-audi-tt\/\" class=\"_self pt-cv-href-thumbnail pt-cv-thumb-default cvplbd\" target=\"_self\" ><img width=\"300\" height=\"300\" src=\"https:\/\/www.dynavin.de\/wp-content\/uploads\/1669863958-D8-TT-Pro-300X300.jpg\" class=\"pt-cv-thumbnail img-none noLightbox  no-lazyload skip-lazy wvs-attachment-image\" alt=\"Autoradio Android 9 pouces D9-TT Premium pour Audi TT (8J) 2006-2014\" data-xooWscFly=\"fly\" \/><\/a><div class=\"product_desc\">\n<div class=\"pt-cv-ctf-list\" data-cvc=\"1\"><div class=\"col-md-12 pt-cv-ctf-column\"><div class=\"pt-cv-custom-fields pt-cv-ctf-produkt-ref\"><div class=\"pt-cv-ctf-value\">D9-TT Premium<\/div><\/div><\/div><\/div>\n<div class=\"pt-cv-content\">Syst\u00e8me de navigation 9 pouces pour Audi TT (8J) 2006-2014<br \/><div class=\"product-price-custom\"><span class=\"price-label\">\u00e0 partir de<\/span>&nbsp<span class=\"price-integer\">649<\/span><span class=\"price-decimal\">,00<\/span>&nbsp<span class=\"price-currency\">\u20ac<\/span><\/div><\/div><\/div><\/div><\/div>\n<div class=\"col-md-2 col-sm-6 col-xs-12 pt-cv-content-item pt-cv-1-col\"  data-pid=\"48108\"><div class='pt-cv-pinmas'><a href=\"https:\/\/www.dynavin.de\/fr\/produits\/produits\/carhifi\/systemes-de-navigation-pour-car-hifi\/navigationsgeraet-41-pro-ford-focus\/\" class=\"_self pt-cv-href-thumbnail pt-cv-thumb-default cvplbd\" target=\"_self\" ><img width=\"300\" height=\"300\" src=\"https:\/\/www.dynavin.de\/wp-content\/uploads\/1669866718-D8-41-Pro-300X300.jpg\" class=\"pt-cv-thumbnail img-none noLightbox  no-lazyload skip-lazy wvs-attachment-image\" alt=\"Autoradio Android 9 pouces D9-41 Premium pour Ford Focus 2004-2010\" data-xooWscFly=\"fly\" \/><\/a><div class=\"product_desc\">\n<div class=\"pt-cv-ctf-list\" data-cvc=\"1\"><div class=\"col-md-12 pt-cv-ctf-column\"><div class=\"pt-cv-custom-fields pt-cv-ctf-produkt-ref\"><div class=\"pt-cv-ctf-value\">D9-41 Premium<\/div><\/div><\/div><\/div>\n<div class=\"pt-cv-content\">Syst\u00e8me de navigation 9 pouces pour Ford Focus 2004-2010<br \/><div class=\"product-price-custom\"><span class=\"price-label\">\u00e0 partir de<\/span>&nbsp<span class=\"price-integer\">649<\/span><span class=\"price-decimal\">,00<\/span>&nbsp<span class=\"price-currency\">\u20ac<\/span><\/div><\/div><\/div><\/div><\/div>\n<div class=\"col-md-4 col-sm-6 col-xs-12 pt-cv-content-item pt-cv-1-col\"  data-pid=\"48104\"><div class='pt-cv-pinmas'><a href=\"https:\/\/www.dynavin.de\/fr\/produits\/produits\/carhifi\/systemes-de-navigation-pour-car-hifi\/navigationsgeraet-41a-pro-ford-focus\/\" class=\"_self pt-cv-href-thumbnail pt-cv-thumb-default cvplbd\" target=\"_self\" ><img width=\"300\" height=\"300\" src=\"https:\/\/www.dynavin.de\/wp-content\/uploads\/1669874543-D8-41A-Pro-300X300.jpg\" class=\"pt-cv-thumbnail img-none noLightbox  no-lazyload skip-lazy wvs-attachment-image\" alt=\"Autoradio Android 9 pouces D9-41A Premium pour Ford Focus 2004-2010\" data-xooWscFly=\"fly\" \/><\/a><div class=\"product_desc\">\n<div class=\"pt-cv-ctf-list\" data-cvc=\"1\"><div class=\"col-md-12 pt-cv-ctf-column\"><div class=\"pt-cv-custom-fields pt-cv-ctf-produkt-ref\"><div class=\"pt-cv-ctf-value\">D9-41A Premium<\/div><\/div><\/div><\/div>\n<div class=\"pt-cv-content\">Syst\u00e8me de navigation 9 pouces pour Ford Focus 2004-2010<br \/><div class=\"product-price-custom\"><span class=\"price-label\">\u00e0 partir de<\/span>&nbsp<span class=\"price-integer\">649<\/span><span class=\"price-decimal\">,00<\/span>&nbsp<span class=\"price-currency\">\u20ac<\/span><\/div><\/div><\/div><\/div><\/div>\n<div class=\"col-md-2 col-sm-6 col-xs-12 pt-cv-content-item pt-cv-1-col\"  data-pid=\"48133\"><div class='pt-cv-pinmas'><a href=\"https:\/\/www.dynavin.de\/fr\/produits\/produits\/carhifi\/systemes-de-navigation-pour-car-hifi\/navigationsgerat-44-pro-ford-focus\/\" class=\"_self pt-cv-href-thumbnail pt-cv-thumb-default cvplbd\" target=\"_self\" ><img width=\"300\" height=\"300\" src=\"https:\/\/www.dynavin.de\/wp-content\/uploads\/1669875790-D8-44-Pro-300X300.jpg\" class=\"pt-cv-thumbnail img-none noLightbox  no-lazyload skip-lazy wvs-attachment-image\" alt=\"Autoradio Android 9 pouces D9-44 Premium pour Ford Focus 2010-2018\" data-xooWscFly=\"fly\" \/><\/a><div class=\"product_desc\">\n<div class=\"pt-cv-ctf-list\" data-cvc=\"1\"><div class=\"col-md-12 pt-cv-ctf-column\"><div class=\"pt-cv-custom-fields pt-cv-ctf-produkt-ref\"><div class=\"pt-cv-ctf-value\">D9-44 Premium<\/div><\/div><\/div><\/div>\n<div class=\"pt-cv-content\">Syst\u00e8me de navigation 9 pouces pour Ford Focus 2010-2018<br \/><div class=\"product-price-custom\"><span class=\"price-label\">\u00e0 partir de<\/span>&nbsp<span class=\"price-integer\">649<\/span><span class=\"price-decimal\">,00<\/span>&nbsp<span class=\"price-currency\">\u20ac<\/span><\/div><\/div><\/div><\/div><\/div>\n<div class=\"col-md-2 col-sm-6 col-xs-12 pt-cv-content-item pt-cv-1-col\"  data-pid=\"52864\"><div class='pt-cv-pinmas'><a href=\"https:\/\/www.dynavin.de\/fr\/produits\/produits\/camping-cars-et-vehicule-utilitaires\/systemes-de-navigation-pour-camping-cars-et-vehicules-utilitaires\/navigationsgeraet-rn-1-plus-flex-renault-master\/\" class=\"_self pt-cv-href-thumbnail pt-cv-thumb-default cvplbd\" target=\"_self\" ><img width=\"300\" height=\"300\" src=\"https:\/\/www.dynavin.de\/wp-content\/uploads\/1712369721-D9-RN-1-Flex-300X300.jpg\" class=\"pt-cv-thumbnail img-none noLightbox  no-lazyload skip-lazy wvs-attachment-image\" alt=\"Autoradio Android 9 pouces D9-RN-1 Plus Flex - C pour Renault Master | Opel Movano | Nissan NV400\" data-xooWscFly=\"fly\" \/><\/a><div class=\"product_desc\">\n<div class=\"pt-cv-ctf-list\" data-cvc=\"1\"><div class=\"col-md-12 pt-cv-ctf-column\"><div class=\"pt-cv-custom-fields pt-cv-ctf-produkt-ref\"><div class=\"pt-cv-ctf-value\">D9-RN-1 Plus Flex - C<\/div><\/div><\/div><\/div>\n<div class=\"pt-cv-content\">Syst\u00e8me de navigation 9 pouces pour Renault Master, Opel Movano ...<br \/><div class=\"product-price-custom\"><span class=\"price-label\">\u00e0 partir de<\/span>&nbsp<span class=\"price-integer\">399<\/span><span class=\"price-decimal\">,00<\/span>&nbsp<span class=\"price-currency\">\u20ac<\/span><\/div><\/div><\/div><\/div><\/div>\n<div class=\"col-md-2 col-sm-6 col-xs-12 pt-cv-content-item pt-cv-1-col\"  data-pid=\"48234\"><div class='pt-cv-pinmas'><a href=\"https:\/\/www.dynavin.de\/fr\/produits\/produits\/camping-cars-et-vehicule-utilitaires\/systemes-de-navigation-pour-camping-cars-et-vehicules-utilitaires\/navigationsgeraet-rn-1-pro-renault-master\/\" class=\"_self pt-cv-href-thumbnail pt-cv-thumb-default cvplbd\" target=\"_self\" ><img width=\"300\" height=\"300\" src=\"https:\/\/www.dynavin.de\/wp-content\/uploads\/1669876483-D8-RN-1-Pro-300X300.jpg\" class=\"pt-cv-thumbnail img-none noLightbox  no-lazyload skip-lazy wvs-attachment-image\" alt=\"Autoradio Android 9 pouces D9-RN-1 Plus \u2013 C pour Renault Master | Opel Movano | Nissan NV400\" data-xooWscFly=\"fly\" \/><\/a><div class=\"product_desc\">\n<div class=\"pt-cv-ctf-list\" data-cvc=\"1\"><div class=\"col-md-12 pt-cv-ctf-column\"><div class=\"pt-cv-custom-fields pt-cv-ctf-produkt-ref\"><div class=\"pt-cv-ctf-value\">D9-RN-1 Plus - C<\/div><\/div><\/div><\/div>\n<div class=\"pt-cv-content\">Syst\u00e8me de navigation 9 pouces pour Renault Master, Opel Movano ...<br \/><div class=\"product-price-custom\"><span class=\"price-label\">\u00e0 partir de<\/span>&nbsp<span class=\"price-integer\">799<\/span><span class=\"price-decimal\">,00<\/span>&nbsp<span class=\"price-currency\">\u20ac<\/span><\/div><\/div><\/div><\/div><\/div>\n<div class=\"col-md-2 col-sm-6 col-xs-12 pt-cv-content-item pt-cv-1-col\"  data-pid=\"63207\"><div class='pt-cv-pinmas'><a href=\"https:\/\/www.dynavin.de\/fr\/produits\/produits\/camping-cars-et-vehicule-utilitaires\/systemes-de-navigation-pour-camping-cars-et-vehicules-utilitaires\/navigationsgerat-rn2020-plus-flex-renault-master\/\" class=\"_self pt-cv-href-thumbnail pt-cv-thumb-default cvplbd\" target=\"_self\" ><img width=\"300\" height=\"300\" src=\"https:\/\/www.dynavin.de\/wp-content\/uploads\/1712369762-D9-RN2020-Flex-300X300.jpg\" class=\"pt-cv-thumbnail img-none noLightbox  no-lazyload skip-lazy wvs-attachment-image\" alt=\"Autoradio Android 9 pouces D9-RN2020 Plus Flex - C pour Renault Master Opel Movano B Nissan NV400\" data-xooWscFly=\"fly\" \/><\/a><div class=\"product_desc\">\n<div class=\"pt-cv-ctf-list\" data-cvc=\"1\"><div class=\"col-md-12 pt-cv-ctf-column\"><div class=\"pt-cv-custom-fields pt-cv-ctf-produkt-ref\"><div class=\"pt-cv-ctf-value\">D9-RN2020 Plus Flex - C<\/div><\/div><\/div><\/div>\n<div class=\"pt-cv-content\">Syst\u00e8me de navigation 9 pouces pour Renault Opel Nissan<br \/><div class=\"product-price-custom\"><span class=\"price-label\">\u00e0 partir de<\/span>&nbsp<span class=\"price-integer\">399<\/span><span class=\"price-decimal\">,00<\/span>&nbsp<span class=\"price-currency\">\u20ac<\/span><\/div><\/div><\/div><\/div><\/div>\n<div class=\"col-md-4 col-sm-6 col-xs-12 pt-cv-content-item pt-cv-1-col\"  data-pid=\"63108\"><div class='pt-cv-pinmas'><a href=\"https:\/\/www.dynavin.de\/fr\/produits\/produits\/camping-cars-et-vehicule-utilitaires\/systemes-de-navigation-pour-camping-cars-et-vehicules-utilitaires\/navigationsgeraet-rn2020-pro-renault-master\/\" class=\"_self pt-cv-href-thumbnail pt-cv-thumb-default cvplbd\" target=\"_self\" ><img width=\"300\" height=\"300\" src=\"https:\/\/www.dynavin.de\/wp-content\/uploads\/1669881345-D8-RN2020-Pro-300X300.jpg\" class=\"pt-cv-thumbnail img-none noLightbox  no-lazyload skip-lazy wvs-attachment-image\" alt=\"Autoradio Android 9 pouces D9-RN2020 Plus - C pour Renault Master Opel Movano B Nissan NV400\" data-xooWscFly=\"fly\" \/><\/a><div class=\"product_desc\">\n<div class=\"pt-cv-ctf-list\" data-cvc=\"1\"><div class=\"col-md-12 pt-cv-ctf-column\"><div class=\"pt-cv-custom-fields pt-cv-ctf-produkt-ref\"><div class=\"pt-cv-ctf-value\">D9-RN2020 Plus - C<\/div><\/div><\/div><\/div>\n<div class=\"pt-cv-content\">Syst\u00e8me de navigation 9 pouces pour Renault Opel Nissan<br \/><div class=\"product-price-custom\"><span class=\"price-label\">\u00e0 partir de<\/span>&nbsp<span class=\"price-integer\">799<\/span><span class=\"price-decimal\">,00<\/span>&nbsp<span class=\"price-currency\">\u20ac<\/span><\/div><\/div><\/div><\/div><\/div>\n<div class=\"col-md-2 col-sm-6 col-xs-12 pt-cv-content-item pt-cv-1-col\"  data-pid=\"90351\"><div class='pt-cv-pinmas'><a href=\"https:\/\/www.dynavin.de\/fr\/produits\/produits\/carhifi\/navigationssystem-rntrf-premium-flex-renault-trafic\/\" class=\"_self pt-cv-href-thumbnail pt-cv-thumb-default cvplbd\" target=\"_self\" ><img width=\"300\" height=\"300\" src=\"https:\/\/www.dynavin.de\/wp-content\/uploads\/1712024089-D9-RNTRF-Flex-300X300.jpg\" class=\"pt-cv-thumbnail img-none noLightbox  no-lazyload skip-lazy wvs-attachment-image\" alt=\"Autoradio Android 10,1 pouces D9-RNTRF Premium Flex pour Renault Trafic III 2014-2021\" data-xooWscFly=\"fly\" \/><\/a><div class=\"product_desc\">\n<div class=\"pt-cv-ctf-list\" data-cvc=\"1\"><div class=\"col-md-12 pt-cv-ctf-column\"><div class=\"pt-cv-custom-fields pt-cv-ctf-produkt-ref\"><div class=\"pt-cv-ctf-value\">D9-RNTRF Premium Flex<\/div><\/div><\/div><\/div>\n<div class=\"pt-cv-content\">Syst\u00e8me de navigation 10,1 pouces pour Renault Trafic III 2014-2021<br \/><div class=\"product-price-custom\"><span class=\"price-label\">\u00e0 partir de<\/span>&nbsp<span class=\"price-integer\">299<\/span><span class=\"price-decimal\">,00<\/span>&nbsp<span class=\"price-currency\">\u20ac<\/span><\/div><\/div><\/div><\/div><\/div>\n<div class=\"col-md-2 col-sm-6 col-xs-12 pt-cv-content-item pt-cv-1-col\"  data-pid=\"89410\"><div class='pt-cv-pinmas'><a href=\"https:\/\/www.dynavin.de\/fr\/produits\/produits\/carhifi\/navigationssystem-rntrf-premium-renault-trafic\/\" class=\"_self pt-cv-href-thumbnail pt-cv-thumb-default cvplbd\" target=\"_self\" ><img width=\"300\" height=\"300\" src=\"https:\/\/www.dynavin.de\/wp-content\/uploads\/1695283703-D8-RNTRF-300X300.jpg\" class=\"pt-cv-thumbnail img-none noLightbox  no-lazyload skip-lazy wvs-attachment-image\" alt=\"Autoradio Android 10,1 pouces D9-RNTRF Premium pour Renault Trafic III 2014-2021\" data-xooWscFly=\"fly\" \/><\/a><div class=\"product_desc\">\n<div class=\"pt-cv-ctf-list\" data-cvc=\"1\"><div class=\"col-md-12 pt-cv-ctf-column\"><div class=\"pt-cv-custom-fields pt-cv-ctf-produkt-ref\"><div class=\"pt-cv-ctf-value\">D9-RNTRF Premium<\/div><\/div><\/div><\/div>\n<div class=\"pt-cv-content\">Syst\u00e8me de navigation 10,1 pouces pour Renault Trafic III 2014-2021<br \/><div class=\"product-price-custom\"><span class=\"price-label\">\u00e0 partir de<\/span>&nbsp<span class=\"price-integer\">649<\/span><span class=\"price-decimal\">,00<\/span>&nbsp<span class=\"price-currency\">\u20ac<\/span><\/div><\/div><\/div><\/div><\/div>\n<div class=\"col-md-2 col-sm-6 col-xs-12 pt-cv-content-item pt-cv-1-col\"  data-pid=\"140496\"><div class='pt-cv-pinmas'><a href=\"https:\/\/www.dynavin.de\/fr\/produits\/produits\/carhifi\/navigationssystem-dac-premium-flex-dacia\/\" class=\"_self pt-cv-href-thumbnail pt-cv-thumb-default cvplbd\" target=\"_self\" ><img width=\"300\" height=\"300\" src=\"https:\/\/www.dynavin.de\/wp-content\/uploads\/1761618949-D9-DAC-Premium-Flex-300X300.jpg\" class=\"pt-cv-thumbnail img-none noLightbox  no-lazyload skip-lazy wvs-attachment-image\" alt=\"Autoradio Android 8 pouces D9-DAC Premium Flex pour Dacia Sandero \/ Duster \/ Renault Captur\" data-xooWscFly=\"fly\" \/><\/a><div class=\"product_desc\">\n<div class=\"pt-cv-ctf-list\" data-cvc=\"1\"><div class=\"col-md-12 pt-cv-ctf-column\"><div class=\"pt-cv-custom-fields pt-cv-ctf-produkt-ref\"><div class=\"pt-cv-ctf-value\">D9-DAC Premium Flex<\/div><\/div><\/div><\/div>\n<div class=\"pt-cv-content\">Syst\u00e8me de navigation 8 pouces pour Dacia Sandero \/ Duster<br \/><div class=\"product-price-custom\"><span class=\"price-label\">\u00e0 partir de<\/span>&nbsp<span class=\"price-integer\">299<\/span><span class=\"price-decimal\">,00<\/span>&nbsp<span class=\"price-currency\">\u20ac<\/span><\/div><\/div><\/div><\/div><\/div>\n<div class=\"col-md-2 col-sm-6 col-xs-12 pt-cv-content-item pt-cv-1-col\"  data-pid=\"140607\"><div class='pt-cv-pinmas'><a href=\"https:\/\/www.dynavin.de\/fr\/produits\/produits\/carhifi\/navigationssystem-dac-premium-dacia\/\" class=\"_self pt-cv-href-thumbnail pt-cv-thumb-default cvplbd\" target=\"_self\" ><img width=\"300\" height=\"300\" src=\"https:\/\/www.dynavin.de\/wp-content\/uploads\/1761721321-D9-DAC-Premium-300X300.jpg\" class=\"pt-cv-thumbnail img-none noLightbox  no-lazyload skip-lazy wvs-attachment-image\" alt=\"Autoradio Android 8 pouces D9-DAC Premium pour Dacia Sandero \/ Duster \/ Renault Captur\" data-xooWscFly=\"fly\" \/><\/a><div class=\"product_desc\">\n<div class=\"pt-cv-ctf-list\" data-cvc=\"1\"><div class=\"col-md-12 pt-cv-ctf-column\"><div class=\"pt-cv-custom-fields pt-cv-ctf-produkt-ref\"><div class=\"pt-cv-ctf-value\">D9-DAC Premium<\/div><\/div><\/div><\/div>\n<div class=\"pt-cv-content\">Syst\u00e8me de navigation 8 pouces pour Dacia Sandero \/ Duster<br \/><div class=\"product-price-custom\"><span class=\"price-label\">\u00e0 partir de<\/span>&nbsp<span class=\"price-integer\">649<\/span><span class=\"price-decimal\">,00<\/span>&nbsp<span class=\"price-currency\">\u20ac<\/span><\/div><\/div><\/div><\/div><\/div>\n<div class=\"col-md-4 col-sm-6 col-xs-12 pt-cv-content-item pt-cv-1-col\"  data-pid=\"123968\"><div class='pt-cv-pinmas'><a href=\"https:\/\/www.dynavin.de\/fr\/produits\/produits\/carhifi\/navigationssystem-kg21-premium-flex-renault-trafic-renault-kangoo\/\" class=\"_self pt-cv-href-thumbnail pt-cv-thumb-default cvplbd\" target=\"_self\" ><img width=\"300\" height=\"300\" src=\"https:\/\/www.dynavin.de\/wp-content\/uploads\/1737188256-D9-KG21_Flex-300X300.jpg\" class=\"pt-cv-thumbnail img-none noLightbox  no-lazyload skip-lazy wvs-attachment-image\" alt=\"Autoradio Android 10,1 pouces D9-KG21 Premium Flex pour Renault Trafic \/ Renault Kangoo \u00e0 partir de 2021\" data-xooWscFly=\"fly\" \/><\/a><div class=\"product_desc\">\n<div class=\"pt-cv-ctf-list\" data-cvc=\"1\"><div class=\"col-md-12 pt-cv-ctf-column\"><div class=\"pt-cv-custom-fields pt-cv-ctf-produkt-ref\"><div class=\"pt-cv-ctf-value\">D9-KG21 Premium Flex<\/div><\/div><\/div><\/div>\n<div class=\"pt-cv-content\">Syst\u00e8me de navigation 10,1 pouces pour Renault Kangoo \u00e0 partir de 2021<br \/><div class=\"product-price-custom\"><span class=\"price-label\">\u00e0 partir de<\/span>&nbsp<span class=\"price-integer\">299<\/span><span class=\"price-decimal\">,00<\/span>&nbsp<span class=\"price-currency\">\u20ac<\/span><\/div><\/div><\/div><\/div><\/div>\n<div class=\"col-md-2 col-sm-6 col-xs-12 pt-cv-content-item pt-cv-1-col\"  data-pid=\"124003\"><div class='pt-cv-pinmas'><a href=\"https:\/\/www.dynavin.de\/fr\/produits\/produits\/carhifi\/navigationssystem-kg21-premium-renault-trafic-renault-kangoo\/\" class=\"_self pt-cv-href-thumbnail pt-cv-thumb-default cvplbd\" target=\"_self\" ><img width=\"300\" height=\"300\" src=\"https:\/\/www.dynavin.de\/wp-content\/uploads\/1737358283-D9-KG21-300X300.jpg\" class=\"pt-cv-thumbnail img-none noLightbox  no-lazyload skip-lazy wvs-attachment-image\" alt=\"Autoradio Android 10,1 pouces D9-KG21 Premium pour Renault Trafic \/ Renault Kangoo \u00e0 partir de 2021\" data-xooWscFly=\"fly\" \/><\/a><div class=\"product_desc\">\n<div class=\"pt-cv-ctf-list\" data-cvc=\"1\"><div class=\"col-md-12 pt-cv-ctf-column\"><div class=\"pt-cv-custom-fields pt-cv-ctf-produkt-ref\"><div class=\"pt-cv-ctf-value\">D9-KG21 Premium<\/div><\/div><\/div><\/div>\n<div class=\"pt-cv-content\">Syst\u00e8me de navigation 10,1 pouces pour Renault Kangoo \u00e0 partir de 2021<br \/><div class=\"product-price-custom\"><span class=\"price-label\">\u00e0 partir de<\/span>&nbsp<span class=\"price-integer\">649<\/span><span class=\"price-decimal\">,00<\/span>&nbsp<span class=\"price-currency\">\u20ac<\/span><\/div><\/div><\/div><\/div><\/div>\n<div class=\"col-md-2 col-sm-6 col-xs-12 pt-cv-content-item pt-cv-1-col\"  data-pid=\"122296\"><div class='pt-cv-pinmas'><a href=\"https:\/\/www.dynavin.de\/fr\/produits\/produits\/carhifi\/navigationssystem-rncl-premium-flex-renault-clio-vi\/\" class=\"_self pt-cv-href-thumbnail pt-cv-thumb-default cvplbd\" target=\"_self\" ><img width=\"300\" height=\"300\" src=\"https:\/\/www.dynavin.de\/wp-content\/uploads\/1734493461-D9-RNCL-Premium-Flex-300X300.jpg\" class=\"pt-cv-thumbnail img-none noLightbox  no-lazyload skip-lazy wvs-attachment-image\" alt=\"Autoradio Android 9 pouces D9-RNCL Premium Flex pour Renault Clio IV 2014-2020\" data-xooWscFly=\"fly\" \/><\/a><div class=\"product_desc\">\n<div class=\"pt-cv-ctf-list\" data-cvc=\"1\"><div class=\"col-md-12 pt-cv-ctf-column\"><div class=\"pt-cv-custom-fields pt-cv-ctf-produkt-ref\"><div class=\"pt-cv-ctf-value\">D9-RNCL Premium Flex<\/div><\/div><\/div><\/div>\n<div class=\"pt-cv-content\">Syst\u00e8me de navigation 9 pouces pour Renault Clio IV 2014-2020<br \/><div class=\"product-price-custom\"><span class=\"price-label\">\u00e0 partir de<\/span>&nbsp<span class=\"price-integer\">299<\/span><span class=\"price-decimal\">,00<\/span>&nbsp<span class=\"price-currency\">\u20ac<\/span><\/div><\/div><\/div><\/div><\/div>\n<div class=\"col-md-2 col-sm-6 col-xs-12 pt-cv-content-item pt-cv-1-col\"  data-pid=\"122270\"><div class='pt-cv-pinmas'><a href=\"https:\/\/www.dynavin.de\/fr\/produits\/produits\/carhifi\/navigationssystem-rncl-premium-renault-clio-vi\/\" class=\"_self pt-cv-href-thumbnail pt-cv-thumb-default cvplbd\" target=\"_self\" ><img width=\"300\" height=\"300\" src=\"https:\/\/www.dynavin.de\/wp-content\/uploads\/1734161099-D9-RNCL-Premium-300X300.jpg\" class=\"pt-cv-thumbnail img-none noLightbox  no-lazyload skip-lazy wvs-attachment-image\" alt=\"Autoradio Android 9 pouces D9-RNCL Premium pour Renault Clio IV 2014-2020\" data-xooWscFly=\"fly\" \/><\/a><div class=\"product_desc\">\n<div class=\"pt-cv-ctf-list\" data-cvc=\"1\"><div class=\"col-md-12 pt-cv-ctf-column\"><div class=\"pt-cv-custom-fields pt-cv-ctf-produkt-ref\"><div class=\"pt-cv-ctf-value\">D9-RNCL Premium<\/div><\/div><\/div><\/div>\n<div class=\"pt-cv-content\">Syst\u00e8me de navigation 9 pouces pour Renault Clio IV 2014-2020<br \/><div class=\"product-price-custom\"><span class=\"price-label\">\u00e0 partir de<\/span>&nbsp<span class=\"price-integer\">649<\/span><span class=\"price-decimal\">,00<\/span>&nbsp<span class=\"price-currency\">\u20ac<\/span><\/div><\/div><\/div><\/div><\/div>\n<div class=\"col-md-2 col-sm-6 col-xs-12 pt-cv-content-item pt-cv-1-col\"  data-pid=\"144700\"><div class='pt-cv-pinmas'><a href=\"https:\/\/www.dynavin.de\/fr\/produits\/produits\/carhifi\/navigationssystem-rncl5-premium-flex-renault-clio-v\/\" class=\"_self pt-cv-href-thumbnail pt-cv-thumb-default cvplbd\" target=\"_self\" ><img width=\"300\" height=\"300\" src=\"https:\/\/www.dynavin.de\/wp-content\/uploads\/1768959393-D9-RNCL5-Flex-300x300-1.jpg\" class=\"pt-cv-thumbnail img-none noLightbox  no-lazyload skip-lazy wvs-attachment-image\" alt=\"Autoradio Android 10,1 pouces D9-RNCL5 Premium Flex pour Renault Clio V 2020-2025\" data-xooWscFly=\"fly\" \/><\/a><div class=\"product_desc\">\n<div class=\"pt-cv-ctf-list\" data-cvc=\"1\"><div class=\"col-md-12 pt-cv-ctf-column\"><div class=\"pt-cv-custom-fields pt-cv-ctf-produkt-ref\"><div class=\"pt-cv-ctf-value\">D9-RNCL5 Premium Flex<\/div><\/div><\/div><\/div>\n<div class=\"pt-cv-content\">Syst\u00e8me de navigation 10,1 pouces pour Renault Clio V 2020-2025<br \/><div class=\"product-price-custom\"><span class=\"price-label\">\u00e0 partir de<\/span>&nbsp<span class=\"price-integer\">299<\/span><span class=\"price-decimal\">,00<\/span>&nbsp<span class=\"price-currency\">\u20ac<\/span><\/div><\/div><\/div><\/div><\/div>\n<div class=\"col-md-4 col-sm-6 col-xs-12 pt-cv-content-item pt-cv-1-col\"  data-pid=\"144805\"><div class='pt-cv-pinmas'><a href=\"https:\/\/www.dynavin.de\/fr\/produits\/produits\/carhifi\/navigationssystem-rncl5-premium-renault-clio-v\/\" class=\"_self pt-cv-href-thumbnail pt-cv-thumb-default cvplbd\" target=\"_self\" ><img width=\"300\" height=\"300\" src=\"https:\/\/www.dynavin.de\/wp-content\/uploads\/1768893457-D9-RNCL5-300x300-1.jpg\" class=\"pt-cv-thumbnail img-none noLightbox  no-lazyload skip-lazy wvs-attachment-image\" alt=\"Autoradio Android 10,1 pouces D9-RNCL5 Premium pour Renault Clio V 2020-2025\" data-xooWscFly=\"fly\" \/><\/a><div class=\"product_desc\">\n<div class=\"pt-cv-ctf-list\" data-cvc=\"1\"><div class=\"col-md-12 pt-cv-ctf-column\"><div class=\"pt-cv-custom-fields pt-cv-ctf-produkt-ref\"><div class=\"pt-cv-ctf-value\">D9-RNCL5 Premium<\/div><\/div><\/div><\/div>\n<div class=\"pt-cv-content\">Syst\u00e8me de navigation 10,1 pouces pour Renault Clio V 2020-2025<br \/><div class=\"product-price-custom\"><span class=\"price-label\">\u00e0 partir de<\/span>&nbsp<span class=\"price-integer\">649<\/span><span class=\"price-decimal\">,00<\/span>&nbsp<span class=\"price-currency\">\u20ac<\/span><\/div><\/div><\/div><\/div><\/div>\n<div class=\"col-md-2 col-sm-6 col-xs-12 pt-cv-content-item pt-cv-1-col\"  data-pid=\"67594\"><div class='pt-cv-pinmas'><a href=\"https:\/\/www.dynavin.de\/fr\/produits\/produits\/carhifi\/systemes-de-navigation-pour-car-hifi\/navigationssystem-pg208-flex-peugeot-208\/\" class=\"_self pt-cv-href-thumbnail pt-cv-thumb-default cvplbd\" target=\"_self\" ><img width=\"300\" height=\"300\" src=\"https:\/\/www.dynavin.de\/wp-content\/uploads\/1712112407-D9-PG208-Flex-300X300.jpg\" class=\"pt-cv-thumbnail img-none noLightbox  no-lazyload skip-lazy wvs-attachment-image\" alt=\"Autoradio Android 10,1 pouces D9-PG208 Premium Flex pour Peugeot 208 \/ 2008 2012-2018\" data-xooWscFly=\"fly\" \/><\/a><div class=\"product_desc\">\n<div class=\"pt-cv-ctf-list\" data-cvc=\"1\"><div class=\"col-md-12 pt-cv-ctf-column\"><div class=\"pt-cv-custom-fields pt-cv-ctf-produkt-ref\"><div class=\"pt-cv-ctf-value\">D9-PG208 Premium Flex<\/div><\/div><\/div><\/div>\n<div class=\"pt-cv-content\">Syst\u00e8me de navigation 10,1 pouces pour Peugeot 208 \/ 2008 2012-2018<br \/><div class=\"product-price-custom\"><span class=\"price-label\">\u00e0 partir de<\/span>&nbsp<span class=\"price-integer\">299<\/span><span class=\"price-decimal\">,00<\/span>&nbsp<span class=\"price-currency\">\u20ac<\/span><\/div><\/div><\/div><\/div><\/div>\n<div class=\"col-md-2 col-sm-6 col-xs-12 pt-cv-content-item pt-cv-1-col\"  data-pid=\"67550\"><div class='pt-cv-pinmas'><a href=\"https:\/\/www.dynavin.de\/fr\/produits\/produits\/carhifi\/navigationssystem-pg208-pro-peugeot-208\/\" class=\"_self pt-cv-href-thumbnail pt-cv-thumb-default cvplbd\" target=\"_self\" ><img width=\"300\" height=\"300\" src=\"https:\/\/www.dynavin.de\/wp-content\/uploads\/1669963474-D8-PG208-Pro-300X3002.jpg\" class=\"pt-cv-thumbnail img-none noLightbox  no-lazyload skip-lazy wvs-attachment-image\" alt=\"Autoradio Android 10,1 pouces D9-PG208 Premium pour Peugeot 208 \/ 2008 2012-2018\" data-xooWscFly=\"fly\" \/><\/a><div class=\"product_desc\">\n<div class=\"pt-cv-ctf-list\" data-cvc=\"1\"><div class=\"col-md-12 pt-cv-ctf-column\"><div class=\"pt-cv-custom-fields pt-cv-ctf-produkt-ref\"><div class=\"pt-cv-ctf-value\">D9-PG208 Premium<\/div><\/div><\/div><\/div>\n<div class=\"pt-cv-content\">Syst\u00e8me de navigation 10,1 pouces pour Peugeot 208 \/ 2008 2012-2018<br \/><div class=\"product-price-custom\"><span class=\"price-label\">\u00e0 partir de<\/span>&nbsp<span class=\"price-integer\">649<\/span><span class=\"price-decimal\">,00<\/span>&nbsp<span class=\"price-currency\">\u20ac<\/span><\/div><\/div><\/div><\/div><\/div>\n<div class=\"col-md-2 col-sm-6 col-xs-12 pt-cv-content-item pt-cv-1-col\"  data-pid=\"72394\"><div class='pt-cv-pinmas'><a href=\"https:\/\/www.dynavin.de\/fr\/produits\/produits\/carhifi\/navigationssystem-pg3008-flex-peugeot-3008\/\" class=\"_self pt-cv-href-thumbnail pt-cv-thumb-default cvplbd\" target=\"_self\" ><img width=\"300\" height=\"300\" src=\"https:\/\/www.dynavin.de\/wp-content\/uploads\/1712112491-D9-PG3008-Flex-300X300.jpg\" class=\"pt-cv-thumbnail img-none noLightbox  no-lazyload skip-lazy wvs-attachment-image\" alt=\"Autoradio Android 9 pouces D9-PG3008 Premium Flex pour Peugeot 3008 2008-2016\" data-xooWscFly=\"fly\" \/><\/a><div class=\"product_desc\">\n<div class=\"pt-cv-ctf-list\" data-cvc=\"1\"><div class=\"col-md-12 pt-cv-ctf-column\"><div class=\"pt-cv-custom-fields pt-cv-ctf-produkt-ref\"><div class=\"pt-cv-ctf-value\">D9-PG3008 Premium Flex<\/div><\/div><\/div><\/div>\n<div class=\"pt-cv-content\">Syst\u00e8me de navigation 9 pouces pour Peugeot 3008 2008-2016<br \/><div class=\"product-price-custom\"><span class=\"price-label\">\u00e0 partir de<\/span>&nbsp<span class=\"price-integer\">299<\/span><span class=\"price-decimal\">,00<\/span>&nbsp<span class=\"price-currency\">\u20ac<\/span><\/div><\/div><\/div><\/div><\/div>\n<div class=\"col-md-2 col-sm-6 col-xs-12 pt-cv-content-item pt-cv-1-col\"  data-pid=\"72185\"><div class='pt-cv-pinmas'><a href=\"https:\/\/www.dynavin.de\/fr\/produits\/produits\/carhifi\/navigationssystem-pg3008-pro-peugeot-3008\/\" class=\"_self pt-cv-href-thumbnail pt-cv-thumb-default cvplbd\" target=\"_self\" ><img width=\"300\" height=\"300\" src=\"https:\/\/www.dynavin.de\/wp-content\/uploads\/1669879686-D8-PG3008-Pro-300X300.jpg\" class=\"pt-cv-thumbnail img-none noLightbox  no-lazyload skip-lazy wvs-attachment-image\" alt=\"Autoradio Android 9 pouces D9-PG3008 Premium pour Peugeot 3008 2008-2016\" data-xooWscFly=\"fly\" \/><\/a><div class=\"product_desc\">\n<div class=\"pt-cv-ctf-list\" data-cvc=\"1\"><div class=\"col-md-12 pt-cv-ctf-column\"><div class=\"pt-cv-custom-fields pt-cv-ctf-produkt-ref\"><div class=\"pt-cv-ctf-value\">D9-PG3008 Premium<\/div><\/div><\/div><\/div>\n<div class=\"pt-cv-content\">Syst\u00e8me de navigation 9 pouces pour Peugeot 3008 2008-2016<br \/><div class=\"product-price-custom\"><span class=\"price-label\">\u00e0 partir de<\/span>&nbsp<span class=\"price-integer\">649<\/span><span class=\"price-decimal\">,00<\/span>&nbsp<span class=\"price-currency\">\u20ac<\/span><\/div><\/div><\/div><\/div><\/div>\n<div class=\"col-md-4 col-sm-6 col-xs-12 pt-cv-content-item pt-cv-1-col\"  data-pid=\"66208\"><div class='pt-cv-pinmas'><a href=\"https:\/\/www.dynavin.de\/fr\/produits\/produits\/carhifi\/systemes-de-navigation-pour-car-hifi\/navigationsgeraet-rg-pro-ford-ranger\/\" class=\"_self pt-cv-href-thumbnail pt-cv-thumb-default cvplbd\" target=\"_self\" ><img width=\"300\" height=\"300\" src=\"https:\/\/www.dynavin.de\/wp-content\/uploads\/1669880517-D8-RG-Pro-300X300.jpg\" class=\"pt-cv-thumbnail img-none noLightbox  no-lazyload skip-lazy wvs-attachment-image\" alt=\"Autoradio Android 9 pouces D9-RG Premium pour Ford Ranger \u00e0 partir de 2015\" data-xooWscFly=\"fly\" \/><\/a><div class=\"product_desc\">\n<div class=\"pt-cv-ctf-list\" data-cvc=\"1\"><div class=\"col-md-12 pt-cv-ctf-column\"><div class=\"pt-cv-custom-fields pt-cv-ctf-produkt-ref\"><div class=\"pt-cv-ctf-value\">D9-RG Premium<\/div><\/div><\/div><\/div>\n<div class=\"pt-cv-content\">Syst\u00e8me de navigation 9 pouces pour Ford Ranger \u00e0 partir de 2015<br \/><div class=\"product-price-custom\"><span class=\"price-label\">\u00e0 partir de<\/span>&nbsp<span class=\"price-integer\">649<\/span><span class=\"price-decimal\">,00<\/span>&nbsp<span class=\"price-currency\">\u20ac<\/span><\/div><\/div><\/div><\/div><\/div>\n<div class=\"col-md-2 col-sm-6 col-xs-12 pt-cv-content-item pt-cv-1-col\"  data-pid=\"69001\"><div class='pt-cv-pinmas'><a href=\"https:\/\/www.dynavin.de\/fr\/produits\/produits\/camping-cars-et-vehicule-utilitaires\/systemes-de-navigation-pour-camping-cars-et-vehicules-utilitaires\/navigationssystem-ts-plus-flex-ford-transit\/\" class=\"_self pt-cv-href-thumbnail pt-cv-thumb-default cvplbd\" target=\"_self\" ><img width=\"300\" height=\"300\" src=\"https:\/\/www.dynavin.de\/wp-content\/uploads\/1712375523-D9-TS-Flex-300X300.jpg\" class=\"pt-cv-thumbnail img-none noLightbox  no-lazyload skip-lazy wvs-attachment-image\" alt=\"Autoradio Android 9 pouces D9-TS Plus Flex - C pour Ford Transit \u00e0 partir de 2019\" data-xooWscFly=\"fly\" \/><\/a><div class=\"product_desc\">\n<div class=\"pt-cv-ctf-list\" data-cvc=\"1\"><div class=\"col-md-12 pt-cv-ctf-column\"><div class=\"pt-cv-custom-fields pt-cv-ctf-produkt-ref\"><div class=\"pt-cv-ctf-value\">D9-TS Plus Flex - C<\/div><\/div><\/div><\/div>\n<div class=\"pt-cv-content\">Syst\u00e8me de navigation 9 pouces pour Ford Transit \u00e0 partir de 2019<br \/><div class=\"product-price-custom\"><span class=\"price-label\">\u00e0 partir de<\/span>&nbsp<span class=\"price-integer\">399<\/span><span class=\"price-decimal\">,00<\/span>&nbsp<span class=\"price-currency\">\u20ac<\/span><\/div><\/div><\/div><\/div><\/div>\n<div class=\"col-md-2 col-sm-6 col-xs-12 pt-cv-content-item pt-cv-1-col\"  data-pid=\"68858\"><div class='pt-cv-pinmas'><a href=\"https:\/\/www.dynavin.de\/fr\/produits\/produits\/camping-cars-et-vehicule-utilitaires\/systemes-de-navigation-pour-camping-cars-et-vehicules-utilitaires\/navigationsgeraet-ts-pro-ford-transit\/\" class=\"_self pt-cv-href-thumbnail pt-cv-thumb-default cvplbd\" target=\"_self\" ><img width=\"300\" height=\"300\" src=\"https:\/\/www.dynavin.de\/wp-content\/uploads\/1670383880-D8-TS-Pro-300X300.jpg\" class=\"pt-cv-thumbnail img-none noLightbox  no-lazyload skip-lazy wvs-attachment-image\" alt=\"Autoradio Android 9 pouces D9-TS Plus - C pour Ford Transit \u00e0 partir de 2019\" data-xooWscFly=\"fly\" \/><\/a><div class=\"product_desc\">\n<div class=\"pt-cv-ctf-list\" data-cvc=\"1\"><div class=\"col-md-12 pt-cv-ctf-column\"><div class=\"pt-cv-custom-fields pt-cv-ctf-produkt-ref\"><div class=\"pt-cv-ctf-value\">D9-TS Plus - C<\/div><\/div><\/div><\/div>\n<div class=\"pt-cv-content\">Syst\u00e8me de navigation 9 pouces pour Ford Transit \u00e0 partir de 2019<br \/><div class=\"product-price-custom\"><span class=\"price-label\">\u00e0 partir de<\/span>&nbsp<span class=\"price-integer\">799<\/span><span class=\"price-decimal\">,00<\/span>&nbsp<span class=\"price-currency\">\u20ac<\/span><\/div><\/div><\/div><\/div><\/div>\n<div class=\"col-md-2 col-sm-6 col-xs-12 pt-cv-content-item pt-cv-1-col\"  data-pid=\"127534\"><div class='pt-cv-pinmas'><a href=\"https:\/\/www.dynavin.de\/fr\/produits\/produits\/camping-cars-et-vehicule-utilitaires\/systemes-de-navigation-pour-camping-cars-et-vehicules-utilitaires\/navigationssystem-ts06-plus-flex-c-ford-transit\/\" class=\"_self pt-cv-href-thumbnail pt-cv-thumb-default cvplbd\" target=\"_self\" ><img width=\"300\" height=\"300\" src=\"https:\/\/www.dynavin.de\/wp-content\/uploads\/1741919351-D9-TS06-Plus-Flex-300X300.jpg\" class=\"pt-cv-thumbnail img-none noLightbox  no-lazyload skip-lazy wvs-attachment-image\" alt=\"Autoradio Android 10,1 pouces D9-TS06 Plus Flex \u2013 C pour Ford Transit 2006-2013\" data-xooWscFly=\"fly\" \/><\/a><div class=\"product_desc\">\n<div class=\"pt-cv-ctf-list\" data-cvc=\"1\"><div class=\"col-md-12 pt-cv-ctf-column\"><div class=\"pt-cv-custom-fields pt-cv-ctf-produkt-ref\"><div class=\"pt-cv-ctf-value\">D9-TS06 Plus Flex \u2013 C<\/div><\/div><\/div><\/div>\n<div class=\"pt-cv-content\">Syst\u00e8me de navigation 10,1 pouces pour Ford Transit 2006-2013<br \/><div class=\"product-price-custom\"><span class=\"price-label\">\u00e0 partir de<\/span>&nbsp<span class=\"price-integer\">399<\/span><span class=\"price-decimal\">,00<\/span>&nbsp<span class=\"price-currency\">\u20ac<\/span><\/div><\/div><\/div><\/div><\/div>\n<div class=\"col-md-2 col-sm-6 col-xs-12 pt-cv-content-item pt-cv-1-col\"  data-pid=\"127505\"><div class='pt-cv-pinmas'><a href=\"https:\/\/www.dynavin.de\/fr\/produits\/produits\/camping-cars-et-vehicule-utilitaires\/systemes-de-navigation-pour-camping-cars-et-vehicules-utilitaires\/navigationssystem-ts06-plus-c-ford-transit\/\" class=\"_self pt-cv-href-thumbnail pt-cv-thumb-default cvplbd\" target=\"_self\" ><img width=\"300\" height=\"300\" src=\"https:\/\/www.dynavin.de\/wp-content\/uploads\/1741168821-D9-TS06-Plus-300X300.jpg\" class=\"pt-cv-thumbnail img-none noLightbox  no-lazyload skip-lazy wvs-attachment-image\" alt=\"Autoradio Android 10,1 pouces D9-TS06 Plus Flex \u2013 C pour Ford Transit 2006-2013\" data-xooWscFly=\"fly\" \/><\/a><div class=\"product_desc\">\n<div class=\"pt-cv-ctf-list\" data-cvc=\"1\"><div class=\"col-md-12 pt-cv-ctf-column\"><div class=\"pt-cv-custom-fields pt-cv-ctf-produkt-ref\"><div class=\"pt-cv-ctf-value\">D9-TS06 Plus \u2013 C<\/div><\/div><\/div><\/div>\n<div class=\"pt-cv-content\">Syst\u00e8me de navigation 10,1 pouces pour Ford Transit 2006-2013<br \/><div class=\"product-price-custom\"><span class=\"price-label\">\u00e0 partir de<\/span>&nbsp<span class=\"price-integer\">799<\/span><span class=\"price-decimal\">,00<\/span>&nbsp<span class=\"price-currency\">\u20ac<\/span><\/div><\/div><\/div><\/div><\/div>\n<div class=\"col-md-4 col-sm-6 col-xs-12 pt-cv-content-item pt-cv-1-col\"  data-pid=\"126523\"><div class='pt-cv-pinmas'><a href=\"https:\/\/www.dynavin.de\/fr\/produits\/produits\/camping-cars-et-vehicule-utilitaires\/systemes-de-navigation-pour-camping-cars-et-vehicules-utilitaires\/navigationssystem-ts14-plus-flex-c-ford-transit\/\" class=\"_self pt-cv-href-thumbnail pt-cv-thumb-default cvplbd\" target=\"_self\" ><img width=\"300\" height=\"300\" src=\"https:\/\/www.dynavin.de\/wp-content\/uploads\/1741057729-D9-TS14-Plus-Flex-300X300.jpg\" class=\"pt-cv-thumbnail img-none noLightbox  no-lazyload skip-lazy wvs-attachment-image\" alt=\"Autoradio Android 10,1 pouces D9-TS14 Plus Flex - C pour Ford Transit 2014-2018\" data-xooWscFly=\"fly\" \/><\/a><div class=\"product_desc\">\n<div class=\"pt-cv-ctf-list\" data-cvc=\"1\"><div class=\"col-md-12 pt-cv-ctf-column\"><div class=\"pt-cv-custom-fields pt-cv-ctf-produkt-ref\"><div class=\"pt-cv-ctf-value\">D9-TS14 Plus Flex - C<\/div><\/div><\/div><\/div>\n<div class=\"pt-cv-content\">Syst\u00e8me de navigation 10,1 pouces pour Ford Transit 2014-2018<br \/><div class=\"product-price-custom\"><span class=\"price-label\">\u00e0 partir de<\/span>&nbsp<span class=\"price-integer\">399<\/span><span class=\"price-decimal\">,00<\/span>&nbsp<span class=\"price-currency\">\u20ac<\/span><\/div><\/div><\/div><\/div><\/div>\n<div class=\"col-md-2 col-sm-6 col-xs-12 pt-cv-content-item pt-cv-1-col\"  data-pid=\"126479\"><div class='pt-cv-pinmas'><a href=\"https:\/\/www.dynavin.de\/fr\/produits\/produits\/camping-cars-et-vehicule-utilitaires\/systemes-de-navigation-pour-camping-cars-et-vehicules-utilitaires\/navigationssystem-ts14-plus-c-ford-transit\/\" class=\"_self pt-cv-href-thumbnail pt-cv-thumb-default cvplbd\" target=\"_self\" ><img width=\"300\" height=\"300\" src=\"https:\/\/www.dynavin.de\/wp-content\/uploads\/1741057682-D9-TS14-Plus-300X300.jpg\" class=\"pt-cv-thumbnail img-none noLightbox  no-lazyload skip-lazy wvs-attachment-image\" alt=\"Autoradio Android 9 pouces D9-TS14 Plus - C pour Ford Transit 2014-2018\" data-xooWscFly=\"fly\" \/><\/a><div class=\"product_desc\">\n<div class=\"pt-cv-ctf-list\" data-cvc=\"1\"><div class=\"col-md-12 pt-cv-ctf-column\"><div class=\"pt-cv-custom-fields pt-cv-ctf-produkt-ref\"><div class=\"pt-cv-ctf-value\">D9-TS14 Plus - C<\/div><\/div><\/div><\/div>\n<div class=\"pt-cv-content\">Syst\u00e8me de navigation 10,1 pouces pour Ford Transit 2014-2018<br \/><div class=\"product-price-custom\"><span class=\"price-label\">\u00e0 partir de<\/span>&nbsp<span class=\"price-integer\">799<\/span><span class=\"price-decimal\">,00<\/span>&nbsp<span class=\"price-currency\">\u20ac<\/span><\/div><\/div><\/div><\/div><\/div>\n<div class=\"col-md-2 col-sm-6 col-xs-12 pt-cv-content-item pt-cv-1-col\"  data-pid=\"48303\"><div class='pt-cv-pinmas'><a href=\"https:\/\/www.dynavin.de\/fr\/produits\/produits\/carhifi\/systemes-de-navigation-pour-car-hifi\/navigationsgeraet-mst2005-pro-ford-mustang-v\/\" class=\"_self pt-cv-href-thumbnail pt-cv-thumb-default cvplbd\" target=\"_self\" ><img width=\"300\" height=\"300\" src=\"https:\/\/www.dynavin.de\/wp-content\/uploads\/1669882379-D8-MST2005-Pro-300X300.jpg\" class=\"pt-cv-thumbnail img-none noLightbox  no-lazyload skip-lazy wvs-attachment-image\" alt=\"Autoradio Android 9 pouces D9-MST2005 Plus pour \u00e0 la Ford Mustang V 2005-2009\" data-xooWscFly=\"fly\" \/><\/a><div class=\"product_desc\">\n<div class=\"pt-cv-ctf-list\" data-cvc=\"1\"><div class=\"col-md-12 pt-cv-ctf-column\"><div class=\"pt-cv-custom-fields pt-cv-ctf-produkt-ref\"><div class=\"pt-cv-ctf-value\">D9-MST2005 Plus<\/div><\/div><\/div><\/div>\n<div class=\"pt-cv-content\">Syst\u00e8me de navigation 9 pouces pour Ford Mustang V 2005-2009<br \/><div class=\"product-price-custom\"><span class=\"price-label\">\u00e0 partir de<\/span>&nbsp<span class=\"price-integer\">699<\/span><span class=\"price-decimal\">,00<\/span>&nbsp<span class=\"price-currency\">\u20ac<\/span><\/div><\/div><\/div><\/div><\/div>\n<div class=\"col-md-2 col-sm-6 col-xs-12 pt-cv-content-item pt-cv-1-col\"  data-pid=\"48343\"><div class='pt-cv-pinmas'><a href=\"https:\/\/www.dynavin.de\/fr\/produits\/produits\/carhifi\/systemes-de-navigation-pour-car-hifi\/navigationsgeraet-mst2010-pro-ford-mustang\/\" class=\"_self pt-cv-href-thumbnail pt-cv-thumb-default cvplbd\" target=\"_self\" ><img width=\"300\" height=\"300\" src=\"https:\/\/www.dynavin.de\/wp-content\/uploads\/1669883010-D8-MST2010-Pro-300X300.jpg\" class=\"pt-cv-thumbnail img-none noLightbox  no-lazyload skip-lazy wvs-attachment-image\" alt=\"Autoradio Android 9 pouces D9-MST2010 Plus pour Ford Mustang 2010-2014\" data-xooWscFly=\"fly\" \/><\/a><div class=\"product_desc\">\n<div class=\"pt-cv-ctf-list\" data-cvc=\"1\"><div class=\"col-md-12 pt-cv-ctf-column\"><div class=\"pt-cv-custom-fields pt-cv-ctf-produkt-ref\"><div class=\"pt-cv-ctf-value\">D9-MST2010 Plus<\/div><\/div><\/div><\/div>\n<div class=\"pt-cv-content\">Syst\u00e8me de navigation 9 pouces pour Ford Mustang 2010-2014<br \/><div class=\"product-price-custom\"><span class=\"price-label\">\u00e0 partir de<\/span>&nbsp<span class=\"price-integer\">699<\/span><span class=\"price-decimal\">,00<\/span>&nbsp<span class=\"price-currency\">\u20ac<\/span><\/div><\/div><\/div><\/div><\/div>\n<div class=\"col-md-2 col-sm-6 col-xs-12 pt-cv-content-item pt-cv-1-col\"  data-pid=\"48281\"><div class='pt-cv-pinmas'><a href=\"https:\/\/www.dynavin.de\/fr\/produits\/produits\/carhifi\/systemes-de-navigation-pour-car-hifi\/navigationsgeraet-mst2015h-pro-ford-mustang-vi\/\" class=\"_self pt-cv-href-thumbnail pt-cv-thumb-default cvplbd\" target=\"_self\" ><img width=\"300\" height=\"300\" src=\"https:\/\/www.dynavin.de\/wp-content\/uploads\/1669884116-D8-MST2015H-Pro-300X300.jpg\" class=\"pt-cv-thumbnail img-none noLightbox  no-lazyload skip-lazy wvs-attachment-image\" alt=\"Autoradio Android 10,1 pouces D9-MST2015H Plus pour Ford Mustang VI \u00e9cran 8 pouces d\u2019usine 2015-2021\" data-xooWscFly=\"fly\" \/><\/a><div class=\"product_desc\">\n<div class=\"pt-cv-ctf-list\" data-cvc=\"1\"><div class=\"col-md-12 pt-cv-ctf-column\"><div class=\"pt-cv-custom-fields pt-cv-ctf-produkt-ref\"><div class=\"pt-cv-ctf-value\">D9-MST2015H Plus<\/div><\/div><\/div><\/div>\n<div class=\"pt-cv-content\">Syst\u00e8me de navigation 10,1 pouces pour Mustang VI 2015-2021<br \/><div class=\"product-price-custom\"><span class=\"price-label\">\u00e0 partir de<\/span>&nbsp<span class=\"price-integer\">699<\/span><span class=\"price-decimal\">,00<\/span>&nbsp<span class=\"price-currency\">\u20ac<\/span><\/div><\/div><\/div><\/div><\/div>\n<div class=\"col-md-4 col-sm-6 col-xs-12 pt-cv-content-item pt-cv-1-col\"  data-pid=\"48297\"><div class='pt-cv-pinmas'><a href=\"https:\/\/www.dynavin.de\/fr\/produits\/produits\/carhifi\/systemes-de-navigation-pour-car-hifi\/navigationsgeraet-mst2015l-pro-ford-mustang-vi\/\" class=\"_self pt-cv-href-thumbnail pt-cv-thumb-default cvplbd\" target=\"_self\" ><img width=\"300\" height=\"300\" src=\"https:\/\/www.dynavin.de\/wp-content\/uploads\/1669884134-D8-MST2015L-Pro-300X300.jpg\" class=\"pt-cv-thumbnail img-none noLightbox  no-lazyload skip-lazy wvs-attachment-image\" alt=\"Autoradio Android 10,1 pouces D9-MST2015L Plus pour Ford Mustang VI \u00e9cran 4 pouces d\u2019usine 2015-2021\" data-xooWscFly=\"fly\" \/><\/a><div class=\"product_desc\">\n<div class=\"pt-cv-ctf-list\" data-cvc=\"1\"><div class=\"col-md-12 pt-cv-ctf-column\"><div class=\"pt-cv-custom-fields pt-cv-ctf-produkt-ref\"><div class=\"pt-cv-ctf-value\">D9-MST2015L Plus<\/div><\/div><\/div><\/div>\n<div class=\"pt-cv-content\">Syst\u00e8me de navigation 10,1 pouces pour Mustang VI 2015-2021<br \/><div class=\"product-price-custom\"><span class=\"price-label\">\u00e0 partir de<\/span>&nbsp<span class=\"price-integer\">699<\/span><span class=\"price-decimal\">,00<\/span>&nbsp<span class=\"price-currency\">\u20ac<\/span><\/div><\/div><\/div><\/div><\/div>\n<div class=\"col-md-2 col-sm-6 col-xs-12 pt-cv-content-item pt-cv-1-col\"  data-pid=\"83481\"><div class='pt-cv-pinmas'><a href=\"https:\/\/www.dynavin.de\/fr\/produits\/produits\/carhifi\/systemes-de-navigation-pour-car-hifi\/navigationsgeraet-7005-premium-flex-universal\/\" class=\"_self pt-cv-href-thumbnail pt-cv-thumb-default cvplbd\" target=\"_self\" ><img width=\"300\" height=\"300\" src=\"https:\/\/www.dynavin.de\/wp-content\/uploads\/1712123797-D9-7005-Flex-300X300.jpg\" class=\"pt-cv-thumbnail img-none noLightbox  no-lazyload skip-lazy wvs-attachment-image\" alt=\"7 pouces Universel Double Din syst\u00e8me de navigation Android D8-7005 Premium Flex\" data-xooWscFly=\"fly\" \/><\/a><div class=\"product_desc\">\n<div class=\"pt-cv-ctf-list\" data-cvc=\"1\"><div class=\"col-md-12 pt-cv-ctf-column\"><div class=\"pt-cv-custom-fields pt-cv-ctf-produkt-ref\"><div class=\"pt-cv-ctf-value\">D9-7005 Premium Flex<\/div><\/div><\/div><\/div>\n<div class=\"pt-cv-content\">7 pouces universel double din syst\u00e8me de navigation Android<br \/><div class=\"product-price-custom\"><span class=\"price-label\">\u00e0 partir de<\/span>&nbsp<span class=\"price-integer\">219<\/span><span class=\"price-decimal\">,00<\/span>&nbsp<span class=\"price-currency\">\u20ac<\/span><\/div><\/div><\/div><\/div><\/div>\n<div class=\"col-md-2 col-sm-6 col-xs-12 pt-cv-content-item pt-cv-1-col\"  data-pid=\"82904\"><div class='pt-cv-pinmas'><a href=\"https:\/\/www.dynavin.de\/fr\/produits\/produits\/carhifi\/systemes-de-navigation-pour-car-hifi\/navigationsgeraet-7005-premium-universal\/\" class=\"_self pt-cv-href-thumbnail pt-cv-thumb-default cvplbd\" target=\"_self\" ><img width=\"300\" height=\"300\" src=\"https:\/\/www.dynavin.de\/wp-content\/uploads\/1684722811-D8-7005-300X300.jpg\" class=\"pt-cv-thumbnail img-none noLightbox  no-lazyload skip-lazy wvs-attachment-image\" alt=\"7 pouces Universel Double Din syst\u00e8me de navigation Android D9-7005 Premium\" data-xooWscFly=\"fly\" \/><\/a><div class=\"product_desc\">\n<div class=\"pt-cv-ctf-list\" data-cvc=\"1\"><div class=\"col-md-12 pt-cv-ctf-column\"><div class=\"pt-cv-custom-fields pt-cv-ctf-produkt-ref\"><div class=\"pt-cv-ctf-value\">D9-7005 Premium<\/div><\/div><\/div><\/div>\n<div class=\"pt-cv-content\">7 pouces universel double din syst\u00e8me de navigation Android<br \/><div class=\"product-price-custom\"><span class=\"price-label\">\u00e0 partir de<\/span>&nbsp<span class=\"price-integer\">499<\/span><span class=\"price-decimal\">,00<\/span>&nbsp<span class=\"price-currency\">\u20ac<\/span><\/div><\/div><\/div><\/div><\/div>\n<div class=\"col-md-2 col-sm-6 col-xs-12 pt-cv-content-item pt-cv-1-col\"  data-pid=\"116400\"><div class='pt-cv-pinmas'><a href=\"https:\/\/www.dynavin.de\/fr\/produits\/produits\/carhifi\/navigationssystem-uni101-premium-flex\/\" class=\"_self pt-cv-href-thumbnail pt-cv-thumb-default cvplbd\" target=\"_self\" ><img width=\"300\" height=\"300\" src=\"https:\/\/www.dynavin.de\/wp-content\/uploads\/1726022451-D9-UNI101-Premium-Flex-300X300.jpg\" class=\"pt-cv-thumbnail img-none noLightbox  no-lazyload skip-lazy wvs-attachment-image\" alt=\"10,1 pouces 1 DIN Universel syst\u00e8me de navigation Android D9-UNI101 Premium Flex\" data-xooWscFly=\"fly\" \/><\/a><div class=\"product_desc\">\n<div class=\"pt-cv-ctf-list\" data-cvc=\"1\"><div class=\"col-md-12 pt-cv-ctf-column\"><div class=\"pt-cv-custom-fields pt-cv-ctf-produkt-ref\"><div class=\"pt-cv-ctf-value\">D9-UNI101 Premium Flex<\/div><\/div><\/div><\/div>\n<div class=\"pt-cv-content\">10,1 pouces universel 1 DIN syst\u00e8me de navigation Android<br \/><div class=\"product-price-custom\"><span class=\"price-label\">\u00e0 partir de<\/span>&nbsp<span class=\"price-integer\">299<\/span><span class=\"price-decimal\">,00<\/span>&nbsp<span class=\"price-currency\">\u20ac<\/span><\/div><\/div><\/div><\/div><\/div>\n<div class=\"col-md-2 col-sm-6 col-xs-12 pt-cv-content-item pt-cv-1-col\"  data-pid=\"116188\"><div class='pt-cv-pinmas'><a href=\"https:\/\/www.dynavin.de\/fr\/produits\/produits\/carhifi\/navigationssystem-uni101-premium\/\" class=\"_self pt-cv-href-thumbnail pt-cv-thumb-default cvplbd\" target=\"_self\" ><img width=\"300\" height=\"300\" src=\"https:\/\/www.dynavin.de\/wp-content\/uploads\/1725847261-D9-UNI101-Premium-300X300.jpg\" class=\"pt-cv-thumbnail img-none noLightbox  no-lazyload skip-lazy wvs-attachment-image\" alt=\"10,1 pouces 1 DIN Universel syst\u00e8me de navigation Android D9-UNI101 Premium\" data-xooWscFly=\"fly\" \/><\/a><div class=\"product_desc\">\n<div class=\"pt-cv-ctf-list\" data-cvc=\"1\"><div class=\"col-md-12 pt-cv-ctf-column\"><div class=\"pt-cv-custom-fields pt-cv-ctf-produkt-ref\"><div class=\"pt-cv-ctf-value\">D9-UNI101 Premium<\/div><\/div><\/div><\/div>\n<div class=\"pt-cv-content\">10,1 pouces universel 1 DIN syst\u00e8me de navigation Android<br \/><div class=\"product-price-custom\"><span class=\"price-label\">\u00e0 partir de<\/span>&nbsp<span class=\"price-integer\">649<\/span><span class=\"price-decimal\">,00<\/span>&nbsp<span class=\"price-currency\">\u20ac<\/span><\/div><\/div><\/div><\/div><\/div>\n<div class=\"col-md-4 col-sm-6 col-xs-12 pt-cv-content-item pt-cv-1-col\"  data-pid=\"119888\"><div class='pt-cv-pinmas'><a href=\"https:\/\/www.dynavin.de\/fr\/produits\/produits\/carhifi\/android-system-nbt-l-ultra-flex-bmw-nbt\/\" class=\"_self pt-cv-href-thumbnail pt-cv-thumb-default cvplbd\" target=\"_self\" ><img width=\"300\" height=\"300\" src=\"https:\/\/www.dynavin.de\/wp-content\/uploads\/1731656235-D9-NBT-Ultra_Flex-300X300.jpg\" class=\"pt-cv-thumbnail img-none noLightbox  no-lazyload skip-lazy wvs-attachment-image\" alt=\"Syst\u00e8me Android avec CarPlay et Android Auto D9-NBT-L Ultra Flex pour BMW 1er\/3er\/5er\/X3\/X5...\" data-xooWscFly=\"fly\" \/><\/a><div class=\"product_desc\">\n<div class=\"pt-cv-ctf-list\" data-cvc=\"1\"><div class=\"col-md-12 pt-cv-ctf-column\"><div class=\"pt-cv-custom-fields pt-cv-ctf-produkt-ref\"><div class=\"pt-cv-ctf-value\">D9-NBT-L Ultra Flex<\/div><\/div><\/div><\/div>\n<div class=\"pt-cv-content\">Syst\u00e8me Android pour BMW 1er, 3er, 5er, X3, X5 avec \u00e9cran 6,5 pouces<br \/><div class=\"product-price-custom\"><span class=\"price-label\">\u00e0 partir de<\/span>&nbsp<span class=\"price-integer\">249<\/span><span class=\"price-decimal\">,00<\/span>&nbsp<span class=\"price-currency\">\u20ac<\/span><\/div><\/div><\/div><\/div><\/div>\n<div class=\"col-md-2 col-sm-6 col-xs-12 pt-cv-content-item pt-cv-1-col\"  data-pid=\"119936\"><div class='pt-cv-pinmas'><a href=\"https:\/\/www.dynavin.de\/fr\/produits\/produits\/carhifi\/android-system-nbt-l-ultra-bmw-nbt\/\" class=\"_self pt-cv-href-thumbnail pt-cv-thumb-default cvplbd\" target=\"_self\" ><img width=\"300\" height=\"300\" src=\"https:\/\/www.dynavin.de\/wp-content\/uploads\/1731657326-D9-NBT-Ultra-300X300.jpg\" class=\"pt-cv-thumbnail img-none noLightbox  no-lazyload skip-lazy wvs-attachment-image\" alt=\"Syst\u00e8me Android avec CarPlay et Android Auto D9-NBT-L Ultra pour BMW 1er\/3er\/5er\/X3\/X5...\" data-xooWscFly=\"fly\" \/><\/a><div class=\"product_desc\">\n<div class=\"pt-cv-ctf-list\" data-cvc=\"1\"><div class=\"col-md-12 pt-cv-ctf-column\"><div class=\"pt-cv-custom-fields pt-cv-ctf-produkt-ref\"><div class=\"pt-cv-ctf-value\">D9-NBT-L Ultra<\/div><\/div><\/div><\/div>\n<div class=\"pt-cv-content\">Syst\u00e8me Android pour BMW 1er, 3er, 5er, X3, X5 avec \u00e9cran 6,5 pouces<br \/><div class=\"product-price-custom\"><span class=\"price-label\">\u00e0 partir de<\/span>&nbsp<span class=\"price-integer\">549<\/span><span class=\"price-decimal\">,00<\/span>&nbsp<span class=\"price-currency\">\u20ac<\/span><\/div><\/div><\/div><\/div><\/div>\n<div class=\"col-md-2 col-sm-6 col-xs-12 pt-cv-content-item pt-cv-1-col\"  data-pid=\"119857\"><div class='pt-cv-pinmas'><a href=\"https:\/\/www.dynavin.de\/fr\/produits\/produits\/carhifi\/android-system-nbt-h-ultra-flex-bmw-nbt\/\" class=\"_self pt-cv-href-thumbnail pt-cv-thumb-default cvplbd\" target=\"_self\" ><img width=\"300\" height=\"300\" src=\"https:\/\/www.dynavin.de\/wp-content\/uploads\/1731656835-D9-NBT-Ultra-H-Flex-300x300-1.jpg\" class=\"pt-cv-thumbnail img-none noLightbox  no-lazyload skip-lazy wvs-attachment-image\" alt=\"Syst\u00e8me Android avec CarPlay et Android Auto D9-NBT-H Ultra Flex pour BMW 1er\/3er\/5er\/X3\/X5...\" data-xooWscFly=\"fly\" \/><\/a><div class=\"product_desc\">\n<div class=\"pt-cv-ctf-list\" data-cvc=\"1\"><div class=\"col-md-12 pt-cv-ctf-column\"><div class=\"pt-cv-custom-fields pt-cv-ctf-produkt-ref\"><div class=\"pt-cv-ctf-value\">D9-NBT-H Ultra Flex<\/div><\/div><\/div><\/div>\n<div class=\"pt-cv-content\">Syst\u00e8me Android pour BMW 1\/3\/5er, X3, X5 avec \u00e9cran 8,8\/10,25 pouces<br \/><div class=\"product-price-custom\"><span class=\"price-label\">\u00e0 partir de<\/span>&nbsp<span class=\"price-integer\">249<\/span><span class=\"price-decimal\">,00<\/span>&nbsp<span class=\"price-currency\">\u20ac<\/span><\/div><\/div><\/div><\/div><\/div>\n<div class=\"col-md-2 col-sm-6 col-xs-12 pt-cv-content-item pt-cv-1-col\"  data-pid=\"119779\"><div class='pt-cv-pinmas'><a href=\"https:\/\/www.dynavin.de\/fr\/produits\/produits\/carhifi\/android-system-nbt-h-ultra-bmw-nbt\/\" class=\"_self pt-cv-href-thumbnail pt-cv-thumb-default cvplbd\" target=\"_self\" ><img width=\"300\" height=\"300\" src=\"https:\/\/www.dynavin.de\/wp-content\/uploads\/1731657686-D9-NBT-Ultra-H-300x300-1.jpg\" class=\"pt-cv-thumbnail img-none noLightbox  no-lazyload skip-lazy wvs-attachment-image\" alt=\"Syst\u00e8me Android avec CarPlay et Android Auto D9-NBT-H Ultra pour BMW 1er\/3er\/5er\/X3\/X5...\" data-xooWscFly=\"fly\" \/><\/a><div class=\"product_desc\">\n<div class=\"pt-cv-ctf-list\" data-cvc=\"1\"><div class=\"col-md-12 pt-cv-ctf-column\"><div class=\"pt-cv-custom-fields pt-cv-ctf-produkt-ref\"><div class=\"pt-cv-ctf-value\">D9-NBT-H Ultra<\/div><\/div><\/div><\/div>\n<div class=\"pt-cv-content\">Syst\u00e8me Android pour BMW 1\/3\/5er, X3, X5 avec \u00e9cran 8,8\/10,25 pouces<br \/><div class=\"product-price-custom\"><span class=\"price-label\">\u00e0 partir de<\/span>&nbsp<span class=\"price-integer\">549<\/span><span class=\"price-decimal\">,00<\/span>&nbsp<span class=\"price-currency\">\u20ac<\/span><\/div><\/div><\/div><\/div><\/div>\n<div class=\"col-md-2 col-sm-6 col-xs-12 pt-cv-content-item pt-cv-1-col\"  data-pid=\"122674\"><div class='pt-cv-pinmas'><a href=\"https:\/\/www.dynavin.de\/fr\/produits\/produits\/carhifi\/android-system-clc-l-ultra-flex-bmw-clc\/\" class=\"_self pt-cv-href-thumbnail pt-cv-thumb-default cvplbd\" target=\"_self\" ><img width=\"300\" height=\"300\" src=\"https:\/\/www.dynavin.de\/wp-content\/uploads\/1735111899-D9-CIC-L-Flex-300X300.jpg\" class=\"pt-cv-thumbnail img-none noLightbox  no-lazyload skip-lazy wvs-attachment-image\" alt=\"Syst\u00e8me Android avec CarPlay et Android Auto D9-CIC-L Ultra Flex pour BMW 1er\/3er\/5er\/X1\/X3\/X6...\" data-xooWscFly=\"fly\" \/><\/a><div class=\"product_desc\">\n<div class=\"pt-cv-ctf-list\" data-cvc=\"1\"><div class=\"col-md-12 pt-cv-ctf-column\"><div class=\"pt-cv-custom-fields pt-cv-ctf-produkt-ref\"><div class=\"pt-cv-ctf-value\">D9-CIC-L Ultra Flex<\/div><\/div><\/div><\/div>\n<div class=\"pt-cv-content\">Syst\u00e8me Android pour BMW 1er, 3er, 5er, X1, X3, X5 avec \u00e9cran 6,5 pouces<br \/><div class=\"product-price-custom\"><span class=\"price-label\">\u00e0 partir de<\/span>&nbsp<span class=\"price-integer\">249<\/span><span class=\"price-decimal\">,00<\/span>&nbsp<span class=\"price-currency\">\u20ac<\/span><\/div><\/div><\/div><\/div><\/div>\n<div class=\"col-md-4 col-sm-6 col-xs-12 pt-cv-content-item pt-cv-1-col\"  data-pid=\"126114\"><div class='pt-cv-pinmas'><a href=\"https:\/\/www.dynavin.de\/fr\/produits\/produits\/carhifi\/android-system-clc-l-ultra-bmw-clc\/\" class=\"_self pt-cv-href-thumbnail pt-cv-thumb-default cvplbd\" target=\"_self\" ><img width=\"300\" height=\"300\" src=\"https:\/\/www.dynavin.de\/wp-content\/uploads\/1740207374-D9-CIC-L-300X300.jpg\" class=\"pt-cv-thumbnail img-none noLightbox  no-lazyload skip-lazy wvs-attachment-image\" alt=\"Syst\u00e8me Android avec CarPlay et Android Auto D9-CIC-L Ultra pour BMW 1er\/3er\/5er\/X1\/X3\/X6...\" data-xooWscFly=\"fly\" \/><\/a><div class=\"product_desc\">\n<div class=\"pt-cv-ctf-list\" data-cvc=\"1\"><div class=\"col-md-12 pt-cv-ctf-column\"><div class=\"pt-cv-custom-fields pt-cv-ctf-produkt-ref\"><div class=\"pt-cv-ctf-value\">D9-CIC-L Ultra<\/div><\/div><\/div><\/div>\n<div class=\"pt-cv-content\">Syst\u00e8me Android pour BMW 1er, 3er, 5er, X1, X3, X5 avec \u00e9cran 6,5 pouces<br \/><div class=\"product-price-custom\"><span class=\"price-label\">\u00e0 partir de<\/span>&nbsp<span class=\"price-integer\">549<\/span><span class=\"price-decimal\">,00<\/span>&nbsp<span class=\"price-currency\">\u20ac<\/span><\/div><\/div><\/div><\/div><\/div>\n<div class=\"col-md-2 col-sm-6 col-xs-12 pt-cv-content-item pt-cv-1-col\"  data-pid=\"126017\"><div class='pt-cv-pinmas'><a href=\"https:\/\/www.dynavin.de\/fr\/produits\/produits\/carhifi\/android-system-clc-h-ultra-flex-bmw-clc\/\" class=\"_self pt-cv-href-thumbnail pt-cv-thumb-default cvplbd\" target=\"_self\" ><img width=\"300\" height=\"300\" src=\"https:\/\/www.dynavin.de\/wp-content\/uploads\/1735200122-D9-CIC-H-Flex-300X300.jpg\" class=\"pt-cv-thumbnail img-none noLightbox  no-lazyload skip-lazy wvs-attachment-image\" alt=\"Syst\u00e8me Android avec CarPlay et Android Auto D9-CIC-H Ultra Flex pour BMW 1er\/3er\/5er\/X1\/X3\/X6...\" data-xooWscFly=\"fly\" \/><\/a><div class=\"product_desc\">\n<div class=\"pt-cv-ctf-list\" data-cvc=\"1\"><div class=\"col-md-12 pt-cv-ctf-column\"><div class=\"pt-cv-custom-fields pt-cv-ctf-produkt-ref\"><div class=\"pt-cv-ctf-value\">D9-CIC-H Ultra Flex<\/div><\/div><\/div><\/div>\n<div class=\"pt-cv-content\">Syst\u00e8me Android pour BMW 1\/3\/5er, X1, X3 avec \u00e9cran 8,8\/10,25 pouces<br \/><div class=\"product-price-custom\"><span class=\"price-label\">\u00e0 partir de<\/span>&nbsp<span class=\"price-integer\">249<\/span><span class=\"price-decimal\">,00<\/span>&nbsp<span class=\"price-currency\">\u20ac<\/span><\/div><\/div><\/div><\/div><\/div>\n<div class=\"col-md-2 col-sm-6 col-xs-12 pt-cv-content-item pt-cv-1-col\"  data-pid=\"126139\"><div class='pt-cv-pinmas'><a href=\"https:\/\/www.dynavin.de\/fr\/produits\/produits\/carhifi\/android-system-cic-h-ultra-bmw-cic\/\" class=\"_self pt-cv-href-thumbnail pt-cv-thumb-default cvplbd\" target=\"_self\" ><img width=\"300\" height=\"300\" src=\"https:\/\/www.dynavin.de\/wp-content\/uploads\/1740209139-D9-CIC-H-300X300.jpg\" class=\"pt-cv-thumbnail img-none noLightbox  no-lazyload skip-lazy wvs-attachment-image\" alt=\"Syst\u00e8me Android avec CarPlay et Android Auto D9-CIC-H Ultra pour BMW 1er\/3er\/5er\/X1\/X3\/X6...\" data-xooWscFly=\"fly\" \/><\/a><div class=\"product_desc\">\n<div class=\"pt-cv-ctf-list\" data-cvc=\"1\"><div class=\"col-md-12 pt-cv-ctf-column\"><div class=\"pt-cv-custom-fields pt-cv-ctf-produkt-ref\"><div class=\"pt-cv-ctf-value\">D9-CIC-H Ultra<\/div><\/div><\/div><\/div>\n<div class=\"pt-cv-content\">Syst\u00e8me Android pour BMW 1\/3\/5er, X1, X3 avec \u00e9cran 8,8\/10,25 pouces<br \/><div class=\"product-price-custom\"><span class=\"price-label\">\u00e0 partir de<\/span>&nbsp<span class=\"price-integer\">549<\/span><span class=\"price-decimal\">,00<\/span>&nbsp<span class=\"price-currency\">\u20ac<\/span><\/div><\/div><\/div><\/div><\/div>\n<div class=\"col-md-2 col-sm-6 col-xs-12 pt-cv-content-item pt-cv-1-col\"  data-pid=\"77194\"><div class='pt-cv-pinmas'><a href=\"https:\/\/www.dynavin.de\/fr\/produits\/produits\/carhifi\/systemes-de-navigation-pour-car-hifi\/navigationssysteme39-premium-flex-bmw-5er-e39\/\" class=\"_self pt-cv-href-thumbnail pt-cv-thumb-default cvplbd\" target=\"_self\" ><img width=\"300\" height=\"300\" src=\"https:\/\/www.dynavin.de\/wp-content\/uploads\/1712123759-D9-E39-Flex-300X300.jpg\" class=\"pt-cv-thumbnail img-none noLightbox  no-lazyload skip-lazy wvs-attachment-image\" alt=\"Autoradio Android 7 pouces D9-E39 Premium Flex pour BMW S\u00e9rie 5 E39\" data-xooWscFly=\"fly\" \/><\/a><div class=\"product_desc\">\n<div class=\"pt-cv-ctf-list\" data-cvc=\"1\"><div class=\"col-md-12 pt-cv-ctf-column\"><div class=\"pt-cv-custom-fields pt-cv-ctf-produkt-ref\"><div class=\"pt-cv-ctf-value\">D9-E39 Premium Flex<\/div><\/div><\/div><\/div>\n<div class=\"pt-cv-content\">Syst\u00e8me de navigation 7 pouces pour BMW S\u00e9rie 5 E39 1996-2003<br \/><div class=\"product-price-custom\"><span class=\"price-label\">\u00e0 partir de<\/span>&nbsp<span class=\"price-integer\">299<\/span><span class=\"price-decimal\">,00<\/span>&nbsp<span class=\"price-currency\">\u20ac<\/span><\/div><\/div><\/div><\/div><\/div>\n<div class=\"col-md-2 col-sm-6 col-xs-12 pt-cv-content-item pt-cv-1-col\"  data-pid=\"48358\"><div class='pt-cv-pinmas'><a href=\"https:\/\/www.dynavin.de\/fr\/produits\/produits\/carhifi\/systemes-de-navigation-pour-car-hifi\/navigationsgeraet-e39-pro-bmw-5er-e39\/\" class=\"_self pt-cv-href-thumbnail pt-cv-thumb-default cvplbd\" target=\"_self\" ><img width=\"300\" height=\"300\" src=\"https:\/\/www.dynavin.de\/wp-content\/uploads\/1669886739-D8-E39-Pro-300X300.jpg\" class=\"pt-cv-thumbnail img-none noLightbox  no-lazyload skip-lazy wvs-attachment-image\" alt=\"Autoradio Android 7 pouces D9-E39 Premium pour BMW S\u00e9rie 5 E39\" data-xooWscFly=\"fly\" \/><\/a><div class=\"product_desc\">\n<div class=\"pt-cv-ctf-list\" data-cvc=\"1\"><div class=\"col-md-12 pt-cv-ctf-column\"><div class=\"pt-cv-custom-fields pt-cv-ctf-produkt-ref\"><div class=\"pt-cv-ctf-value\">D9-E39 Premium<\/div><\/div><\/div><\/div>\n<div class=\"pt-cv-content\">Syst\u00e8me de navigation 7 pouces pour BMW S\u00e9rie 5 E39 1996-2003<br \/><div class=\"product-price-custom\"><span class=\"price-label\">\u00e0 partir de<\/span>&nbsp<span class=\"price-integer\">649<\/span><span class=\"price-decimal\">,00<\/span>&nbsp<span class=\"price-currency\">\u20ac<\/span><\/div><\/div><\/div><\/div><\/div>\n<div class=\"col-md-4 col-sm-6 col-xs-12 pt-cv-content-item pt-cv-1-col\"  data-pid=\"77223\"><div class='pt-cv-pinmas'><a href=\"https:\/\/www.dynavin.de\/fr\/produits\/produits\/carhifi\/systemes-de-navigation-pour-car-hifi\/navigationssystem-e53-premium-flex-bmw-x5-e53\/\" class=\"_self pt-cv-href-thumbnail pt-cv-thumb-default cvplbd\" target=\"_self\" ><img width=\"300\" height=\"300\" src=\"https:\/\/www.dynavin.de\/wp-content\/uploads\/1712123488-D9-E39-Flex-300X300.jpg\" class=\"pt-cv-thumbnail img-none noLightbox  no-lazyload skip-lazy wvs-attachment-image\" alt=\"Autoradio Android 7 pouces D9-E53 Premium Flex pour BMW X5 E53\" data-xooWscFly=\"fly\" \/><\/a><div class=\"product_desc\">\n<div class=\"pt-cv-ctf-list\" data-cvc=\"1\"><div class=\"col-md-12 pt-cv-ctf-column\"><div class=\"pt-cv-custom-fields pt-cv-ctf-produkt-ref\"><div class=\"pt-cv-ctf-value\">D9-E53 Premium Flex<\/div><\/div><\/div><\/div>\n<div class=\"pt-cv-content\">Syst\u00e8me de navigation 7 pouces pour BMW X5 E53 1999-2006<br \/><div class=\"product-price-custom\"><span class=\"price-label\">\u00e0 partir de<\/span>&nbsp<span class=\"price-integer\">299<\/span><span class=\"price-decimal\">,00<\/span>&nbsp<span class=\"price-currency\">\u20ac<\/span><\/div><\/div><\/div><\/div><\/div>\n<div class=\"col-md-2 col-sm-6 col-xs-12 pt-cv-content-item pt-cv-1-col\"  data-pid=\"48649\"><div class='pt-cv-pinmas'><a href=\"https:\/\/www.dynavin.de\/fr\/produits\/produits\/carhifi\/systemes-de-navigation-pour-car-hifi\/navigationsgeraet-e53-pro-bmw-x5-e53\/\" class=\"_self pt-cv-href-thumbnail pt-cv-thumb-default cvplbd\" target=\"_self\" ><img width=\"300\" height=\"300\" src=\"https:\/\/www.dynavin.de\/wp-content\/uploads\/1669886739-D8-E39-Pro-300X300.jpg\" class=\"pt-cv-thumbnail img-none noLightbox  no-lazyload skip-lazy wvs-attachment-image\" alt=\"Autoradio Android 7 pouces D9-E53 Premium pour BMW X5 E53\" data-xooWscFly=\"fly\" \/><\/a><div class=\"product_desc\">\n<div class=\"pt-cv-ctf-list\" data-cvc=\"1\"><div class=\"col-md-12 pt-cv-ctf-column\"><div class=\"pt-cv-custom-fields pt-cv-ctf-produkt-ref\"><div class=\"pt-cv-ctf-value\">D9-E53 Premium<\/div><\/div><\/div><\/div>\n<div class=\"pt-cv-content\">Syst\u00e8me de navigation 7 pouces pour BMW X5 E53 1999-2006<br \/><div class=\"product-price-custom\"><span class=\"price-label\">\u00e0 partir de<\/span>&nbsp<span class=\"price-integer\">649<\/span><span class=\"price-decimal\">,00<\/span>&nbsp<span class=\"price-currency\">\u20ac<\/span><\/div><\/div><\/div><\/div><\/div>\n<div class=\"col-md-2 col-sm-6 col-xs-12 pt-cv-content-item pt-cv-1-col\"  data-pid=\"44719\"><div class='pt-cv-pinmas'><a href=\"https:\/\/www.dynavin.de\/fr\/produits\/produits\/carhifi\/systemes-de-navigation-pour-car-hifi\/navigationsgeraet-e46-flex-serie-3-bmw-e46\/\" class=\"_self pt-cv-href-thumbnail pt-cv-thumb-default cvplbd\" target=\"_self\" ><img width=\"300\" height=\"300\" src=\"https:\/\/www.dynavin.de\/wp-content\/uploads\/1712203526-D9-E46-Flex-300X300.jpg\" class=\"pt-cv-thumbnail img-none noLightbox  no-lazyload skip-lazy wvs-attachment-image\" alt=\"Autoradio Android 7 pouces D9-E46 Premium Flex pour S\u00e9rie 3 BMW E46 1998-2007\" data-xooWscFly=\"fly\" \/><\/a><div class=\"product_desc\">\n<div class=\"pt-cv-ctf-list\" data-cvc=\"1\"><div class=\"col-md-12 pt-cv-ctf-column\"><div class=\"pt-cv-custom-fields pt-cv-ctf-produkt-ref\"><div class=\"pt-cv-ctf-value\">D9-E46 Premium Flex<\/div><\/div><\/div><\/div>\n<div class=\"pt-cv-content\">Syst\u00e8me de navigation 7 pouces pour 3er BMW E46 1998-2007<br \/><div class=\"product-price-custom\"><span class=\"price-label\">\u00e0 partir de<\/span>&nbsp<span class=\"price-integer\">299<\/span><span class=\"price-decimal\">,00<\/span>&nbsp<span class=\"price-currency\">\u20ac<\/span><\/div><\/div><\/div><\/div><\/div>\n<div class=\"col-md-2 col-sm-6 col-xs-12 pt-cv-content-item pt-cv-1-col\"  data-pid=\"48691\"><div class='pt-cv-pinmas'><a href=\"https:\/\/www.dynavin.de\/fr\/produits\/produits\/carhifi\/systemes-de-navigation-pour-car-hifi\/navigationsgeraet-e46-pro-serie-3-bmw-e46\/\" class=\"_self pt-cv-href-thumbnail pt-cv-thumb-default cvplbd\" target=\"_self\" ><img width=\"300\" height=\"300\" src=\"https:\/\/www.dynavin.de\/wp-content\/uploads\/1669891926-D8-E46-Pro-300X300.jpg\" class=\"pt-cv-thumbnail img-none noLightbox  no-lazyload skip-lazy wvs-attachment-image\" alt=\"Autoradio Android 7 pouces D9-E46 Premium pour S\u00e9rie 3 BMW E46 1998-2007\" data-xooWscFly=\"fly\" \/><\/a><div class=\"product_desc\">\n<div class=\"pt-cv-ctf-list\" data-cvc=\"1\"><div class=\"col-md-12 pt-cv-ctf-column\"><div class=\"pt-cv-custom-fields pt-cv-ctf-produkt-ref\"><div class=\"pt-cv-ctf-value\">D9-E46 Premium<\/div><\/div><\/div><\/div>\n<div class=\"pt-cv-content\">Syst\u00e8me de navigation 7 pouces pour BMW S\u00e9rie 3 E46 1998-2007<br \/><div class=\"product-price-custom\"><span class=\"price-label\">\u00e0 partir de<\/span>&nbsp<span class=\"price-integer\">649<\/span><span class=\"price-decimal\">,00<\/span>&nbsp<span class=\"price-currency\">\u20ac<\/span><\/div><\/div><\/div><\/div><\/div>\n<div class=\"col-md-2 col-sm-6 col-xs-12 pt-cv-content-item pt-cv-1-col\"  data-pid=\"70964\"><div class='pt-cv-pinmas'><a href=\"https:\/\/www.dynavin.de\/fr\/produits\/produits\/carhifi\/systemes-de-navigation-pour-car-hifi\/navigationsgeraet-e90-flex-bmw-3er-e90-e93\/\" class=\"_self pt-cv-href-thumbnail pt-cv-thumb-default cvplbd\" target=\"_self\" ><img width=\"300\" height=\"300\" src=\"https:\/\/www.dynavin.de\/wp-content\/uploads\/1712203581-D9-E90-Flex-300X300.jpg\" class=\"pt-cv-thumbnail img-none noLightbox  no-lazyload skip-lazy wvs-attachment-image\" alt=\"Autoradio Android 9 pouces D9-E90 Premium Flex pour BMW S\u00e9rie 3 E90-E93\" data-xooWscFly=\"fly\" \/><\/a><div class=\"product_desc\">\n<div class=\"pt-cv-ctf-list\" data-cvc=\"1\"><div class=\"col-md-12 pt-cv-ctf-column\"><div class=\"pt-cv-custom-fields pt-cv-ctf-produkt-ref\"><div class=\"pt-cv-ctf-value\">D9-E90 Premium Flex<\/div><\/div><\/div><\/div>\n<div class=\"pt-cv-content\">Syst\u00e8me de navigation 9 pouces pour BMW S\u00e9rie 3 E90-E93 2005-2011<br \/><div class=\"product-price-custom\"><span class=\"price-label\">\u00e0 partir de<\/span>&nbsp<span class=\"price-integer\">299<\/span><span class=\"price-decimal\">,00<\/span>&nbsp<span class=\"price-currency\">\u20ac<\/span><\/div><\/div><\/div><\/div><\/div>\n<div class=\"col-md-4 col-sm-6 col-xs-12 pt-cv-content-item pt-cv-1-col\"  data-pid=\"48930\"><div class='pt-cv-pinmas'><a href=\"https:\/\/www.dynavin.de\/fr\/produits\/produits\/carhifi\/systemes-de-navigation-pour-car-hifi\/navigationsgeraet-e90-pro-bmw-serie-3-e90-e93\/\" class=\"_self pt-cv-href-thumbnail pt-cv-thumb-default cvplbd\" target=\"_self\" ><img width=\"300\" height=\"300\" src=\"https:\/\/www.dynavin.de\/wp-content\/uploads\/1676855550-D8-E90-Premium-300X300.jpg\" class=\"pt-cv-thumbnail img-none noLightbox  no-lazyload skip-lazy wvs-attachment-image\" alt=\"Autoradio Android 9 pouces D9-E90 Premium pour BMW S\u00e9rie 3 E90-E93\" data-xooWscFly=\"fly\" \/><\/a><div class=\"product_desc\">\n<div class=\"pt-cv-ctf-list\" data-cvc=\"1\"><div class=\"col-md-12 pt-cv-ctf-column\"><div class=\"pt-cv-custom-fields pt-cv-ctf-produkt-ref\"><div class=\"pt-cv-ctf-value\">D9-E90 Premium<\/div><\/div><\/div><\/div>\n<div class=\"pt-cv-content\">Syst\u00e8me de navigation 9 pouces pour BMW S\u00e9rie 3 E90-E93 2005-2011<br \/><div class=\"product-price-custom\"><span class=\"price-label\">\u00e0 partir de<\/span>&nbsp<span class=\"price-integer\">649<\/span><span class=\"price-decimal\">,00<\/span>&nbsp<span class=\"price-currency\">\u20ac<\/span><\/div><\/div><\/div><\/div><\/div>\n<div class=\"col-md-2 col-sm-6 col-xs-12 pt-cv-content-item pt-cv-1-col\"  data-pid=\"77254\"><div class='pt-cv-pinmas'><a href=\"https:\/\/www.dynavin.de\/fr\/produits\/produits\/carhifi\/systemes-de-navigation-pour-car-hifi\/navigationssystem-mbc-premium-flex-mercedes-c-klasse\/\" class=\"_self pt-cv-href-thumbnail pt-cv-thumb-default cvplbd\" target=\"_self\" ><img width=\"300\" height=\"300\" src=\"https:\/\/www.dynavin.de\/wp-content\/uploads\/1712203636-D9-MBC-Flex-300X300.jpg\" class=\"pt-cv-thumbnail img-none noLightbox  no-lazyload skip-lazy wvs-attachment-image\" alt=\"Autoradio Android 7 pouces D9-MBC Premium Flex pour Mercedes Classe C | Classe CLC | CL W203\" data-xooWscFly=\"fly\" \/><\/a><div class=\"product_desc\">\n<div class=\"pt-cv-ctf-list\" data-cvc=\"1\"><div class=\"col-md-12 pt-cv-ctf-column\"><div class=\"pt-cv-custom-fields pt-cv-ctf-produkt-ref\"><div class=\"pt-cv-ctf-value\">D9-MBC Premium Flex<\/div><\/div><\/div><\/div>\n<div class=\"pt-cv-content\">Syst\u00e8me de navigation 7 pouces pour Mercedes Classe C<br \/><div class=\"product-price-custom\"><span class=\"price-label\">\u00e0 partir de<\/span>&nbsp<span class=\"price-integer\">299<\/span><span class=\"price-decimal\">,00<\/span>&nbsp<span class=\"price-currency\">\u20ac<\/span><\/div><\/div><\/div><\/div><\/div>\n<div class=\"col-md-2 col-sm-6 col-xs-12 pt-cv-content-item pt-cv-1-col\"  data-pid=\"49083\"><div class='pt-cv-pinmas'><a href=\"https:\/\/www.dynavin.de\/fr\/produits\/produits\/carhifi\/systemes-de-navigation-pour-car-hifi\/navigationsgeraet-mbc-pro-mercedes-classe-c\/\" class=\"_self pt-cv-href-thumbnail pt-cv-thumb-default cvplbd\" target=\"_self\" ><img width=\"300\" height=\"300\" src=\"https:\/\/www.dynavin.de\/wp-content\/uploads\/1669893819-D8-MBC-Pro-300X300.jpg\" class=\"pt-cv-thumbnail img-none noLightbox  no-lazyload skip-lazy wvs-attachment-image\" alt=\"Autoradio Android 7 pouces D9-MBC Premium pour Mercedes Classe C | Classe CLC | CL W203\" data-xooWscFly=\"fly\" \/><\/a><div class=\"product_desc\">\n<div class=\"pt-cv-ctf-list\" data-cvc=\"1\"><div class=\"col-md-12 pt-cv-ctf-column\"><div class=\"pt-cv-custom-fields pt-cv-ctf-produkt-ref\"><div class=\"pt-cv-ctf-value\">D9-MBC Premium<\/div><\/div><\/div><\/div>\n<div class=\"pt-cv-content\">Syst\u00e8me de navigation 7 pouces pour Mercedes Classe C<br \/><div class=\"product-price-custom\"><span class=\"price-label\">\u00e0 partir de<\/span>&nbsp<span class=\"price-integer\">649<\/span><span class=\"price-decimal\">,00<\/span>&nbsp<span class=\"price-currency\">\u20ac<\/span><\/div><\/div><\/div><\/div><\/div>\n<div class=\"col-md-2 col-sm-6 col-xs-12 pt-cv-content-item pt-cv-1-col\"  data-pid=\"111463\"><div class='pt-cv-pinmas'><a href=\"https:\/\/www.dynavin.de\/fr\/produits\/produits\/carhifi\/systemes-de-navigation-pour-car-hifi\/navigationssystem-mc2000-premium-flex-mercedes-vito\/\" class=\"_self pt-cv-href-thumbnail pt-cv-thumb-default cvplbd\" target=\"_self\" ><img width=\"300\" height=\"300\" src=\"https:\/\/www.dynavin.de\/wp-content\/uploads\/1719367605-D9-MC2000-Premium-Flex-300X300.jpg\" class=\"pt-cv-thumbnail img-none noLightbox  no-lazyload skip-lazy wvs-attachment-image\" alt=\"Autoradio Android 7 pouces D9-MC2000 Premium Flex pour Mercedes Vito | Viano | Classe C | CLC | CL | Classe G\" data-xooWscFly=\"fly\" \/><\/a><div class=\"product_desc\">\n<div class=\"pt-cv-ctf-list\" data-cvc=\"1\"><div class=\"col-md-12 pt-cv-ctf-column\"><div class=\"pt-cv-custom-fields pt-cv-ctf-produkt-ref\"><div class=\"pt-cv-ctf-value\">D9-MC2000 Premium Flex<\/div><\/div><\/div><\/div>\n<div class=\"pt-cv-content\">Syst\u00e8me de navigation 7 pouces pour Mercedes Vito<br \/><div class=\"product-price-custom\"><span class=\"price-label\">\u00e0 partir de<\/span>&nbsp<span class=\"price-integer\">299<\/span><span class=\"price-decimal\">,00<\/span>&nbsp<span class=\"price-currency\">\u20ac<\/span><\/div><\/div><\/div><\/div><\/div>\n<div class=\"col-md-2 col-sm-6 col-xs-12 pt-cv-content-item pt-cv-1-col\"  data-pid=\"49075\"><div class='pt-cv-pinmas'><a href=\"https:\/\/www.dynavin.de\/fr\/produits\/produits\/carhifi\/systemes-de-navigation-pour-car-hifi\/navigationsgeraet-mc2000-pro-mercedes-vito\/\" class=\"_self pt-cv-href-thumbnail pt-cv-thumb-default cvplbd\" target=\"_self\" ><img width=\"300\" height=\"300\" src=\"https:\/\/www.dynavin.de\/wp-content\/uploads\/1719367664-D9-MC2000-Premium-300X300.jpg\" class=\"pt-cv-thumbnail img-none noLightbox  no-lazyload skip-lazy wvs-attachment-image\" alt=\"Autoradio Android 7 pouces D9-MC2000 Premium pour Mercedes Vito | Viano | Classe C | CLC | CL | Classe G\" data-xooWscFly=\"fly\" \/><\/a><div class=\"product_desc\">\n<div class=\"pt-cv-ctf-list\" data-cvc=\"1\"><div class=\"col-md-12 pt-cv-ctf-column\"><div class=\"pt-cv-custom-fields pt-cv-ctf-produkt-ref\"><div class=\"pt-cv-ctf-value\">D9-MC2000 Premium<\/div><\/div><\/div><\/div>\n<div class=\"pt-cv-content\">Syst\u00e8me de navigation 7 pouces pour Mercedes Vito<br \/><div class=\"product-price-custom\"><span class=\"price-label\">\u00e0 partir de<\/span>&nbsp<span class=\"price-integer\">649<\/span><span class=\"price-decimal\">,00<\/span>&nbsp<span class=\"price-currency\">\u20ac<\/span><\/div><\/div><\/div><\/div><\/div>\n<div class=\"col-md-4 col-sm-6 col-xs-12 pt-cv-content-item pt-cv-1-col\"  data-pid=\"49166\"><div class='pt-cv-pinmas'><a href=\"https:\/\/www.dynavin.de\/fr\/produits\/produits\/carhifi\/systemes-de-navigation-pour-car-hifi\/navigationsgeraet-clk-pro-mercedes-clk\/\" class=\"_self pt-cv-href-thumbnail pt-cv-thumb-default cvplbd\" target=\"_self\" ><img width=\"300\" height=\"300\" src=\"https:\/\/www.dynavin.de\/wp-content\/uploads\/1669945602-D8-CLK-Pro-300X300.jpg\" class=\"pt-cv-thumbnail img-none noLightbox  no-lazyload skip-lazy wvs-attachment-image\" alt=\"Autoradio Android 7 pouces D9-CLK Premium pour Mercedes CLK 2005-2009\" data-xooWscFly=\"fly\" \/><\/a><div class=\"product_desc\">\n<div class=\"pt-cv-ctf-list\" data-cvc=\"1\"><div class=\"col-md-12 pt-cv-ctf-column\"><div class=\"pt-cv-custom-fields pt-cv-ctf-produkt-ref\"><div class=\"pt-cv-ctf-value\">D9-CLK Premium<\/div><\/div><\/div><\/div>\n<div class=\"pt-cv-content\">Syst\u00e8me de navigation 7 pouces pour Mercedes CLK W209 2005-2009<br \/><div class=\"product-price-custom\"><span class=\"price-label\">\u00e0 partir de<\/span>&nbsp<span class=\"price-integer\">699<\/span><span class=\"price-decimal\">,00<\/span>&nbsp<span class=\"price-currency\">\u20ac<\/span><\/div><\/div><\/div><\/div><\/div>\n<div class=\"col-md-2 col-sm-6 col-xs-12 pt-cv-content-item pt-cv-1-col\"  data-pid=\"49116\"><div class='pt-cv-pinmas'><a href=\"https:\/\/www.dynavin.de\/fr\/produits\/produits\/carhifi\/systemes-de-navigation-pour-car-hifi\/navigationsgeraet-slk-pro-mercedes-slk\/\" class=\"_self pt-cv-href-thumbnail pt-cv-thumb-default cvplbd\" target=\"_self\" ><img width=\"300\" height=\"300\" src=\"https:\/\/www.dynavin.de\/wp-content\/uploads\/1669947677-D8-SLK-Pro-300X300.jpg\" class=\"pt-cv-thumbnail img-none noLightbox  no-lazyload skip-lazy wvs-attachment-image\" alt=\"Autoradio Android 7 pouces D9-SLK Premium pour Mercedes SLK 2004-2010\" data-xooWscFly=\"fly\" \/><\/a><div class=\"product_desc\">\n<div class=\"pt-cv-ctf-list\" data-cvc=\"1\"><div class=\"col-md-12 pt-cv-ctf-column\"><div class=\"pt-cv-custom-fields pt-cv-ctf-produkt-ref\"><div class=\"pt-cv-ctf-value\">D9-SLK Premium<\/div><\/div><\/div><\/div>\n<div class=\"pt-cv-content\">Syst\u00e8me de navigation 7 pouces pour Mercedes SLK R171 2004-2010<br \/><div class=\"product-price-custom\"><span class=\"price-label\">\u00e0 partir de<\/span>&nbsp<span class=\"price-integer\">699<\/span><span class=\"price-decimal\">,00<\/span>&nbsp<span class=\"price-currency\">\u20ac<\/span><\/div><\/div><\/div><\/div><\/div>\n<div class=\"col-md-2 col-sm-6 col-xs-12 pt-cv-content-item pt-cv-1-col\"  data-pid=\"49186\"><div class='pt-cv-pinmas'><a href=\"https:\/\/www.dynavin.de\/fr\/produits\/produits\/carhifi\/systemes-de-navigation-pour-car-hifi\/navigationsgeraet-pc-pro-porsche-cayenne\/\" class=\"_self pt-cv-href-thumbnail pt-cv-thumb-default cvplbd\" target=\"_self\" ><img width=\"300\" height=\"300\" src=\"https:\/\/www.dynavin.de\/wp-content\/uploads\/1669949435-D8-PC-Pro-300X300.jpg\" class=\"pt-cv-thumbnail img-none noLightbox  no-lazyload skip-lazy wvs-attachment-image\" alt=\"Autoradio Android 9 pouces D9-PC Premium pour Porsche Cayenne 2003-2010\" data-xooWscFly=\"fly\" \/><\/a><div class=\"product_desc\">\n<div class=\"pt-cv-ctf-list\" data-cvc=\"1\"><div class=\"col-md-12 pt-cv-ctf-column\"><div class=\"pt-cv-custom-fields pt-cv-ctf-produkt-ref\"><div class=\"pt-cv-ctf-value\">D9-PC Premium<\/div><\/div><\/div><\/div>\n<div class=\"pt-cv-content\">Syst\u00e8me de navigation 9 pouces pour Porsche Cayenne 2003-2010<br \/><div class=\"product-price-custom\"><span class=\"price-label\">\u00e0 partir de<\/span>&nbsp<span class=\"price-integer\">699<\/span><span class=\"price-decimal\">,00<\/span>&nbsp<span class=\"price-currency\">\u20ac<\/span><\/div><\/div><\/div><\/div><\/div>\n<div class=\"col-md-2 col-sm-6 col-xs-12 pt-cv-content-item pt-cv-1-col\"  data-pid=\"49252\"><div class='pt-cv-pinmas'><a href=\"https:\/\/www.dynavin.de\/fr\/produits\/produits\/carhifi\/systemes-de-navigation-pour-car-hifi\/navigationsgeraet-ps-pro-porsche-boxster\/\" class=\"_self pt-cv-href-thumbnail pt-cv-thumb-default cvplbd\" target=\"_self\" ><img width=\"300\" height=\"300\" src=\"https:\/\/www.dynavin.de\/wp-content\/uploads\/1669950133-D8-PSbPSs-300X300.jpg\" class=\"pt-cv-thumbnail img-none noLightbox  no-lazyload skip-lazy wvs-attachment-image\" alt=\"Autoradio Android 7 pouces pour Porsche Boxster | Cayman | Porsche 911 | Carrera\" data-xooWscFly=\"fly\" \/><\/a><div class=\"product_desc\">\n<div class=\"pt-cv-ctf-list\" data-cvc=\"1\"><div class=\"col-md-12 pt-cv-ctf-column\"><div class=\"pt-cv-custom-fields pt-cv-ctf-produkt-ref\"><div class=\"pt-cv-ctf-value\">D9-PSb\/PSs Plus<\/div><\/div><\/div><\/div>\n<div class=\"pt-cv-content\">Syst\u00e8me de navigation 7 pouces pour Porsche Cayman 2005-2012<br \/><div class=\"product-price-custom\"><span class=\"price-label\">\u00e0 partir de<\/span>&nbsp<span class=\"price-integer\">899<\/span><span class=\"price-decimal\">,00<\/span>&nbsp<span class=\"price-currency\">\u20ac<\/span><\/div><\/div><\/div><\/div><\/div>\n<div class=\"col-md-2 col-sm-6 col-xs-12 pt-cv-content-item pt-cv-1-col\"  data-pid=\"49468\"><div class='pt-cv-pinmas'><a href=\"https:\/\/www.dynavin.de\/fr\/produits\/produits\/carhifi\/systemes-de-navigation-pour-car-hifi\/navigationsgeraet-jp-pro-jeep-wrangler\/\" class=\"_self pt-cv-href-thumbnail pt-cv-thumb-default cvplbd\" target=\"_self\" ><img width=\"300\" height=\"300\" src=\"https:\/\/www.dynavin.de\/wp-content\/uploads\/1662708430-D8-JP-Pro-300X300.png\" class=\"pt-cv-thumbnail img-none noLightbox  no-lazyload skip-lazy wvs-attachment-image\" alt=\"Autoradio Android 10,1 pouces D9-JP Plus pour Jeep Wrangler JK 2007-2017\" data-xooWscFly=\"fly\" \/><\/a><div class=\"product_desc\">\n<div class=\"pt-cv-ctf-list\" data-cvc=\"1\"><div class=\"col-md-12 pt-cv-ctf-column\"><div class=\"pt-cv-custom-fields pt-cv-ctf-produkt-ref\"><div class=\"pt-cv-ctf-value\">D9-JP Plus<\/div><\/div><\/div><\/div>\n<div class=\"pt-cv-content\">Syst\u00e8me de navigation 10,1 pouces pour Jeep Wrangler JK 2007-2017<br \/><div class=\"product-price-custom\"><span class=\"price-label\">\u00e0 partir de<\/span>&nbsp<span class=\"price-integer\">699<\/span><span class=\"price-decimal\">,00<\/span>&nbsp<span class=\"price-currency\">\u20ac<\/span><\/div><\/div><\/div><\/div><\/div>\n<div class=\"col-md-4 col-sm-6 col-xs-12 pt-cv-content-item pt-cv-1-col\"  data-pid=\"48243\"><div class='pt-cv-pinmas'><a href=\"https:\/\/www.dynavin.de\/fr\/produits\/produits\/carhifi\/systemes-de-navigation-pour-car-hifi\/navigationsgeraet-129-pro-mitsubishi-mirage\/\" class=\"_self pt-cv-href-thumbnail pt-cv-thumb-default cvplbd\" target=\"_self\" ><img width=\"300\" height=\"300\" src=\"https:\/\/www.dynavin.de\/wp-content\/uploads\/1669878307-D8-129-Pro-300X300.jpg\" class=\"pt-cv-thumbnail img-none noLightbox  no-lazyload skip-lazy wvs-attachment-image\" alt=\"Autoradio Android 9 pouces D9-129 Premium pour Mitsubishi Mirage \u00e0 partir de 2012 Space Star \u00e0 partir de 2013\" data-xooWscFly=\"fly\" \/><\/a><div class=\"product_desc\">\n<div class=\"pt-cv-ctf-list\" data-cvc=\"1\"><div class=\"col-md-12 pt-cv-ctf-column\"><div class=\"pt-cv-custom-fields pt-cv-ctf-produkt-ref\"><div class=\"pt-cv-ctf-value\">D9-129 Premium<\/div><\/div><\/div><\/div>\n<div class=\"pt-cv-content\">Syst\u00e8me de navigation 9 pouces pour Mirage, Space Star \u00e0 partir de 2013<br \/><div class=\"product-price-custom\"><span class=\"price-label\">\u00e0 partir de<\/span>&nbsp<span class=\"price-integer\">649<\/span><span class=\"price-decimal\">,00<\/span>&nbsp<span class=\"price-currency\">\u20ac<\/span><\/div><\/div><\/div><\/div><\/div>\n<div class=\"col-md-2 col-sm-6 col-xs-12 pt-cv-content-item pt-cv-1-col\"  data-pid=\"84714\"><div class='pt-cv-pinmas'><a href=\"https:\/\/www.dynavin.de\/fr\/produits\/produits\/carhifi\/navigationssystem-ft500-premium-flex-fiat-500\/\" class=\"_self pt-cv-href-thumbnail pt-cv-thumb-default cvplbd\" target=\"_self\" ><img width=\"300\" height=\"300\" src=\"https:\/\/www.dynavin.de\/wp-content\/uploads\/1712203669-D9-FT500-Flex-300X300.jpg\" class=\"pt-cv-thumbnail img-none noLightbox  no-lazyload skip-lazy wvs-attachment-image\" alt=\"Autoradio Android 10,1 pouces D9-FT500 Premium Flex pour Fiat 500 2007-2015\" data-xooWscFly=\"fly\" \/><\/a><div class=\"product_desc\">\n<div class=\"pt-cv-ctf-list\" data-cvc=\"1\"><div class=\"col-md-12 pt-cv-ctf-column\"><div class=\"pt-cv-custom-fields pt-cv-ctf-produkt-ref\"><div class=\"pt-cv-ctf-value\">D9-FT500 Premium Flex<\/div><\/div><\/div><\/div>\n<div class=\"pt-cv-content\">Syst\u00e8me de navigation 10,1 pouces pour Fiat 500 2007-2015<br \/><div class=\"product-price-custom\"><span class=\"price-label\">\u00e0 partir de<\/span>&nbsp<span class=\"price-integer\">299<\/span><span class=\"price-decimal\">,00<\/span>&nbsp<span class=\"price-currency\">\u20ac<\/span><\/div><\/div><\/div><\/div><\/div>\n<div class=\"col-md-2 col-sm-6 col-xs-12 pt-cv-content-item pt-cv-1-col\"  data-pid=\"84665\"><div class='pt-cv-pinmas'><a href=\"https:\/\/www.dynavin.de\/fr\/produits\/produits\/carhifi\/navigationssystem-ft500-premium-fiat-500\/\" class=\"_self pt-cv-href-thumbnail pt-cv-thumb-default cvplbd\" target=\"_self\" ><img width=\"300\" height=\"300\" src=\"https:\/\/www.dynavin.de\/wp-content\/uploads\/1689058138-D8-FT500-300X300.jpg\" class=\"pt-cv-thumbnail img-none noLightbox  no-lazyload skip-lazy wvs-attachment-image\" alt=\"Autoradio Android 10,1 pouces D9-FT500 Premium pour Fiat 500 2007-2015\" data-xooWscFly=\"fly\" \/><\/a><div class=\"product_desc\">\n<div class=\"pt-cv-ctf-list\" data-cvc=\"1\"><div class=\"col-md-12 pt-cv-ctf-column\"><div class=\"pt-cv-custom-fields pt-cv-ctf-produkt-ref\"><div class=\"pt-cv-ctf-value\">D9-FT500 Premium<\/div><\/div><\/div><\/div>\n<div class=\"pt-cv-content\">Syst\u00e8me de navigation 10,1 pouces pour Fiat 500 2007-2015<br \/><div class=\"product-price-custom\"><span class=\"price-label\">\u00e0 partir de<\/span>&nbsp<span class=\"price-integer\">649<\/span><span class=\"price-decimal\">,00<\/span>&nbsp<span class=\"price-currency\">\u20ac<\/span><\/div><\/div><\/div><\/div><\/div>\n<div class=\"col-md-2 col-sm-6 col-xs-12 pt-cv-content-item pt-cv-1-col\"  data-pid=\"62881\"><div class='pt-cv-pinmas'><a href=\"https:\/\/www.dynavin.de\/fr\/produits\/produits\/camping-cars-et-vehicule-utilitaires\/systemes-de-navigation-pour-camping-cars-et-vehicules-utilitaires\/navigationsgerat-dcx-plus-flex-fiat-ducato\/\" class=\"_self pt-cv-href-thumbnail pt-cv-thumb-default cvplbd\" target=\"_self\" ><img width=\"300\" height=\"300\" src=\"https:\/\/www.dynavin.de\/wp-content\/uploads\/1679648496-D8-DCX-Plus-300X3002.jpg\" class=\"pt-cv-thumbnail img-none noLightbox  no-lazyload skip-lazy wvs-attachment-image\" alt=\"Autoradio Android 10,1 pouces D9-DCX Plus Flex - C pour la Citro\u00ebn Jumper II, Peugeot Boxer II \u00e0 partir de 2006, Fiat Ducato (2006-2021) &amp; Ducato 8 (2021-2024 ) &amp; Ducato 9 \u00e0 partir de 2024\" data-xooWscFly=\"fly\" \/><\/a><div class=\"product_desc\">\n<div class=\"pt-cv-ctf-list\" data-cvc=\"1\"><div class=\"col-md-12 pt-cv-ctf-column\"><div class=\"pt-cv-custom-fields pt-cv-ctf-produkt-ref\"><div class=\"pt-cv-ctf-value\">D9-DCX Plus Flex - C<\/div><\/div><\/div><\/div>\n<div class=\"pt-cv-content\">Syst\u00e8me de navigation 10,1 pouces pour Fiat Ducato 2006-2021<br \/><div class=\"product-price-custom\"><span class=\"price-label\">\u00e0 partir de<\/span>&nbsp<span class=\"price-integer\">399<\/span><span class=\"price-decimal\">,00<\/span>&nbsp<span class=\"price-currency\">\u20ac<\/span><\/div><\/div><\/div><\/div><\/div>\n<div class=\"col-md-2 col-sm-6 col-xs-12 pt-cv-content-item pt-cv-1-col\"  data-pid=\"77320\"><div class='pt-cv-pinmas'><a href=\"https:\/\/www.dynavin.de\/fr\/produits\/produits\/camping-cars-et-vehicule-utilitaires\/systemes-de-navigation-pour-camping-cars-et-vehicules-utilitaires\/navigationssystem-dcx-plus-fiat-ducato-2006-2021\/\" class=\"_self pt-cv-href-thumbnail pt-cv-thumb-default cvplbd\" target=\"_self\" ><img width=\"300\" height=\"300\" src=\"https:\/\/www.dynavin.de\/wp-content\/uploads\/1679648496-D8-DCX-Plus-300X3002.jpg\" class=\"pt-cv-thumbnail img-none noLightbox  no-lazyload skip-lazy wvs-attachment-image\" alt=\"Autoradio Android 10,1 pouces D9-DCX Plus - C pour la Citro\u00ebn Jumper II, Peugeot Boxer II \u00e0 partir de 2006, Fiat Ducato (2006-2021) Ducato 8 (2021-2024 ) &amp; Ducato 9 \u00e0 partir de 2024\" data-xooWscFly=\"fly\" \/><\/a><div class=\"product_desc\">\n<div class=\"pt-cv-ctf-list\" data-cvc=\"1\"><div class=\"col-md-12 pt-cv-ctf-column\"><div class=\"pt-cv-custom-fields pt-cv-ctf-produkt-ref\"><div class=\"pt-cv-ctf-value\">D9-DCX Plus - C<\/div><\/div><\/div><\/div>\n<div class=\"pt-cv-content\">Syst\u00e8me de navigation 10,1 pouces pour Fiat Ducato 2006-2021<br \/><div class=\"product-price-custom\"><span class=\"price-label\">\u00e0 partir de<\/span>&nbsp<span class=\"price-integer\">799<\/span><span class=\"price-decimal\">,00<\/span>&nbsp<span class=\"price-currency\">\u20ac<\/span><\/div><\/div><\/div><\/div><\/div><\/div><\/div><\/div>\t\t\t<style type=\"text\/css\" id=\"pt-cv-inline-style-b75866axud\">#pt-cv-view-7ea72991io .pt-cv-content-item { padding-top: 10px !important; padding-left: 10px !important; padding-bottom: 20px !important; padding-right: 10px !important; }\n#pt-cv-view-7ea72991io  { margin-left: -10px !important; margin-right: -10px !important; }\n#pt-cv-view-7ea72991io .pt-cv-pinmas { padding-top: 0px !important; padding-left: 0px !important; padding-bottom: 0px !important; padding-right: 0px !important; }\n#pt-cv-view-7ea72991io .pt-cv-title a, #pt-cv-view-7ea72991io  .panel-title { font-weight: 600 !important; }\n#pt-cv-view-7ea72991io .pt-cv-custom-fields * { font-weight: 600 !important; }\n#pt-cv-view-7ea72991io .pt-cv-readmore  { color: #ffffff !important; background-color: #0099cc !important; }\n#pt-cv-view-7ea72991io .pt-cv-readmore:hover  { color: #ffffff !important; background-color: #0099cc !important; }\n#pt-cv-view-7ea72991io  + .pt-cv-pagination-wrapper .pt-cv-more , #pt-cv-view-7ea72991io  + .pt-cv-pagination-wrapper .pagination .active a { color: #ffffff !important; background-color: #00aeef !important; }\n.cvp-live-filter[data-sid='7ea72991io'] input[type='text'], .cvp-live-filter[data-sid='7ea72991io'] div > label, .cvp-live-filter[data-sid='7ea72991io'] select, .cvp-live-filter[data-sid='7ea72991io'] .irs-from, .cvp-live-filter[data-sid='7ea72991io'] .irs-to   { font-size: 14px !important; line-height: 1.3 !important; background-color: #e6e6e6 !important; }\n.cvp-live-filter[data-sid='7ea72991io'] input[type=radio]:checked~div   { background-color: #0099cc !important; }\n#pt-cv-view-7ea72991io { text-align: left; }<\/style>\r\n\t\t\t\n<\/div><\/section><\/p><\/div>\n","protected":false},"excerpt":{"rendered":"","protected":false},"author":5,"featured_media":21406,"parent":55337,"menu_order":523,"comment_status":"closed","ping_status":"closed","template":"","meta":[],"categories":[1395],"tags":[],"fahrzeughersteller":[],"firmware_updates":[],"acf":[],"yoast_head":"<!-- This site is optimized with the Yoast SEO Premium plugin v16.9 (Yoast SEO v17.8) - https:\/\/yoast.com\/wordpress\/plugins\/seo\/ -->\n<title>Touareg &ndash; Dynavin<\/title>\n<meta name=\"description\" content=\"Syst\u00e8mes de navigation 10&quot; \/ 9&quot; \/ 7&quot; \/ 9&quot; \/ 10&quot; pour CarHifi avec \u00e9crans tactiles capacitifs, DAB+, connexion mains libres et smartphone\" \/>\n<meta name=\"robots\" content=\"index, follow, max-snippet:-1, max-image-preview:large, max-video-preview:-1\" \/>\n<link rel=\"canonical\" href=\"https:\/\/www.dynavin.de\/fr\/produit\/carhifi\/systemes-de-navigation-pour-car-hifi\/vw\/vw-touareg\/\" \/>\n<meta property=\"og:locale\" content=\"fr_FR\" \/>\n<meta property=\"og:type\" content=\"article\" \/>\n<meta property=\"og:title\" content=\"Touareg\" \/>\n<meta property=\"og:url\" content=\"https:\/\/www.dynavin.de\/fr\/produit\/carhifi\/systemes-de-navigation-pour-car-hifi\/vw\/vw-touareg\/\" \/>\n<meta property=\"og:site_name\" content=\"Dynavin\" \/>\n<meta property=\"article:publisher\" content=\"https:\/\/www.facebook.com\/dynavin.official\" \/>\n<meta property=\"article:modified_time\" content=\"2021-11-03T02:32:06+00:00\" \/>\n<meta property=\"og:image\" content=\"https:\/\/www.dynavin.de\/wp-content\/uploads\/navisysteme_carhifi_tn.png\" \/>\n\t<meta property=\"og:image:width\" content=\"1250\" \/>\n\t<meta property=\"og:image:height\" content=\"1250\" \/>\n<meta name=\"twitter:card\" content=\"summary_large_image\" \/>\n<script type=\"application\/ld+json\" class=\"yoast-schema-graph\">{\"@context\":\"https:\/\/schema.org\",\"@graph\":[{\"@type\":\"Organization\",\"@id\":\"https:\/\/www.dynavin.de\/#organization\",\"name\":\"Dynavin GmbH\",\"url\":\"https:\/\/www.dynavin.de\/\",\"sameAs\":[\"https:\/\/www.facebook.com\/dynavin.official\",\"https:\/\/www.instagram.com\/dynavin.official\/?hl=en\",\"https:\/\/www.youtube.com\/user\/dynavin1\"],\"logo\":{\"@type\":\"ImageObject\",\"@id\":\"https:\/\/www.dynavin.de\/#logo\",\"inLanguage\":\"fr-FR\",\"url\":\"https:\/\/www.dynavin.de\/wp-content\/uploads\/2018\/12\/dynavin-logo.png\",\"contentUrl\":\"https:\/\/www.dynavin.de\/wp-content\/uploads\/2018\/12\/dynavin-logo.png\",\"width\":340,\"height\":156,\"caption\":\"Dynavin GmbH\"},\"image\":{\"@id\":\"https:\/\/www.dynavin.de\/#logo\"}},{\"@type\":\"WebSite\",\"@id\":\"https:\/\/www.dynavin.de\/#website\",\"url\":\"https:\/\/www.dynavin.de\/\",\"name\":\"Dynavin\",\"description\":\"Navigation and Multimedia Solutions\",\"publisher\":{\"@id\":\"https:\/\/www.dynavin.de\/#organization\"},\"potentialAction\":[{\"@type\":\"SearchAction\",\"target\":{\"@type\":\"EntryPoint\",\"urlTemplate\":\"https:\/\/www.dynavin.de\/?s={search_term_string}\"},\"query-input\":\"required name=search_term_string\"}],\"inLanguage\":\"fr-FR\"},{\"@type\":\"ImageObject\",\"@id\":\"https:\/\/www.dynavin.de\/fr\/produit\/carhifi\/systemes-de-navigation-pour-car-hifi\/vw\/vw-touareg\/#primaryimage\",\"inLanguage\":\"fr-FR\",\"url\":\"https:\/\/www.dynavin.de\/wp-content\/uploads\/navisysteme_carhifi_tn.png\",\"contentUrl\":\"https:\/\/www.dynavin.de\/wp-content\/uploads\/navisysteme_carhifi_tn.png\",\"width\":1250,\"height\":1250},{\"@type\":\"WebPage\",\"@id\":\"https:\/\/www.dynavin.de\/fr\/produit\/carhifi\/systemes-de-navigation-pour-car-hifi\/vw\/vw-touareg\/#webpage\",\"url\":\"https:\/\/www.dynavin.de\/fr\/produit\/carhifi\/systemes-de-navigation-pour-car-hifi\/vw\/vw-touareg\/\",\"name\":\"Touareg &ndash; Dynavin\",\"isPartOf\":{\"@id\":\"https:\/\/www.dynavin.de\/#website\"},\"primaryImageOfPage\":{\"@id\":\"https:\/\/www.dynavin.de\/fr\/produit\/carhifi\/systemes-de-navigation-pour-car-hifi\/vw\/vw-touareg\/#primaryimage\"},\"datePublished\":\"2021-11-02T08:49:53+00:00\",\"dateModified\":\"2021-11-03T02:32:06+00:00\",\"description\":\"Syst\\u00e8mes de navigation 10\\\" \/ 9\\\" \/ 7\\\" \/ 9\\\" \/ 10\\\" pour CarHifi avec \\u00e9crans tactiles capacitifs, DAB+, connexion mains libres et smartphone\",\"breadcrumb\":{\"@id\":\"https:\/\/www.dynavin.de\/fr\/produit\/carhifi\/systemes-de-navigation-pour-car-hifi\/vw\/vw-touareg\/#breadcrumb\"},\"inLanguage\":\"fr-FR\",\"potentialAction\":[{\"@type\":\"ReadAction\",\"target\":[\"https:\/\/www.dynavin.de\/fr\/produit\/carhifi\/systemes-de-navigation-pour-car-hifi\/vw\/vw-touareg\/\"]}]},{\"@type\":\"BreadcrumbList\",\"@id\":\"https:\/\/www.dynavin.de\/fr\/produit\/carhifi\/systemes-de-navigation-pour-car-hifi\/vw\/vw-touareg\/#breadcrumb\",\"itemListElement\":[{\"@type\":\"ListItem\",\"position\":1,\"name\":\"Startseite\",\"item\":\"https:\/\/www.dynavin.de\/fr\/\"},{\"@type\":\"ListItem\",\"position\":2,\"name\":\"Produits\",\"item\":\"https:\/\/www.dynavin.de\/fr\/produit\/\"},{\"@type\":\"ListItem\",\"position\":3,\"name\":\"CarHifi\",\"item\":\"https:\/\/www.dynavin.de\/fr\/produit\/carhifi\/\"},{\"@type\":\"ListItem\",\"position\":4,\"name\":\"Syst\\u00e8mes de navigation pour Car-Hifi\",\"item\":\"https:\/\/www.dynavin.de\/fr\/produit\/carhifi\/systemes-de-navigation-pour-car-hifi\/\"},{\"@type\":\"ListItem\",\"position\":5,\"name\":\"VW\",\"item\":\"https:\/\/www.dynavin.de\/fr\/produit\/carhifi\/systemes-de-navigation-pour-car-hifi\/vw\/\"},{\"@type\":\"ListItem\",\"position\":6,\"name\":\"Touareg\"}]}]}<\/script>\n<!-- \/ Yoast SEO Premium plugin. -->","yoast_head_json":{"title":"Touareg &ndash; Dynavin","description":"Syst\u00e8mes de navigation 10\" \/ 9\" \/ 7\" \/ 9\" \/ 10\" pour CarHifi avec \u00e9crans tactiles capacitifs, DAB+, connexion mains libres et smartphone","robots":{"index":"index","follow":"follow","max-snippet":"max-snippet:-1","max-image-preview":"max-image-preview:large","max-video-preview":"max-video-preview:-1"},"canonical":"https:\/\/www.dynavin.de\/fr\/produit\/carhifi\/systemes-de-navigation-pour-car-hifi\/vw\/vw-touareg\/","og_locale":"fr_FR","og_type":"article","og_title":"Touareg","og_url":"https:\/\/www.dynavin.de\/fr\/produit\/carhifi\/systemes-de-navigation-pour-car-hifi\/vw\/vw-touareg\/","og_site_name":"Dynavin","article_publisher":"https:\/\/www.facebook.com\/dynavin.official","article_modified_time":"2021-11-03T02:32:06+00:00","og_image":[{"width":1250,"height":1250,"url":"https:\/\/www.dynavin.de\/wp-content\/uploads\/navisysteme_carhifi_tn.png","type":"image\/png"}],"twitter_card":"summary_large_image","schema":{"@context":"https:\/\/schema.org","@graph":[{"@type":"Organization","@id":"https:\/\/www.dynavin.de\/#organization","name":"Dynavin GmbH","url":"https:\/\/www.dynavin.de\/","sameAs":["https:\/\/www.facebook.com\/dynavin.official","https:\/\/www.instagram.com\/dynavin.official\/?hl=en","https:\/\/www.youtube.com\/user\/dynavin1"],"logo":{"@type":"ImageObject","@id":"https:\/\/www.dynavin.de\/#logo","inLanguage":"fr-FR","url":"https:\/\/www.dynavin.de\/wp-content\/uploads\/2018\/12\/dynavin-logo.png","contentUrl":"https:\/\/www.dynavin.de\/wp-content\/uploads\/2018\/12\/dynavin-logo.png","width":340,"height":156,"caption":"Dynavin GmbH"},"image":{"@id":"https:\/\/www.dynavin.de\/#logo"}},{"@type":"WebSite","@id":"https:\/\/www.dynavin.de\/#website","url":"https:\/\/www.dynavin.de\/","name":"Dynavin","description":"Navigation and Multimedia Solutions","publisher":{"@id":"https:\/\/www.dynavin.de\/#organization"},"potentialAction":[{"@type":"SearchAction","target":{"@type":"EntryPoint","urlTemplate":"https:\/\/www.dynavin.de\/?s={search_term_string}"},"query-input":"required name=search_term_string"}],"inLanguage":"fr-FR"},{"@type":"ImageObject","@id":"https:\/\/www.dynavin.de\/fr\/produit\/carhifi\/systemes-de-navigation-pour-car-hifi\/vw\/vw-touareg\/#primaryimage","inLanguage":"fr-FR","url":"https:\/\/www.dynavin.de\/wp-content\/uploads\/navisysteme_carhifi_tn.png","contentUrl":"https:\/\/www.dynavin.de\/wp-content\/uploads\/navisysteme_carhifi_tn.png","width":1250,"height":1250},{"@type":"WebPage","@id":"https:\/\/www.dynavin.de\/fr\/produit\/carhifi\/systemes-de-navigation-pour-car-hifi\/vw\/vw-touareg\/#webpage","url":"https:\/\/www.dynavin.de\/fr\/produit\/carhifi\/systemes-de-navigation-pour-car-hifi\/vw\/vw-touareg\/","name":"Touareg &ndash; Dynavin","isPartOf":{"@id":"https:\/\/www.dynavin.de\/#website"},"primaryImageOfPage":{"@id":"https:\/\/www.dynavin.de\/fr\/produit\/carhifi\/systemes-de-navigation-pour-car-hifi\/vw\/vw-touareg\/#primaryimage"},"datePublished":"2021-11-02T08:49:53+00:00","dateModified":"2021-11-03T02:32:06+00:00","description":"Syst\u00e8mes de navigation 10\" \/ 9\" \/ 7\" \/ 9\" \/ 10\" pour CarHifi avec \u00e9crans tactiles capacitifs, DAB+, connexion mains libres et smartphone","breadcrumb":{"@id":"https:\/\/www.dynavin.de\/fr\/produit\/carhifi\/systemes-de-navigation-pour-car-hifi\/vw\/vw-touareg\/#breadcrumb"},"inLanguage":"fr-FR","potentialAction":[{"@type":"ReadAction","target":["https:\/\/www.dynavin.de\/fr\/produit\/carhifi\/systemes-de-navigation-pour-car-hifi\/vw\/vw-touareg\/"]}]},{"@type":"BreadcrumbList","@id":"https:\/\/www.dynavin.de\/fr\/produit\/carhifi\/systemes-de-navigation-pour-car-hifi\/vw\/vw-touareg\/#breadcrumb","itemListElement":[{"@type":"ListItem","position":1,"name":"Startseite","item":"https:\/\/www.dynavin.de\/fr\/"},{"@type":"ListItem","position":2,"name":"Produits","item":"https:\/\/www.dynavin.de\/fr\/produit\/"},{"@type":"ListItem","position":3,"name":"CarHifi","item":"https:\/\/www.dynavin.de\/fr\/produit\/carhifi\/"},{"@type":"ListItem","position":4,"name":"Syst\u00e8mes de navigation pour Car-Hifi","item":"https:\/\/www.dynavin.de\/fr\/produit\/carhifi\/systemes-de-navigation-pour-car-hifi\/"},{"@type":"ListItem","position":5,"name":"VW","item":"https:\/\/www.dynavin.de\/fr\/produit\/carhifi\/systemes-de-navigation-pour-car-hifi\/vw\/"},{"@type":"ListItem","position":6,"name":"Touareg"}]}]}},"_links":{"self":[{"href":"https:\/\/www.dynavin.de\/fr\/wp-json\/wp\/v2\/pages\/55708"}],"collection":[{"href":"https:\/\/www.dynavin.de\/fr\/wp-json\/wp\/v2\/pages"}],"about":[{"href":"https:\/\/www.dynavin.de\/fr\/wp-json\/wp\/v2\/types\/page"}],"author":[{"embeddable":true,"href":"https:\/\/www.dynavin.de\/fr\/wp-json\/wp\/v2\/users\/5"}],"replies":[{"embeddable":true,"href":"https:\/\/www.dynavin.de\/fr\/wp-json\/wp\/v2\/comments?post=55708"}],"version-history":[{"count":0,"href":"https:\/\/www.dynavin.de\/fr\/wp-json\/wp\/v2\/pages\/55708\/revisions"}],"up":[{"embeddable":true,"href":"https:\/\/www.dynavin.de\/fr\/wp-json\/wp\/v2\/pages\/55337"}],"wp:featuredmedia":[{"embeddable":true,"href":"https:\/\/www.dynavin.de\/fr\/wp-json\/wp\/v2\/media\/21406"}],"wp:attachment":[{"href":"https:\/\/www.dynavin.de\/fr\/wp-json\/wp\/v2\/media?parent=55708"}],"wp:term":[{"taxonomy":"category","embeddable":true,"href":"https:\/\/www.dynavin.de\/fr\/wp-json\/wp\/v2\/categories?post=55708"},{"taxonomy":"post_tag","embeddable":true,"href":"https:\/\/www.dynavin.de\/fr\/wp-json\/wp\/v2\/tags?post=55708"},{"taxonomy":"fahrzeughersteller","embeddable":true,"href":"https:\/\/www.dynavin.de\/fr\/wp-json\/wp\/v2\/fahrzeughersteller?post=55708"},{"taxonomy":"firmware_updates","embeddable":true,"href":"https:\/\/www.dynavin.de\/fr\/wp-json\/wp\/v2\/firmware_updates?post=55708"}],"curies":[{"name":"wp","href":"https:\/\/api.w.org\/{rel}","templated":true}]}}