{"id":46541,"date":"2021-07-21T09:33:42","date_gmt":"2021-07-21T07:33:42","guid":{"rendered":"https:\/\/www.dynavin.de\/produits\/camping-cars-et-vehicule-utilitaires\/cameras-de-recul-pour-camping-cars-et-vehicules-utilitaires\/"},"modified":"2023-11-10T04:14:02","modified_gmt":"2023-11-10T03:14:02","slug":"cameras-de-recul-pour-camping-cars-et-vehicules-utilitaires","status":"publish","type":"page","link":"https:\/\/www.dynavin.de\/fr\/produit\/camping-cars-et-vehicule-utilitaires\/cameras-de-recul-pour-camping-cars-et-vehicules-utilitaires\/","title":{"rendered":"Cam\u00e9ras de recul pour camping-cars et v\u00e9hicules utilitaires"},"content":{"rendered":"<\/p>\n<section  class='av_textblock_section av-k6q8m4r4-e233e7fe267186423a8c890bd296b79d'  itemscope=\"itemscope\" itemtype=\"https:\/\/schema.org\/CreativeWork\" ><div class='avia_textblock'  itemprop=\"text\" ><p>Dynavin a d\u00e9velopp\u00e9 une nouvelle gamme de cam\u00e9ras, <a href=\"https:\/\/www.dynavin.de\/fr\/cameras-dynavision\/\">Dynavision<\/a>.<\/p>\n<p>Dynavision propose des solutions de cam\u00e9ras avanc\u00e9es pour l&#8217;industrie automobile et des technologies innovantes pour le march\u00e9 des pi\u00e8ces de rechange. Les nouvelles cam\u00e9ras Dynavision offrent aux conducteurs une plus grande s\u00e9curit\u00e9 gr\u00e2ce \u00e0 des fonctions qui n&#8217;\u00e9taient auparavant disponibles que comme options OEM.<\/p>\n<\/div><\/section>\n<section  class='av_textblock_section av-k3hej4g0-3fc250be877756bc809f49d1b5b913f7'  itemscope=\"itemscope\" itemtype=\"https:\/\/schema.org\/CreativeWork\" ><div class='avia_textblock'  itemprop=\"text\" ><div class=\"pt-cv-wrapper\"><div class=\"btn-group pt-cv-filter-bar pull-left\" id=\"pt-cv-filter-bar-4c31062otz-product_tag\"><button type=\"button\" class=\"btn  pt-cv-filter-option active\" data-value=\"all\" data-sftype=\"button\">Alle Produkte<\/button><button type=\"button\" class=\"btn  pt-cv-filter-option \" data-value=\"product_tag-1690\" data-sftype=\"button\">Dynavision Comfort<\/button><button type=\"button\" class=\"btn  pt-cv-filter-option \" data-value=\"product_tag-1696\" data-sftype=\"button\">Dynavision Lite<\/button><button type=\"button\" class=\"btn  pt-cv-filter-option \" data-value=\"product_tag-1695\" data-sftype=\"button\">Dynavision Pro<\/button><\/div><div class=\"pt-cv-view pt-cv-pinterest pt-cv-colsys pt-cv-border pt-cv-no-bb pt-cv-left pt-cv-sf\" id=\"pt-cv-view-4c31062otz\"><div data-id=\"pt-cv-page-1\" class=\"pt-cv-page\" data-cvc=\"5\" data-sfop=\"and\"><div class=\"col-md-2 col-sm-6 col-xs-12 pt-cv-content-item pt-cv-1-col\" data-groups=\"category-1096 product_cat-1750 category-966 category-969 post_tag-1173 product_tag-1695 category-933 fahrzeughersteller-1242\" data-pid=\"51527\"><div class='pt-cv-pinmas'><a href=\"https:\/\/www.dynavin.de\/fr\/produits\/produits\/camping-cars-et-vehicule-utilitaires\/cameras-de-recul-pour-camping-cars-et-vehicules-utilitaires\/cameras-universelles-fr-2\/aufbaukamera-dynavision-dvn-cw-910-pro\/\" class=\"_self pt-cv-href-thumbnail pt-cv-thumb-default cvplbd cvp-lazy-container\" target=\"_self\" ><img width=\"300\" height=\"300\" src=\"https:\/\/www.dynavin.de\/wp-content\/plugins\/pt-content-views-pro\/public\/assets\/images\/lazy_image.png\" class=\"pt-cv-thumbnail img-none noLightbox  no-lazyload skip-lazy wvs-attachment-image cvplazy\" alt=\"DVN 910 Pro\" data-cvpsrc=\"https:\/\/www.dynavin.de\/wp-content\/uploads\/1622036744-Dynavin-DVN-CW-910_tn.png\" data-xooWscFly=\"fly\" \/><\/a><div class=\"product_desc\">\n<div class=\"pt-cv-ctf-list\" data-cvc=\"1\"><div class=\"col-md-12 pt-cv-ctf-column\"><div class=\"pt-cv-custom-fields pt-cv-ctf-produkt-ref\"><div class=\"pt-cv-ctf-value\">DVN CWHD 910 Pro<\/div><\/div><\/div><\/div>\n<div class=\"pt-cv-content\">Cam\u00e9ra mont\u00e9e en surface | mode d\u2019image AHD \/ NTSC<br \/><div class=\"product-price-custom\"><span class=\"price-label\">\u00e0 partir de<\/span>&nbsp<span class=\"price-integer\">359<\/span><span class=\"price-decimal\">,00<\/span>&nbsp<span class=\"price-currency\">\u20ac<\/span><\/div><\/div><\/div><\/div><\/div>\n<div class=\"col-md-2 col-sm-6 col-xs-12 pt-cv-content-item pt-cv-1-col\" data-groups=\"category-1096 product_cat-1750 category-966 category-967 post_tag-1170 product_tag-1690 fahrzeughersteller-1242\" data-pid=\"51530\"><div class='pt-cv-pinmas'><a href=\"https:\/\/www.dynavin.de\/fr\/produits\/produits\/camping-cars-et-vehicule-utilitaires\/cameras-de-recul-pour-camping-cars-et-vehicules-utilitaires\/cameras-universelles-fr-2\/aufbaukamera-dynavision-dvn-cw-910-comfort\/\" class=\"_self pt-cv-href-thumbnail pt-cv-thumb-default cvplbd cvp-lazy-container\" target=\"_self\" ><img width=\"300\" height=\"300\" src=\"https:\/\/www.dynavin.de\/wp-content\/plugins\/pt-content-views-pro\/public\/assets\/images\/lazy_image.png\" class=\"pt-cv-thumbnail img-none noLightbox  no-lazyload skip-lazy wvs-attachment-image cvplazy\" alt=\"DVN 910 Pro\" data-cvpsrc=\"https:\/\/www.dynavin.de\/wp-content\/uploads\/1622036744-Dynavin-DVN-CW-910_tn.png\" data-xooWscFly=\"fly\" \/><\/a><div class=\"product_desc\">\n<div class=\"pt-cv-ctf-list\" data-cvc=\"1\"><div class=\"col-md-12 pt-cv-ctf-column\"><div class=\"pt-cv-custom-fields pt-cv-ctf-produkt-ref\"><div class=\"pt-cv-ctf-value\">DVN CWHD 910 Comfort<\/div><\/div><\/div><\/div>\n<div class=\"pt-cv-content\">Cam\u00e9ra mont\u00e9e en surface | mode d\u2019image AHD \/ NTSC<br \/><div class=\"product-price-custom\"><span class=\"price-label\">\u00e0 partir de<\/span>&nbsp<span class=\"price-integer\">279<\/span><span class=\"price-decimal\">,00<\/span>&nbsp<span class=\"price-currency\">\u20ac<\/span><\/div><\/div><\/div><\/div><\/div>\n<div class=\"col-md-2 col-sm-6 col-xs-12 pt-cv-content-item pt-cv-1-col\" data-groups=\"category-1096 product_cat-1750 category-966 category-968 post_tag-1171 product_tag-1696 fahrzeughersteller-1242\" data-pid=\"51533\"><div class='pt-cv-pinmas'><a href=\"https:\/\/www.dynavin.de\/fr\/produits\/produits\/camping-cars-et-vehicule-utilitaires\/cameras-de-recul-pour-camping-cars-et-vehicules-utilitaires\/cameras-universelles-fr-2\/aufbaukamera-dynavision-dvn-cw-910-lite\/\" class=\"_self pt-cv-href-thumbnail pt-cv-thumb-default cvplbd cvp-lazy-container\" target=\"_self\" ><img width=\"300\" height=\"300\" src=\"https:\/\/www.dynavin.de\/wp-content\/plugins\/pt-content-views-pro\/public\/assets\/images\/lazy_image.png\" class=\"pt-cv-thumbnail img-none noLightbox  no-lazyload skip-lazy wvs-attachment-image cvplazy\" alt=\"DVN 910 Pro\" data-cvpsrc=\"https:\/\/www.dynavin.de\/wp-content\/uploads\/1622036744-Dynavin-DVN-CW-910_tn.png\" data-xooWscFly=\"fly\" \/><\/a><div class=\"product_desc\">\n<div class=\"pt-cv-ctf-list\" data-cvc=\"1\"><div class=\"col-md-12 pt-cv-ctf-column\"><div class=\"pt-cv-custom-fields pt-cv-ctf-produkt-ref\"><div class=\"pt-cv-ctf-value\">DVN CWHD 910 Lite<\/div><\/div><\/div><\/div>\n<div class=\"pt-cv-content\">Cam\u00e9ra mont\u00e9e en surface\u00a0| mode d\u2019image AHD \/ NTSC<br \/><div class=\"product-price-custom\"><span class=\"price-label\">\u00e0 partir de<\/span>&nbsp<span class=\"price-integer\">169<\/span><span class=\"price-decimal\">,00<\/span>&nbsp<span class=\"price-currency\">\u20ac<\/span><\/div><\/div><\/div><\/div><\/div>\n<div class=\"col-md-2 col-sm-6 col-xs-12 pt-cv-content-item pt-cv-1-col\" data-groups=\"post_tag-1204 category-1097 product_cat-1751 post_tag-1783 category-969 post_tag-1173 product_tag-1695 category-933 fahrzeughersteller-1209 fahrzeughersteller-1219 fahrzeughersteller-1234\" data-pid=\"51561\"><div class='pt-cv-pinmas'><a href=\"https:\/\/www.dynavin.de\/fr\/produits\/produits\/camping-cars-et-vehicule-utilitaires\/cameras-de-recul-pour-camping-cars-et-vehicules-utilitaires\/cameras-de-feux-de-stop\/bremsleuchten-kamera-dynavision-dvn-cw-920-pro-fuer-fiat-ducato\/\" class=\"_self pt-cv-href-thumbnail pt-cv-thumb-default cvplbd cvp-lazy-container\" target=\"_self\" ><img width=\"300\" height=\"300\" src=\"https:\/\/www.dynavin.de\/wp-content\/plugins\/pt-content-views-pro\/public\/assets\/images\/lazy_image.png\" class=\"pt-cv-thumbnail img-none noLightbox  no-lazyload skip-lazy wvs-attachment-image cvplazy\" alt=\"Cam\u00e9ra de feux de freinage Dynavision DVN CW 920 Pro pour Fiat Ducato | mode d\u2019image AHD \/ NTSC\" data-cvpsrc=\"https:\/\/www.dynavin.de\/wp-content\/uploads\/Dynavin-DVN-CW-920_tn.png\" data-xooWscFly=\"fly\" \/><\/a><div class=\"product_desc\">\n<div class=\"pt-cv-ctf-list\" data-cvc=\"1\"><div class=\"col-md-12 pt-cv-ctf-column\"><div class=\"pt-cv-custom-fields pt-cv-ctf-produkt-ref\"><div class=\"pt-cv-ctf-value\">DVN CWHD 920 Pro<\/div><\/div><\/div><\/div>\n<div class=\"pt-cv-content\">Cam\u00e9ra de feux de freinage | mode d\u2019image AHD \/ NTSC<br \/><div class=\"product-price-custom\"><span class=\"price-label\">\u00e0 partir de<\/span>&nbsp<span class=\"price-integer\">359<\/span><span class=\"price-decimal\">,00<\/span>&nbsp<span class=\"price-currency\">\u20ac<\/span><\/div><\/div><\/div><\/div><\/div>\n<div class=\"col-md-4 col-sm-6 col-xs-12 pt-cv-content-item pt-cv-1-col\" data-groups=\"post_tag-1204 category-1097 product_cat-1751 category-966 category-967 post_tag-1170 product_tag-1690 fahrzeughersteller-1209 fahrzeughersteller-1219 fahrzeughersteller-1234\" data-pid=\"51564\"><div class='pt-cv-pinmas'><a href=\"https:\/\/www.dynavin.de\/fr\/produits\/produits\/camping-cars-et-vehicule-utilitaires\/cameras-de-recul-pour-camping-cars-et-vehicules-utilitaires\/cameras-de-feux-de-stop\/bremsleuchten-kamera-dynavision-dvn-cw-920-comfort-fuer-fiat-ducato\/\" class=\"_self pt-cv-href-thumbnail pt-cv-thumb-default cvplbd cvp-lazy-container\" target=\"_self\" ><img width=\"300\" height=\"300\" src=\"https:\/\/www.dynavin.de\/wp-content\/plugins\/pt-content-views-pro\/public\/assets\/images\/lazy_image.png\" class=\"pt-cv-thumbnail img-none noLightbox  no-lazyload skip-lazy wvs-attachment-image cvplazy\" alt=\"Dynavin-DVN-CW-920\" data-cvpsrc=\"https:\/\/www.dynavin.de\/wp-content\/uploads\/Dynavin-DVN-CW-920_tn.png\" data-xooWscFly=\"fly\" \/><\/a><div class=\"product_desc\">\n<div class=\"pt-cv-ctf-list\" data-cvc=\"1\"><div class=\"col-md-12 pt-cv-ctf-column\"><div class=\"pt-cv-custom-fields pt-cv-ctf-produkt-ref\"><div class=\"pt-cv-ctf-value\">DVN CWHD 920 Comfort<\/div><\/div><\/div><\/div>\n<div class=\"pt-cv-content\">Cam\u00e9ra de feux de freinage\u00a0| mode d\u2019image AHD \/ NTSC<br \/><div class=\"product-price-custom\"><span class=\"price-label\">\u00e0 partir de<\/span>&nbsp<span class=\"price-integer\">279<\/span><span class=\"price-decimal\">,00<\/span>&nbsp<span class=\"price-currency\">\u20ac<\/span><\/div><\/div><\/div><\/div><\/div>\n<div class=\"col-md-2 col-sm-6 col-xs-12 pt-cv-content-item pt-cv-1-col\" data-groups=\"category-1097 product_cat-1751 category-966 category-968 post_tag-1171 product_tag-1696 fahrzeughersteller-1209 fahrzeughersteller-1219 fahrzeughersteller-1234\" data-pid=\"51567\"><div class='pt-cv-pinmas'><a href=\"https:\/\/www.dynavin.de\/fr\/produits\/produits\/camping-cars-et-vehicule-utilitaires\/cameras-de-recul-pour-camping-cars-et-vehicules-utilitaires\/cameras-de-feux-de-stop\/bremsleuchten-kamera-dynavision-dvn-cw-920-lite-fuer-fiat-ducato\/\" class=\"_self pt-cv-href-thumbnail pt-cv-thumb-default cvplbd cvp-lazy-container\" target=\"_self\" ><img width=\"300\" height=\"300\" src=\"https:\/\/www.dynavin.de\/wp-content\/plugins\/pt-content-views-pro\/public\/assets\/images\/lazy_image.png\" class=\"pt-cv-thumbnail img-none noLightbox  no-lazyload skip-lazy wvs-attachment-image cvplazy\" alt=\"Dynavin-DVN-CW-920\" data-cvpsrc=\"https:\/\/www.dynavin.de\/wp-content\/uploads\/Dynavin-DVN-CW-920_tn.png\" data-xooWscFly=\"fly\" \/><\/a><div class=\"product_desc\">\n<div class=\"pt-cv-ctf-list\" data-cvc=\"1\"><div class=\"col-md-12 pt-cv-ctf-column\"><div class=\"pt-cv-custom-fields pt-cv-ctf-produkt-ref\"><div class=\"pt-cv-ctf-value\">DVN CWHD 920 Lite<\/div><\/div><\/div><\/div>\n<div class=\"pt-cv-content\">Cam\u00e9ra de feux de freinage | mode d\u2019image AHD \/ NTSC<br \/><div class=\"product-price-custom\"><span class=\"price-label\">\u00e0 partir de<\/span>&nbsp<span class=\"price-integer\">169<\/span><span class=\"price-decimal\">,00<\/span>&nbsp<span class=\"price-currency\">\u20ac<\/span><\/div><\/div><\/div><\/div><\/div>\n<div class=\"col-md-2 col-sm-6 col-xs-12 pt-cv-content-item pt-cv-1-col\" data-groups=\"category-1097 product_cat-1751 category-966 category-969 post_tag-1173 product_tag-1695 fahrzeughersteller-1242\" data-pid=\"51576\"><div class='pt-cv-pinmas'><a href=\"https:\/\/www.dynavin.de\/fr\/produits\/produits\/camping-cars-et-vehicule-utilitaires\/cameras-de-recul-pour-camping-cars-et-vehicules-utilitaires\/cameras-de-feux-de-stop\/universal-bremsleuchten-kamera-dynavision-dvn-cw-930-pro\/\" class=\"_self pt-cv-href-thumbnail pt-cv-thumb-default cvplbd cvp-lazy-container\" target=\"_self\" ><img width=\"300\" height=\"300\" src=\"https:\/\/www.dynavin.de\/wp-content\/plugins\/pt-content-views-pro\/public\/assets\/images\/lazy_image.png\" class=\"pt-cv-thumbnail img-none noLightbox  no-lazyload skip-lazy wvs-attachment-image cvplazy\" alt=\"Dynavin-DVN-CW-930\" data-cvpsrc=\"https:\/\/www.dynavin.de\/wp-content\/uploads\/Dynavin-DVN-CW-930_tn.png\" data-xooWscFly=\"fly\" \/><\/a><div class=\"product_desc\">\n<div class=\"pt-cv-ctf-list\" data-cvc=\"1\"><div class=\"col-md-12 pt-cv-ctf-column\"><div class=\"pt-cv-custom-fields pt-cv-ctf-produkt-ref\"><div class=\"pt-cv-ctf-value\">DVN CWHD 930 Pro<\/div><\/div><\/div><\/div>\n<div class=\"pt-cv-content\">Cam\u00e9ra de feux de freinage | mode d\u2019image AHD \/ NTSC<br \/><div class=\"product-price-custom\"><span class=\"price-label\">\u00e0 partir de<\/span>&nbsp<span class=\"price-integer\">359<\/span><span class=\"price-decimal\">,00<\/span>&nbsp<span class=\"price-currency\">\u20ac<\/span><\/div><\/div><\/div><\/div><\/div>\n<div class=\"col-md-2 col-sm-6 col-xs-12 pt-cv-content-item pt-cv-1-col\" data-groups=\"category-1097 product_cat-1751 category-966 category-967 post_tag-1170 product_tag-1690 fahrzeughersteller-1242\" data-pid=\"51573\"><div class='pt-cv-pinmas'><a href=\"https:\/\/www.dynavin.de\/fr\/produits\/produits\/camping-cars-et-vehicule-utilitaires\/cameras-de-recul-pour-camping-cars-et-vehicules-utilitaires\/cameras-de-feux-de-stop\/universal-bremsleuchten-kamera-dynavision-dvn-cw-930-comfort\/\" class=\"_self pt-cv-href-thumbnail pt-cv-thumb-default cvplbd cvp-lazy-container\" target=\"_self\" ><img width=\"300\" height=\"300\" src=\"https:\/\/www.dynavin.de\/wp-content\/plugins\/pt-content-views-pro\/public\/assets\/images\/lazy_image.png\" class=\"pt-cv-thumbnail img-none noLightbox  no-lazyload skip-lazy wvs-attachment-image cvplazy\" alt=\"Cam\u00e9ra universelle de feux stop Dynavision DVN CW 930 Comfort | mode d\u2019image AHD \/ NTSC\" data-cvpsrc=\"https:\/\/www.dynavin.de\/wp-content\/uploads\/Dynavin-DVN-CW-930_tn.png\" data-xooWscFly=\"fly\" \/><\/a><div class=\"product_desc\">\n<div class=\"pt-cv-ctf-list\" data-cvc=\"1\"><div class=\"col-md-12 pt-cv-ctf-column\"><div class=\"pt-cv-custom-fields pt-cv-ctf-produkt-ref\"><div class=\"pt-cv-ctf-value\">DVN CWHD 930 Comfort<\/div><\/div><\/div><\/div>\n<div class=\"pt-cv-content\">Cam\u00e9ra de feux de freinage\u00a0| mode d\u2019image AHD \/ NTSC<br \/><div class=\"product-price-custom\"><span class=\"price-label\">\u00e0 partir de<\/span>&nbsp<span class=\"price-integer\">279<\/span><span class=\"price-decimal\">,00<\/span>&nbsp<span class=\"price-currency\">\u20ac<\/span><\/div><\/div><\/div><\/div><\/div>\n<div class=\"col-md-2 col-sm-6 col-xs-12 pt-cv-content-item pt-cv-1-col\" data-groups=\"category-1097 product_cat-1751 category-966 category-968 post_tag-1171 product_tag-1696 fahrzeughersteller-1242\" data-pid=\"51579\"><div class='pt-cv-pinmas'><a href=\"https:\/\/www.dynavin.de\/fr\/produits\/produits\/camping-cars-et-vehicule-utilitaires\/cameras-de-recul-pour-camping-cars-et-vehicules-utilitaires\/cameras-de-feux-de-stop\/universal-bremsleuchten-kamera-dynavision-dvn-cw-930-lite\/\" class=\"_self pt-cv-href-thumbnail pt-cv-thumb-default cvplbd cvp-lazy-container\" target=\"_self\" ><img width=\"300\" height=\"300\" src=\"https:\/\/www.dynavin.de\/wp-content\/plugins\/pt-content-views-pro\/public\/assets\/images\/lazy_image.png\" class=\"pt-cv-thumbnail img-none noLightbox  no-lazyload skip-lazy wvs-attachment-image cvplazy\" alt=\"Cam\u00e9ra universelle de feux de freinage Dynavision DVN CW 930 Lite | mode d\u2019image AHD \/ NTSC\" data-cvpsrc=\"https:\/\/www.dynavin.de\/wp-content\/uploads\/Dynavin-DVN-CW-930_tn.png\" data-xooWscFly=\"fly\" \/><\/a><div class=\"product_desc\">\n<div class=\"pt-cv-ctf-list\" data-cvc=\"1\"><div class=\"col-md-12 pt-cv-ctf-column\"><div class=\"pt-cv-custom-fields pt-cv-ctf-produkt-ref\"><div class=\"pt-cv-ctf-value\">DVN CWHD 930 Lite<\/div><\/div><\/div><\/div>\n<div class=\"pt-cv-content\">Cam\u00e9ra de feux de freinage | mode d\u2019image AHD \/ NTSC<br \/><div class=\"product-price-custom\"><span class=\"price-label\">\u00e0 partir de<\/span>&nbsp<span class=\"price-integer\">169<\/span><span class=\"price-decimal\">,00<\/span>&nbsp<span class=\"price-currency\">\u20ac<\/span><\/div><\/div><\/div><\/div><\/div><\/div><\/div><\/div>\t\t\t<style type=\"text\/css\" id=\"pt-cv-inline-style-796540axde\">#pt-cv-filter-bar-4c31062otz-product_tag { margin-bottom: 20px !important; }\n#pt-cv-filter-bar-4c31062otz-product_tag .btn { margin-right: 10px !important; }\n#pt-cv-view-4c31062otz .pt-cv-content-item { padding-top: 10px !important; padding-left: 10px !important; padding-bottom: 20px !important; padding-right: 10px !important; }\n#pt-cv-view-4c31062otz  { margin-left: -10px !important; margin-right: -10px !important; }\n#pt-cv-view-4c31062otz .pt-cv-pinmas { padding-top: 0px !important; padding-left: 0px !important; padding-bottom: 0px !important; padding-right: 0px !important; }\n#pt-cv-view-4c31062otz .pt-cv-title a, #pt-cv-view-4c31062otz  .panel-title { font-weight: 600 !important; }\n#pt-cv-view-4c31062otz .pt-cv-custom-fields * { font-weight: 600 !important; }\n#pt-cv-view-4c31062otz .pt-cv-readmore  { color: #ffffff !important; background-color: #0099cc !important; }\n#pt-cv-view-4c31062otz .pt-cv-readmore:hover  { color: #ffffff !important; background-color: #0099cc !important; }\n#pt-cv-view-4c31062otz  + .pt-cv-pagination-wrapper .pt-cv-more , #pt-cv-view-4c31062otz  + .pt-cv-pagination-wrapper .pagination .active a { color: #ffffff !important; background-color: #00aeef !important; }\n[id^='pt-cv-filter-bar-4c31062otz'] .pt-cv-filter-option, [id^='pt-cv-filter-bar-4c31062otz'] .dropdown-menu   { background-color: #e6e6e6 !important; }\n[id^='pt-cv-filter-bar-4c31062otz'] .active.pt-cv-filter-option, [id^='pt-cv-filter-bar-4c31062otz'] .active .pt-cv-filter-option, [id^='pt-cv-filter-bar-4c31062otz'] .selected.pt-cv-filter-option, [id^='pt-cv-filter-bar-4c31062otz'] .dropdown-toggle   { color: #ffffff !important; background-color: #0099cc !important; }\n#pt-cv-view-4c31062otz { text-align: left; }<\/style>\r\n\t\t\t\n<\/div><\/section>\n<section  class='av_textblock_section av-k3hej4g0-3fc250be877756bc809f49d1b5b913f7'  itemscope=\"itemscope\" itemtype=\"https:\/\/schema.org\/CreativeWork\" ><div class='avia_textblock'  itemprop=\"text\" ><h3>Accessoires pour cam\u00e9ras<\/h3>\n<div class=\"pt-cv-wrapper\"><div class=\"pt-cv-view pt-cv-pinterest pt-cv-colsys pt-cv-border pt-cv-no-bb pt-cv-left\" id=\"pt-cv-view-276c9de4l6\"><div data-id=\"pt-cv-page-1\" class=\"pt-cv-page\" data-cvc=\"5\"><div class=\"col-md-2 col-sm-6 col-xs-12 pt-cv-content-item pt-cv-1-col\"  data-pid=\"81795\"><div class='pt-cv-pinmas'><a href=\"https:\/\/www.dynavin.de\/fr\/produits\/produits\/camping-cars-et-vehicule-utilitaires\/cameras-de-recul-pour-camping-cars-et-vehicules-utilitaires\/accessoires-pour-cameras-de-recul\/adaptateur-de-camera-pour-tous-les-fiat-ducato-8-avec-connexion-fakra-violette\/\" class=\"_self pt-cv-href-thumbnail pt-cv-thumb-default cvplbd cvp-lazy-container\" target=\"_self\" ><img width=\"300\" height=\"300\" src=\"https:\/\/www.dynavin.de\/wp-content\/plugins\/pt-content-views-pro\/public\/assets\/images\/lazy_image.png\" class=\"pt-cv-thumbnail img-none noLightbox  no-lazyload skip-lazy wvs-attachment-image cvplazy\" alt=\"Adaptateur de cam\u00e9ra pour tous les Fiat Ducato 8 avec connexion Fakra violette\" data-cvpsrc=\"https:\/\/www.dynavin.de\/wp-content\/uploads\/1681804164-CAM-ADP.F-300X300.jpg\" data-xooWscFly=\"fly\" \/><\/a><div class=\"product_desc\">\n<div class=\"pt-cv-ctf-list\" data-cvc=\"1\"><div class=\"col-md-12 pt-cv-ctf-column\"><div class=\"pt-cv-custom-fields pt-cv-ctf-produkt-ref\"><div class=\"pt-cv-ctf-value\">CAM - ADP.F<\/div><\/div><\/div><\/div>\n<div class=\"pt-cv-content\">Adaptateur pour Fiat Ducato 8<br \/><div class=\"product-price-custom\"><span class=\"price-label\">\u00e0 partir de<\/span>&nbsp<span class=\"price-integer\">49<\/span><span class=\"price-decimal\">,00<\/span>&nbsp<span class=\"price-currency\">\u20ac<\/span><\/div><\/div><\/div><\/div><\/div>\n<div class=\"col-md-2 col-sm-6 col-xs-12 pt-cv-content-item pt-cv-1-col\"  data-pid=\"47523\"><div class='pt-cv-pinmas'><a href=\"https:\/\/www.dynavin.de\/fr\/produits\/produits\/camping-cars-et-vehicule-utilitaires\/cameras-de-recul-pour-camping-cars-et-vehicules-utilitaires\/accessoires-pour-cameras-de-recul\/adaptateur-pour-camera-dynavision-cam-adp-1-par-ex-pour-forster-ducato-avec-connecteur-bnc-et-cinch\/\" class=\"_self pt-cv-href-thumbnail pt-cv-thumb-default cvplbd cvp-lazy-container\" target=\"_self\" ><img width=\"300\" height=\"300\" src=\"https:\/\/www.dynavin.de\/wp-content\/plugins\/pt-content-views-pro\/public\/assets\/images\/lazy_image.png\" class=\"pt-cv-thumbnail img-none noLightbox  no-lazyload skip-lazy wvs-attachment-image cvplazy\" alt=\"Dynavision-CAM-ADP1_tn\" data-cvpsrc=\"https:\/\/www.dynavin.de\/wp-content\/uploads\/Dynavision-CAM-ADP1_tn.png\" data-xooWscFly=\"fly\" \/><\/a><div class=\"product_desc\">\n<div class=\"pt-cv-ctf-list\" data-cvc=\"1\"><div class=\"col-md-12 pt-cv-ctf-column\"><div class=\"pt-cv-custom-fields pt-cv-ctf-produkt-ref\"><div class=\"pt-cv-ctf-value\">CAM - ADP.1<\/div><\/div><\/div><\/div>\n<div class=\"pt-cv-content\">Adaptateur pour Forster Ducato<br \/><div class=\"product-price-custom\"><span class=\"price-label\">\u00e0 partir de<\/span>&nbsp<span class=\"price-integer\">30<\/span><span class=\"price-decimal\">,00<\/span>&nbsp<span class=\"price-currency\">\u20ac<\/span><\/div><\/div><\/div><\/div><\/div>\n<div class=\"col-md-2 col-sm-6 col-xs-12 pt-cv-content-item pt-cv-1-col\"  data-pid=\"47560\"><div class='pt-cv-pinmas'><a href=\"https:\/\/www.dynavin.de\/fr\/produits\/produits\/camping-cars-et-vehicule-utilitaires\/cameras-de-recul-pour-camping-cars-et-vehicules-utilitaires\/accessoires-pour-cameras-de-recul\/adaptateur-pour-camera-dynavision-cam-adp-2-par-ex-pour-sunlight-et-carado\/\" class=\"_self pt-cv-href-thumbnail pt-cv-thumb-default cvplbd cvp-lazy-container\" target=\"_self\" ><img width=\"300\" height=\"300\" src=\"https:\/\/www.dynavin.de\/wp-content\/plugins\/pt-content-views-pro\/public\/assets\/images\/lazy_image.png\" class=\"pt-cv-thumbnail img-none noLightbox  no-lazyload skip-lazy wvs-attachment-image cvplazy\" alt=\"Dynavin-cam-adp2_tn\" data-cvpsrc=\"https:\/\/www.dynavin.de\/wp-content\/uploads\/Dynavin-cam-adp2_tn-2.png\" data-xooWscFly=\"fly\" \/><\/a><div class=\"product_desc\">\n<div class=\"pt-cv-ctf-list\" data-cvc=\"1\"><div class=\"col-md-12 pt-cv-ctf-column\"><div class=\"pt-cv-custom-fields pt-cv-ctf-produkt-ref\"><div class=\"pt-cv-ctf-value\">CAM - ADP.2<\/div><\/div><\/div><\/div>\n<div class=\"pt-cv-content\">Adaptateur pour Laika d\u00e8s 2021 ...<br \/><div class=\"product-price-custom\"><span class=\"price-label\">\u00e0 partir de<\/span>&nbsp<span class=\"price-integer\">30<\/span><span class=\"price-decimal\">,00<\/span>&nbsp<span class=\"price-currency\">\u20ac<\/span><\/div><\/div><\/div><\/div><\/div>\n<div class=\"col-md-2 col-sm-6 col-xs-12 pt-cv-content-item pt-cv-1-col\"  data-pid=\"47581\"><div class='pt-cv-pinmas'><a href=\"https:\/\/www.dynavin.de\/fr\/produits\/produits\/camping-cars-et-vehicule-utilitaires\/cameras-de-recul-pour-camping-cars-et-vehicules-utilitaires\/accessoires-pour-cameras-de-recul\/adaptateur-pour-camera-dynavision-lite-cam-adp-3-par-ex-pour-la-connexion-a-des-cables-zenec\/\" class=\"_self pt-cv-href-thumbnail pt-cv-thumb-default cvplbd cvp-lazy-container\" target=\"_self\" ><img width=\"300\" height=\"300\" src=\"https:\/\/www.dynavin.de\/wp-content\/plugins\/pt-content-views-pro\/public\/assets\/images\/lazy_image.png\" class=\"pt-cv-thumbnail img-none noLightbox  no-lazyload skip-lazy wvs-attachment-image cvplazy\" alt=\"Adaptateur pour cam\u00e9ra Dynavision Lite CAM - ADP.3 par ex. pour la connexion \u00e0 des c\u00e2bles Zenec\" data-cvpsrc=\"https:\/\/www.dynavin.de\/wp-content\/uploads\/Dynavin-cam-adp3_tn.png\" data-xooWscFly=\"fly\" \/><\/a><div class=\"product_desc\">\n<div class=\"pt-cv-ctf-list\" data-cvc=\"1\"><div class=\"col-md-12 pt-cv-ctf-column\"><div class=\"pt-cv-custom-fields pt-cv-ctf-produkt-ref\"><div class=\"pt-cv-ctf-value\">CAM - ADP.3<\/div><\/div><\/div><\/div>\n<div class=\"pt-cv-content\">Adaptateur pour c\u00e2bles Zenec<br \/><div class=\"product-price-custom\"><span class=\"price-label\">\u00e0 partir de<\/span>&nbsp<span class=\"price-integer\">30<\/span><span class=\"price-decimal\">,00<\/span>&nbsp<span class=\"price-currency\">\u20ac<\/span><\/div><\/div><\/div><\/div><\/div>\n<div class=\"col-md-4 col-sm-6 col-xs-12 pt-cv-content-item pt-cv-1-col\"  data-pid=\"47608\"><div class='pt-cv-pinmas'><a href=\"https:\/\/www.dynavin.de\/fr\/produits\/produits\/camping-cars-et-vehicule-utilitaires\/cameras-de-recul-pour-camping-cars-et-vehicules-utilitaires\/accessoires-pour-cameras-de-recul\/adaptateur-camera-waeco-cam-adp-4-pour-hymer-et-buerstner\/\" class=\"_self pt-cv-href-thumbnail pt-cv-thumb-default cvplbd cvp-lazy-container\" target=\"_self\" ><img width=\"300\" height=\"300\" src=\"https:\/\/www.dynavin.de\/wp-content\/plugins\/pt-content-views-pro\/public\/assets\/images\/lazy_image.png\" class=\"pt-cv-thumbnail img-none noLightbox  no-lazyload skip-lazy wvs-attachment-image cvplazy\" alt=\"Dynavin CAM-ADP4\" data-cvpsrc=\"https:\/\/www.dynavin.de\/wp-content\/uploads\/Dynavin-CAM-ADP4_tn.png\" data-xooWscFly=\"fly\" \/><\/a><div class=\"product_desc\">\n<div class=\"pt-cv-ctf-list\" data-cvc=\"1\"><div class=\"col-md-12 pt-cv-ctf-column\"><div class=\"pt-cv-custom-fields pt-cv-ctf-produkt-ref\"><div class=\"pt-cv-ctf-value\">CAM - ADP.4<\/div><\/div><\/div><\/div>\n<div class=\"pt-cv-content\">Adaptateur cam\u00e9ra Waeco pour ...<br \/><div class=\"product-price-custom\"><span class=\"price-label\">\u00e0 partir de<\/span>&nbsp<span class=\"price-integer\">30<\/span><span class=\"price-decimal\">,00<\/span>&nbsp<span class=\"price-currency\">\u20ac<\/span><\/div><\/div><\/div><\/div><\/div>\n<div class=\"col-md-2 col-sm-6 col-xs-12 pt-cv-content-item pt-cv-1-col\"  data-pid=\"47665\"><div class='pt-cv-pinmas'><a href=\"https:\/\/www.dynavin.de\/fr\/produits\/produits\/camping-cars-et-vehicule-utilitaires\/cameras-de-recul-pour-camping-cars-et-vehicules-utilitaires\/accessoires-pour-cameras-de-recul\/adaptateur-camera-dynavision-dometic-cam-adp-6-par-ex-pour-poessl\/\" class=\"_self pt-cv-href-thumbnail pt-cv-thumb-default cvplbd cvp-lazy-container\" target=\"_self\" ><img width=\"300\" height=\"300\" src=\"https:\/\/www.dynavin.de\/wp-content\/plugins\/pt-content-views-pro\/public\/assets\/images\/lazy_image.png\" class=\"pt-cv-thumbnail img-none noLightbox  no-lazyload skip-lazy wvs-attachment-image cvplazy\" alt=\"Dynavision CAM - ADP6\" data-cvpsrc=\"https:\/\/www.dynavin.de\/wp-content\/uploads\/Dynavision-CAM-ADP6_tn.png\" data-xooWscFly=\"fly\" \/><\/a><div class=\"product_desc\">\n<div class=\"pt-cv-ctf-list\" data-cvc=\"1\"><div class=\"col-md-12 pt-cv-ctf-column\"><div class=\"pt-cv-custom-fields pt-cv-ctf-produkt-ref\"><div class=\"pt-cv-ctf-value\">CAM - ADP.6<\/div><\/div><\/div><\/div>\n<div class=\"pt-cv-content\">Adaptateur pour v\u00e9hicules P\u00f6ssl ...<br \/><div class=\"product-price-custom\"><span class=\"price-label\">\u00e0 partir de<\/span>&nbsp<span class=\"price-integer\">30<\/span><span class=\"price-decimal\">,00<\/span>&nbsp<span class=\"price-currency\">\u20ac<\/span><\/div><\/div><\/div><\/div><\/div>\n<div class=\"col-md-2 col-sm-6 col-xs-12 pt-cv-content-item pt-cv-1-col\"  data-pid=\"47694\"><div class='pt-cv-pinmas'><a href=\"https:\/\/www.dynavin.de\/fr\/produits\/produits\/camping-cars-et-vehicule-utilitaires\/cameras-de-recul-pour-camping-cars-et-vehicules-utilitaires\/accessoires-pour-cameras-de-recul\/adaptateur-pour-camera-dynavision-cam-adp-7-par-ex-pour-knaus\/\" class=\"_self pt-cv-href-thumbnail pt-cv-thumb-default cvplbd cvp-lazy-container\" target=\"_self\" ><img width=\"300\" height=\"300\" src=\"https:\/\/www.dynavin.de\/wp-content\/plugins\/pt-content-views-pro\/public\/assets\/images\/lazy_image.png\" class=\"pt-cv-thumbnail img-none noLightbox  no-lazyload skip-lazy wvs-attachment-image cvplazy\" alt=\"Dynavision CAM-ADP7\" data-cvpsrc=\"https:\/\/www.dynavin.de\/wp-content\/uploads\/Dynavision-CAM-ADP7_tn.png\" data-xooWscFly=\"fly\" \/><\/a><div class=\"product_desc\">\n<div class=\"pt-cv-ctf-list\" data-cvc=\"1\"><div class=\"col-md-12 pt-cv-ctf-column\"><div class=\"pt-cv-custom-fields pt-cv-ctf-produkt-ref\"><div class=\"pt-cv-ctf-value\">CAM - ADP.7<\/div><\/div><\/div><\/div>\n<div class=\"pt-cv-content\">Adaptateur pour Knaus<br \/><div class=\"product-price-custom\"><span class=\"price-label\">\u00e0 partir de<\/span>&nbsp<span class=\"price-integer\">30<\/span><span class=\"price-decimal\">,00<\/span>&nbsp<span class=\"price-currency\">\u20ac<\/span><\/div><\/div><\/div><\/div><\/div>\n<div class=\"col-md-2 col-sm-6 col-xs-12 pt-cv-content-item pt-cv-1-col\"  data-pid=\"47718\"><div class='pt-cv-pinmas'><a href=\"https:\/\/www.dynavin.de\/fr\/produits\/produits\/camping-cars-et-vehicule-utilitaires\/cameras-de-recul-pour-camping-cars-et-vehicules-utilitaires\/accessoires-pour-cameras-de-recul\/adaptateur-de-camera-dynavision-cam-adp-8-pour-remplacer-une-camera-chinoise\/\" class=\"_self pt-cv-href-thumbnail pt-cv-thumb-default cvplbd cvp-lazy-container\" target=\"_self\" ><img width=\"300\" height=\"300\" src=\"https:\/\/www.dynavin.de\/wp-content\/plugins\/pt-content-views-pro\/public\/assets\/images\/lazy_image.png\" class=\"pt-cv-thumbnail img-none noLightbox  no-lazyload skip-lazy wvs-attachment-image cvplazy\" alt=\"Dynavision-CAM-ADP8_tn\" data-cvpsrc=\"https:\/\/www.dynavin.de\/wp-content\/uploads\/Dynavision-CAM-ADP8_tn.png\" data-xooWscFly=\"fly\" \/><\/a><div class=\"product_desc\">\n<div class=\"pt-cv-ctf-list\" data-cvc=\"1\"><div class=\"col-md-12 pt-cv-ctf-column\"><div class=\"pt-cv-custom-fields pt-cv-ctf-produkt-ref\"><div class=\"pt-cv-ctf-value\">CAM - ADP.8<\/div><\/div><\/div><\/div>\n<div class=\"pt-cv-content\">Adapter pour cam\u00e9ras chinoises<br \/><div class=\"product-price-custom\"><span class=\"price-label\">\u00e0 partir de<\/span>&nbsp<span class=\"price-integer\">30<\/span><span class=\"price-decimal\">,00<\/span>&nbsp<span class=\"price-currency\">\u20ac<\/span><\/div><\/div><\/div><\/div><\/div>\n<div class=\"col-md-2 col-sm-6 col-xs-12 pt-cv-content-item pt-cv-1-col\"  data-pid=\"47737\"><div class='pt-cv-pinmas'><a href=\"https:\/\/www.dynavin.de\/fr\/produits\/produits\/camping-cars-et-vehicule-utilitaires\/cameras-de-recul-pour-camping-cars-et-vehicules-utilitaires\/accessoires-pour-cameras-de-recul\/adaptateur-pour-camera-dynavision-cam-adp-9-par-ex-pour-challenger-et-chausson\/\" class=\"_self pt-cv-href-thumbnail pt-cv-thumb-default cvplbd cvp-lazy-container\" target=\"_self\" ><img width=\"300\" height=\"300\" src=\"https:\/\/www.dynavin.de\/wp-content\/plugins\/pt-content-views-pro\/public\/assets\/images\/lazy_image.png\" class=\"pt-cv-thumbnail img-none noLightbox  no-lazyload skip-lazy wvs-attachment-image cvplazy\" alt=\"Dynavision-CAM-ADP9_tn\" data-cvpsrc=\"https:\/\/www.dynavin.de\/wp-content\/uploads\/Dynavision-CAM-ADP9_tn.png\" data-xooWscFly=\"fly\" \/><\/a><div class=\"product_desc\">\n<div class=\"pt-cv-ctf-list\" data-cvc=\"1\"><div class=\"col-md-12 pt-cv-ctf-column\"><div class=\"pt-cv-custom-fields pt-cv-ctf-produkt-ref\"><div class=\"pt-cv-ctf-value\">CAM - ADP.9<\/div><\/div><\/div><\/div>\n<div class=\"pt-cv-content\">Adaptateur pour Challenger\/Chausson<br \/><div class=\"product-price-custom\"><span class=\"price-label\">\u00e0 partir de<\/span>&nbsp<span class=\"price-integer\">30<\/span><span class=\"price-decimal\">,00<\/span>&nbsp<span class=\"price-currency\">\u20ac<\/span><\/div><\/div><\/div><\/div><\/div>\n<div class=\"col-md-4 col-sm-6 col-xs-12 pt-cv-content-item pt-cv-1-col\"  data-pid=\"47751\"><div class='pt-cv-pinmas'><a href=\"https:\/\/www.dynavin.de\/fr\/produits\/produits\/camping-cars-et-vehicule-utilitaires\/cameras-de-recul-pour-camping-cars-et-vehicules-utilitaires\/accessoires-pour-cameras-de-recul\/adaptateur-de-camera-dynavision-cam-adp-10-pour-les-cables-adria-et-camos\/\" class=\"_self pt-cv-href-thumbnail pt-cv-thumb-default cvplbd cvp-lazy-container\" target=\"_self\" ><img width=\"300\" height=\"300\" src=\"https:\/\/www.dynavin.de\/wp-content\/plugins\/pt-content-views-pro\/public\/assets\/images\/lazy_image.png\" class=\"pt-cv-thumbnail img-none noLightbox  no-lazyload skip-lazy wvs-attachment-image cvplazy\" alt=\"Dynavision CAM-ADP10\" data-cvpsrc=\"https:\/\/www.dynavin.de\/wp-content\/uploads\/Dynavision-CAM-ADP10_tn.png\" data-xooWscFly=\"fly\" \/><\/a><div class=\"product_desc\">\n<div class=\"pt-cv-ctf-list\" data-cvc=\"1\"><div class=\"col-md-12 pt-cv-ctf-column\"><div class=\"pt-cv-custom-fields pt-cv-ctf-produkt-ref\"><div class=\"pt-cv-ctf-value\">CAM - ADP.10<\/div><\/div><\/div><\/div>\n<div class=\"pt-cv-content\">Adaptateur pour Adria \/ Camos<br \/><div class=\"product-price-custom\"><span class=\"price-label\">\u00e0 partir de<\/span>&nbsp<span class=\"price-integer\">30<\/span><span class=\"price-decimal\">,00<\/span>&nbsp<span class=\"price-currency\">\u20ac<\/span><\/div><\/div><\/div><\/div><\/div>\n<div class=\"col-md-2 col-sm-6 col-xs-12 pt-cv-content-item pt-cv-1-col\"  data-pid=\"47767\"><div class='pt-cv-pinmas'><a href=\"https:\/\/www.dynavin.de\/fr\/produits\/produits\/camping-cars-et-vehicule-utilitaires\/cameras-de-recul-pour-camping-cars-et-vehicules-utilitaires\/accessoires-pour-cameras-de-recul\/adaptateur-pour-camera-dynavision-cam-adp-11-par-ex-pour-laika\/\" class=\"_self pt-cv-href-thumbnail pt-cv-thumb-default cvplbd cvp-lazy-container\" target=\"_self\" ><img width=\"300\" height=\"300\" src=\"https:\/\/www.dynavin.de\/wp-content\/plugins\/pt-content-views-pro\/public\/assets\/images\/lazy_image.png\" class=\"pt-cv-thumbnail img-none noLightbox  no-lazyload skip-lazy wvs-attachment-image cvplazy\" alt=\"Dynavision-CAM-ADP11_tn\" data-cvpsrc=\"https:\/\/www.dynavin.de\/wp-content\/uploads\/Dynavision-CAM-ADP11_tn.png\" data-xooWscFly=\"fly\" \/><\/a><div class=\"product_desc\">\n<div class=\"pt-cv-ctf-list\" data-cvc=\"1\"><div class=\"col-md-12 pt-cv-ctf-column\"><div class=\"pt-cv-custom-fields pt-cv-ctf-produkt-ref\"><div class=\"pt-cv-ctf-value\">CAM - ADP.11<\/div><\/div><\/div><\/div>\n<div class=\"pt-cv-content\">Adapter for Laika<br \/><div class=\"product-price-custom\"><span class=\"price-label\">\u00e0 partir de<\/span>&nbsp<span class=\"price-integer\">30<\/span><span class=\"price-decimal\">,00<\/span>&nbsp<span class=\"price-currency\">\u20ac<\/span><\/div><\/div><\/div><\/div><\/div>\n<div class=\"col-md-2 col-sm-6 col-xs-12 pt-cv-content-item pt-cv-1-col\"  data-pid=\"95083\"><div class='pt-cv-pinmas'><a href=\"https:\/\/www.dynavin.de\/fr\/produits\/produits\/camping-cars-et-vehicule-utilitaires\/cameras-de-recul-pour-camping-cars-et-vehicules-utilitaires\/accessoires-pour-cameras-de-recul\/adaptateur-de-camera-cam-adp-12-par-ex-pour-cable-caratec\/\" class=\"_self pt-cv-href-thumbnail pt-cv-thumb-default cvplbd cvp-lazy-container\" target=\"_self\" ><img width=\"300\" height=\"300\" src=\"https:\/\/www.dynavin.de\/wp-content\/plugins\/pt-content-views-pro\/public\/assets\/images\/lazy_image.png\" class=\"pt-cv-thumbnail img-none noLightbox  no-lazyload skip-lazy wvs-attachment-image cvplazy\" alt=\"Adaptateur de cam\u00e9ra CAM - ADP.12 par ex. pour c\u00e2ble Caratec\" data-cvpsrc=\"https:\/\/www.dynavin.de\/wp-content\/uploads\/1709692332-CAM-ADP-12-300X300.jpg\" data-xooWscFly=\"fly\" \/><\/a><div class=\"product_desc\">\n<div class=\"pt-cv-ctf-list\" data-cvc=\"1\"><div class=\"col-md-12 pt-cv-ctf-column\"><div class=\"pt-cv-custom-fields pt-cv-ctf-produkt-ref\"><div class=\"pt-cv-ctf-value\">CAM - ADP.12<\/div><\/div><\/div><\/div>\n<div class=\"pt-cv-content\">Adaptateur pour c\u00e2ble Caratec<br \/><div class=\"product-price-custom\"><span class=\"price-label\">\u00e0 partir de<\/span>&nbsp<span class=\"price-integer\">30<\/span><span class=\"price-decimal\">,00<\/span>&nbsp<span class=\"price-currency\">\u20ac<\/span><\/div><\/div><\/div><\/div><\/div>\n<div class=\"col-md-2 col-sm-6 col-xs-12 pt-cv-content-item pt-cv-1-col\"  data-pid=\"51661\"><div class='pt-cv-pinmas'><a href=\"https:\/\/www.dynavin.de\/fr\/produits\/produits\/carhifi\/accessoires-pour-carhifi\/rueckfahrkamera-umschaltrelais-dvn-v2\/\" class=\"_self pt-cv-href-thumbnail pt-cv-thumb-default cvplbd cvp-lazy-container\" target=\"_self\" ><img width=\"300\" height=\"300\" src=\"https:\/\/www.dynavin.de\/wp-content\/plugins\/pt-content-views-pro\/public\/assets\/images\/lazy_image.png\" class=\"pt-cv-thumbnail img-none noLightbox  no-lazyload skip-lazy wvs-attachment-image cvplazy\" alt=\"Dynavin Kamera-Umschaltrelais DNV-V2\" data-cvpsrc=\"https:\/\/www.dynavin.de\/wp-content\/uploads\/Dynavin-Kamera-Umschaltrelais-DNV-V2_tn-1.png\" data-xooWscFly=\"fly\" \/><\/a><div class=\"product_desc\">\n<div class=\"pt-cv-ctf-list\" data-cvc=\"1\"><div class=\"col-md-12 pt-cv-ctf-column\"><div class=\"pt-cv-custom-fields pt-cv-ctf-produkt-ref\"><div class=\"pt-cv-ctf-value\">DVN V2<\/div><\/div><\/div><\/div>\n<div class=\"pt-cv-content\">Changement de 2 cam\u00e9ras<br \/><div class=\"product-price-custom\"><span class=\"price-label\">\u00e0 partir de<\/span>&nbsp<span class=\"price-integer\">29<\/span><span class=\"price-decimal\">,00<\/span>&nbsp<span class=\"price-currency\">\u20ac<\/span><\/div><\/div><\/div><\/div><\/div>\n<div class=\"col-md-2 col-sm-6 col-xs-12 pt-cv-content-item pt-cv-1-col\"  data-pid=\"106368\"><div class='pt-cv-pinmas'><a href=\"https:\/\/www.dynavin.de\/fr\/produits\/produits\/camping-cars-et-vehicule-utilitaires\/cameras-de-recul-pour-camping-cars-et-vehicules-utilitaires\/accessoires-pour-cameras-de-recul\/ce-dvn-m2p-permet-de-connecter-laffichage-tete-haute-et-la-camera-pro-a-la-radio-dynavin\/\" class=\"_self pt-cv-href-thumbnail pt-cv-thumb-default cvplbd cvp-lazy-container\" target=\"_self\" ><img width=\"300\" height=\"300\" src=\"https:\/\/www.dynavin.de\/wp-content\/plugins\/pt-content-views-pro\/public\/assets\/images\/lazy_image.png\" class=\"pt-cv-thumbnail img-none noLightbox  no-lazyload skip-lazy wvs-attachment-image cvplazy\" alt=\"Ce DVN-M2P permet de Interface de contr\u00f4le au volant et la cam\u00e9ra Pro \u00e0 la radio Dynavin\" data-cvpsrc=\"https:\/\/www.dynavin.de\/wp-content\/uploads\/1713494369-DVN-M2P-300X300.jpg\" data-xooWscFly=\"fly\" \/><\/a><div class=\"product_desc\">\n<div class=\"pt-cv-ctf-list\" data-cvc=\"1\"><div class=\"col-md-12 pt-cv-ctf-column\"><div class=\"pt-cv-custom-fields pt-cv-ctf-produkt-ref\"><div class=\"pt-cv-ctf-value\">DVN-M2P<\/div><\/div><\/div><\/div>\n<div class=\"pt-cv-content\">Adaptateur pour cam\u00e9ra Pro<br \/><div class=\"product-price-custom\"><span class=\"price-label\">\u00e0 partir de<\/span>&nbsp<span class=\"price-integer\">9<\/span><span class=\"price-decimal\">,00<\/span>&nbsp<span class=\"price-currency\">\u20ac<\/span><\/div><\/div><\/div><\/div><\/div><\/div><\/div><\/div>\t\t\t<style type=\"text\/css\" id=\"pt-cv-inline-style-4e5a5c2ir6\">#pt-cv-filter-bar-4c31062otz-product_tag { margin-bottom: 20px !important; }\n#pt-cv-filter-bar-4c31062otz-product_tag .btn { margin-right: 10px !important; }\n#pt-cv-view-276c9de4l6 .pt-cv-content-item { padding-top: 10px !important; padding-left: 10px !important; padding-bottom: 20px !important; padding-right: 10px !important; }\n#pt-cv-view-276c9de4l6  { margin-left: -10px !important; margin-right: -10px !important; }\n#pt-cv-view-276c9de4l6 .pt-cv-pinmas { padding-top: 0px !important; padding-left: 0px !important; padding-bottom: 0px !important; padding-right: 0px !important; }\n#pt-cv-view-276c9de4l6 .pt-cv-title a, #pt-cv-view-276c9de4l6  .panel-title { font-weight: 600 !important; }\n#pt-cv-view-276c9de4l6 .pt-cv-custom-fields * { font-weight: 600 !important; }\n#pt-cv-view-276c9de4l6 .pt-cv-readmore  { color: #ffffff !important; background-color: #0099cc !important; }\n#pt-cv-view-276c9de4l6 .pt-cv-readmore:hover  { color: #ffffff !important; background-color: #0099cc !important; }\n#pt-cv-view-276c9de4l6  + .pt-cv-pagination-wrapper .pt-cv-more , #pt-cv-view-276c9de4l6  + .pt-cv-pagination-wrapper .pagination .active a { color: #ffffff !important; background-color: #00aeef !important; }\n#pt-cv-view-276c9de4l6 { text-align: left; }<\/style>\r\n\t\t\t\n<\/div><\/section>\n","protected":false},"excerpt":{"rendered":"<p>Cam\u00e9ras de recul et accessoires<\/p>\n","protected":false},"author":6,"featured_media":64066,"parent":46361,"menu_order":447,"comment_status":"closed","ping_status":"closed","template":"","meta":[],"categories":[],"tags":[],"fahrzeughersteller":[],"firmware_updates":[],"acf":[],"yoast_head":"<!-- This site is optimized with the Yoast SEO Premium plugin v16.9 (Yoast SEO v17.8) - https:\/\/yoast.com\/wordpress\/plugins\/seo\/ -->\n<title>Cam\u00e9ras de recul pour camping-cars et v\u00e9hicules utilitaires &ndash; Dynavin<\/title>\n<meta name=\"description\" content=\"Cam\u00e9ras de recul pour camping-cars et v\u00e9hicules utilitaires : cam\u00e9ras de feux stop pour Fiat Ducato, cam\u00e9ras de feux stop universelles, cam\u00e9ras sur \u00e9trier\" \/>\n<meta name=\"robots\" content=\"index, follow, max-snippet:-1, max-image-preview:large, max-video-preview:-1\" \/>\n<link rel=\"canonical\" href=\"https:\/\/www.dynavin.de\/fr\/produit\/camping-cars-et-vehicule-utilitaires\/cameras-de-recul-pour-camping-cars-et-vehicules-utilitaires\/\" \/>\n<meta property=\"og:locale\" content=\"fr_FR\" \/>\n<meta property=\"og:type\" content=\"article\" \/>\n<meta property=\"og:title\" content=\"Cam\u00e9ras de recul pour camping-cars et v\u00e9hicules utilitaires\" \/>\n<meta property=\"og:description\" content=\"Cam\u00e9ras de recul et accessoires\" \/>\n<meta property=\"og:url\" content=\"https:\/\/www.dynavin.de\/fr\/produit\/camping-cars-et-vehicule-utilitaires\/cameras-de-recul-pour-camping-cars-et-vehicules-utilitaires\/\" \/>\n<meta property=\"og:site_name\" content=\"Dynavin\" \/>\n<meta property=\"article:publisher\" content=\"https:\/\/www.facebook.com\/dynavin.official\" \/>\n<meta property=\"article:modified_time\" content=\"2023-11-10T03:14:02+00:00\" \/>\n<meta property=\"og:image\" content=\"https:\/\/www.dynavin.de\/wp-content\/uploads\/1648196480-DVN-CW-910920-300X300.png\" \/>\n\t<meta property=\"og:image:width\" content=\"300\" \/>\n\t<meta property=\"og:image:height\" content=\"300\" \/>\n<meta name=\"twitter:card\" content=\"summary_large_image\" \/>\n<script type=\"application\/ld+json\" class=\"yoast-schema-graph\">{\"@context\":\"https:\/\/schema.org\",\"@graph\":[{\"@type\":\"Organization\",\"@id\":\"https:\/\/www.dynavin.de\/#organization\",\"name\":\"Dynavin GmbH\",\"url\":\"https:\/\/www.dynavin.de\/\",\"sameAs\":[\"https:\/\/www.facebook.com\/dynavin.official\",\"https:\/\/www.instagram.com\/dynavin.official\/?hl=en\",\"https:\/\/www.youtube.com\/user\/dynavin1\"],\"logo\":{\"@type\":\"ImageObject\",\"@id\":\"https:\/\/www.dynavin.de\/#logo\",\"inLanguage\":\"fr-FR\",\"url\":\"https:\/\/www.dynavin.de\/wp-content\/uploads\/2018\/12\/dynavin-logo.png\",\"contentUrl\":\"https:\/\/www.dynavin.de\/wp-content\/uploads\/2018\/12\/dynavin-logo.png\",\"width\":340,\"height\":156,\"caption\":\"Dynavin GmbH\"},\"image\":{\"@id\":\"https:\/\/www.dynavin.de\/#logo\"}},{\"@type\":\"WebSite\",\"@id\":\"https:\/\/www.dynavin.de\/#website\",\"url\":\"https:\/\/www.dynavin.de\/\",\"name\":\"Dynavin\",\"description\":\"Navigation and Multimedia Solutions\",\"publisher\":{\"@id\":\"https:\/\/www.dynavin.de\/#organization\"},\"potentialAction\":[{\"@type\":\"SearchAction\",\"target\":{\"@type\":\"EntryPoint\",\"urlTemplate\":\"https:\/\/www.dynavin.de\/?s={search_term_string}\"},\"query-input\":\"required name=search_term_string\"}],\"inLanguage\":\"fr-FR\"},{\"@type\":\"ImageObject\",\"@id\":\"https:\/\/www.dynavin.de\/fr\/produit\/camping-cars-et-vehicule-utilitaires\/cameras-de-recul-pour-camping-cars-et-vehicules-utilitaires\/#primaryimage\",\"inLanguage\":\"fr-FR\",\"url\":\"https:\/\/www.dynavin.de\/wp-content\/uploads\/1648196480-DVN-CW-910920-300X300.png\",\"contentUrl\":\"https:\/\/www.dynavin.de\/wp-content\/uploads\/1648196480-DVN-CW-910920-300X300.png\",\"width\":300,\"height\":300},{\"@type\":\"WebPage\",\"@id\":\"https:\/\/www.dynavin.de\/fr\/produit\/camping-cars-et-vehicule-utilitaires\/cameras-de-recul-pour-camping-cars-et-vehicules-utilitaires\/#webpage\",\"url\":\"https:\/\/www.dynavin.de\/fr\/produit\/camping-cars-et-vehicule-utilitaires\/cameras-de-recul-pour-camping-cars-et-vehicules-utilitaires\/\",\"name\":\"Cam\\u00e9ras de recul pour camping-cars et v\\u00e9hicules utilitaires &ndash; Dynavin\",\"isPartOf\":{\"@id\":\"https:\/\/www.dynavin.de\/#website\"},\"primaryImageOfPage\":{\"@id\":\"https:\/\/www.dynavin.de\/fr\/produit\/camping-cars-et-vehicule-utilitaires\/cameras-de-recul-pour-camping-cars-et-vehicules-utilitaires\/#primaryimage\"},\"datePublished\":\"2021-07-21T07:33:42+00:00\",\"dateModified\":\"2023-11-10T03:14:02+00:00\",\"description\":\"Cam\\u00e9ras de recul pour camping-cars et v\\u00e9hicules utilitaires : cam\\u00e9ras de feux stop pour Fiat Ducato, cam\\u00e9ras de feux stop universelles, cam\\u00e9ras sur \\u00e9trier\",\"breadcrumb\":{\"@id\":\"https:\/\/www.dynavin.de\/fr\/produit\/camping-cars-et-vehicule-utilitaires\/cameras-de-recul-pour-camping-cars-et-vehicules-utilitaires\/#breadcrumb\"},\"inLanguage\":\"fr-FR\",\"potentialAction\":[{\"@type\":\"ReadAction\",\"target\":[\"https:\/\/www.dynavin.de\/fr\/produit\/camping-cars-et-vehicule-utilitaires\/cameras-de-recul-pour-camping-cars-et-vehicules-utilitaires\/\"]}]},{\"@type\":\"BreadcrumbList\",\"@id\":\"https:\/\/www.dynavin.de\/fr\/produit\/camping-cars-et-vehicule-utilitaires\/cameras-de-recul-pour-camping-cars-et-vehicules-utilitaires\/#breadcrumb\",\"itemListElement\":[{\"@type\":\"ListItem\",\"position\":1,\"name\":\"Startseite\",\"item\":\"https:\/\/www.dynavin.de\/fr\/\"},{\"@type\":\"ListItem\",\"position\":2,\"name\":\"Produits\",\"item\":\"https:\/\/www.dynavin.de\/fr\/produit\/\"},{\"@type\":\"ListItem\",\"position\":3,\"name\":\"Camping-cars et v\\u00e9hicules utilitaires\",\"item\":\"https:\/\/www.dynavin.de\/fr\/produit\/camping-cars-et-vehicule-utilitaires\/\"},{\"@type\":\"ListItem\",\"position\":4,\"name\":\"Cam\\u00e9ras de recul pour camping-cars et v\\u00e9hicules utilitaires\"}]}]}<\/script>\n<!-- \/ Yoast SEO Premium plugin. -->","yoast_head_json":{"title":"Cam\u00e9ras de recul pour camping-cars et v\u00e9hicules utilitaires &ndash; Dynavin","description":"Cam\u00e9ras de recul pour camping-cars et v\u00e9hicules utilitaires : cam\u00e9ras de feux stop pour Fiat Ducato, cam\u00e9ras de feux stop universelles, cam\u00e9ras sur \u00e9trier","robots":{"index":"index","follow":"follow","max-snippet":"max-snippet:-1","max-image-preview":"max-image-preview:large","max-video-preview":"max-video-preview:-1"},"canonical":"https:\/\/www.dynavin.de\/fr\/produit\/camping-cars-et-vehicule-utilitaires\/cameras-de-recul-pour-camping-cars-et-vehicules-utilitaires\/","og_locale":"fr_FR","og_type":"article","og_title":"Cam\u00e9ras de recul pour camping-cars et v\u00e9hicules utilitaires","og_description":"Cam\u00e9ras de recul et accessoires","og_url":"https:\/\/www.dynavin.de\/fr\/produit\/camping-cars-et-vehicule-utilitaires\/cameras-de-recul-pour-camping-cars-et-vehicules-utilitaires\/","og_site_name":"Dynavin","article_publisher":"https:\/\/www.facebook.com\/dynavin.official","article_modified_time":"2023-11-10T03:14:02+00:00","og_image":[{"width":300,"height":300,"url":"https:\/\/www.dynavin.de\/wp-content\/uploads\/1648196480-DVN-CW-910920-300X300.png","type":"image\/png"}],"twitter_card":"summary_large_image","schema":{"@context":"https:\/\/schema.org","@graph":[{"@type":"Organization","@id":"https:\/\/www.dynavin.de\/#organization","name":"Dynavin GmbH","url":"https:\/\/www.dynavin.de\/","sameAs":["https:\/\/www.facebook.com\/dynavin.official","https:\/\/www.instagram.com\/dynavin.official\/?hl=en","https:\/\/www.youtube.com\/user\/dynavin1"],"logo":{"@type":"ImageObject","@id":"https:\/\/www.dynavin.de\/#logo","inLanguage":"fr-FR","url":"https:\/\/www.dynavin.de\/wp-content\/uploads\/2018\/12\/dynavin-logo.png","contentUrl":"https:\/\/www.dynavin.de\/wp-content\/uploads\/2018\/12\/dynavin-logo.png","width":340,"height":156,"caption":"Dynavin GmbH"},"image":{"@id":"https:\/\/www.dynavin.de\/#logo"}},{"@type":"WebSite","@id":"https:\/\/www.dynavin.de\/#website","url":"https:\/\/www.dynavin.de\/","name":"Dynavin","description":"Navigation and Multimedia Solutions","publisher":{"@id":"https:\/\/www.dynavin.de\/#organization"},"potentialAction":[{"@type":"SearchAction","target":{"@type":"EntryPoint","urlTemplate":"https:\/\/www.dynavin.de\/?s={search_term_string}"},"query-input":"required name=search_term_string"}],"inLanguage":"fr-FR"},{"@type":"ImageObject","@id":"https:\/\/www.dynavin.de\/fr\/produit\/camping-cars-et-vehicule-utilitaires\/cameras-de-recul-pour-camping-cars-et-vehicules-utilitaires\/#primaryimage","inLanguage":"fr-FR","url":"https:\/\/www.dynavin.de\/wp-content\/uploads\/1648196480-DVN-CW-910920-300X300.png","contentUrl":"https:\/\/www.dynavin.de\/wp-content\/uploads\/1648196480-DVN-CW-910920-300X300.png","width":300,"height":300},{"@type":"WebPage","@id":"https:\/\/www.dynavin.de\/fr\/produit\/camping-cars-et-vehicule-utilitaires\/cameras-de-recul-pour-camping-cars-et-vehicules-utilitaires\/#webpage","url":"https:\/\/www.dynavin.de\/fr\/produit\/camping-cars-et-vehicule-utilitaires\/cameras-de-recul-pour-camping-cars-et-vehicules-utilitaires\/","name":"Cam\u00e9ras de recul pour camping-cars et v\u00e9hicules utilitaires &ndash; Dynavin","isPartOf":{"@id":"https:\/\/www.dynavin.de\/#website"},"primaryImageOfPage":{"@id":"https:\/\/www.dynavin.de\/fr\/produit\/camping-cars-et-vehicule-utilitaires\/cameras-de-recul-pour-camping-cars-et-vehicules-utilitaires\/#primaryimage"},"datePublished":"2021-07-21T07:33:42+00:00","dateModified":"2023-11-10T03:14:02+00:00","description":"Cam\u00e9ras de recul pour camping-cars et v\u00e9hicules utilitaires : cam\u00e9ras de feux stop pour Fiat Ducato, cam\u00e9ras de feux stop universelles, cam\u00e9ras sur \u00e9trier","breadcrumb":{"@id":"https:\/\/www.dynavin.de\/fr\/produit\/camping-cars-et-vehicule-utilitaires\/cameras-de-recul-pour-camping-cars-et-vehicules-utilitaires\/#breadcrumb"},"inLanguage":"fr-FR","potentialAction":[{"@type":"ReadAction","target":["https:\/\/www.dynavin.de\/fr\/produit\/camping-cars-et-vehicule-utilitaires\/cameras-de-recul-pour-camping-cars-et-vehicules-utilitaires\/"]}]},{"@type":"BreadcrumbList","@id":"https:\/\/www.dynavin.de\/fr\/produit\/camping-cars-et-vehicule-utilitaires\/cameras-de-recul-pour-camping-cars-et-vehicules-utilitaires\/#breadcrumb","itemListElement":[{"@type":"ListItem","position":1,"name":"Startseite","item":"https:\/\/www.dynavin.de\/fr\/"},{"@type":"ListItem","position":2,"name":"Produits","item":"https:\/\/www.dynavin.de\/fr\/produit\/"},{"@type":"ListItem","position":3,"name":"Camping-cars et v\u00e9hicules utilitaires","item":"https:\/\/www.dynavin.de\/fr\/produit\/camping-cars-et-vehicule-utilitaires\/"},{"@type":"ListItem","position":4,"name":"Cam\u00e9ras de recul pour camping-cars et v\u00e9hicules utilitaires"}]}]}},"_links":{"self":[{"href":"https:\/\/www.dynavin.de\/fr\/wp-json\/wp\/v2\/pages\/46541"}],"collection":[{"href":"https:\/\/www.dynavin.de\/fr\/wp-json\/wp\/v2\/pages"}],"about":[{"href":"https:\/\/www.dynavin.de\/fr\/wp-json\/wp\/v2\/types\/page"}],"author":[{"embeddable":true,"href":"https:\/\/www.dynavin.de\/fr\/wp-json\/wp\/v2\/users\/6"}],"replies":[{"embeddable":true,"href":"https:\/\/www.dynavin.de\/fr\/wp-json\/wp\/v2\/comments?post=46541"}],"version-history":[{"count":4,"href":"https:\/\/www.dynavin.de\/fr\/wp-json\/wp\/v2\/pages\/46541\/revisions"}],"predecessor-version":[{"id":89911,"href":"https:\/\/www.dynavin.de\/fr\/wp-json\/wp\/v2\/pages\/46541\/revisions\/89911"}],"up":[{"embeddable":true,"href":"https:\/\/www.dynavin.de\/fr\/wp-json\/wp\/v2\/pages\/46361"}],"wp:featuredmedia":[{"embeddable":true,"href":"https:\/\/www.dynavin.de\/fr\/wp-json\/wp\/v2\/media\/64066"}],"wp:attachment":[{"href":"https:\/\/www.dynavin.de\/fr\/wp-json\/wp\/v2\/media?parent=46541"}],"wp:term":[{"taxonomy":"category","embeddable":true,"href":"https:\/\/www.dynavin.de\/fr\/wp-json\/wp\/v2\/categories?post=46541"},{"taxonomy":"post_tag","embeddable":true,"href":"https:\/\/www.dynavin.de\/fr\/wp-json\/wp\/v2\/tags?post=46541"},{"taxonomy":"fahrzeughersteller","embeddable":true,"href":"https:\/\/www.dynavin.de\/fr\/wp-json\/wp\/v2\/fahrzeughersteller?post=46541"},{"taxonomy":"firmware_updates","embeddable":true,"href":"https:\/\/www.dynavin.de\/fr\/wp-json\/wp\/v2\/firmware_updates?post=46541"}],"curies":[{"name":"wp","href":"https:\/\/api.w.org\/{rel}","templated":true}]}}