{"id":46166,"date":"2021-07-19T12:06:23","date_gmt":"2021-07-19T10:06:23","guid":{"rendered":"https:\/\/www.dynavin.de\/produits\/carhifi\/cameras-de-recul-pour-voitures\/"},"modified":"2021-09-28T11:05:20","modified_gmt":"2021-09-28T09:05:20","slug":"cameras-de-recul-pour-voitures","status":"publish","type":"page","link":"https:\/\/www.dynavin.de\/fr\/produit\/carhifi\/cameras-de-recul-pour-voitures\/","title":{"rendered":"Cam\u00e9ras de recul pour voitures"},"content":{"rendered":"<section  class='av_textblock_section av-k6q8m4r4-e233e7fe267186423a8c890bd296b79d'  itemscope=\"itemscope\" itemtype=\"https:\/\/schema.org\/CreativeWork\" ><div class='avia_textblock'  itemprop=\"text\" ><p>Le syst\u00e8me de cam\u00e9ra propri\u00e9taire de Dynavin <strong><a href=\"https:\/\/www.dynavin.de\/fr\/cameras-dynavision\/\">Dynavision<\/a><\/strong>, lanc\u00e9 en 2019 pour <a href=\"https:\/\/www.dynavin.de\/fr\/produits\/camping-cars-et-vehicule-utilitaires\/cameras-de-recul-pour-camping-cars-et-vehicules-utilitaires\/\">camping-cars et v\u00e9hicules utilitaires<\/a>, est d\u00e9sormais disponible pour les voitures particuli\u00e8res.<\/p>\n<p><strong><a href=\"https:\/\/www.dynavin.de\/fr\/cameras-dynavision\/\">Dynavision<\/a><\/strong> offre des solutions de cam\u00e9ras avanc\u00e9es pour l&#8217;industrie automobile et des technologies innovantes pour le march\u00e9 secondaire. Les nouvelles cam\u00e9ras <strong><a href=\"https:\/\/www.dynavin.de\/fr\/cameras-dynavision\/\">Dynavision<\/a><\/strong> offrent aux conducteurs une plus grande s\u00e9curit\u00e9 gr\u00e2ce \u00e0 des fonctions qui n&#8217;\u00e9taient auparavant disponibles qu&#8217;en option d&#8217;origine.<\/p>\n<p>La gamme de produits comprend les <strong>cam\u00e9ras de feux d&#8217;immatriculation<\/strong>, les <strong>cam\u00e9ras de poign\u00e9e de coffre<\/strong> et les <strong>cam\u00e9ras universelles<\/strong>. Les <strong>cam\u00e9ras de feux d&#8217;immatriculation<\/strong> sont disponibles avec une lumi\u00e8re jaune ou blanche.<\/p>\n<p>Chaque cam\u00e9ra sera disponible dans la variante <strong>Lite<\/strong> ou <strong>Pro<\/strong>. Les cam\u00e9ras <strong>Lite<\/strong> sont d\u00e9j\u00e0 disponibles.<\/p>\n<\/div><\/section>\n<div  class='hr av-u1idoy-5eb924584f00e9084dc66818e861f53d hr-default  avia-builder-el-1  el_after_av_textblock  el_before_av_textblock '><span class='hr-inner '><span class=\"hr-inner-style\"><\/span><\/span><\/div>\n<section  class='av_textblock_section av-k3hej4g0-1b0f965e2be3baee04e0575f3a55afe6'  itemscope=\"itemscope\" itemtype=\"https:\/\/schema.org\/CreativeWork\" ><div class='avia_textblock'  itemprop=\"text\" ><div class=\"pt-cv-wrapper\"><div class=\"btn-group pt-cv-filter-bar pull-left\" id=\"pt-cv-filter-bar-32ba54c79f-product_cat\"><button type=\"button\" class=\"btn  pt-cv-filter-option active\" data-value=\"all\" data-sftype=\"button\">Alle Kameras<\/button><button type=\"button\" class=\"btn  pt-cv-filter-option \" data-value=\"product_cat-1975\" data-sftype=\"button\">Cam\u00e9ras sp\u00e9cifiques au v\u00e9hicule<\/button><button type=\"button\" class=\"btn  pt-cv-filter-option \" data-value=\"product_cat-1747\" data-sftype=\"button\">Cam\u00e9ras de poign\u00e9e de coffre<\/button><button type=\"button\" class=\"btn  pt-cv-filter-option \" data-value=\"product_cat-1748\" data-sftype=\"button\">Cam\u00e9ras de feux de plaque d'immatriculation<\/button><button type=\"button\" class=\"btn  pt-cv-filter-option \" data-value=\"product_cat-1749\" data-sftype=\"button\">Cam\u00e9ras universelles<\/button><\/div><div class=\"btn-group pt-cv-filter-bar pull-left\" id=\"pt-cv-filter-bar-32ba54c79f-product_tag\"><button type=\"button\" class=\"btn  pt-cv-filter-option active\" data-value=\"all\" data-sftype=\"button\">Alle Varianten<\/button><button type=\"button\" class=\"btn  pt-cv-filter-option \" data-value=\"product_tag-1693\" data-sftype=\"button\">Dynavision Lite voitures<\/button><\/div><div class=\"btn-group pt-cv-filter-bar pull-left\" id=\"pt-cv-filter-bar-32ba54c79f-fahrzeughersteller\"><button type=\"button\" class=\"btn  pt-cv-filter-option active\" data-value=\"all\" data-sftype=\"button\">Alle Fahrzeughersteller<\/button><button type=\"button\" class=\"btn  pt-cv-filter-option \" data-value=\"fahrzeughersteller-1207\" data-sftype=\"button\">Pour Audi<\/button><button type=\"button\" class=\"btn  pt-cv-filter-option \" data-value=\"fahrzeughersteller-955\" data-sftype=\"button\">Pour BMW<\/button><button type=\"button\" class=\"btn  pt-cv-filter-option \" data-value=\"fahrzeughersteller-1220\" data-sftype=\"button\">Pour Ford<\/button><button type=\"button\" class=\"btn  pt-cv-filter-option \" data-value=\"fahrzeughersteller-1225\" data-sftype=\"button\">Pour Jeep<\/button><button type=\"button\" class=\"btn  pt-cv-filter-option \" data-value=\"fahrzeughersteller-1227\" data-sftype=\"button\">Pour Land Rover<\/button><button type=\"button\" class=\"btn  pt-cv-filter-option \" data-value=\"fahrzeughersteller-1230\" data-sftype=\"button\">Pour Mercedes<\/button><button type=\"button\" class=\"btn  pt-cv-filter-option \" data-value=\"fahrzeughersteller-1235\" data-sftype=\"button\">Pour Porsche<\/button><button type=\"button\" class=\"btn  pt-cv-filter-option \" data-value=\"fahrzeughersteller-1237\" data-sftype=\"button\">Pour Seat<\/button><button type=\"button\" class=\"btn  pt-cv-filter-option \" data-value=\"fahrzeughersteller-940\" data-sftype=\"button\">Pour Skoda<\/button><button type=\"button\" class=\"btn  pt-cv-filter-option \" data-value=\"fahrzeughersteller-1242\" data-sftype=\"button\">Pour Universel<\/button><button type=\"button\" class=\"btn  pt-cv-filter-option \" data-value=\"fahrzeughersteller-935\" data-sftype=\"button\">Pour VW<\/button><\/div><div class=\"pt-cv-view pt-cv-pinterest pt-cv-colsys pt-cv-border pt-cv-no-bb pt-cv-left pt-cv-sf\" id=\"pt-cv-view-32ba54c79f\"><div data-id=\"pt-cv-page-1\" class=\"pt-cv-page\" data-cvc=\"5\" data-sfop=\"and\"><div class=\"col-md-2 col-sm-6 col-xs-12 pt-cv-content-item pt-cv-1-col\" data-groups=\"product_cat-1746 product_cat-1664 product_cat-1749 product_tag-1693 fahrzeughersteller-1242\" data-pid=\"111656\"><div class='pt-cv-pinmas'><a href=\"https:\/\/www.dynavin.de\/fr\/produits\/produits\/carhifi\/cameras-de-recul-pour-voitures\/universal-rueckfahrkamera-lite-bildmodus-ahd-ntsc-170-weitwinkel\/\" class=\"_self pt-cv-href-thumbnail pt-cv-thumb-default cvplbd cvp-lazy-container\" target=\"_self\" ><img width=\"300\" height=\"300\" src=\"https:\/\/www.dynavin.de\/wp-content\/plugins\/pt-content-views-pro\/public\/assets\/images\/lazy_image.png\" class=\"pt-cv-thumbnail img-none noLightbox  no-lazyload skip-lazy wvs-attachment-image cvplazy\" alt=\"Cam\u00e9ra de recul universelle Lite, mode d&#039;image AHD \/ NTSC, grand angle de 170\" data-cvpsrc=\"https:\/\/www.dynavin.de\/wp-content\/uploads\/1719646848-CAMUNI-002RV-Lite-300X300.jpg\" data-xooWscFly=\"fly\" \/><\/a><div class=\"product_desc\">\n<div class=\"pt-cv-ctf-list\" data-cvc=\"1\"><div class=\"col-md-12 pt-cv-ctf-column\"><div class=\"pt-cv-custom-fields pt-cv-ctf-produkt-ref\"><div class=\"pt-cv-ctf-value\">CAMUNI-002RV Lite<\/div><\/div><\/div><\/div>\n<div class=\"pt-cv-content\">Cam\u00e9ra de recul universelle Lite, mode d'image AHD \/ NTSC<br \/><div class=\"product-price-custom\"><span class=\"price-label\">\u00e0 partir de<\/span>&nbsp<span class=\"price-integer\">99<\/span><span class=\"price-decimal\">,00<\/span>&nbsp<span class=\"price-currency\">\u20ac<\/span><\/div><\/div><\/div><\/div><\/div>\n<div class=\"col-md-2 col-sm-6 col-xs-12 pt-cv-content-item pt-cv-1-col\" data-groups=\"product_cat-1664 product_cat-1975 product_tag-1693 fahrzeughersteller-1225\" data-pid=\"70688\"><div class='pt-cv-pinmas'><a href=\"https:\/\/www.dynavin.de\/fr\/produits\/produits\/carhifi\/cameras-de-recul-pour-voitures\/camera-de-vue-arriere-pour-jeep-wrangler-jk-2007-2018-camjp-0010-lite\/\" class=\"_self pt-cv-href-thumbnail pt-cv-thumb-default cvplbd cvp-lazy-container\" target=\"_self\" ><img width=\"300\" height=\"300\" src=\"https:\/\/www.dynavin.de\/wp-content\/plugins\/pt-content-views-pro\/public\/assets\/images\/lazy_image.png\" class=\"pt-cv-thumbnail img-none noLightbox  no-lazyload skip-lazy wvs-attachment-image cvplazy\" alt=\"Cam\u00e9ra de vue arri\u00e8re pour Jeep Wrangler JK 2007-2018 | mode d\u2019image AHD \/ NTSC\" data-cvpsrc=\"https:\/\/www.dynavin.de\/wp-content\/uploads\/1663126440-CAMJP-0010-Lite-300X300.png\" data-xooWscFly=\"fly\" \/><\/a><div class=\"product_desc\">\n<div class=\"pt-cv-ctf-list\" data-cvc=\"1\"><div class=\"col-md-12 pt-cv-ctf-column\"><div class=\"pt-cv-custom-fields pt-cv-ctf-produkt-ref\"><div class=\"pt-cv-ctf-value\">CAMJP-0010HD Lite<\/div><\/div><\/div><\/div>\n<div class=\"pt-cv-content\">Cam\u00e9ra de vue arri\u00e8re pour Jeep Wrangler | mode d\u2019image AHD \/ NTSC<br \/><div class=\"product-price-custom\"><span class=\"price-label\">\u00e0 partir de<\/span>&nbsp<span class=\"price-integer\">99<\/span><span class=\"price-decimal\">,00<\/span>&nbsp<span class=\"price-currency\">\u20ac<\/span><\/div><\/div><\/div><\/div><\/div>\n<div class=\"col-md-2 col-sm-6 col-xs-12 pt-cv-content-item pt-cv-1-col\" data-groups=\"product_cat-1746 product_cat-1664 product_cat-1975 product_tag-1693 fahrzeughersteller-1227\" data-pid=\"121500\"><div class='pt-cv-pinmas'><a href=\"https:\/\/www.dynavin.de\/fr\/produits\/produits\/carhifi\/cameras-de-recul-pour-voitures\/oem-kamera-fuer-den-land-rover-defender\/\" class=\"_self pt-cv-href-thumbnail pt-cv-thumb-default cvplbd cvp-lazy-container\" target=\"_self\" ><img width=\"300\" height=\"300\" src=\"https:\/\/www.dynavin.de\/wp-content\/plugins\/pt-content-views-pro\/public\/assets\/images\/lazy_image.png\" class=\"pt-cv-thumbnail img-none noLightbox  no-lazyload skip-lazy wvs-attachment-image cvplazy\" alt=\"Cam\u00e9ra OEM pour le Land Rover Defender 2007-2016 | Mode d&#039;image AHD \/ NTSC\" data-cvpsrc=\"https:\/\/www.dynavin.de\/wp-content\/uploads\/1733452548-DVN-CW-920-LR-300X300.jpg\" data-xooWscFly=\"fly\" \/><\/a><div class=\"product_desc\">\n<div class=\"pt-cv-ctf-list\" data-cvc=\"1\"><div class=\"col-md-12 pt-cv-ctf-column\"><div class=\"pt-cv-custom-fields pt-cv-ctf-produkt-ref\"><div class=\"pt-cv-ctf-value\">DVN CW 920 - LR<\/div><\/div><\/div><\/div>\n<div class=\"pt-cv-content\">Cam\u00e9ra OEM pour le Land Rover Defender | Mode d'image AHD \/ NTSC<br \/><div class=\"product-price-custom\"><span class=\"price-label\">\u00e0 partir de<\/span>&nbsp<span class=\"price-integer\">249<\/span><span class=\"price-decimal\">,00<\/span>&nbsp<span class=\"price-currency\">\u20ac<\/span><\/div><\/div><\/div><\/div><\/div>\n<div class=\"col-md-2 col-sm-6 col-xs-12 pt-cv-content-item pt-cv-1-col\" data-groups=\"category-1095 product_cat-1746 category-1099 product_cat-1747 product_cat-1664 post_tag-1172 product_tag-1693 fahrzeughersteller-1207 fahrzeughersteller-940 fahrzeughersteller-935\" data-pid=\"51320\"><div class='pt-cv-pinmas'><a href=\"https:\/\/www.dynavin.de\/fr\/produits\/produits\/carhifi\/cameras-de-recul-pour-voitures\/griffleisten-rueckfahrkamera-lite-fuer-audi-a4-a5-a6-a7-q3-q5-q7-vw-vor-2018\/\" class=\"_self pt-cv-href-thumbnail pt-cv-thumb-default cvplbd cvp-lazy-container\" target=\"_self\" ><img width=\"300\" height=\"300\" src=\"https:\/\/www.dynavin.de\/wp-content\/plugins\/pt-content-views-pro\/public\/assets\/images\/lazy_image.png\" class=\"pt-cv-thumbnail img-none noLightbox  no-lazyload skip-lazy wvs-attachment-image cvplazy\" alt=\"Griffleistenkamera CAMBH-AU001\" data-cvpsrc=\"https:\/\/www.dynavin.de\/wp-content\/uploads\/CAMBH-AU001-Lite_tn.png\" data-xooWscFly=\"fly\" \/><\/a><div class=\"product_desc\">\n<div class=\"pt-cv-ctf-list\" data-cvc=\"1\"><div class=\"col-md-12 pt-cv-ctf-column\"><div class=\"pt-cv-custom-fields pt-cv-ctf-produkt-ref\"><div class=\"pt-cv-ctf-value\">CAMBH-AU001HD Lite<\/div><\/div><\/div><\/div>\n<div class=\"pt-cv-content\">Cam\u00e9ra de guidon pour Audi A3, A4, A5 MQB, A6, Q7 | mode d\u2019image AHD<br \/><div class=\"product-price-custom\"><span class=\"price-label\">\u00e0 partir de<\/span>&nbsp<span class=\"price-integer\">69<\/span><span class=\"price-decimal\">,00<\/span>&nbsp<span class=\"price-currency\">\u20ac<\/span><\/div><\/div><\/div><\/div><\/div>\n<div class=\"col-md-4 col-sm-6 col-xs-12 pt-cv-content-item pt-cv-1-col\" data-groups=\"category-1095 product_cat-1746 category-1099 product_cat-1747 product_cat-1664 post_tag-1172 product_tag-1693 fahrzeughersteller-1207\" data-pid=\"51323\"><div class='pt-cv-pinmas'><a href=\"https:\/\/www.dynavin.de\/fr\/produits\/produits\/carhifi\/cameras-de-recul-pour-voitures\/griffleisten-rueckfahrkamera-lite-fuer-audi-a3-a4-a5-mqb-a6-q7\/\" class=\"_self pt-cv-href-thumbnail pt-cv-thumb-default cvplbd cvp-lazy-container\" target=\"_self\" ><img width=\"300\" height=\"300\" src=\"https:\/\/www.dynavin.de\/wp-content\/plugins\/pt-content-views-pro\/public\/assets\/images\/lazy_image.png\" class=\"pt-cv-thumbnail img-none noLightbox  no-lazyload skip-lazy wvs-attachment-image cvplazy\" alt=\"Griffleistenkamera CAMBH-AU002\" data-cvpsrc=\"https:\/\/www.dynavin.de\/wp-content\/uploads\/CAMBH-AU002-Lite_tn.png\" data-xooWscFly=\"fly\" \/><\/a><div class=\"product_desc\">\n<div class=\"pt-cv-ctf-list\" data-cvc=\"1\"><div class=\"col-md-12 pt-cv-ctf-column\"><div class=\"pt-cv-custom-fields pt-cv-ctf-produkt-ref\"><div class=\"pt-cv-ctf-value\">CAMBH-AU002HD Lite<\/div><\/div><\/div><\/div>\n<div class=\"pt-cv-content\">Cam\u00e9ra de guidon pour Audi A3, A4, A5 MQB, A6, Q7, mode d\u2019image AHD \/<br \/><div class=\"product-price-custom\"><span class=\"price-label\">\u00e0 partir de<\/span>&nbsp<span class=\"price-integer\">69<\/span><span class=\"price-decimal\">,00<\/span>&nbsp<span class=\"price-currency\">\u20ac<\/span><\/div><\/div><\/div><\/div><\/div>\n<div class=\"col-md-2 col-sm-6 col-xs-12 pt-cv-content-item pt-cv-1-col\" data-groups=\"category-1095 product_cat-1746 category-1099 product_cat-1747 product_cat-1664 post_tag-1172 product_tag-1693 fahrzeughersteller-1207 fahrzeughersteller-940\" data-pid=\"51326\"><div class='pt-cv-pinmas'><a href=\"https:\/\/www.dynavin.de\/fr\/produits\/produits\/carhifi\/cameras-de-recul-pour-voitures\/griffleisten-rueckfahrkamera-lite-fuer-audi-a1-skoda-fabia-ii-roomster-yeti-octavia-ii-superb-ii\/\" class=\"_self pt-cv-href-thumbnail pt-cv-thumb-default cvplbd cvp-lazy-container\" target=\"_self\" ><img width=\"300\" height=\"300\" src=\"https:\/\/www.dynavin.de\/wp-content\/plugins\/pt-content-views-pro\/public\/assets\/images\/lazy_image.png\" class=\"pt-cv-thumbnail img-none noLightbox  no-lazyload skip-lazy wvs-attachment-image cvplazy\" alt=\"CAMBH-AU003-Lite_tn\" data-cvpsrc=\"https:\/\/www.dynavin.de\/wp-content\/uploads\/CAMBH-AU003-Lite_tn-1.png\" data-xooWscFly=\"fly\" \/><\/a><div class=\"product_desc\">\n<div class=\"pt-cv-ctf-list\" data-cvc=\"1\"><div class=\"col-md-12 pt-cv-ctf-column\"><div class=\"pt-cv-custom-fields pt-cv-ctf-produkt-ref\"><div class=\"pt-cv-ctf-value\">CAMBH-AU003HD Lite<\/div><\/div><\/div><\/div>\n<div class=\"pt-cv-content\">Cam\u00e9ra de guidon pour Audi A1 | mode d\u2019image AHD<br \/><div class=\"product-price-custom\"><span class=\"price-label\">\u00e0 partir de<\/span>&nbsp<span class=\"price-integer\">69<\/span><span class=\"price-decimal\">,00<\/span>&nbsp<span class=\"price-currency\">\u20ac<\/span><\/div><\/div><\/div><\/div><\/div>\n<div class=\"col-md-2 col-sm-6 col-xs-12 pt-cv-content-item pt-cv-1-col\" data-groups=\"category-1095 product_cat-1746 category-1099 product_cat-1747 product_cat-1664 post_tag-1172 product_tag-1693 fahrzeughersteller-955\" data-pid=\"51331\"><div class='pt-cv-pinmas'><a href=\"https:\/\/www.dynavin.de\/fr\/produits\/produits\/carhifi\/cameras-de-recul-pour-voitures\/griffleisten-rueckfahrkamera-lite-fuer-bmw-5er-e60-3er-e90-x5-e70-x1-e84-x6-e71\/\" class=\"_self pt-cv-href-thumbnail pt-cv-thumb-default cvplbd cvp-lazy-container\" target=\"_self\" ><img width=\"300\" height=\"300\" src=\"https:\/\/www.dynavin.de\/wp-content\/plugins\/pt-content-views-pro\/public\/assets\/images\/lazy_image.png\" class=\"pt-cv-thumbnail img-none noLightbox  no-lazyload skip-lazy wvs-attachment-image cvplazy\" alt=\"Griffleistenkamera CAMBH-BM001\" data-cvpsrc=\"https:\/\/www.dynavin.de\/wp-content\/uploads\/CAMBH-BM001-Lite_tn.png\" data-xooWscFly=\"fly\" \/><\/a><div class=\"product_desc\">\n<div class=\"pt-cv-ctf-list\" data-cvc=\"1\"><div class=\"col-md-12 pt-cv-ctf-column\"><div class=\"pt-cv-custom-fields pt-cv-ctf-produkt-ref\"><div class=\"pt-cv-ctf-value\">CAMBH-BM001HD Lite<\/div><\/div><\/div><\/div>\n<div class=\"pt-cv-content\">Cam\u00e9ra de guidon pour BMW S\u00e9rie 5,3 X5,X1,X6 | mode d\u2019image AHD \/ NTSC<br \/><div class=\"product-price-custom\"><span class=\"price-label\">\u00e0 partir de<\/span>&nbsp<span class=\"price-integer\">69<\/span><span class=\"price-decimal\">,00<\/span>&nbsp<span class=\"price-currency\">\u20ac<\/span><\/div><\/div><\/div><\/div><\/div>\n<div class=\"col-md-2 col-sm-6 col-xs-12 pt-cv-content-item pt-cv-1-col\" data-groups=\"category-1095 product_cat-1746 category-1099 product_cat-1747 product_cat-1664 post_tag-1172 product_tag-1693 fahrzeughersteller-955\" data-pid=\"51335\"><div class='pt-cv-pinmas'><a href=\"https:\/\/www.dynavin.de\/fr\/produits\/produits\/carhifi\/cameras-de-recul-pour-voitures\/griffleisten-rueckfahrkamera-lite-fuer-bmw-3er-5er-x3-x4-x5\/\" class=\"_self pt-cv-href-thumbnail pt-cv-thumb-default cvplbd cvp-lazy-container\" target=\"_self\" ><img width=\"300\" height=\"300\" src=\"https:\/\/www.dynavin.de\/wp-content\/plugins\/pt-content-views-pro\/public\/assets\/images\/lazy_image.png\" class=\"pt-cv-thumbnail img-none noLightbox  no-lazyload skip-lazy wvs-attachment-image cvplazy\" alt=\"Griffleistenkamera CAMBH-BM002\" data-cvpsrc=\"https:\/\/www.dynavin.de\/wp-content\/uploads\/CAMBH-BM002-Lite_tn.png\" data-xooWscFly=\"fly\" \/><\/a><div class=\"product_desc\">\n<div class=\"pt-cv-ctf-list\" data-cvc=\"1\"><div class=\"col-md-12 pt-cv-ctf-column\"><div class=\"pt-cv-custom-fields pt-cv-ctf-produkt-ref\"><div class=\"pt-cv-ctf-value\">CAMBH-BM002 Lite<\/div><\/div><\/div><\/div>\n<div class=\"pt-cv-content\">Cam\u00e9ra de guidon pour BMW S\u00e9rie 3, S\u00e9rie 5, X3, X4, X5<br \/><div class=\"product-price-custom\"><span class=\"price-label\">\u00e0 partir de<\/span>&nbsp<span class=\"price-integer\">69<\/span><span class=\"price-decimal\">,00<\/span>&nbsp<span class=\"price-currency\">\u20ac<\/span><\/div><\/div><\/div><\/div><\/div>\n<div class=\"col-md-2 col-sm-6 col-xs-12 pt-cv-content-item pt-cv-1-col\" data-groups=\"category-1095 product_cat-1746 category-1099 product_cat-1747 product_cat-1664 post_tag-1172 product_tag-1693 fahrzeughersteller-1220\" data-pid=\"51343\"><div class='pt-cv-pinmas'><a href=\"https:\/\/www.dynavin.de\/fr\/produits\/produits\/carhifi\/cameras-de-recul-pour-voitures\/griffleisten-rueckfahrkamera-lite-fuer-ford-focus-mondeo-fiesta-s-max-range-rover-freelander-2\/\" class=\"_self pt-cv-href-thumbnail pt-cv-thumb-default cvplbd cvp-lazy-container\" target=\"_self\" ><img width=\"300\" height=\"300\" src=\"https:\/\/www.dynavin.de\/wp-content\/plugins\/pt-content-views-pro\/public\/assets\/images\/lazy_image.png\" class=\"pt-cv-thumbnail img-none noLightbox  no-lazyload skip-lazy wvs-attachment-image cvplazy\" alt=\"Griffleistenkamera CAMBH-FD001\" data-cvpsrc=\"https:\/\/www.dynavin.de\/wp-content\/uploads\/CAMBH-FD001-Lite_tn.png\" data-xooWscFly=\"fly\" \/><\/a><div class=\"product_desc\">\n<div class=\"pt-cv-ctf-list\" data-cvc=\"1\"><div class=\"col-md-12 pt-cv-ctf-column\"><div class=\"pt-cv-custom-fields pt-cv-ctf-produkt-ref\"><div class=\"pt-cv-ctf-value\">CAMBH-FD001HD Lite<\/div><\/div><\/div><\/div>\n<div class=\"pt-cv-content\">Cam\u00e9ra de guidon Ford Focus Mondeo Fiesta S-Max<br \/><div class=\"product-price-custom\"><span class=\"price-label\">\u00e0 partir de<\/span>&nbsp<span class=\"price-integer\">69<\/span><span class=\"price-decimal\">,00<\/span>&nbsp<span class=\"price-currency\">\u20ac<\/span><\/div><\/div><\/div><\/div><\/div>\n<div class=\"col-md-4 col-sm-6 col-xs-12 pt-cv-content-item pt-cv-1-col\" data-groups=\"category-1095 product_cat-1746 category-1099 product_cat-1747 product_cat-1664 post_tag-1172 product_tag-1693 fahrzeughersteller-1230\" data-pid=\"51346\"><div class='pt-cv-pinmas'><a href=\"https:\/\/www.dynavin.de\/fr\/produits\/produits\/carhifi\/cameras-de-recul-pour-voitures\/griffleisten-rueckfahrkamera-lite-fuer-mercedes-b-klasse-a-klasse-e-klasse\/\" class=\"_self pt-cv-href-thumbnail pt-cv-thumb-default cvplbd cvp-lazy-container\" target=\"_self\" ><img width=\"300\" height=\"300\" src=\"https:\/\/www.dynavin.de\/wp-content\/plugins\/pt-content-views-pro\/public\/assets\/images\/lazy_image.png\" class=\"pt-cv-thumbnail img-none noLightbox  no-lazyload skip-lazy wvs-attachment-image cvplazy\" alt=\"Griffleistenkamera CAMBH-MB001\" data-cvpsrc=\"https:\/\/www.dynavin.de\/wp-content\/uploads\/CAMBH-MB001-Lite_tn.png\" data-xooWscFly=\"fly\" \/><\/a><div class=\"product_desc\">\n<div class=\"pt-cv-ctf-list\" data-cvc=\"1\"><div class=\"col-md-12 pt-cv-ctf-column\"><div class=\"pt-cv-custom-fields pt-cv-ctf-produkt-ref\"><div class=\"pt-cv-ctf-value\">CAMBH-MB001HD Lite<\/div><\/div><\/div><\/div>\n<div class=\"pt-cv-content\">Cam\u00e9ra de guidon pour Mercedes Classe B-, A-, E<br \/><div class=\"product-price-custom\"><span class=\"price-label\">\u00e0 partir de<\/span>&nbsp<span class=\"price-integer\">69<\/span><span class=\"price-decimal\">,00<\/span>&nbsp<span class=\"price-currency\">\u20ac<\/span><\/div><\/div><\/div><\/div><\/div>\n<div class=\"col-md-2 col-sm-6 col-xs-12 pt-cv-content-item pt-cv-1-col\" data-groups=\"category-1095 product_cat-1746 category-1099 product_cat-1747 product_cat-1664 post_tag-1172 product_tag-1693 fahrzeughersteller-1230\" data-pid=\"51349\"><div class='pt-cv-pinmas'><a href=\"https:\/\/www.dynavin.de\/fr\/produits\/produits\/carhifi\/cameras-de-recul-pour-voitures\/griffleisten-rueckfahrkamera-lite-fuer-mercedes-benz-c-klasse-w204-cambh-mb002-lite\/\" class=\"_self pt-cv-href-thumbnail pt-cv-thumb-default cvplbd cvp-lazy-container\" target=\"_self\" ><img width=\"300\" height=\"300\" src=\"https:\/\/www.dynavin.de\/wp-content\/plugins\/pt-content-views-pro\/public\/assets\/images\/lazy_image.png\" class=\"pt-cv-thumbnail img-none noLightbox  no-lazyload skip-lazy wvs-attachment-image cvplazy\" alt=\"Griffleistenkamera CAMBH-MB002\" data-cvpsrc=\"https:\/\/www.dynavin.de\/wp-content\/uploads\/CAMBH-MB002-Lite_tn.png\" data-xooWscFly=\"fly\" \/><\/a><div class=\"product_desc\">\n<div class=\"pt-cv-ctf-list\" data-cvc=\"1\"><div class=\"col-md-12 pt-cv-ctf-column\"><div class=\"pt-cv-custom-fields pt-cv-ctf-produkt-ref\"><div class=\"pt-cv-ctf-value\">CAMBH-MB002HD Lite<\/div><\/div><\/div><\/div>\n<div class=\"pt-cv-content\">Cam\u00e9ra de guidon pour Mercedes Classe C | mode d\u2019image AHD \/ NTSC<br \/><div class=\"product-price-custom\"><span class=\"price-label\">\u00e0 partir de<\/span>&nbsp<span class=\"price-integer\">69<\/span><span class=\"price-decimal\">,00<\/span>&nbsp<span class=\"price-currency\">\u20ac<\/span><\/div><\/div><\/div><\/div><\/div>\n<div class=\"col-md-2 col-sm-6 col-xs-12 pt-cv-content-item pt-cv-1-col\" data-groups=\"product_cat-1746 product_cat-1747 product_cat-1664 product_tag-1693 fahrzeughersteller-1230 fahrzeughersteller-1604\" data-pid=\"68130\"><div class='pt-cv-pinmas'><a href=\"https:\/\/www.dynavin.de\/fr\/produits\/produits\/carhifi\/cameras-de-recul-pour-voitures\/griffleisten-rueckfahrkamera-lite-fuer-mercedes-vito-w639-w447-ab-2014\/\" class=\"_self pt-cv-href-thumbnail pt-cv-thumb-default cvplbd cvp-lazy-container\" target=\"_self\" ><img width=\"300\" height=\"300\" src=\"https:\/\/www.dynavin.de\/wp-content\/plugins\/pt-content-views-pro\/public\/assets\/images\/lazy_image.png\" class=\"pt-cv-thumbnail img-none noLightbox  no-lazyload skip-lazy wvs-attachment-image cvplazy\" alt=\"Cam\u00e9ra de recul pour guidon Lite pour Mercedes Vito W639 W447 \u00e0 partir de 2014 | mode d\u2019image AHD \/ NTSC\" data-cvpsrc=\"https:\/\/www.dynavin.de\/wp-content\/uploads\/1657788483-CAMBH-MB003-Lite-300X300.png\" data-xooWscFly=\"fly\" \/><\/a><div class=\"product_desc\">\n<div class=\"pt-cv-ctf-list\" data-cvc=\"1\"><div class=\"col-md-12 pt-cv-ctf-column\"><div class=\"pt-cv-custom-fields pt-cv-ctf-produkt-ref\"><div class=\"pt-cv-ctf-value\">CAMBH-MB003HD Lite<\/div><\/div><\/div><\/div>\n<div class=\"pt-cv-content\">Cam\u00e9ra de recul pour guidon Lite pour Mercedes Vito W639 W447<br \/><div class=\"product-price-custom\"><span class=\"price-label\">\u00e0 partir de<\/span>&nbsp<span class=\"price-integer\">69<\/span><span class=\"price-decimal\">,00<\/span>&nbsp<span class=\"price-currency\">\u20ac<\/span><\/div><\/div><\/div><\/div><\/div>\n<div class=\"col-md-2 col-sm-6 col-xs-12 pt-cv-content-item pt-cv-1-col\" data-groups=\"category-1095 product_cat-1746 category-1099 product_cat-1747 product_cat-1664 post_tag-1172 product_tag-1693 fahrzeughersteller-1207 fahrzeughersteller-940 fahrzeughersteller-935\" data-pid=\"51352\"><div class='pt-cv-pinmas'><a href=\"https:\/\/www.dynavin.de\/fr\/produits\/produits\/carhifi\/cameras-de-recul-pour-voitures\/griffleisten-rueckfahrkamera-lite-fuer-audi-a3-a4-mqb-vw-mqb\/\" class=\"_self pt-cv-href-thumbnail pt-cv-thumb-default cvplbd cvp-lazy-container\" target=\"_self\" ><img width=\"300\" height=\"300\" src=\"https:\/\/www.dynavin.de\/wp-content\/plugins\/pt-content-views-pro\/public\/assets\/images\/lazy_image.png\" class=\"pt-cv-thumbnail img-none noLightbox  no-lazyload skip-lazy wvs-attachment-image cvplazy\" alt=\"Griffleistenkamera CAMBH-MQ001\" data-cvpsrc=\"https:\/\/www.dynavin.de\/wp-content\/uploads\/CAMBH-MQ001-Lite_tn.png\" data-xooWscFly=\"fly\" \/><\/a><div class=\"product_desc\">\n<div class=\"pt-cv-ctf-list\" data-cvc=\"1\"><div class=\"col-md-12 pt-cv-ctf-column\"><div class=\"pt-cv-custom-fields pt-cv-ctf-produkt-ref\"><div class=\"pt-cv-ctf-value\">CAMBH-MQ001HD Lite<\/div><\/div><\/div><\/div>\n<div class=\"pt-cv-content\">Cam\u00e9ra de guidon pour Audi A3, A4, VW MQB | mode d\u2019image AHD \/ NTSC<br \/><div class=\"product-price-custom\"><span class=\"price-label\">\u00e0 partir de<\/span>&nbsp<span class=\"price-integer\">69<\/span><span class=\"price-decimal\">,00<\/span>&nbsp<span class=\"price-currency\">\u20ac<\/span><\/div><\/div><\/div><\/div><\/div>\n<div class=\"col-md-2 col-sm-6 col-xs-12 pt-cv-content-item pt-cv-1-col\" data-groups=\"category-1095 product_cat-1746 category-1099 product_cat-1747 product_cat-1664 post_tag-1172 product_tag-1693 fahrzeughersteller-1207 fahrzeughersteller-1235 fahrzeughersteller-1237 fahrzeughersteller-935\" data-pid=\"51355\"><div class='pt-cv-pinmas'><a href=\"https:\/\/www.dynavin.de\/fr\/produits\/produits\/carhifi\/cameras-de-recul-pour-voitures\/griffleisten-rueckfahrkamera-lite-fuer-audi-q2-q3-q5-a5-mqb-porsche-cayenne-mqb-skoda-kodiaq-mqb-seat-arona-kj7-from-2017\/\" class=\"_self pt-cv-href-thumbnail pt-cv-thumb-default cvplbd cvp-lazy-container\" target=\"_self\" ><img width=\"300\" height=\"300\" src=\"https:\/\/www.dynavin.de\/wp-content\/plugins\/pt-content-views-pro\/public\/assets\/images\/lazy_image.png\" class=\"pt-cv-thumbnail img-none noLightbox  no-lazyload skip-lazy wvs-attachment-image cvplazy\" alt=\"Griffleistenkamera CAMBH-MQ002\" data-cvpsrc=\"https:\/\/www.dynavin.de\/wp-content\/uploads\/CAMBH-MQ002-Lite_tn.png\" data-xooWscFly=\"fly\" \/><\/a><div class=\"product_desc\">\n<div class=\"pt-cv-ctf-list\" data-cvc=\"1\"><div class=\"col-md-12 pt-cv-ctf-column\"><div class=\"pt-cv-custom-fields pt-cv-ctf-produkt-ref\"><div class=\"pt-cv-ctf-value\">CAMBH-MQ002HD Lite<\/div><\/div><\/div><\/div>\n<div class=\"pt-cv-content\">Cam\u00e9ra de guidon Audi Q2 Q3 Q5 A5 MQB, Cayenne MQB, Kodiaq MQB...<br \/><div class=\"product-price-custom\"><span class=\"price-label\">\u00e0 partir de<\/span>&nbsp<span class=\"price-integer\">69<\/span><span class=\"price-decimal\">,00<\/span>&nbsp<span class=\"price-currency\">\u20ac<\/span><\/div><\/div><\/div><\/div><\/div>\n<div class=\"col-md-4 col-sm-6 col-xs-12 pt-cv-content-item pt-cv-1-col\" data-groups=\"category-959 category-1095 product_cat-1746 product_cat-1748 category-1101 product_cat-1664 post_tag-1172 product_tag-1693 category-1103 category-1102 fahrzeughersteller-1230\" data-pid=\"51257\"><div class='pt-cv-pinmas'><a href=\"https:\/\/www.dynavin.de\/fr\/produits\/produits\/carhifi\/cameras-de-recul-pour-voitures\/kennzeichenleuchten-ruckfahrkamera-fur-mercedes-ml-w164-gl-r-klasse\/\" class=\"_self pt-cv-href-thumbnail pt-cv-thumb-default cvplbd cvp-lazy-container\" target=\"_self\" ><img width=\"300\" height=\"300\" src=\"https:\/\/www.dynavin.de\/wp-content\/plugins\/pt-content-views-pro\/public\/assets\/images\/lazy_image.png\" class=\"pt-cv-thumbnail img-none noLightbox  no-lazyload skip-lazy wvs-attachment-image cvplazy\" alt=\"Kennzeichenleuchten-Kamera CAMPL-MB001 f\u00fcr Mercedes ML W164 \/ GL \/ R-Klasse\" data-cvpsrc=\"https:\/\/www.dynavin.de\/wp-content\/uploads\/CAMPL-MB001-Lite_tn.png\" data-xooWscFly=\"fly\" \/><\/a><div class=\"product_desc\">\n<div class=\"pt-cv-ctf-list\" data-cvc=\"1\"><div class=\"col-md-12 pt-cv-ctf-column\"><div class=\"pt-cv-custom-fields pt-cv-ctf-produkt-ref\"><div class=\"pt-cv-ctf-value\">CAMPL-MB001HD Lite<\/div><\/div><\/div><\/div>\n<div class=\"pt-cv-content\">Cam\u00e9ra d'\u00e9clairage de la plaque d'immatriculation pour Mercedes ML<br \/><div class=\"product-price-custom\"><span class=\"price-label\">\u00e0 partir de<\/span>&nbsp<span class=\"price-integer\">99<\/span><span class=\"price-decimal\">,00<\/span>&nbsp<span class=\"price-currency\">\u20ac<\/span><\/div><\/div><\/div><\/div><\/div>\n<div class=\"col-md-2 col-sm-6 col-xs-12 pt-cv-content-item pt-cv-1-col\" data-groups=\"category-1095 product_cat-1746 product_cat-1748 category-1101 product_cat-1664 post_tag-1172 product_tag-1693 category-1103 category-1102 fahrzeughersteller-1235 fahrzeughersteller-1237 fahrzeughersteller-940 fahrzeughersteller-935\" data-pid=\"45464\"><div class='pt-cv-pinmas'><a href=\"https:\/\/www.dynavin.de\/fr\/produits\/produits\/carhifi\/cameras-de-recul-pour-voitures\/license-plate-light-camera-for-almost-all-vw-seat-skoda-porsche-models\/\" class=\"_self pt-cv-href-thumbnail pt-cv-thumb-default cvplbd cvp-lazy-container\" target=\"_self\" ><img width=\"300\" height=\"300\" src=\"https:\/\/www.dynavin.de\/wp-content\/plugins\/pt-content-views-pro\/public\/assets\/images\/lazy_image.png\" class=\"pt-cv-thumbnail img-none noLightbox  no-lazyload skip-lazy wvs-attachment-image cvplazy\" alt=\"CAMPL-V000-Lite2\" data-cvpsrc=\"https:\/\/www.dynavin.de\/wp-content\/uploads\/CAMPL-V000-Lite2_tn.png\" data-xooWscFly=\"fly\" \/><\/a><div class=\"product_desc\">\n<div class=\"pt-cv-ctf-list\" data-cvc=\"1\"><div class=\"col-md-12 pt-cv-ctf-column\"><div class=\"pt-cv-custom-fields pt-cv-ctf-produkt-ref\"><div class=\"pt-cv-ctf-value\">CAMPL-V000HD Lite<\/div><\/div><\/div><\/div>\n<div class=\"pt-cv-content\">Cam\u00e9ra de feux de plaque d'immatriculation pour VW Seat<br \/><div class=\"product-price-custom\"><span class=\"price-label\">\u00e0 partir de<\/span>&nbsp<span class=\"price-integer\">99<\/span><span class=\"price-decimal\">,00<\/span>&nbsp<span class=\"price-currency\">\u20ac<\/span><\/div><\/div><\/div><\/div><\/div>\n<div class=\"col-md-2 col-sm-6 col-xs-12 pt-cv-content-item pt-cv-1-col\" data-groups=\"category-1095 product_cat-1746 product_cat-1748 category-1101 product_cat-1664 post_tag-1172 product_tag-1693 category-1103 category-1102 fahrzeughersteller-1230\" data-pid=\"51260\"><div class='pt-cv-pinmas'><a href=\"https:\/\/www.dynavin.de\/fr\/produits\/produits\/carhifi\/cameras-de-recul-pour-voitures\/kennzeichenleuchten-rueckfahrkamera-fuer-mercedes-c-klasse-und-clk\/\" class=\"_self pt-cv-href-thumbnail pt-cv-thumb-default cvplbd cvp-lazy-container\" target=\"_self\" ><img width=\"300\" height=\"300\" src=\"https:\/\/www.dynavin.de\/wp-content\/plugins\/pt-content-views-pro\/public\/assets\/images\/lazy_image.png\" class=\"pt-cv-thumbnail img-none noLightbox  no-lazyload skip-lazy wvs-attachment-image cvplazy\" alt=\"Kennzeichenleuchten-Kamera CAMPL-MB002 f\u00fcr Mercedes C-Klasse W203 CLK W209\" data-cvpsrc=\"https:\/\/www.dynavin.de\/wp-content\/uploads\/CAMPL-MB002-Lite_tn.png\" data-xooWscFly=\"fly\" \/><\/a><div class=\"product_desc\">\n<div class=\"pt-cv-ctf-list\" data-cvc=\"1\"><div class=\"col-md-12 pt-cv-ctf-column\"><div class=\"pt-cv-custom-fields pt-cv-ctf-produkt-ref\"><div class=\"pt-cv-ctf-value\">CAMPL-MB002HD Lite<\/div><\/div><\/div><\/div>\n<div class=\"pt-cv-content\">Cam\u00e9ra d'\u00e9clairage de la plaque d'immatriculation pour Mercedes CLK<br \/><div class=\"product-price-custom\"><span class=\"price-label\">\u00e0 partir de<\/span>&nbsp<span class=\"price-integer\">99<\/span><span class=\"price-decimal\">,00<\/span>&nbsp<span class=\"price-currency\">\u20ac<\/span><\/div><\/div><\/div><\/div><\/div>\n<div class=\"col-md-2 col-sm-6 col-xs-12 pt-cv-content-item pt-cv-1-col\" data-groups=\"category-1095 product_cat-1746 product_cat-1748 category-1101 product_cat-1664 post_tag-1172 product_tag-1693 category-1103 category-1102 fahrzeughersteller-1230\" data-pid=\"51263\"><div class='pt-cv-pinmas'><a href=\"https:\/\/www.dynavin.de\/fr\/produits\/produits\/carhifi\/cameras-de-recul-pour-voitures\/kennzeichenleuchten-rueckfahrkamera-fuer-mercedes-e-klasse-w211-limousine-c-klasse-w203-kombi-skl-r171-cls-klasse-c219\/\" class=\"_self pt-cv-href-thumbnail pt-cv-thumb-default cvplbd cvp-lazy-container\" target=\"_self\" ><img width=\"300\" height=\"300\" src=\"https:\/\/www.dynavin.de\/wp-content\/plugins\/pt-content-views-pro\/public\/assets\/images\/lazy_image.png\" class=\"pt-cv-thumbnail img-none noLightbox  no-lazyload skip-lazy wvs-attachment-image cvplazy\" alt=\"Kennzeichenleuchten-Kamera CAMPL-MB003 f\u00fcr Mercedes E-Klasse W211 Limousine SLK R171\" data-cvpsrc=\"https:\/\/www.dynavin.de\/wp-content\/uploads\/CAMPL-MB003-Lite_tn.png\" data-xooWscFly=\"fly\" \/><\/a><div class=\"product_desc\">\n<div class=\"pt-cv-ctf-list\" data-cvc=\"1\"><div class=\"col-md-12 pt-cv-ctf-column\"><div class=\"pt-cv-custom-fields pt-cv-ctf-produkt-ref\"><div class=\"pt-cv-ctf-value\">CAMPL-MB003HD Lite<\/div><\/div><\/div><\/div>\n<div class=\"pt-cv-content\">Cam\u00e9ra d'\u00e9clairage de plaque d'immatriculation pour Mercedes SLK<br \/><div class=\"product-price-custom\"><span class=\"price-label\">\u00e0 partir de<\/span>&nbsp<span class=\"price-integer\">99<\/span><span class=\"price-decimal\">,00<\/span>&nbsp<span class=\"price-currency\">\u20ac<\/span><\/div><\/div><\/div><\/div><\/div>\n<div class=\"col-md-2 col-sm-6 col-xs-12 pt-cv-content-item pt-cv-1-col\" data-groups=\"category-1095 product_cat-1746 product_cat-1748 category-1101 product_cat-1664 post_tag-1172 product_tag-1693 category-1103 category-1102 fahrzeughersteller-1230\" data-pid=\"51266\"><div class='pt-cv-pinmas'><a href=\"https:\/\/www.dynavin.de\/fr\/produits\/produits\/carhifi\/cameras-de-recul-pour-voitures\/kennzeichenleuchten-rueckfahrkamera-fuer-mercedes-e-klasse-w211-kombi\/\" class=\"_self pt-cv-href-thumbnail pt-cv-thumb-default cvplbd cvp-lazy-container\" target=\"_self\" ><img width=\"300\" height=\"300\" src=\"https:\/\/www.dynavin.de\/wp-content\/plugins\/pt-content-views-pro\/public\/assets\/images\/lazy_image.png\" class=\"pt-cv-thumbnail img-none noLightbox  no-lazyload skip-lazy wvs-attachment-image cvplazy\" alt=\"Kennzeichenleuchten-Kamera CAMPL-MB004 f\u00fcr Mercedes E-Klasse W211 Station Wagon\" data-cvpsrc=\"https:\/\/www.dynavin.de\/wp-content\/uploads\/CAMPL-MB004-Lite_tn.png\" data-xooWscFly=\"fly\" \/><\/a><div class=\"product_desc\">\n<div class=\"pt-cv-ctf-list\" data-cvc=\"1\"><div class=\"col-md-12 pt-cv-ctf-column\"><div class=\"pt-cv-custom-fields pt-cv-ctf-produkt-ref\"><div class=\"pt-cv-ctf-value\">CAMPL-MB004HD Lite<\/div><\/div><\/div><\/div>\n<div class=\"pt-cv-content\">Cam\u00e9ra d'\u00e9clairage de plaque d'immatriculation pour Mercedes ...<br \/><div class=\"product-price-custom\"><span class=\"price-label\">\u00e0 partir de<\/span>&nbsp<span class=\"price-integer\">99<\/span><span class=\"price-decimal\">,00<\/span>&nbsp<span class=\"price-currency\">\u20ac<\/span><\/div><\/div><\/div><\/div><\/div>\n<div class=\"col-md-4 col-sm-6 col-xs-12 pt-cv-content-item pt-cv-1-col\" data-groups=\"category-1095 product_cat-1746 product_cat-1664 category-1096 category-1105 product_cat-1749 post_tag-1172 product_tag-1693 fahrzeughersteller-1242\" data-pid=\"51211\"><div class='pt-cv-pinmas'><a href=\"https:\/\/www.dynavin.de\/fr\/produits\/produits\/carhifi\/cameras-de-recul-pour-voitures\/dynavision-universal-rueckfahrkamera-170-weitwinkel-mit-halterung-camuni-001-lite\/\" class=\"_self pt-cv-href-thumbnail pt-cv-thumb-default cvplbd cvp-lazy-container\" target=\"_self\" ><img width=\"300\" height=\"300\" src=\"https:\/\/www.dynavin.de\/wp-content\/plugins\/pt-content-views-pro\/public\/assets\/images\/lazy_image.png\" class=\"pt-cv-thumbnail img-none noLightbox  no-lazyload skip-lazy wvs-attachment-image cvplazy\" alt=\"Universalkamera CAMUNI-001-Lite_tn\" data-cvpsrc=\"https:\/\/www.dynavin.de\/wp-content\/uploads\/CAMUNI-001-Lite_tn-1.png\" data-xooWscFly=\"fly\" \/><\/a><div class=\"product_desc\">\n<div class=\"pt-cv-ctf-list\" data-cvc=\"1\"><div class=\"col-md-12 pt-cv-ctf-column\"><div class=\"pt-cv-custom-fields pt-cv-ctf-produkt-ref\"><div class=\"pt-cv-ctf-value\">CAMUNI-001HD Lite<\/div><\/div><\/div><\/div>\n<div class=\"pt-cv-content\">Cam\u00e9ra de recul universelle avec support, Mode d\u2019image AHD \/ NTSC<br \/><div class=\"product-price-custom\"><span class=\"price-label\">\u00e0 partir de<\/span>&nbsp<span class=\"price-integer\">69<\/span><span class=\"price-decimal\">,00<\/span>&nbsp<span class=\"price-currency\">\u20ac<\/span><\/div><\/div><\/div><\/div><\/div>\n<div class=\"col-md-2 col-sm-6 col-xs-12 pt-cv-content-item pt-cv-1-col\" data-groups=\"category-959 category-1095 product_cat-1746 product_cat-1664 category-1096 category-1105 product_cat-1749 post_tag-1172 product_tag-1693 fahrzeughersteller-1242\" data-pid=\"51214\"><div class='pt-cv-pinmas'><a href=\"https:\/\/www.dynavin.de\/fr\/produits\/produits\/carhifi\/cameras-de-recul-pour-voitures\/universal-rueckfahrkamera-lite-9-mm-bohrung-170-weitwinkel\/\" class=\"_self pt-cv-href-thumbnail pt-cv-thumb-default cvplbd cvp-lazy-container\" target=\"_self\" ><img width=\"300\" height=\"300\" src=\"https:\/\/www.dynavin.de\/wp-content\/plugins\/pt-content-views-pro\/public\/assets\/images\/lazy_image.png\" class=\"pt-cv-thumbnail img-none noLightbox  no-lazyload skip-lazy wvs-attachment-image cvplazy\" alt=\"Universalkamera CAMUNI-002\" data-cvpsrc=\"https:\/\/www.dynavin.de\/wp-content\/uploads\/CAMUNI-002-Lite_tn-1.png\" data-xooWscFly=\"fly\" \/><\/a><div class=\"product_desc\">\n<div class=\"pt-cv-ctf-list\" data-cvc=\"1\"><div class=\"col-md-12 pt-cv-ctf-column\"><div class=\"pt-cv-custom-fields pt-cv-ctf-produkt-ref\"><div class=\"pt-cv-ctf-value\">CAMUNI-002HD Lite<\/div><\/div><\/div><\/div>\n<div class=\"pt-cv-content\">Cam\u00e9ra de recul universelle, trou de 9 mm, mode d\u2019image AHD \/ NTSC<br \/><div class=\"product-price-custom\"><span class=\"price-label\">\u00e0 partir de<\/span>&nbsp<span class=\"price-integer\">69<\/span><span class=\"price-decimal\">,00<\/span>&nbsp<span class=\"price-currency\">\u20ac<\/span><\/div><\/div><\/div><\/div><\/div>\n<div class=\"col-md-2 col-sm-6 col-xs-12 pt-cv-content-item pt-cv-1-col\" data-groups=\"category-1095 product_cat-1746 product_cat-1664 category-1096 category-1105 product_cat-1749 post_tag-1172 product_tag-1693 fahrzeughersteller-1242\" data-pid=\"51217\"><div class='pt-cv-pinmas'><a href=\"https:\/\/www.dynavin.de\/fr\/produits\/produits\/carhifi\/cameras-de-recul-pour-voitures\/dynavision-universal-rueckfahrkamera-170-weitwinkel-20mm-bohrung-camuni-003-lite\/\" class=\"_self pt-cv-href-thumbnail pt-cv-thumb-default cvplbd cvp-lazy-container\" target=\"_self\" ><img width=\"300\" height=\"300\" src=\"https:\/\/www.dynavin.de\/wp-content\/plugins\/pt-content-views-pro\/public\/assets\/images\/lazy_image.png\" class=\"pt-cv-thumbnail img-none noLightbox  no-lazyload skip-lazy wvs-attachment-image cvplazy\" alt=\"Universalkamera CAMUNI-003\" data-cvpsrc=\"https:\/\/www.dynavin.de\/wp-content\/uploads\/CAMUNI-003-Lite_tn-1.png\" data-xooWscFly=\"fly\" \/><\/a><div class=\"product_desc\">\n<div class=\"pt-cv-ctf-list\" data-cvc=\"1\"><div class=\"col-md-12 pt-cv-ctf-column\"><div class=\"pt-cv-custom-fields pt-cv-ctf-produkt-ref\"><div class=\"pt-cv-ctf-value\">CAMUNI-003HD Lite<\/div><\/div><\/div><\/div>\n<div class=\"pt-cv-content\">Cam\u00e9ra de recul universelle, trou de 20 mm, mode d\u2019image AHD \/ NTSC<br \/><div class=\"product-price-custom\"><span class=\"price-label\">\u00e0 partir de<\/span>&nbsp<span class=\"price-integer\">69<\/span><span class=\"price-decimal\">,00<\/span>&nbsp<span class=\"price-currency\">\u20ac<\/span><\/div><\/div><\/div><\/div><\/div>\n<div class=\"col-md-2 col-sm-6 col-xs-12 pt-cv-content-item pt-cv-1-col\" data-groups=\"product_cat-1746 product_cat-1664 product_cat-1749 product_tag-1693 fahrzeughersteller-1242\" data-pid=\"129455\"><div class='pt-cv-pinmas'><a href=\"https:\/\/www.dynavin.de\/fr\/produits\/produits\/carhifi\/cameras-de-recul-pour-voitures\/dynavision-camera-frontale-universelle-grand-angle-de-170-mode-dimage-ahd-ntsc\/\" class=\"_self pt-cv-href-thumbnail pt-cv-thumb-default cvplbd cvp-lazy-container\" target=\"_self\" ><img width=\"300\" height=\"300\" src=\"https:\/\/www.dynavin.de\/wp-content\/plugins\/pt-content-views-pro\/public\/assets\/images\/lazy_image.png\" class=\"pt-cv-thumbnail img-none noLightbox  no-lazyload skip-lazy wvs-attachment-image cvplazy\" alt=\"Dynavision Cam\u00e9ra frontale universelle, grand angle de 170\u00b0, mode d&#039;image AHD \/ NTSC\" data-cvpsrc=\"https:\/\/www.dynavin.de\/wp-content\/uploads\/1744618541-CAMUNI-F001HD-Lite-300X300.jpg\" data-xooWscFly=\"fly\" \/><\/a><div class=\"product_desc\">\n<div class=\"pt-cv-ctf-list\" data-cvc=\"1\"><div class=\"col-md-12 pt-cv-ctf-column\"><div class=\"pt-cv-custom-fields pt-cv-ctf-produkt-ref\"><div class=\"pt-cv-ctf-value\">CAMUNI-F001HD Lite<\/div><\/div><\/div><\/div>\n<div class=\"pt-cv-content\">Cam\u00e9ra frontale universelle avec c\u00e2ble de 6 m, mode d'image AHD \/ NTSC<br \/><div class=\"product-price-custom\"><span class=\"price-label\">\u00e0 partir de<\/span>&nbsp<span class=\"price-integer\">69<\/span><span class=\"price-decimal\">,00<\/span>&nbsp<span class=\"price-currency\">\u20ac<\/span><\/div><\/div><\/div><\/div><\/div><\/div><\/div><\/div>\t\t\t<style type=\"text\/css\" id=\"pt-cv-inline-style-06d0d3bim8\">#pt-cv-filter-bar-32ba54c79f-product_cat { margin-bottom: 20px !important; }\n#pt-cv-filter-bar-32ba54c79f-product_cat .btn { margin-right: 10px !important; }\n#pt-cv-filter-bar-32ba54c79f-product_tag { margin-bottom: 20px !important; }\n#pt-cv-filter-bar-32ba54c79f-product_tag .btn { margin-right: 10px !important; }\n#pt-cv-filter-bar-32ba54c79f-fahrzeughersteller { margin-bottom: 20px !important; }\n#pt-cv-filter-bar-32ba54c79f-fahrzeughersteller .btn { margin-right: 10px !important; }\n#pt-cv-view-32ba54c79f .pt-cv-content-item { padding-top: 10px !important; padding-left: 10px !important; padding-bottom: 20px !important; padding-right: 10px !important; }\n#pt-cv-view-32ba54c79f  { margin-left: -10px !important; margin-right: -10px !important; }\n#pt-cv-view-32ba54c79f .pt-cv-pinmas { padding-top: 0px !important; padding-left: 0px !important; padding-bottom: 0px !important; padding-right: 0px !important; }\n#pt-cv-view-32ba54c79f .pt-cv-title a, #pt-cv-view-32ba54c79f  .panel-title { font-weight: 600 !important; }\n#pt-cv-view-32ba54c79f .pt-cv-custom-fields * { font-weight: 600 !important; }\n#pt-cv-view-32ba54c79f .pt-cv-readmore  { color: #ffffff !important; background-color: #0099cc !important; }\n#pt-cv-view-32ba54c79f .pt-cv-readmore:hover  { color: #ffffff !important; background-color: #0099cc !important; }\n#pt-cv-view-32ba54c79f  + .pt-cv-pagination-wrapper .pt-cv-more , #pt-cv-view-32ba54c79f  + .pt-cv-pagination-wrapper .pagination .active a { color: #ffffff !important; background-color: #00aeef !important; }\n[id^='pt-cv-filter-bar-32ba54c79f'] .pt-cv-filter-option, [id^='pt-cv-filter-bar-32ba54c79f'] .dropdown-menu   { background-color: #e6e6e6 !important; }\n[id^='pt-cv-filter-bar-32ba54c79f'] .active.pt-cv-filter-option, [id^='pt-cv-filter-bar-32ba54c79f'] .active .pt-cv-filter-option, [id^='pt-cv-filter-bar-32ba54c79f'] .selected.pt-cv-filter-option, [id^='pt-cv-filter-bar-32ba54c79f'] .dropdown-toggle   { color: #ffffff !important; background-color: #0099cc !important; }\n#pt-cv-view-32ba54c79f { text-align: left; }<\/style>\r\n\t\t\t\n<\/div><\/section>\n","protected":false},"excerpt":{"rendered":"<p>Cam\u00e9ras de recul pour voitures<\/p>\n","protected":false},"author":6,"featured_media":64054,"parent":45342,"menu_order":448,"comment_status":"closed","ping_status":"closed","template":"","meta":[],"categories":[],"tags":[],"fahrzeughersteller":[],"firmware_updates":[],"acf":[],"yoast_head":"<!-- This site is optimized with the Yoast SEO Premium plugin v16.9 (Yoast SEO v17.8) - https:\/\/yoast.com\/wordpress\/plugins\/seo\/ -->\n<title>Cam\u00e9ras de recul pour voitures &ndash; Dynavin<\/title>\n<meta name=\"description\" content=\"Cam\u00e9ras de feux d&#039;immatriculation, cam\u00e9ras de poign\u00e9es de coffre, cam\u00e9ras universelles pour CarHifi. Toutes les cam\u00e9ras sont disponibles en version Pro ou Lite.\" \/>\n<meta name=\"robots\" content=\"index, follow, max-snippet:-1, max-image-preview:large, max-video-preview:-1\" \/>\n<link rel=\"canonical\" href=\"https:\/\/www.dynavin.de\/fr\/produit\/carhifi\/cameras-de-recul-pour-voitures\/\" \/>\n<meta property=\"og:locale\" content=\"fr_FR\" \/>\n<meta property=\"og:type\" content=\"article\" \/>\n<meta property=\"og:title\" content=\"Cam\u00e9ras de recul pour voitures\" \/>\n<meta property=\"og:description\" content=\"Cam\u00e9ras de recul pour voitures\" \/>\n<meta property=\"og:url\" content=\"https:\/\/www.dynavin.de\/fr\/produit\/carhifi\/cameras-de-recul-pour-voitures\/\" \/>\n<meta property=\"og:site_name\" content=\"Dynavin\" \/>\n<meta property=\"article:publisher\" content=\"https:\/\/www.facebook.com\/dynavin.official\" \/>\n<meta property=\"article:modified_time\" content=\"2021-09-28T09:05:20+00:00\" \/>\n<meta property=\"og:image\" content=\"https:\/\/www.dynavin.de\/wp-content\/uploads\/1648194346-CAMPL-MB001CAMBH-AU001-300X300.png\" \/>\n\t<meta property=\"og:image:width\" content=\"300\" \/>\n\t<meta property=\"og:image:height\" content=\"300\" \/>\n<meta name=\"twitter:card\" content=\"summary_large_image\" \/>\n<script type=\"application\/ld+json\" class=\"yoast-schema-graph\">{\"@context\":\"https:\/\/schema.org\",\"@graph\":[{\"@type\":\"Organization\",\"@id\":\"https:\/\/www.dynavin.de\/#organization\",\"name\":\"Dynavin GmbH\",\"url\":\"https:\/\/www.dynavin.de\/\",\"sameAs\":[\"https:\/\/www.facebook.com\/dynavin.official\",\"https:\/\/www.instagram.com\/dynavin.official\/?hl=en\",\"https:\/\/www.youtube.com\/user\/dynavin1\"],\"logo\":{\"@type\":\"ImageObject\",\"@id\":\"https:\/\/www.dynavin.de\/#logo\",\"inLanguage\":\"fr-FR\",\"url\":\"https:\/\/www.dynavin.de\/wp-content\/uploads\/2018\/12\/dynavin-logo.png\",\"contentUrl\":\"https:\/\/www.dynavin.de\/wp-content\/uploads\/2018\/12\/dynavin-logo.png\",\"width\":340,\"height\":156,\"caption\":\"Dynavin GmbH\"},\"image\":{\"@id\":\"https:\/\/www.dynavin.de\/#logo\"}},{\"@type\":\"WebSite\",\"@id\":\"https:\/\/www.dynavin.de\/#website\",\"url\":\"https:\/\/www.dynavin.de\/\",\"name\":\"Dynavin\",\"description\":\"Navigation and Multimedia Solutions\",\"publisher\":{\"@id\":\"https:\/\/www.dynavin.de\/#organization\"},\"potentialAction\":[{\"@type\":\"SearchAction\",\"target\":{\"@type\":\"EntryPoint\",\"urlTemplate\":\"https:\/\/www.dynavin.de\/?s={search_term_string}\"},\"query-input\":\"required name=search_term_string\"}],\"inLanguage\":\"fr-FR\"},{\"@type\":\"ImageObject\",\"@id\":\"https:\/\/www.dynavin.de\/fr\/produit\/carhifi\/cameras-de-recul-pour-voitures\/#primaryimage\",\"inLanguage\":\"fr-FR\",\"url\":\"https:\/\/www.dynavin.de\/wp-content\/uploads\/1648194346-CAMPL-MB001CAMBH-AU001-300X300.png\",\"contentUrl\":\"https:\/\/www.dynavin.de\/wp-content\/uploads\/1648194346-CAMPL-MB001CAMBH-AU001-300X300.png\",\"width\":300,\"height\":300},{\"@type\":\"WebPage\",\"@id\":\"https:\/\/www.dynavin.de\/fr\/produit\/carhifi\/cameras-de-recul-pour-voitures\/#webpage\",\"url\":\"https:\/\/www.dynavin.de\/fr\/produit\/carhifi\/cameras-de-recul-pour-voitures\/\",\"name\":\"Cam\\u00e9ras de recul pour voitures &ndash; Dynavin\",\"isPartOf\":{\"@id\":\"https:\/\/www.dynavin.de\/#website\"},\"primaryImageOfPage\":{\"@id\":\"https:\/\/www.dynavin.de\/fr\/produit\/carhifi\/cameras-de-recul-pour-voitures\/#primaryimage\"},\"datePublished\":\"2021-07-19T10:06:23+00:00\",\"dateModified\":\"2021-09-28T09:05:20+00:00\",\"description\":\"Cam\\u00e9ras de feux d'immatriculation, cam\\u00e9ras de poign\\u00e9es de coffre, cam\\u00e9ras universelles pour CarHifi. Toutes les cam\\u00e9ras sont disponibles en version Pro ou Lite.\",\"breadcrumb\":{\"@id\":\"https:\/\/www.dynavin.de\/fr\/produit\/carhifi\/cameras-de-recul-pour-voitures\/#breadcrumb\"},\"inLanguage\":\"fr-FR\",\"potentialAction\":[{\"@type\":\"ReadAction\",\"target\":[\"https:\/\/www.dynavin.de\/fr\/produit\/carhifi\/cameras-de-recul-pour-voitures\/\"]}]},{\"@type\":\"BreadcrumbList\",\"@id\":\"https:\/\/www.dynavin.de\/fr\/produit\/carhifi\/cameras-de-recul-pour-voitures\/#breadcrumb\",\"itemListElement\":[{\"@type\":\"ListItem\",\"position\":1,\"name\":\"Startseite\",\"item\":\"https:\/\/www.dynavin.de\/fr\/\"},{\"@type\":\"ListItem\",\"position\":2,\"name\":\"Produits\",\"item\":\"https:\/\/www.dynavin.de\/fr\/produit\/\"},{\"@type\":\"ListItem\",\"position\":3,\"name\":\"CarHifi\",\"item\":\"https:\/\/www.dynavin.de\/fr\/produit\/carhifi\/\"},{\"@type\":\"ListItem\",\"position\":4,\"name\":\"Cam\\u00e9ras de recul pour voitures\"}]}]}<\/script>\n<!-- \/ Yoast SEO Premium plugin. -->","yoast_head_json":{"title":"Cam\u00e9ras de recul pour voitures &ndash; Dynavin","description":"Cam\u00e9ras de feux d'immatriculation, cam\u00e9ras de poign\u00e9es de coffre, cam\u00e9ras universelles pour CarHifi. Toutes les cam\u00e9ras sont disponibles en version Pro ou Lite.","robots":{"index":"index","follow":"follow","max-snippet":"max-snippet:-1","max-image-preview":"max-image-preview:large","max-video-preview":"max-video-preview:-1"},"canonical":"https:\/\/www.dynavin.de\/fr\/produit\/carhifi\/cameras-de-recul-pour-voitures\/","og_locale":"fr_FR","og_type":"article","og_title":"Cam\u00e9ras de recul pour voitures","og_description":"Cam\u00e9ras de recul pour voitures","og_url":"https:\/\/www.dynavin.de\/fr\/produit\/carhifi\/cameras-de-recul-pour-voitures\/","og_site_name":"Dynavin","article_publisher":"https:\/\/www.facebook.com\/dynavin.official","article_modified_time":"2021-09-28T09:05:20+00:00","og_image":[{"width":300,"height":300,"url":"https:\/\/www.dynavin.de\/wp-content\/uploads\/1648194346-CAMPL-MB001CAMBH-AU001-300X300.png","type":"image\/png"}],"twitter_card":"summary_large_image","schema":{"@context":"https:\/\/schema.org","@graph":[{"@type":"Organization","@id":"https:\/\/www.dynavin.de\/#organization","name":"Dynavin GmbH","url":"https:\/\/www.dynavin.de\/","sameAs":["https:\/\/www.facebook.com\/dynavin.official","https:\/\/www.instagram.com\/dynavin.official\/?hl=en","https:\/\/www.youtube.com\/user\/dynavin1"],"logo":{"@type":"ImageObject","@id":"https:\/\/www.dynavin.de\/#logo","inLanguage":"fr-FR","url":"https:\/\/www.dynavin.de\/wp-content\/uploads\/2018\/12\/dynavin-logo.png","contentUrl":"https:\/\/www.dynavin.de\/wp-content\/uploads\/2018\/12\/dynavin-logo.png","width":340,"height":156,"caption":"Dynavin GmbH"},"image":{"@id":"https:\/\/www.dynavin.de\/#logo"}},{"@type":"WebSite","@id":"https:\/\/www.dynavin.de\/#website","url":"https:\/\/www.dynavin.de\/","name":"Dynavin","description":"Navigation and Multimedia Solutions","publisher":{"@id":"https:\/\/www.dynavin.de\/#organization"},"potentialAction":[{"@type":"SearchAction","target":{"@type":"EntryPoint","urlTemplate":"https:\/\/www.dynavin.de\/?s={search_term_string}"},"query-input":"required name=search_term_string"}],"inLanguage":"fr-FR"},{"@type":"ImageObject","@id":"https:\/\/www.dynavin.de\/fr\/produit\/carhifi\/cameras-de-recul-pour-voitures\/#primaryimage","inLanguage":"fr-FR","url":"https:\/\/www.dynavin.de\/wp-content\/uploads\/1648194346-CAMPL-MB001CAMBH-AU001-300X300.png","contentUrl":"https:\/\/www.dynavin.de\/wp-content\/uploads\/1648194346-CAMPL-MB001CAMBH-AU001-300X300.png","width":300,"height":300},{"@type":"WebPage","@id":"https:\/\/www.dynavin.de\/fr\/produit\/carhifi\/cameras-de-recul-pour-voitures\/#webpage","url":"https:\/\/www.dynavin.de\/fr\/produit\/carhifi\/cameras-de-recul-pour-voitures\/","name":"Cam\u00e9ras de recul pour voitures &ndash; Dynavin","isPartOf":{"@id":"https:\/\/www.dynavin.de\/#website"},"primaryImageOfPage":{"@id":"https:\/\/www.dynavin.de\/fr\/produit\/carhifi\/cameras-de-recul-pour-voitures\/#primaryimage"},"datePublished":"2021-07-19T10:06:23+00:00","dateModified":"2021-09-28T09:05:20+00:00","description":"Cam\u00e9ras de feux d'immatriculation, cam\u00e9ras de poign\u00e9es de coffre, cam\u00e9ras universelles pour CarHifi. Toutes les cam\u00e9ras sont disponibles en version Pro ou Lite.","breadcrumb":{"@id":"https:\/\/www.dynavin.de\/fr\/produit\/carhifi\/cameras-de-recul-pour-voitures\/#breadcrumb"},"inLanguage":"fr-FR","potentialAction":[{"@type":"ReadAction","target":["https:\/\/www.dynavin.de\/fr\/produit\/carhifi\/cameras-de-recul-pour-voitures\/"]}]},{"@type":"BreadcrumbList","@id":"https:\/\/www.dynavin.de\/fr\/produit\/carhifi\/cameras-de-recul-pour-voitures\/#breadcrumb","itemListElement":[{"@type":"ListItem","position":1,"name":"Startseite","item":"https:\/\/www.dynavin.de\/fr\/"},{"@type":"ListItem","position":2,"name":"Produits","item":"https:\/\/www.dynavin.de\/fr\/produit\/"},{"@type":"ListItem","position":3,"name":"CarHifi","item":"https:\/\/www.dynavin.de\/fr\/produit\/carhifi\/"},{"@type":"ListItem","position":4,"name":"Cam\u00e9ras de recul pour voitures"}]}]}},"_links":{"self":[{"href":"https:\/\/www.dynavin.de\/fr\/wp-json\/wp\/v2\/pages\/46166"}],"collection":[{"href":"https:\/\/www.dynavin.de\/fr\/wp-json\/wp\/v2\/pages"}],"about":[{"href":"https:\/\/www.dynavin.de\/fr\/wp-json\/wp\/v2\/types\/page"}],"author":[{"embeddable":true,"href":"https:\/\/www.dynavin.de\/fr\/wp-json\/wp\/v2\/users\/6"}],"replies":[{"embeddable":true,"href":"https:\/\/www.dynavin.de\/fr\/wp-json\/wp\/v2\/comments?post=46166"}],"version-history":[{"count":0,"href":"https:\/\/www.dynavin.de\/fr\/wp-json\/wp\/v2\/pages\/46166\/revisions"}],"up":[{"embeddable":true,"href":"https:\/\/www.dynavin.de\/fr\/wp-json\/wp\/v2\/pages\/45342"}],"wp:featuredmedia":[{"embeddable":true,"href":"https:\/\/www.dynavin.de\/fr\/wp-json\/wp\/v2\/media\/64054"}],"wp:attachment":[{"href":"https:\/\/www.dynavin.de\/fr\/wp-json\/wp\/v2\/media?parent=46166"}],"wp:term":[{"taxonomy":"category","embeddable":true,"href":"https:\/\/www.dynavin.de\/fr\/wp-json\/wp\/v2\/categories?post=46166"},{"taxonomy":"post_tag","embeddable":true,"href":"https:\/\/www.dynavin.de\/fr\/wp-json\/wp\/v2\/tags?post=46166"},{"taxonomy":"fahrzeughersteller","embeddable":true,"href":"https:\/\/www.dynavin.de\/fr\/wp-json\/wp\/v2\/fahrzeughersteller?post=46166"},{"taxonomy":"firmware_updates","embeddable":true,"href":"https:\/\/www.dynavin.de\/fr\/wp-json\/wp\/v2\/firmware_updates?post=46166"}],"curies":[{"name":"wp","href":"https:\/\/api.w.org\/{rel}","templated":true}]}}